{"id":2973,"date":"2025-05-09T18:46:31","date_gmt":"2025-05-09T16:46:31","guid":{"rendered":"https:\/\/melillimonartesania.com\/blog-de-mel-i-llimona-icanyella-1\/"},"modified":"2025-12-07T12:42:31","modified_gmt":"2025-12-07T11:42:31","slug":"blog-mel-i-llimona","status":"publish","type":"page","link":"https:\/\/melillimonartesania.com\/ca\/blog-mel-i-llimona\/","title":{"rendered":"Blog de Mel i Llimona &amp; iCanyella"},"content":{"rendered":"<p>[et_pb_section fb_built=&#8221;1&#8243; _builder_version=&#8221;4.27.4&#8243; _dynamic_attributes=&#8221;background_image&#8221; _module_preset=&#8221;dedd779a-d5ab-41f5-b874-c310f40ea6d1&#8243; locked=&#8221;off&#8221; global_colors_info=&#8221;{}&#8221; theme_builder_area=&#8221;post_content&#8221;][et_pb_row _builder_version=&#8221;4.27.4&#8243; _module_preset=&#8221;default&#8221; width=&#8221;85%&#8221; global_colors_info=&#8221;{}&#8221; theme_builder_area=&#8221;post_content&#8221;][et_pb_column type=&#8221;4_4&#8243; _builder_version=&#8221;4.27.4&#8243; _module_preset=&#8221;default&#8221; global_colors_info=&#8221;{}&#8221; theme_builder_area=&#8221;post_content&#8221;][dsm_card title=&#8221;@ET-DC@eyJkeW5hbWljIjp0cnVlLCJjb250ZW50IjoicG9zdF90aXRsZSIsInNldHRpbmdzIjp7ImJlZm9yZSI6IiIsImFmdGVyIjoiIiwiZW5hYmxlX2h0bWwiOiJvZmYifX0=@&#8221; button_url=&#8221;#formulario&#8221; _builder_version=&#8221;4.27.4&#8243; _dynamic_attributes=&#8221;title&#8221; _module_preset=&#8221;edadf5b6-0ccb-4421-9c85-9a8405d5cadf&#8221; button_bg_color=&#8221;gcid-1469c84a-e8c4-4b03-acbf-14ee6ff228e8&#8243; hover_enabled=&#8221;0&#8243; global_colors_info=&#8221;{%22gcid-cf7c3462-1378-4ddb-8204-c902f58070b1%22:%91%22button_border_color%22%93,%22gcid-primary-color%22:%91%22button_bg_color__hover%22%93,%22gcid-1469c84a-e8c4-4b03-acbf-14ee6ff228e8%22:%91%22button_bg_color%22%93}&#8221; button_bg_enable_color__hover=&#8221;on&#8221; theme_builder_area=&#8221;post_content&#8221; alt=&#8221;Blog de Mel i Llimona&#8221; title_text=&#8221;blog-inspiracion-montanas&#8221; background_enable_image=&#8221;off&#8221; sticky_enabled=&#8221;0&#8243;][\/dsm_card][\/et_pb_column][\/et_pb_row][\/et_pb_section][et_pb_section fb_built=&#8221;1&#8243; theme_builder_area=&#8221;post_content&#8221; _builder_version=&#8221;4.27.4&#8243; _module_preset=&#8221;default&#8221;][et_pb_row _builder_version=&#8221;4.27.4&#8243; _module_preset=&#8221;default&#8221; theme_builder_area=&#8221;post_content&#8221;][et_pb_column _builder_version=&#8221;4.27.4&#8243; _module_preset=&#8221;default&#8221; type=&#8221;4_4&#8243; theme_builder_area=&#8221;post_content&#8221;][et_pb_text _builder_version=&#8221;4.27.4&#8243; _module_preset=&#8221;default&#8221; theme_builder_area=&#8221;post_content&#8221; hover_enabled=&#8221;0&#8243; sticky_enabled=&#8221;0&#8243; header_2_text_align=&#8221;center&#8221;]<\/p>\n<h2>El teu espai d&#8217;inspiraci\u00f3 creativa a Badalona<\/h2>\n<p>[\/et_pb_text][et_pb_text _builder_version=&#8221;4.27.4&#8243; _module_preset=&#8221;default&#8221; theme_builder_area=&#8221;post_content&#8221; hover_enabled=&#8221;0&#8243; sticky_enabled=&#8221;0&#8243;]<\/p>\n<p>Benvingut al bloc de Mel i Llimona &amp; iCanyella, la teva font d&#8217;inspiraci\u00f3 a Badalona. Explora articles plens d\u00b4idees pr\u00e0ctiques, manuals detallats i guies informatives sobre l\u00b4art de la restauraci\u00f3 de mobles, fascinants projectes d\u00b4artesania, esdeveniments culturals enriquidors i delicioses experi\u00e8ncies gastron\u00f2miques. Submergeix-te en el nostre univers creatiu i troba la inspiraci\u00f3 que necessites per als teus propis projectes i descobriments.  <\/p>\n<p>[\/et_pb_text][\/et_pb_column][\/et_pb_row][et_pb_row _builder_version=&#8221;4.27.4&#8243; _module_preset=&#8221;default&#8221; theme_builder_area=&#8221;post_content&#8221;][et_pb_column _builder_version=&#8221;4.27.4&#8243; _module_preset=&#8221;default&#8221; type=&#8221;4_4&#8243; theme_builder_area=&#8221;post_content&#8221;][et_pb_blog _builder_version=&#8221;4.27.4&#8243; _module_preset=&#8221;default&#8221; theme_builder_area=&#8221;post_content&#8221; include_categories=&#8221;all&#8221; fullwidth=&#8221;off&#8221; header_level=&#8221;h3&#8243; show_author=&#8221;off&#8221; show_date=&#8221;off&#8221; show_categories=&#8221;off&#8221; excerpt_length=&#8221;100&#8243; border_radii=&#8221;on|25px|25px|25px|25px&#8221; posts_number=&#8221;18&#8243; hover_enabled=&#8221;0&#8243; sticky_enabled=&#8221;0&#8243;][\/et_pb_blog][\/et_pb_column][\/et_pb_row][\/et_pb_section]<\/p>\n","protected":false},"excerpt":{"rendered":"<p>Benvingut al bloc de Mel i Llimona, la teva finestra a un univers de creativitat i sabor a Badalona. Des de la nostra passi\u00f3 per la restauraci\u00f3 artesanal de mobles, evolucionem cap a \u201ciCanyella\u201d, un espai multifuncional vibrant. Descobreix &#8220;iCanyella Degustaci\u00f3&#8221; amb experi\u00e8ncies gastron\u00f2miques aut\u00e8ntiques i sostenibles, &#8220;iCanyella Market&#8221; amb tresors artesanals i ecol\u00f2gics, i &#8220;iCanyella Espai&#8221; per a tallers i esdeveniments inspiradors. A m\u00e9s, el nostre llegat perdura amb el taller de restauraci\u00f3 \u201cMel i Llimona artesania\u201d. Uneix-te a la nostra comunitat i explora un m\u00f3n on la tradici\u00f3 es fusiona amb la innovaci\u00f3.<\/p>\n","protected":false},"author":1,"featured_media":1758,"parent":0,"menu_order":0,"comment_status":"closed","ping_status":"closed","template":"","meta":{"_acf_changed":false,"_et_pb_use_builder":"on","_et_pb_old_content":"","_et_gb_content_width":"","_daim_seo_power":"","_daim_enable_ail":"","footnotes":""},"tags":[],"class_list":["post-2973","page","type-page","status-publish","has-post-thumbnail","hentry"],"acf":[],"yoast_head":"<!-- This site is optimized with the Yoast SEO Premium plugin v27.2 (Yoast SEO v27.4) - https:\/\/yoast.com\/product\/yoast-seo-premium-wordpress\/ -->\n<title>Blog de Mel i Llimona &amp; iCanyella - Mel i Llimona &amp; iCanyella: Artesan\u00eda, Gastronom\u00eda y Comunidad en Badalona<\/title>\n<meta name=\"description\" content=\"Submergeix-te al blog de Mel i Llimona &amp; iCanyella: artesania, restauraci\u00f3 i tallers que inspiren una vida m\u00e9s creativa, lenta i aut\u00e8ntica.\" \/>\n<meta name=\"robots\" content=\"index, follow, max-snippet:-1, max-image-preview:large, max-video-preview:-1\" \/>\n<link rel=\"canonical\" href=\"https:\/\/melillimonartesania.com\/ca\/blog-mel-i-llimona\/\" \/>\n<meta property=\"og:locale\" content=\"ca_ES\" \/>\n<meta property=\"og:type\" content=\"article\" \/>\n<meta property=\"og:title\" content=\"Blog de Mel i Llimona &amp; iCanyella\" \/>\n<meta property=\"og:description\" content=\"Submergeix-te al blog de Mel i Llimona &amp; iCanyella: artesania, restauraci\u00f3 i tallers que inspiren una vida m\u00e9s creativa, lenta i aut\u00e8ntica.\" \/>\n<meta property=\"og:url\" content=\"https:\/\/melillimonartesania.com\/ca\/blog-mel-i-llimona\/\" \/>\n<meta property=\"og:site_name\" content=\"Mel i Llimona &amp; iCanyella: Artesan\u00eda, Gastronom\u00eda y Comunidad en Badalona\" \/>\n<meta property=\"article:modified_time\" content=\"2025-12-07T11:42:31+00:00\" \/>\n<meta property=\"og:image\" content=\"https:\/\/melillimonartesania.com\/wp-content\/uploads\/2025\/04\/blog-inspiracion-montanas.jpg\" \/>\n\t<meta property=\"og:image:width\" content=\"1920\" \/>\n\t<meta property=\"og:image:height\" content=\"1080\" \/>\n\t<meta property=\"og:image:type\" content=\"image\/jpeg\" \/>\n<meta name=\"twitter:card\" content=\"summary_large_image\" \/>\n<meta name=\"twitter:label1\" content=\"Temps estimat de lectura\" \/>\n\t<meta name=\"twitter:data1\" content=\"10 minuts\" \/>\n<script type=\"application\/ld+json\" class=\"yoast-schema-graph\">{\"@context\":\"https:\\\/\\\/schema.org\",\"@graph\":[{\"@type\":\"WebPage\",\"@id\":\"https:\\\/\\\/melillimonartesania.com\\\/ca\\\/blog-mel-i-llimona\\\/\",\"url\":\"https:\\\/\\\/melillimonartesania.com\\\/ca\\\/blog-mel-i-llimona\\\/\",\"name\":\"Blog de Mel i Llimona &amp; iCanyella - Mel i Llimona &amp; iCanyella: Artesan\u00eda, Gastronom\u00eda y Comunidad en Badalona\",\"isPartOf\":{\"@id\":\"https:\\\/\\\/melillimonartesania.com\\\/ca\\\/#website\"},\"primaryImageOfPage\":{\"@id\":\"https:\\\/\\\/melillimonartesania.com\\\/ca\\\/blog-mel-i-llimona\\\/#primaryimage\"},\"image\":{\"@id\":\"https:\\\/\\\/melillimonartesania.com\\\/ca\\\/blog-mel-i-llimona\\\/#primaryimage\"},\"thumbnailUrl\":\"https:\\\/\\\/melillimonartesania.com\\\/wp-content\\\/uploads\\\/2025\\\/04\\\/blog-inspiracion-montanas.jpg\",\"datePublished\":\"2025-05-09T16:46:31+00:00\",\"dateModified\":\"2025-12-07T11:42:31+00:00\",\"description\":\"Submergeix-te al blog de Mel i Llimona & iCanyella: artesania, restauraci\u00f3 i tallers que inspiren una vida m\u00e9s creativa, lenta i aut\u00e8ntica.\",\"breadcrumb\":{\"@id\":\"https:\\\/\\\/melillimonartesania.com\\\/ca\\\/blog-mel-i-llimona\\\/#breadcrumb\"},\"inLanguage\":\"ca\",\"potentialAction\":[{\"@type\":\"ReadAction\",\"target\":[\"https:\\\/\\\/melillimonartesania.com\\\/ca\\\/blog-mel-i-llimona\\\/\"]}]},{\"@type\":\"ImageObject\",\"inLanguage\":\"ca\",\"@id\":\"https:\\\/\\\/melillimonartesania.com\\\/ca\\\/blog-mel-i-llimona\\\/#primaryimage\",\"url\":\"https:\\\/\\\/melillimonartesania.com\\\/wp-content\\\/uploads\\\/2025\\\/04\\\/blog-inspiracion-montanas.jpg\",\"contentUrl\":\"https:\\\/\\\/melillimonartesania.com\\\/wp-content\\\/uploads\\\/2025\\\/04\\\/blog-inspiracion-montanas.jpg\",\"width\":1920,\"height\":1080,\"caption\":\"Blog de Mel i Llimona\"},{\"@type\":\"BreadcrumbList\",\"@id\":\"https:\\\/\\\/melillimonartesania.com\\\/ca\\\/blog-mel-i-llimona\\\/#breadcrumb\",\"itemListElement\":[{\"@type\":\"ListItem\",\"position\":1,\"name\":\"Portada\",\"item\":\"https:\\\/\\\/melillimonartesania.com\\\/ca\\\/mel-i-llimona-icanyella\\\/\"},{\"@type\":\"ListItem\",\"position\":2,\"name\":\"Blog de Mel i Llimona &amp; iCanyella\"}]},{\"@type\":\"WebSite\",\"@id\":\"https:\\\/\\\/melillimonartesania.com\\\/ca\\\/#website\",\"url\":\"https:\\\/\\\/melillimonartesania.com\\\/ca\\\/\",\"name\":\"Mel i Llimona &amp; iCanyella: Artesan\u00eda, Gastronom\u00eda y Comunidad en Badalona\",\"description\":\"Mel i Llimona &amp; iCanyella, un espacio que conserva su esencia artesanal  y a\u00f1ade degustaci\u00f3n ecol\u00f3gica, mercado sostenible y un espacio para la comunidad en Badalona.\",\"publisher\":{\"@id\":\"https:\\\/\\\/melillimonartesania.com\\\/ca\\\/#organization\"},\"potentialAction\":[{\"@type\":\"SearchAction\",\"target\":{\"@type\":\"EntryPoint\",\"urlTemplate\":\"https:\\\/\\\/melillimonartesania.com\\\/ca\\\/?s={search_term_string}\"},\"query-input\":{\"@type\":\"PropertyValueSpecification\",\"valueRequired\":true,\"valueName\":\"search_term_string\"}}],\"inLanguage\":\"ca\"},{\"@type\":[\"Organization\",\"Place\",\"LocalBusiness\"],\"@id\":\"https:\\\/\\\/melillimonartesania.com\\\/ca\\\/#organization\",\"name\":\"Mel i Llimona Creaci\u00f3 Artesanal S.C.C.L.\",\"alternateName\":\"Mel i Llimona iCanyella\",\"url\":\"https:\\\/\\\/melillimonartesania.com\\\/ca\\\/\",\"logo\":{\"@id\":\"https:\\\/\\\/melillimonartesania.com\\\/ca\\\/blog-mel-i-llimona\\\/#local-main-organization-logo\"},\"image\":{\"@id\":\"https:\\\/\\\/melillimonartesania.com\\\/ca\\\/blog-mel-i-llimona\\\/#local-main-organization-logo\"},\"description\":\"Mel i Llimona Artesan\u00eda en Badalona: Desde 2018, somos el taller de referencia para la restauraci\u00f3n profesional de muebles antiguos y el arte del 'hazlo t\u00fa mismo'. Hemos evolucionado a iCanyella en Badalona, un espacio que integra nuestro taller tradicional con un mercado local de artesan\u00eda sostenible y degustaci\u00f3n de productos ecol\u00f3gicos. Vis\u00edtanos para tus proyectos de restauraci\u00f3n, talleres comunitarios y para apoyar el comercio justo en la zona.\",\"numberOfEmployees\":{\"@type\":\"QuantitativeValue\",\"minValue\":\"1\",\"maxValue\":\"10\"},\"address\":{\"@id\":\"https:\\\/\\\/melillimonartesania.com\\\/ca\\\/blog-mel-i-llimona\\\/#local-main-place-address\"},\"telephone\":[\"+34 635 422 982\"],\"contactPoint\":{\"@type\":\"ContactPoint\",\"telephone\":\"+34 635 422 982\",\"email\":\"info@melillimonartesania.com\"},\"openingHoursSpecification\":[{\"@type\":\"OpeningHoursSpecification\",\"dayOfWeek\":[\"Monday\"],\"opens\":\"17:00\",\"closes\":\"20:00\"},{\"@type\":\"OpeningHoursSpecification\",\"dayOfWeek\":[\"Tuesday\",\"Wednesday\",\"Thursday\",\"Friday\"],\"opens\":\"09:00\",\"closes\":\"20:00\"},{\"@type\":\"OpeningHoursSpecification\",\"dayOfWeek\":[\"Saturday\"],\"opens\":\"09:00\",\"closes\":\"14:00\"},{\"@type\":\"OpeningHoursSpecification\",\"dayOfWeek\":[\"Sunday\"],\"opens\":\"00:00\",\"closes\":\"00:00\"}],\"email\":\"hola@melillimonartesania.com\",\"areaServed\":\"Badalona, Barcelona, Maresme\",\"vatID\":\"F56933963\",\"taxID\":\"F56933963\",\"currenciesAccepted\":\"EUR\",\"paymentAccepted\":\"Contado, tarjeta\"},{\"@type\":\"PostalAddress\",\"@id\":\"https:\\\/\\\/melillimonartesania.com\\\/ca\\\/blog-mel-i-llimona\\\/#local-main-place-address\",\"streetAddress\":\"Carrer d'Arn\u00fas, 36\",\"addressLocality\":\"Badalona\",\"postalCode\":\"08911\",\"addressRegion\":\"Catalunya\",\"addressCountry\":\"ES\"},{\"@type\":\"ImageObject\",\"inLanguage\":\"ca\",\"@id\":\"https:\\\/\\\/melillimonartesania.com\\\/ca\\\/blog-mel-i-llimona\\\/#local-main-organization-logo\",\"url\":\"https:\\\/\\\/melillimonartesania.com\\\/wp-content\\\/uploads\\\/2025\\\/09\\\/melillimona-icanyella-black.svg\",\"contentUrl\":\"https:\\\/\\\/melillimonartesania.com\\\/wp-content\\\/uploads\\\/2025\\\/09\\\/melillimona-icanyella-black.svg\",\"width\":135,\"height\":20,\"caption\":\"Mel i Llimona Creaci\u00f3 Artesanal S.C.C.L.\"}]}<\/script>\n<meta name=\"geo.placename\" content=\"Badalona\" \/>\n<meta name=\"geo.region\" content=\"Espanya\" \/>\n<!-- \/ Yoast SEO Premium plugin. -->","yoast_head_json":{"title":"Blog de Mel i Llimona &amp; iCanyella - Mel i Llimona &amp; iCanyella: Artesan\u00eda, Gastronom\u00eda y Comunidad en Badalona","description":"Submergeix-te al blog de Mel i Llimona & iCanyella: artesania, restauraci\u00f3 i tallers que inspiren una vida m\u00e9s creativa, lenta i aut\u00e8ntica.","robots":{"index":"index","follow":"follow","max-snippet":"max-snippet:-1","max-image-preview":"max-image-preview:large","max-video-preview":"max-video-preview:-1"},"canonical":"https:\/\/melillimonartesania.com\/ca\/blog-mel-i-llimona\/","og_locale":"ca_ES","og_type":"article","og_title":"Blog de Mel i Llimona &amp; iCanyella","og_description":"Submergeix-te al blog de Mel i Llimona & iCanyella: artesania, restauraci\u00f3 i tallers que inspiren una vida m\u00e9s creativa, lenta i aut\u00e8ntica.","og_url":"https:\/\/melillimonartesania.com\/ca\/blog-mel-i-llimona\/","og_site_name":"Mel i Llimona &amp; iCanyella: Artesan\u00eda, Gastronom\u00eda y Comunidad en Badalona","article_modified_time":"2025-12-07T11:42:31+00:00","og_image":[{"width":1920,"height":1080,"url":"https:\/\/melillimonartesania.com\/wp-content\/uploads\/2025\/04\/blog-inspiracion-montanas.jpg","type":"image\/jpeg"}],"twitter_card":"summary_large_image","twitter_misc":{"Temps estimat de lectura":"10 minuts"},"schema":{"@context":"https:\/\/schema.org","@graph":[{"@type":"WebPage","@id":"https:\/\/melillimonartesania.com\/ca\/blog-mel-i-llimona\/","url":"https:\/\/melillimonartesania.com\/ca\/blog-mel-i-llimona\/","name":"Blog de Mel i Llimona &amp; iCanyella - Mel i Llimona &amp; iCanyella: Artesan\u00eda, Gastronom\u00eda y Comunidad en Badalona","isPartOf":{"@id":"https:\/\/melillimonartesania.com\/ca\/#website"},"primaryImageOfPage":{"@id":"https:\/\/melillimonartesania.com\/ca\/blog-mel-i-llimona\/#primaryimage"},"image":{"@id":"https:\/\/melillimonartesania.com\/ca\/blog-mel-i-llimona\/#primaryimage"},"thumbnailUrl":"https:\/\/melillimonartesania.com\/wp-content\/uploads\/2025\/04\/blog-inspiracion-montanas.jpg","datePublished":"2025-05-09T16:46:31+00:00","dateModified":"2025-12-07T11:42:31+00:00","description":"Submergeix-te al blog de Mel i Llimona & iCanyella: artesania, restauraci\u00f3 i tallers que inspiren una vida m\u00e9s creativa, lenta i aut\u00e8ntica.","breadcrumb":{"@id":"https:\/\/melillimonartesania.com\/ca\/blog-mel-i-llimona\/#breadcrumb"},"inLanguage":"ca","potentialAction":[{"@type":"ReadAction","target":["https:\/\/melillimonartesania.com\/ca\/blog-mel-i-llimona\/"]}]},{"@type":"ImageObject","inLanguage":"ca","@id":"https:\/\/melillimonartesania.com\/ca\/blog-mel-i-llimona\/#primaryimage","url":"https:\/\/melillimonartesania.com\/wp-content\/uploads\/2025\/04\/blog-inspiracion-montanas.jpg","contentUrl":"https:\/\/melillimonartesania.com\/wp-content\/uploads\/2025\/04\/blog-inspiracion-montanas.jpg","width":1920,"height":1080,"caption":"Blog de Mel i Llimona"},{"@type":"BreadcrumbList","@id":"https:\/\/melillimonartesania.com\/ca\/blog-mel-i-llimona\/#breadcrumb","itemListElement":[{"@type":"ListItem","position":1,"name":"Portada","item":"https:\/\/melillimonartesania.com\/ca\/mel-i-llimona-icanyella\/"},{"@type":"ListItem","position":2,"name":"Blog de Mel i Llimona &amp; iCanyella"}]},{"@type":"WebSite","@id":"https:\/\/melillimonartesania.com\/ca\/#website","url":"https:\/\/melillimonartesania.com\/ca\/","name":"Mel i Llimona &amp; iCanyella: Artesan\u00eda, Gastronom\u00eda y Comunidad en Badalona","description":"Mel i Llimona &amp; iCanyella, un espacio que conserva su esencia artesanal  y a\u00f1ade degustaci\u00f3n ecol\u00f3gica, mercado sostenible y un espacio para la comunidad en Badalona.","publisher":{"@id":"https:\/\/melillimonartesania.com\/ca\/#organization"},"potentialAction":[{"@type":"SearchAction","target":{"@type":"EntryPoint","urlTemplate":"https:\/\/melillimonartesania.com\/ca\/?s={search_term_string}"},"query-input":{"@type":"PropertyValueSpecification","valueRequired":true,"valueName":"search_term_string"}}],"inLanguage":"ca"},{"@type":["Organization","Place","LocalBusiness"],"@id":"https:\/\/melillimonartesania.com\/ca\/#organization","name":"Mel i Llimona Creaci\u00f3 Artesanal S.C.C.L.","alternateName":"Mel i Llimona iCanyella","url":"https:\/\/melillimonartesania.com\/ca\/","logo":{"@id":"https:\/\/melillimonartesania.com\/ca\/blog-mel-i-llimona\/#local-main-organization-logo"},"image":{"@id":"https:\/\/melillimonartesania.com\/ca\/blog-mel-i-llimona\/#local-main-organization-logo"},"description":"Mel i Llimona Artesan\u00eda en Badalona: Desde 2018, somos el taller de referencia para la restauraci\u00f3n profesional de muebles antiguos y el arte del 'hazlo t\u00fa mismo'. Hemos evolucionado a iCanyella en Badalona, un espacio que integra nuestro taller tradicional con un mercado local de artesan\u00eda sostenible y degustaci\u00f3n de productos ecol\u00f3gicos. Vis\u00edtanos para tus proyectos de restauraci\u00f3n, talleres comunitarios y para apoyar el comercio justo en la zona.","numberOfEmployees":{"@type":"QuantitativeValue","minValue":"1","maxValue":"10"},"address":{"@id":"https:\/\/melillimonartesania.com\/ca\/blog-mel-i-llimona\/#local-main-place-address"},"telephone":["+34 635 422 982"],"contactPoint":{"@type":"ContactPoint","telephone":"+34 635 422 982","email":"info@melillimonartesania.com"},"openingHoursSpecification":[{"@type":"OpeningHoursSpecification","dayOfWeek":["Monday"],"opens":"17:00","closes":"20:00"},{"@type":"OpeningHoursSpecification","dayOfWeek":["Tuesday","Wednesday","Thursday","Friday"],"opens":"09:00","closes":"20:00"},{"@type":"OpeningHoursSpecification","dayOfWeek":["Saturday"],"opens":"09:00","closes":"14:00"},{"@type":"OpeningHoursSpecification","dayOfWeek":["Sunday"],"opens":"00:00","closes":"00:00"}],"email":"hola@melillimonartesania.com","areaServed":"Badalona, Barcelona, Maresme","vatID":"F56933963","taxID":"F56933963","currenciesAccepted":"EUR","paymentAccepted":"Contado, tarjeta"},{"@type":"PostalAddress","@id":"https:\/\/melillimonartesania.com\/ca\/blog-mel-i-llimona\/#local-main-place-address","streetAddress":"Carrer d'Arn\u00fas, 36","addressLocality":"Badalona","postalCode":"08911","addressRegion":"Catalunya","addressCountry":"ES"},{"@type":"ImageObject","inLanguage":"ca","@id":"https:\/\/melillimonartesania.com\/ca\/blog-mel-i-llimona\/#local-main-organization-logo","url":"https:\/\/melillimonartesania.com\/wp-content\/uploads\/2025\/09\/melillimona-icanyella-black.svg","contentUrl":"https:\/\/melillimonartesania.com\/wp-content\/uploads\/2025\/09\/melillimona-icanyella-black.svg","width":135,"height":20,"caption":"Mel i Llimona Creaci\u00f3 Artesanal S.C.C.L."}]},"geo.placename":"Badalona","geo.region":"Espanya"},"_links":{"self":[{"href":"https:\/\/melillimonartesania.com\/ca\/wp-json\/wp\/v2\/pages\/2973","targetHints":{"allow":["GET"]}}],"collection":[{"href":"https:\/\/melillimonartesania.com\/ca\/wp-json\/wp\/v2\/pages"}],"about":[{"href":"https:\/\/melillimonartesania.com\/ca\/wp-json\/wp\/v2\/types\/page"}],"author":[{"embeddable":true,"href":"https:\/\/melillimonartesania.com\/ca\/wp-json\/wp\/v2\/users\/1"}],"replies":[{"embeddable":true,"href":"https:\/\/melillimonartesania.com\/ca\/wp-json\/wp\/v2\/comments?post=2973"}],"version-history":[{"count":4,"href":"https:\/\/melillimonartesania.com\/ca\/wp-json\/wp\/v2\/pages\/2973\/revisions"}],"predecessor-version":[{"id":8300,"href":"https:\/\/melillimonartesania.com\/ca\/wp-json\/wp\/v2\/pages\/2973\/revisions\/8300"}],"wp:featuredmedia":[{"embeddable":true,"href":"https:\/\/melillimonartesania.com\/ca\/wp-json\/wp\/v2\/media\/1758"}],"wp:attachment":[{"href":"https:\/\/melillimonartesania.com\/ca\/wp-json\/wp\/v2\/media?parent=2973"}],"wp:term":[{"taxonomy":"post_tag","embeddable":true,"href":"https:\/\/melillimonartesania.com\/ca\/wp-json\/wp\/v2\/tags?post=2973"}],"curies":[{"name":"wp","href":"https:\/\/api.w.org\/{rel}","templated":true}]}}