{"id":5204,"date":"2025-09-03T15:57:24","date_gmt":"2025-09-03T13:57:24","guid":{"rendered":"https:\/\/melillimonartesania.com\/uneix-te-al-nostre-equip\/"},"modified":"2025-12-07T13:57:47","modified_gmt":"2025-12-07T12:57:47","slug":"uneix-te-al-nostre-equip","status":"publish","type":"page","link":"https:\/\/melillimonartesania.com\/ca\/uneix-te-al-nostre-equip\/","title":{"rendered":"Uneix-te al nostre equip"},"content":{"rendered":"<p>[et_pb_section fb_built=&#8221;1&#8243; _builder_version=&#8221;4.27.4&#8243; _dynamic_attributes=&#8221;background_image&#8221; _module_preset=&#8221;default&#8221; use_background_color_gradient=&#8221;on&#8221; background_color_gradient_stops=&#8221;rgba(0,0,0,0.6) 0%|rgba(0,0,0,0.4) 99%&#8221; background_color_gradient_overlays_image=&#8221;on&#8221; background_image=&#8221;@ET-DC@eyJkeW5hbWljIjp0cnVlLCJjb250ZW50IjoicG9zdF9mZWF0dXJlZF9pbWFnZSIsInNldHRpbmdzIjp7fX0=@&#8221; custom_padding=&#8221;200px||200px||true|false&#8221; locked=&#8221;off&#8221; global_colors_info=&#8221;{}&#8221;][et_pb_row _builder_version=&#8221;4.27.4&#8243; _module_preset=&#8221;default&#8221; global_colors_info=&#8221;{}&#8221;][et_pb_column type=&#8221;4_4&#8243; _builder_version=&#8221;4.27.4&#8243; _module_preset=&#8221;default&#8221; global_colors_info=&#8221;{}&#8221;][et_pb_blurb title=&#8221;@ET-DC@eyJkeW5hbWljIjp0cnVlLCJjb250ZW50IjoicG9zdF90aXRsZSIsInNldHRpbmdzIjp7ImJlZm9yZSI6IiIsImFmdGVyIjoiICwgdHJlYmFsbGEgYW1iIG5vc2FsdHJlcyBlbiBhbGxcdTAwZjIgcXVlIHQnYXBhc3Npb25hISJ9fQ==@&#8221; content_max_width=&#8221;80%&#8221; _builder_version=&#8221;4.27.4&#8243; _dynamic_attributes=&#8221;title&#8221; _module_preset=&#8221;default&#8221; header_level=&#8221;h1&#8243; header_text_align=&#8221;center&#8221; header_text_color=&#8221;#FFFFFF&#8221; body_text_align=&#8221;center&#8221; body_text_color=&#8221;#FFFFFF&#8221; global_colors_info=&#8221;{}&#8221;]<\/p>\n<p>A <strong data-start=\"247\" data-end=\"274\">Mel i Llimona iCanyella<\/strong> creiem que treballar ha de ser una experi\u00e8ncia enriquidora, plena de creativitat i prop\u00f2sit. Busquem persones que vulguin cr\u00e9ixer dins un projecte col\u00b7laboratiu i que valorin la import\u00e0ncia de construir una economia m\u00e9s humana i sostenible. <\/p>\n<p>[\/et_pb_blurb][\/et_pb_column][\/et_pb_row][\/et_pb_section][et_pb_section fb_built=&#8221;1&#8243; _builder_version=&#8221;4.27.4&#8243; _module_preset=&#8221;default&#8221; global_colors_info=&#8221;{}&#8221;][et_pb_row column_structure=&#8221;1_4,3_4&#8243; use_custom_gutter=&#8221;on&#8221; gutter_width=&#8221;2&#8243; make_equal=&#8221;on&#8221; custom_padding_last_edited=&#8221;on|phone&#8221; _builder_version=&#8221;4.27.4&#8243; _module_preset=&#8221;default&#8221; width=&#8221;85%&#8221; custom_margin=&#8221;||||false|false&#8221; custom_padding=&#8221;||||false|false&#8221; custom_padding_tablet=&#8221;|||32px|false|false&#8221; custom_padding_phone=&#8221;|||6px|false|false&#8221; background_color_phone=&#8221;gcid-1469c84a-e8c4-4b03-acbf-14ee6ff228e8&#8243; background_enable_color_phone=&#8221;on&#8221; background_enable_image_phone=&#8221;off&#8221; border_radii=&#8221;on|25px|25px|25px|25px&#8221; locked=&#8221;off&#8221; global_colors_info=&#8221;{}&#8221;][et_pb_column type=&#8221;1_4&#8243; _builder_version=&#8221;4.27.4&#8243; _module_preset=&#8221;default&#8221; global_colors_info=&#8221;{}&#8221;][et_pb_blurb alt=&#8221;iCanyella Espai | Talleres&#8221; content_max_width=&#8221;100%&#8221; _builder_version=&#8221;4.27.4&#8243; _module_preset=&#8221;default&#8221; background_image=&#8221;https:\/\/melillimonartesania.com\/wp-content\/uploads\/2025\/03\/juliana-carme-1.jpeg&#8221; height=&#8221;450px&#8221; border_radii=&#8221;on|25px|25px|25px|25px&#8221; global_colors_info=&#8221;{}&#8221;][\/et_pb_blurb][\/et_pb_column][et_pb_column type=&#8221;3_4&#8243; _builder_version=&#8221;4.27.4&#8243; _module_preset=&#8221;default&#8221; global_colors_info=&#8221;{}&#8221;][et_pb_blurb title=&#8221;Mel i Llimona &amp; iCanyella&#8221; content_max_width=&#8221;90%&#8221; _builder_version=&#8221;4.27.4&#8243; _module_preset=&#8221;default&#8221; header_level=&#8221;h2&#8243; min_height_tablet=&#8221;&#8221; min_height_phone=&#8221;450px&#8221; min_height_last_edited=&#8221;on|phone&#8221; custom_padding=&#8221;32px|24px|32px|24px|true|true&#8221; custom_css_main_element=&#8221;display: flex;||flex-direction: column;||justify-content: flex-end;||height: 100%;&#8221; custom_css_blurb_title=&#8221;padding-bottom: 48px;&#8221; border_radii=&#8221;on|25px|25px|25px|25px&#8221; global_colors_info=&#8221;{}&#8221;]<\/p>\n<p>Si busques <strong>feina a Badalona<\/strong> i vols formar part d&#8217;un equip que aposta per <strong>l&#8217;economia social<\/strong> i el consum responsable aqu\u00ed tens la teva oportunitat. Oferim <strong>ofertes de feina <\/strong>per a persones amb esperit creatiu, ganes d\u00b4aprendre i comprom\u00eds amb els nostres valors. Amb nosaltres podr\u00e0s desenvolupar les teves habilitats en un entorn proper i cooperatiu, on el talent de cada persona suma i valora.  <\/p>\n<p>Volem que cada membre del nostre equip sigui part activa del canvi que volem veure al m\u00f3n. Per aix\u00f2 oferim <g id=\"gid_0\">oportunitats laborals<\/g> a Badalona per a persones amb esperit creatiu i comprom\u00eds amb la <g id=\"gid_1\">sostenibilitat<\/g> i la <g id=\"gid_2\">comunitat local<\/g>. Treballar a <strong>Mel i Llimona iCanyella<\/strong> \u00e9s m\u00e9s que una feina: \u00e9s formar part d&#8217;un projecte que impulsa el consum responsable i l&#8217;artesania com a eina de transformaci\u00f3. Consulta les nostres <strong>ofertes de feina<\/strong> i descobreix una manera diferent de viure la teva carrera professional.   <\/p>\n<p>[\/et_pb_blurb][\/et_pb_column][\/et_pb_row][\/et_pb_section][et_pb_section fb_built=&#8221;1&#8243; _builder_version=&#8221;4.27.4&#8243; _module_preset=&#8221;default&#8221; background_color=&#8221;gcid-1b354d84-96f8-497e-9dcb-18a440b96e1d&#8221; locked=&#8221;off&#8221; global_colors_info=&#8221;{%22gcid-1b354d84-96f8-497e-9dcb-18a440b96e1d%22:%91%22background_color%22%93}&#8221;][et_pb_row use_custom_gutter=&#8221;on&#8221; gutter_width=&#8221;2&#8243; make_equal=&#8221;on&#8221; _builder_version=&#8221;4.27.4&#8243; _module_preset=&#8221;default&#8221; width=&#8221;85%&#8221; custom_margin=&#8221;32px||32px||true|false&#8221; custom_padding=&#8221;0px||0px||false|false&#8221; global_colors_info=&#8221;{}&#8221;][et_pb_column type=&#8221;4_4&#8243; _builder_version=&#8221;4.27.4&#8243; _module_preset=&#8221;default&#8221; global_colors_info=&#8221;{}&#8221;][et_pb_text _builder_version=&#8221;4.27.4&#8243; _module_preset=&#8221;default&#8221; global_colors_info=&#8221;{}&#8221;]<\/p>\n<h2>Per qu\u00e8 treballar amb nosaltres<\/h2>\n<p>Treballar a <strong>Mel i Llimona<\/strong> i<strong>Canyella<\/strong> significa ser part d&#8217;un projecte diferent, on les persones s\u00f3n al centre i cada tasca t\u00e9 sentit. Formar part d&#8217;una <strong>cooperativa de Badalona<\/strong> us donar\u00e0 l&#8217;oportunitat de cr\u00e9ixer professionalment i personalment. <\/p>\n<p>[\/et_pb_text][\/et_pb_column][\/et_pb_row][et_pb_row column_structure=&#8221;1_4,1_4,1_4,1_4&#8243; use_custom_gutter=&#8221;on&#8221; gutter_width=&#8221;2&#8243; make_equal=&#8221;on&#8221; _builder_version=&#8221;4.27.4&#8243; _module_preset=&#8221;default&#8221; width=&#8221;85%&#8221; custom_margin=&#8221;32px||32px||true|false&#8221; custom_padding=&#8221;0px||0px||false|false&#8221; global_colors_info=&#8221;{}&#8221;][et_pb_column type=&#8221;1_4&#8243; _builder_version=&#8221;4.27.4&#8243; _module_preset=&#8221;default&#8221; global_colors_info=&#8221;{}&#8221;][et_pb_blurb title=&#8221;Un entorn creatiu i hum\u00e0&#8221; _builder_version=&#8221;4.27.4&#8243; _module_preset=&#8221;default&#8221; header_level=&#8221;h3&#8243; background_color=&#8221;#FFFFFF&#8221; min_height=&#8221;450px&#8221; min_height_tablet=&#8221;&#8221; min_height_phone=&#8221;450px&#8221; min_height_last_edited=&#8221;on|phone&#8221; height=&#8221;450px&#8221; custom_padding=&#8221;32px|24px|32px|24px|true|true&#8221; custom_css_main_element=&#8221;display: flex;||flex-direction: column;||justify-content: flex-end;||height: 100%;&#8221; custom_css_blurb_title=&#8221;padding-bottom: 48px;&#8221; border_radii=&#8221;on|25px|25px|25px|25px&#8221; global_colors_info=&#8221;{}&#8221;]<\/p>\n<p>Participar\u00e0s en projectes que combinen <strong>art, artesania i sostenibilitat<\/strong>, dins un espai on les idees flueixen i la col\u00b7laboraci\u00f3 \u00e9s essencial. Aquest entorn creatiu et permetr\u00e0 desenvolupar el teu talent i aportar valor a la <strong>cooperativa de Badalona<\/strong>, \u200b\u200bcontribuint a l<strong>&#8216;economia social<\/strong>. <\/p>\n<p>[\/et_pb_blurb][\/et_pb_column][et_pb_column type=&#8221;1_4&#8243; _builder_version=&#8221;4.27.4&#8243; _module_preset=&#8221;default&#8221; global_colors_info=&#8221;{}&#8221;][et_pb_blurb title=&#8221;Valors clars i comprom\u00eds social&#8221; _builder_version=&#8221;4.27.4&#8243; _module_preset=&#8221;default&#8221; header_level=&#8221;h3&#8243; background_color=&#8221;#FFFFFF&#8221; min_height=&#8221;450px&#8221; min_height_tablet=&#8221;&#8221; min_height_phone=&#8221;450px&#8221; min_height_last_edited=&#8221;on|phone&#8221; height=&#8221;450px&#8221; custom_padding=&#8221;32px|24px|32px|24px|true|true&#8221; custom_css_main_element=&#8221;display: flex;||flex-direction: column;||justify-content: flex-end;||height: 100%;&#8221; custom_css_blurb_title=&#8221;padding-bottom: 48px;&#8221; border_radii=&#8221;on|25px|25px|25px|25px&#8221; global_colors_info=&#8221;{%22gcid-1b354d84-96f8-497e-9dcb-18a440b96e1d%22:%91%22background_color%22%93}&#8221;]<\/p>\n<p>Formar\u00e0s part d&#8217;una organitzaci\u00f3 amb una missi\u00f3 clara basada en l&#8217;<strong>economia social<\/strong> i la sostenibilitat. A Mel i Llimona iCanyella cada acci\u00f3 t\u00e9 prop\u00f2sit i treballar\u00e0s en un equip comprom\u00e8s amb la comunitat, la cooperaci\u00f3 i la promoci\u00f3 d&#8217;una <strong>ocupaci\u00f3 amb valors<\/strong>. <\/p>\n<p>[\/et_pb_blurb][\/et_pb_column][et_pb_column type=&#8221;1_4&#8243; _builder_version=&#8221;4.27.4&#8243; _module_preset=&#8221;default&#8221; global_colors_info=&#8221;{}&#8221;][et_pb_blurb title=&#8221;Diversitat de perfils i funcions&#8221; _builder_version=&#8221;4.27.4&#8243; _module_preset=&#8221;default&#8221; header_level=&#8221;h3&#8243; background_color=&#8221;#FFFFFF&#8221; min_height=&#8221;450px&#8221; min_height_tablet=&#8221;&#8221; min_height_phone=&#8221;450px&#8221; min_height_last_edited=&#8221;on|phone&#8221; height=&#8221;450px&#8221; custom_padding=&#8221;32px|24px|32px|24px|true|true&#8221; custom_css_main_element=&#8221;display: flex;||flex-direction: column;||justify-content: flex-end;||height: 100%;&#8221; custom_css_blurb_title=&#8221;padding-bottom: 48px;&#8221; border_radii=&#8221;on|25px|25px|25px|25px&#8221; global_colors_info=&#8221;{%22gcid-1b354d84-96f8-497e-9dcb-18a440b96e1d%22:%91%22background_color%22,%22background_color%22,%22background_color%22%93}&#8221;]<\/p>\n<p>Oferim oportunitats per a diferents perfils, combinant creativitat, artesania i restauraci\u00f3. Tant si teniu experi\u00e8ncia en restauraci\u00f3 de mobles com en tallers manuals o serveis d&#8217;hostaleria, trobareu un lloc on cr\u00e9ixer professionalment dins d&#8217;una <strong>cooperativa de Badalona<\/strong>. <\/p>\n<p>[\/et_pb_blurb][\/et_pb_column][et_pb_column type=&#8221;1_4&#8243; _builder_version=&#8221;4.27.4&#8243; _module_preset=&#8221;default&#8221; global_colors_info=&#8221;{}&#8221;][et_pb_blurb title=&#8221;Formaci\u00f3 i oportunitats de creixement&#8221; _builder_version=&#8221;4.27.4&#8243; _module_preset=&#8221;default&#8221; header_level=&#8221;h3&#8243; background_color=&#8221;#FFFFFF&#8221; min_height=&#8221;450px&#8221; min_height_tablet=&#8221;&#8221; min_height_phone=&#8221;450px&#8221; min_height_last_edited=&#8221;on|phone&#8221; height=&#8221;450px&#8221; custom_padding=&#8221;32px|24px|32px|24px|true|true&#8221; custom_css_main_element=&#8221;display: flex;||flex-direction: column;||justify-content: flex-end;||height: 100%;&#8221; custom_css_blurb_title=&#8221;padding-bottom: 48px;&#8221; border_radii=&#8221;on|25px|25px|25px|25px&#8221; global_colors_info=&#8221;{%22gcid-1b354d84-96f8-497e-9dcb-18a440b96e1d%22:%91%22background_color%22,%22background_color%22,%22background_color%22%93}&#8221;]<\/p>\n<p>A Mel i Llimona iCanyella t&#8217;oferirem eines i recursos per aprendre i desenvolupar-te al teu camp. Les nostres oportunitats laborals a Badalona us permeten cr\u00e9ixer professionalment en un entorn hum\u00e0 i creatiu, amb projectes que combinen artesania, sostenibilitat i clar comprom\u00eds amb l&#8217;economia social. <\/p>\n<p>[\/et_pb_blurb][\/et_pb_column][\/et_pb_row][et_pb_row _builder_version=&#8221;4.27.4&#8243; _module_preset=&#8221;default&#8221; global_colors_info=&#8221;{}&#8221;][et_pb_column type=&#8221;4_4&#8243; _builder_version=&#8221;4.27.4&#8243; _module_preset=&#8221;default&#8221; global_colors_info=&#8221;{}&#8221;][et_pb_text _builder_version=&#8221;4.27.4&#8243; _module_preset=&#8221;default&#8221; global_colors_info=&#8221;{}&#8221;]Si busques <strong>feina amb valors<\/strong> i vols treballar en un entorn que respecta el teu ritme i idees, aquest \u00e9s el teu lloc.[\/et_pb_text][\/et_pb_column][\/et_pb_row][\/et_pb_section][et_pb_section fb_built=&#8221;1&#8243; _builder_version=&#8221;4.27.4&#8243; _module_preset=&#8221;default&#8221; locked=&#8221;off&#8221; global_colors_info=&#8221;{}&#8221;][et_pb_row column_structure=&#8221;1_3,2_3&#8243; use_custom_gutter=&#8221;on&#8221; gutter_width=&#8221;2&#8243; custom_padding_last_edited=&#8221;on|phone&#8221; _builder_version=&#8221;4.27.4&#8243; _module_preset=&#8221;default&#8221; width=&#8221;85%&#8221; custom_margin=&#8221;||||false|false&#8221; custom_padding=&#8221;||||false|false&#8221; custom_padding_tablet=&#8221;|||32px|false|false&#8221; custom_padding_phone=&#8221;|||6px|false|false&#8221; border_radii=&#8221;on|25px|25px|25px|25px&#8221; global_colors_info=&#8221;{}&#8221;][et_pb_column type=&#8221;1_3&#8243; _builder_version=&#8221;4.27.4&#8243; _module_preset=&#8221;default&#8221; global_colors_info=&#8221;{}&#8221;][et_pb_blurb title=&#8221;Ofertes de treball actuals &#8221; content_max_width=&#8221;100%&#8221; _builder_version=&#8221;4.27.4&#8243; _module_preset=&#8221;default&#8221; header_level=&#8221;h2&#8243; min_height_tablet=&#8221;&#8221; min_height_phone=&#8221;450px&#8221; min_height_last_edited=&#8221;on|phone&#8221; custom_padding=&#8221;||||true|true&#8221; custom_css_main_element=&#8221;display: flex;||flex-direction: column;||justify-content: flex-end;||height: 100%;&#8221; custom_css_blurb_title=&#8221;padding-bottom: 48px;&#8221; border_radii=&#8221;on|25px|25px|25px|25px&#8221; global_colors_info=&#8221;{}&#8221;]<\/p>\n<p>Consulta aqu\u00ed les nostres <strong>vacants a Mel i Llimona iCanyella<\/strong>. Ens entusiasma trobar persones que comparteixin la nostra filosofia i vulguin aportar el seu talent i passi\u00f3 al projecte. Oferim <g id=\"gid_1\">oportunitats laborals a Badalona<\/g> per a diferents perfils, des de <g id=\"gid_2\">baristes i cambrers\/res<\/g> fins a especialistes en <g id=\"gid_3\">artesania<\/g> i <g id=\"gid_4\">restauraci\u00f3 de mobles<\/g>. Si busques <strong>feina amb valors<\/strong> i vols formar part d&#8217;un equip col\u00b7laboratiu i creatiu, consulta les nostres <strong>ofertes de feina<\/strong> i envia la teva candidatura.   <\/p>\n<p>[\/et_pb_blurb][\/et_pb_column][et_pb_column type=&#8221;2_3&#8243; _builder_version=&#8221;4.27.4&#8243; _module_preset=&#8221;default&#8221; global_colors_info=&#8221;{}&#8221;][et_pb_blog fullwidth=&#8221;off&#8221; include_categories=&#8221;154&#8243; excerpt_length=&#8221;150&#8243; show_more=&#8221;on&#8221; show_author=&#8221;off&#8221; show_pagination=&#8221;off&#8221; _builder_version=&#8221;4.27.4&#8243; _module_preset=&#8221;default&#8221; header_level=&#8221;h3&#8243; read_more_font=&#8221;|600|||||||&#8221; custom_padding=&#8221;|32px||32px|false|true&#8221; border_radii=&#8221;on|25px|25px|25px|25px&#8221; global_colors_info=&#8221;{}&#8221;][\/et_pb_blog][\/et_pb_column][\/et_pb_row][\/et_pb_section][et_pb_section fb_built=&#8221;1&#8243; _builder_version=&#8221;4.27.4&#8243; _module_preset=&#8221;default&#8221; background_color=&#8221;gcid-1b354d84-96f8-497e-9dcb-18a440b96e1d&#8221; locked=&#8221;off&#8221; global_colors_info=&#8221;{%22gcid-1b354d84-96f8-497e-9dcb-18a440b96e1d%22:%91%22background_color%22%93}&#8221;][et_pb_row use_custom_gutter=&#8221;on&#8221; gutter_width=&#8221;2&#8243; make_equal=&#8221;on&#8221; _builder_version=&#8221;4.27.4&#8243; _module_preset=&#8221;default&#8221; width=&#8221;85%&#8221; custom_margin=&#8221;32px||32px||true|false&#8221; custom_padding=&#8221;0px||0px||false|false&#8221; global_colors_info=&#8221;{}&#8221;][et_pb_column type=&#8221;4_4&#8243; _builder_version=&#8221;4.27.4&#8243; _module_preset=&#8221;default&#8221; global_colors_info=&#8221;{}&#8221;][et_pb_text _builder_version=&#8221;4.27.4&#8243; _module_preset=&#8221;default&#8221; global_colors_info=&#8221;{}&#8221;]<\/p>\n<h2>Qui som<\/h2>\n<p>Des de la seva fundaci\u00f3 el 2018, <strong>Mel i Llimona Creaci\u00f3 Artesana<\/strong>l s&#8217;ha consolidat com a referent en la <strong>restauraci\u00f3 de mobles<\/strong> i els <strong>tallers artesanals a Badalona<\/strong>. La seva evoluci\u00f3 natural ens ha fet crear <strong>iCanyella<\/strong> un <strong>espai integral <\/strong>on l&#8217;artesania, la cultura i la gastronomia convergeixen per oferir una <strong>experi\u00e8ncia \u00fanica.<\/strong> <\/p>\n<h4 data-start=\"496\" data-end=\"523\"><\/h4>\n<p>[\/et_pb_text][\/et_pb_column][\/et_pb_row][et_pb_row column_structure=&#8221;1_2,1_2&#8243; use_custom_gutter=&#8221;on&#8221; gutter_width=&#8221;2&#8243; make_equal=&#8221;on&#8221; _builder_version=&#8221;4.27.4&#8243; _module_preset=&#8221;default&#8221; width=&#8221;85%&#8221; custom_margin=&#8221;32px||32px||true|false&#8221; custom_padding=&#8221;0px||0px||false|false&#8221; global_colors_info=&#8221;{}&#8221;][et_pb_column type=&#8221;1_2&#8243; _builder_version=&#8221;4.27.4&#8243; _module_preset=&#8221;default&#8221; global_colors_info=&#8221;{}&#8221;][et_pb_blurb title=&#8221;Missi\u00f3 i valors&#8221; _builder_version=&#8221;4.27.4&#8243; _module_preset=&#8221;default&#8221; header_level=&#8221;h3&#8243; background_color=&#8221;#FFFFFF&#8221; min_height=&#8221;450px&#8221; min_height_tablet=&#8221;&#8221; min_height_phone=&#8221;450px&#8221; min_height_last_edited=&#8221;on|phone&#8221; height=&#8221;450px&#8221; custom_padding=&#8221;32px|24px|32px|24px|true|true&#8221; custom_css_main_element=&#8221;display: flex;||flex-direction: column;||justify-content: flex-end;||height: 100%;&#8221; custom_css_blurb_title=&#8221;padding-bottom: 48px;&#8221; border_radii=&#8221;on|25px|25px|25px|25px&#8221; global_colors_info=&#8221;{}&#8221;]<\/p>\n<p>A <strong>Mel i Llimona iCanyella<\/strong>, la nostra missi\u00f3 \u00e9s transformar la manera com les persones interactuen amb el seu entorn, promovent un estil de vida saludable, sostenible i comunitari. A trav\u00e9s dels nostres productes i serveis, connectem les persones amb la natura i fomentem el benestar integral. <\/p>\n<p>Ens guien els nostres valors: <strong>qualitat i excel\u00b7l\u00e8ncia, sostenibilitat ambiental, equitat, cooperaci\u00f3, benestar i inclusi\u00f3, transpar\u00e8ncia i participaci\u00f3<\/strong>, tot creant un entorn de treball hum\u00e0 i comprom\u00e8s amb l&#8217;<strong>economia social<\/strong> i la <strong>comunitat local<\/strong>.<\/p>\n<p>[\/et_pb_blurb][\/et_pb_column][et_pb_column type=&#8221;1_2&#8243; _builder_version=&#8221;4.27.4&#8243; _module_preset=&#8221;default&#8221; global_colors_info=&#8221;{}&#8221;][et_pb_blurb title=&#8221;El nostre comprom\u00eds&#8221; _builder_version=&#8221;4.27.4&#8243; _module_preset=&#8221;default&#8221; header_level=&#8221;h3&#8243; background_color=&#8221;#FFFFFF&#8221; min_height=&#8221;450px&#8221; min_height_tablet=&#8221;&#8221; min_height_phone=&#8221;450px&#8221; min_height_last_edited=&#8221;on|phone&#8221; height=&#8221;450px&#8221; custom_padding=&#8221;32px|24px|32px|24px|true|true&#8221; custom_css_main_element=&#8221;display: flex;||flex-direction: column;||justify-content: flex-end;||height: 100%;&#8221; custom_css_blurb_title=&#8221;padding-bottom: 48px;&#8221; border_radii=&#8221;on|25px|25px|25px|25px&#8221; global_colors_info=&#8221;{%22gcid-1b354d84-96f8-497e-9dcb-18a440b96e1d%22:%91%22background_color%22%93}&#8221;]<\/p>\n<p>Formar part de <strong>Mel i Llimona iCanyella<\/strong> vol dir integrar-se en un projecte amb prop\u00f2sit, on les persones i el planeta s\u00f3n el centre de totes les nostres decisions i accions di\u00e0ries. Promovem un entorn de treball inclusiu, fomentem la creativitat, l&#8217;aprenentatge constant i la cooperaci\u00f3, oferint oportunitats de creixement professional i personal mentre contribu\u00efm a una economia social, sostenible i compromesa amb la comunitat local. <\/p>\n<p>[\/et_pb_blurb][\/et_pb_column][\/et_pb_row][\/et_pb_section][et_pb_section fb_built=&#8221;1&#8243; _builder_version=&#8221;4.27.4&#8243; _module_preset=&#8221;default&#8221; locked=&#8221;off&#8221; global_colors_info=&#8221;{}&#8221;][et_pb_row column_structure=&#8221;1_4,3_4&#8243; use_custom_gutter=&#8221;on&#8221; gutter_width=&#8221;2&#8243; make_equal=&#8221;on&#8221; custom_padding_last_edited=&#8221;on|phone&#8221; _builder_version=&#8221;4.27.4&#8243; _module_preset=&#8221;default&#8221; width=&#8221;85%&#8221; custom_margin=&#8221;||||false|false&#8221; custom_padding=&#8221;||0px||false|false&#8221; custom_padding_tablet=&#8221;|||32px|false|false&#8221; custom_padding_phone=&#8221;|||6px|false|false&#8221; background_color_phone=&#8221;gcid-1469c84a-e8c4-4b03-acbf-14ee6ff228e8&#8243; background_enable_color_phone=&#8221;on&#8221; background_enable_image_phone=&#8221;off&#8221; border_radii=&#8221;on|25px|25px|25px|25px&#8221; locked=&#8221;off&#8221; global_colors_info=&#8221;{}&#8221;][et_pb_column type=&#8221;1_4&#8243; _builder_version=&#8221;4.27.4&#8243; _module_preset=&#8221;default&#8221; global_colors_info=&#8221;{}&#8221;][et_pb_blurb alt=&#8221;Compra responsable&#8221; content_max_width=&#8221;100%&#8221; _builder_version=&#8221;4.27.4&#8243; _module_preset=&#8221;default&#8221; background_image=&#8221;https:\/\/melillimonartesania.com\/wp-content\/uploads\/2025\/03\/compra-responsable.jpg&#8221; height=&#8221;450px&#8221; border_radii=&#8221;on|25px|25px|25px|25px&#8221; global_colors_info=&#8221;{}&#8221;][\/et_pb_blurb][\/et_pb_column][et_pb_column type=&#8221;3_4&#8243; _builder_version=&#8221;4.27.4&#8243; _module_preset=&#8221;default&#8221; global_colors_info=&#8221;{}&#8221;][et_pb_blurb title=&#8221;Com apuntar-te&#8221; content_max_width=&#8221;90%&#8221; _builder_version=&#8221;4.27.4&#8243; _module_preset=&#8221;default&#8221; header_level=&#8221;h2&#8243; min_height_tablet=&#8221;&#8221; min_height_phone=&#8221;450px&#8221; min_height_last_edited=&#8221;on|phone&#8221; custom_padding=&#8221;32px|24px|32px|24px|true|true&#8221; custom_css_main_element=&#8221;display: flex;||flex-direction: column;||justify-content: flex-end;||height: 100%;&#8221; custom_css_blurb_title=&#8221;padding-bottom: 48px;&#8221; border_radii=&#8221;on|25px|25px|25px|25px&#8221; global_colors_info=&#8221;{}&#8221;]<\/p>\n<p data-start=\"139\" data-end=\"458\">Si busques <strong data-start=\"149\" data-end=\"172\">feina a Badalona<\/strong> i vols unir-te a una empresa que aposta per l&#8217;<strong data-start=\"223\" data-end=\"242\">economia social<\/strong> i la <strong data-start=\"248\" data-end=\"266\">sostenibilitat<\/strong>, volem saber de tu! Adjunta el teu CV i una carta de presentaci\u00f3, indica la vacant que t\u00b4interessa i envia la teva candidatura per formar part d\u00b4un equip creatiu, proper i amb prop\u00f2sit. <\/p>\n<p>[\/et_pb_blurb][\/et_pb_column][\/et_pb_row][et_pb_row column_structure=&#8221;1_4,1_4,1_4,1_4&#8243; use_custom_gutter=&#8221;on&#8221; gutter_width=&#8221;2&#8243; make_equal=&#8221;on&#8221; _builder_version=&#8221;4.27.4&#8243; _module_preset=&#8221;default&#8221; width=&#8221;85%&#8221; custom_margin=&#8221;32px||32px||true|false&#8221; custom_padding=&#8221;0px||0px||false|false&#8221; locked=&#8221;off&#8221; global_colors_info=&#8221;{}&#8221;][et_pb_column type=&#8221;1_4&#8243; _builder_version=&#8221;4.27.4&#8243; _module_preset=&#8221;default&#8221; global_colors_info=&#8221;{}&#8221;][et_pb_blurb title=&#8221;Dades de contacte&#8221; _builder_version=&#8221;4.27.4&#8243; _module_preset=&#8221;default&#8221; header_level=&#8221;h3&#8243; background_color=&#8221;gcid-1b354d84-96f8-497e-9dcb-18a440b96e1d&#8221; min_height=&#8221;350px&#8221; min_height_tablet=&#8221;&#8221; min_height_phone=&#8221;450px&#8221; min_height_last_edited=&#8221;on|phone&#8221; height=&#8221;350px&#8221; custom_padding=&#8221;32px|24px|32px|24px|true|true&#8221; custom_css_main_element=&#8221;display: flex;||flex-direction: column;||justify-content: flex-end;||height: 100%;&#8221; custom_css_blurb_title=&#8221;padding-bottom: 48px;&#8221; border_radii=&#8221;on|25px|25px|25px|25px&#8221; global_colors_info=&#8221;{%22gcid-1b354d84-96f8-497e-9dcb-18a440b96e1d%22:%91%22background_color%22%93}&#8221;]<\/p>\n<p>Omple el formulari disponible en aquesta p\u00e0gina amb les teves dades de contacte.<\/p>\n<p>[\/et_pb_blurb][\/et_pb_column][et_pb_column type=&#8221;1_4&#8243; _builder_version=&#8221;4.27.4&#8243; _module_preset=&#8221;default&#8221; global_colors_info=&#8221;{}&#8221;][et_pb_blurb title=&#8221;La teva hist\u00f2ria i motivaci\u00f3:&#8221; _builder_version=&#8221;4.27.4&#8243; _module_preset=&#8221;default&#8221; header_level=&#8221;h3&#8243; background_color=&#8221;gcid-1b354d84-96f8-497e-9dcb-18a440b96e1d&#8221; min_height=&#8221;350px&#8221; min_height_tablet=&#8221;&#8221; min_height_phone=&#8221;450px&#8221; min_height_last_edited=&#8221;on|phone&#8221; height=&#8221;350px&#8221; custom_padding=&#8221;32px|24px|32px|24px|true|true&#8221; custom_css_main_element=&#8221;display: flex;||flex-direction: column;||justify-content: flex-end;||height: 100%;&#8221; custom_css_blurb_title=&#8221;padding-bottom: 48px;&#8221; border_radii=&#8221;on|25px|25px|25px|25px&#8221; global_colors_info=&#8221;{%22gcid-1b354d84-96f8-497e-9dcb-18a440b96e1d%22:%91%22background_color%22,%22background_color%22%93}&#8221;]<\/p>\n<div class=\"dsm-description\">\n<p>Adjunta el teu CV actualitzat i una carta de presentaci\u00f3 on expliquis qui ets i qu\u00e8 et motiva a unir-te al nostre projecte.<\/p>\n<\/div>\n<p>[\/et_pb_blurb][\/et_pb_column][et_pb_column type=&#8221;1_4&#8243; _builder_version=&#8221;4.27.4&#8243; _module_preset=&#8221;default&#8221; global_colors_info=&#8221;{}&#8221;][et_pb_blurb title=&#8221;Trieu la vostra oportunitat:&#8221; _builder_version=&#8221;4.27.4&#8243; _module_preset=&#8221;default&#8221; header_level=&#8221;h3&#8243; background_color=&#8221;gcid-1b354d84-96f8-497e-9dcb-18a440b96e1d&#8221; min_height=&#8221;350px&#8221; min_height_tablet=&#8221;&#8221; min_height_phone=&#8221;450px&#8221; min_height_last_edited=&#8221;on|phone&#8221; height=&#8221;350px&#8221; custom_padding=&#8221;32px|24px|32px|24px|true|true&#8221; custom_css_main_element=&#8221;display: flex;||flex-direction: column;||justify-content: flex-end;||height: 100%;&#8221; custom_css_blurb_title=&#8221;padding-bottom: 48px;&#8221; border_radii=&#8221;on|25px|25px|25px|25px&#8221; global_colors_info=&#8221;{%22gcid-1b354d84-96f8-497e-9dcb-18a440b96e1d%22:%91%22background_color%22,%22background_color%22,%22background_color%22,%22background_color%22%93}&#8221;]<\/p>\n<div class=\"dsm-description\">\n<p>Indica la vacant que m\u00e9s t&#8217;interessi o la que s&#8217;ajusti al perfil.<\/p>\n<\/div>\n<p>[\/et_pb_blurb][\/et_pb_column][et_pb_column type=&#8221;1_4&#8243; _builder_version=&#8221;4.27.4&#8243; _module_preset=&#8221;default&#8221; global_colors_info=&#8221;{}&#8221;][et_pb_blurb title=&#8221;Envia la teva candidatura:&#8221; _builder_version=&#8221;4.27.4&#8243; _module_preset=&#8221;default&#8221; header_level=&#8221;h3&#8243; background_color=&#8221;gcid-1b354d84-96f8-497e-9dcb-18a440b96e1d&#8221; min_height=&#8221;350px&#8221; min_height_tablet=&#8221;&#8221; min_height_phone=&#8221;450px&#8221; min_height_last_edited=&#8221;on|phone&#8221; height=&#8221;350px&#8221; custom_padding=&#8221;32px|24px|32px|24px|true|true&#8221; custom_css_main_element=&#8221;display: flex;||flex-direction: column;||justify-content: flex-end;||height: 100%;&#8221; custom_css_blurb_title=&#8221;padding-bottom: 48px;&#8221; border_radii=&#8221;on|25px|25px|25px|25px&#8221; global_colors_info=&#8221;{%22gcid-1b354d84-96f8-497e-9dcb-18a440b96e1d%22:%91%22background_color%22,%22background_color%22,%22background_color%22,%22background_color%22%93}&#8221;]<\/p>\n<div class=\"dsm-description\">\n<p>Envia la teva candidatura i fa el primer pas per treballar en un equip apassionat i comprom\u00e8s amb la qualitat, la creativitat i els valors socials.<\/p>\n<\/div>\n<p>[\/et_pb_blurb][\/et_pb_column][\/et_pb_row][\/et_pb_section][et_pb_section fb_built=&#8221;1&#8243; module_id=&#8221;formulario&#8221; _builder_version=&#8221;4.27.4&#8243; _module_preset=&#8221;default&#8221; background_color=&#8221;gcid-1469c84a-e8c4-4b03-acbf-14ee6ff228e8&#8243; global_module=&#8221;5156&#8243; saved_tabs=&#8221;all&#8221; global_colors_info=&#8221;{%22gcid-1469c84a-e8c4-4b03-acbf-14ee6ff228e8%22:%91%22background_color%22%93}&#8221;][et_pb_row column_structure=&#8221;1_2,1_2&#8243; _builder_version=&#8221;4.27.4&#8243; _module_preset=&#8221;default&#8221; width=&#8221;85%&#8221; custom_padding=&#8221;32px||32px||true|true&#8221; border_radii=&#8221;on|25px|25px|25px|25px&#8221; global_colors_info=&#8221;{}&#8221;][et_pb_column type=&#8221;1_2&#8243; _builder_version=&#8221;4.27.4&#8243; _module_preset=&#8221;default&#8221; global_colors_info=&#8221;{}&#8221;][et_pb_text _builder_version=&#8221;4.27.4&#8243; _module_preset=&#8221;default&#8221; text_text_color=&#8221;gcid-body-color&#8221; header_text_color=&#8221;#FFFFFF&#8221; header_2_text_color=&#8221;gcid-heading-color&#8221; width=&#8221;80%&#8221; global_colors_info=&#8221;{%22gcid-body-color%22:%91%22text_text_color%22%93,%22gcid-heading-color%22:%91%22header_2_text_color%22%93}&#8221;]<\/p>\n<h2>\u00a1Envia la teva candidatura:!<\/h2>\n<p>Comparteixes els nostres valors i cerques un projecte amb prop\u00f2sit? Ens encantaria con\u00e8ixer-te! Completa aquest formulari i adjunta el teu CV. Volem saber qu\u00e8 t&#8217;apassiona i com pots contribuir al nostre equip. Esperem amb il\u00b7lusi\u00f3 la teva candidatura!    <\/p>\n<p><strong>Adre\u00e7a<\/strong><br \/>Mel i Llimona: C\/ Arn\u00fas 36<br \/>iCanyella: C\/. Santa Madrona 88<br \/>08911 Badalona <\/p>\n<p><strong>Email<\/strong><br \/>info@melillimonartesania.com<\/p>\n<p><strong>Tel\u00e8fon<\/strong><br \/>+34 635 422 982<\/p>\n<p>[\/et_pb_text][\/et_pb_column][et_pb_column type=&#8221;1_2&#8243; _builder_version=&#8221;4.27.4&#8243; _module_preset=&#8221;default&#8221; background_color=&#8221;gcid-1469c84a-e8c4-4b03-acbf-14ee6ff228e8&#8243; global_colors_info=&#8221;{%22gcid-1469c84a-e8c4-4b03-acbf-14ee6ff228e8%22:%91%22background_color%22%93}&#8221;][et_pb_text _builder_version=&#8221;4.27.4&#8243; _module_preset=&#8221;default&#8221; custom_padding=&#8221;24px|32px||32px|false|true&#8221; border_radii=&#8221;on|16px|16px|16px|16px&#8221; border_width_all=&#8221;1px&#8221; border_color_all=&#8221;#FFFFFF&#8221; global_colors_info=&#8221;{}&#8221;]<\/p>\n<div class='fluentform ff-default fluentform_wrapper_4 ffs_custom_wrap'><form data-form_id=\"4\" id=\"fluentform_4\" class=\"frm-fluent-form fluent_form_4 ff-el-form-top ff_form_instance_4_1 ff-form-loading ff_has_v3_recptcha ffs_custom\" data-form_instance=\"ff_form_instance_4_1\" method=\"POST\" data-recptcha_key=\"6LdyFv0rAAAAAOlFi5QeJ7uP2FH368-TamcqHnYH\" ><fieldset  style=\"border: none!important;margin: 0!important;padding: 0!important;background-color: transparent!important;box-shadow: none!important;outline: none!important; min-inline-size: 100%;\">\n                    <legend class=\"ff_screen_reader_title\" style=\"display: block; margin: 0!important;padding: 0!important;height: 0!important;text-indent: -999999px;width: 0!important;overflow:hidden;\">Formulario de trabajo (#4)<\/legend>        <div\n                style=\"display: none!important; position: absolute!important; transform: translateX(1000%)!important;\"\n                class=\"ff-el-group ff-hpsf-container\"\n        >\n            <div class=\"ff-el-input--label asterisk-right\">\n                <label for=\"ff_4_item_sf\" aria-label=\"Newsletter\">\n                    Newsletter                <\/label>\n            <\/div>\n            <div class=\"ff-el-input--content\">\n                <input type=\"text\"\n                       name=\"item_4__fluent_sf\"\n                       class=\"ff-el-form-control\"\n                       id=\"ff_4_item_sf\"\n                \/>\n            <\/div>\n        <\/div>\n        <input type='hidden' name='__fluent_form_embded_post_id' value='5204' \/><input type=\"hidden\" id=\"_fluentform_4_fluentformnonce\" name=\"_fluentform_4_fluentformnonce\" value=\"120afb60f9\" \/><input type=\"hidden\" name=\"_wp_http_referer\" value=\"\/ca\/wp-json\/wp\/v2\/pages\/5204\" \/><div data-type=\"name-element\" data-name=\"names\" class=\" ff-field_container ff-name-field-wrapper\" ><div class='ff-t-container'><div class='ff-t-cell '><div class='ff-el-group ff-el-form-hide_label'><div class=\"ff-el-input--label ff-el-is-required asterisk-right\"><label for='ff_4_names_first_name_' id='label_ff_4_names_first_name_' >Nombre<\/label><\/div><div class='ff-el-input--content'><input type=\"text\" name=\"names[first_name]\" id=\"ff_4_names_first_name_\" class=\"ff-el-form-control\" placeholder=\"Nom *\" aria-invalid=\"false\" aria-required=true><\/div><\/div><\/div><div class='ff-t-cell '><div class='ff-el-group ff-el-form-hide_label'><div class=\"ff-el-input--label asterisk-right\"><label for='ff_4_names_last_name_' id='label_ff_4_names_last_name_' >Apellidos<\/label><\/div><div class='ff-el-input--content'><input type=\"text\" name=\"names[last_name]\" id=\"ff_4_names_last_name_\" class=\"ff-el-form-control\" placeholder=\"Cognoms *\" aria-invalid=\"false\" aria-required=false><\/div><\/div><\/div><\/div><\/div><div data-name=\"ff_cn_id_1\"  class='ff-t-container ff-column-container ff_columns_total_2 '><div class='ff-t-cell ff-t-column-1' style='flex-basis: 50%;'><div class='ff-el-group ff-el-form-hide_label'><div class=\"ff-el-input--label ff-el-is-required asterisk-right\"><label for='ff_4_email' id='label_ff_4_email' aria-label=\"Correo electr\u00f3nico\">Correo electr\u00f3nico<\/label><\/div><div class='ff-el-input--content'><input type=\"email\" name=\"email\" id=\"ff_4_email\" class=\"ff-el-form-control\" placeholder=\"Email *\" data-name=\"email\"  aria-invalid=\"false\" aria-required=true><\/div><\/div><\/div><div class='ff-t-cell ff-t-column-2' style='flex-basis: 50%;'><div class='ff-el-group ff-el-form-hide_label'><div class=\"ff-el-input--label asterisk-right\"><label for='ff_4_phone' id='label_ff_4_phone' aria-label=\"Phone\/Mobile\">Phone\/Mobile<\/label><\/div><div class='ff-el-input--content'><input name=\"phone\" class=\"ff-el-form-control ff-el-phone\" type=\"tel\" placeholder=\"Tel\u00e9fono *\" data-name=\"phone\" id=\"ff_4_phone\" inputmode=\"tel\"  aria-invalid='false' aria-required=false><\/div><\/div><\/div><\/div><div class='ff-el-group ff-el-form-hide_label'><div class=\"ff-el-input--label asterisk-right\"><label for='ff_4_input_text' id='label_ff_4_input_text' aria-label=\"Posici\u00f3\">Posici\u00f3<\/label><\/div><div class='ff-el-input--content'><input type=\"text\" name=\"input_text\" class=\"ff-el-form-control\" placeholder=\"Posici\u00f3 a la que s&#039;aplica *\" data-name=\"input_text\" id=\"ff_4_input_text\"  aria-invalid=\"false\" aria-required=false><\/div><\/div><div class='ff-el-group ff-el-form-hide_label'><div class=\"ff-el-input--label ff-el-is-required asterisk-right\"><label for='ff_4_dropdown' id='label_ff_4_dropdown' aria-label=\"Disponibilidad\">Disponibilidad<\/label><\/div><div class='ff-el-input--content'><select name=\"dropdown\" id=\"ff_4_dropdown\" class=\"ff-el-form-control\" data-name=\"dropdown\" data-calc_value=\"0\"  aria-invalid=\"false\" aria-required=\"true\" aria-labelledby=\"label_ff_4_dropdown\"><option value=\"\">Disponibilidad, selecciona una opci\u00f3n *:<\/option><option value=\"Inmediata\"  >Inmediata<\/option><option value=\"1 mes\"  >1 mes<\/option><option value=\"2 meses\"  >2 meses<\/option><option value=\"Otro\"  >Otro<\/option><\/select><\/div><\/div><div class='ff-el-group  ff-dropzone'><div class=\"ff-el-input--label ff-el-is-required asterisk-right\"><label for='ff_4_file-upload_1' id='label_ff_4_file-upload_1' aria-label=\"Adjuntar CV\">Adjuntar CV<\/label><\/div><div class='ff-el-input--content'><label for='ff_4_file-upload_1' class='ff_file_upload_holder'><span class='ff_upload_btn ff-btn' tabindex='0'>Tria CV<\/span> <input type=\"file\" name=\"file-upload\" id=\"ff_4_file-upload_1\" class=\"ff-el-form-control  ff-screen-reader-element\" data-name=\"file-upload\" multiple=\"1\"  aria-invalid='false' aria-required=true><\/label><\/div><\/div><div class='ff-el-group ff-el-form-hide_label'><div class=\"ff-el-input--label ff-el-is-required asterisk-right\"><label for='ff_4_description' id='label_ff_4_description' aria-label=\"Caja de texto\">Caja de texto<\/label><\/div><div class='ff-el-input--content'><textarea aria-required=\"true\" aria-labelledby=\"label_ff_4_description\" name=\"description\" id=\"ff_4_description\" class=\"ff-el-form-control\" placeholder=\"Explica&#039;ns sobre tu i per qu\u00e8 vols unir-te al nostre equip*\" rows=\"3\" cols=\"2\" data-name=\"description\" ><\/textarea><\/div><\/div><div class='ff-el-group    ff-el-input--content'><div class='ff-el-form-check ff-el-tc'><label aria-label='Terms and Conditions: Acepto la  la pol\u00edtica de privacidad y doy mi consentimiento para que este sitio web almacene mi informaci\u00f3n enviada para que puedan responder a mi consulta Contains 1 link. Use tab navigation to review.' class='ff-el-form-check-label ff_tc_label' for=gdpr-agreement_474578bb2c5bb9af1ab8a0bf3d84020c><span class='ff_tc_checkbox'><input type=\"checkbox\" name=\"gdpr-agreement\" class=\"ff-el-form-check-input ff_gdpr_field\" data-name=\"gdpr-agreement\" id=\"gdpr-agreement_474578bb2c5bb9af1ab8a0bf3d84020c\"  value='on' aria-invalid='false' aria-required=true><\/span> <div class='ff_t_c'>Acepto la <a href=\"https:\/\/melillimonartesania.com\/informacion-legal\/politica-privacidad\/\" rel=\"noopener\" target=\"_blank\"> la pol\u00edtica de privacidad<\/a> y doy mi consentimiento para que este sitio web almacene mi informaci\u00f3n enviada para que puedan responder a mi consulta<\/div><\/label><\/div><\/div><div class='ff-el-group ff-text-left ff_submit_btn_wrapper'><button type=\"submit\" class=\"ff-btn ff-btn-submit ff-btn-md ff_btn_style wpf_has_custom_css\"  aria-label=\"ENVIAR\">ENVIAR<\/button><\/div><\/fieldset><\/form><div id='fluentform_4_errors' class='ff-errors-in-stack ff_form_instance_4_1 ff-form-loading_errors ff_form_instance_4_1_errors'><\/div><\/div>            <script type=\"text\/javascript\">\n                window.fluent_form_ff_form_instance_4_1 = {\"id\":\"4\",\"ajaxUrl\":\"https:\\\/\\\/melillimonartesania.com\\\/wp-admin\\\/admin-ajax.php\",\"settings\":{\"layout\":{\"labelPlacement\":\"top\",\"asteriskPlacement\":\"asterisk-right\",\"helpMessagePlacement\":\"with_label\",\"errorMessagePlacement\":\"inline\",\"cssClassName\":\"\"},\"restrictions\":{\"denyEmptySubmission\":{\"enabled\":false}}},\"form_instance\":\"ff_form_instance_4_1\",\"form_id_selector\":\"fluentform_4\",\"rules\":{\"names[first_name]\":{\"required\":{\"value\":true,\"message\":\"Este campo es obligatorio\",\"global_message\":\"Este campo es obligatorio\",\"global\":true}},\"names[middle_name]\":{\"required\":{\"value\":false,\"message\":\"Este campo es obligatorio\",\"global_message\":\"Este campo es obligatorio\",\"global\":true}},\"names[last_name]\":{\"required\":{\"value\":false,\"message\":\"Este campo es obligatorio\",\"global_message\":\"Este campo es obligatorio\",\"global\":true}},\"email\":{\"required\":{\"value\":true,\"message\":\"Este campo es obligatorio\",\"global_message\":\"Este campo es obligatorio\",\"global\":true},\"email\":{\"value\":true,\"message\":\"Este campo debe contener un correo electr\\u00f3nico v\\u00e1lido\",\"global_message\":\"Este campo debe contener un correo electr\\u00f3nico v\\u00e1lido\",\"global\":true}},\"phone\":{\"required\":{\"value\":false,\"global\":true,\"message\":\"Este campo es obligatorio\",\"global_message\":\"Este campo es obligatorio\"},\"valid_phone_number\":{\"value\":false,\"global\":true,\"message\":\"El n\\u00famero de tel\\u00e9fono no es v\\u00e1lido\",\"global_message\":\"El n\\u00famero de tel\\u00e9fono no es v\\u00e1lido\"}},\"input_text\":{\"required\":{\"value\":false,\"message\":\"Este campo es obligatorio\",\"global_message\":\"Este campo es obligatorio\",\"global\":true}},\"dropdown\":{\"required\":{\"value\":true,\"message\":\"Este campo es obligatorio\",\"global_message\":\"Este campo es obligatorio\",\"global\":true}},\"file-upload\":{\"required\":{\"value\":true,\"message\":\"Este campo es obligatorio\",\"global_message\":\"Este campo es obligatorio\",\"global\":true},\"max_file_size\":{\"value\":2097152,\"_valueFrom\":\"MB\",\"message\":\"La validaci\\u00f3n falla por el tama\\u00f1o m\\u00e1ximo de archivo\",\"global_message\":\"La validaci\\u00f3n falla por el tama\\u00f1o m\\u00e1ximo de archivo\",\"global\":true},\"max_file_count\":{\"value\":1,\"message\":\"La validaci\\u00f3n falla para el recuento m\\u00e1ximo de archivos\",\"global_message\":\"La validaci\\u00f3n falla para el recuento m\\u00e1ximo de archivos\",\"global\":true},\"allowed_file_types\":{\"value\":[\"pdf\",\"doc|ppt|pps|xls|mdb|docx|xlsx|pptx|odt|odp|ods|odg|odc|odb|odf|rtf|txt\"],\"message\":\"Tipo de archivo no v\\u00e1lido\",\"global_message\":\"Tipo de archivo no v\\u00e1lido\",\"global\":true}},\"description\":{\"required\":{\"value\":true,\"message\":\"Este campo es obligatorio\",\"global_message\":\"Este campo es obligatorio\",\"global\":true}},\"gdpr-agreement\":{\"required\":{\"value\":true,\"message\":\"Este campo es obligatorio\",\"global_message\":\"Este campo es obligatorio\",\"global\":true}}},\"debounce_time\":300};\n                            <\/script>\n            \n<p>[\/et_pb_text][\/et_pb_column][\/et_pb_row][\/et_pb_section]<\/p>\n","protected":false},"excerpt":{"rendered":"<p>A Mel i Llimona iCanyella busquem persones apassionades i creatives que vulguin cr\u00e9ixer dins un projecte amb valors. Som una cooperativa de Badalona dedicada a l&#8217;artesania, la restauraci\u00f3 de mobles i la sostenibilitat, i oferim oportunitats laborals per a perfils diversos: des de baristes i cambrers fins a especialistes en treballs manuals. Si busques feina amb prop\u00f2sit i vols formar part d&#8217;un entorn hum\u00e0 i col\u00b7laboratiu, consulta les nostres ofertes de feina i uneix-te a nosaltres per construir junts una economia m\u00e9s justa i creativa.  <\/p>\n","protected":false},"author":1,"featured_media":5038,"parent":0,"menu_order":0,"comment_status":"closed","ping_status":"closed","template":"","meta":{"_acf_changed":false,"_et_pb_use_builder":"on","_et_pb_old_content":"","_et_gb_content_width":"","_daim_seo_power":"","_daim_enable_ail":"","footnotes":""},"tags":[],"class_list":["post-5204","page","type-page","status-publish","has-post-thumbnail","hentry"],"acf":[],"yoast_head":"<!-- This site is optimized with the Yoast SEO Premium plugin v27.2 (Yoast SEO v27.4) - https:\/\/yoast.com\/product\/yoast-seo-premium-wordpress\/ -->\n<title>Uneix-te al nostre equip - Mel i Llimona &amp; iCanyella: Artesan\u00eda, Gastronom\u00eda y Comunidad en Badalona<\/title>\n<meta name=\"description\" content=\"Descobreix oportunitats laborals a la cooperativa Mel i Llimona iCanyella. Ocupaci\u00f3 amb valors, sostenibilitat i economia social a Badalona.\" \/>\n<meta name=\"robots\" content=\"index, follow, max-snippet:-1, max-image-preview:large, max-video-preview:-1\" \/>\n<link rel=\"canonical\" href=\"https:\/\/melillimonartesania.com\/ca\/uneix-te-al-nostre-equip\/\" \/>\n<meta property=\"og:locale\" content=\"ca_ES\" \/>\n<meta property=\"og:type\" content=\"article\" \/>\n<meta property=\"og:title\" content=\"Uneix-te al nostre equip\" \/>\n<meta property=\"og:description\" content=\"Descobreix oportunitats laborals a la cooperativa Mel i Llimona iCanyella. Ocupaci\u00f3 amb valors, sostenibilitat i economia social a Badalona.\" \/>\n<meta property=\"og:url\" content=\"https:\/\/melillimonartesania.com\/ca\/uneix-te-al-nostre-equip\/\" \/>\n<meta property=\"og:site_name\" content=\"Mel i Llimona &amp; iCanyella: Artesan\u00eda, Gastronom\u00eda y Comunidad en Badalona\" \/>\n<meta property=\"article:modified_time\" content=\"2025-12-07T12:57:47+00:00\" \/>\n<meta property=\"og:image\" content=\"https:\/\/melillimonartesania.com\/wp-content\/uploads\/2025\/06\/nuestro-taller-restauracion.jpg\" \/>\n\t<meta property=\"og:image:width\" content=\"1920\" \/>\n\t<meta property=\"og:image:height\" content=\"1080\" \/>\n\t<meta property=\"og:image:type\" content=\"image\/jpeg\" \/>\n<meta name=\"twitter:card\" content=\"summary_large_image\" \/>\n<meta name=\"twitter:label1\" content=\"Temps estimat de lectura\" \/>\n\t<meta name=\"twitter:data1\" content=\"7 minuts\" \/>\n<script type=\"application\/ld+json\" class=\"yoast-schema-graph\">{\"@context\":\"https:\\\/\\\/schema.org\",\"@graph\":[{\"@type\":\"WebPage\",\"@id\":\"https:\\\/\\\/melillimonartesania.com\\\/ca\\\/uneix-te-al-nostre-equip\\\/\",\"url\":\"https:\\\/\\\/melillimonartesania.com\\\/ca\\\/uneix-te-al-nostre-equip\\\/\",\"name\":\"Uneix-te al nostre equip - Mel i Llimona &amp; iCanyella: Artesan\u00eda, Gastronom\u00eda y Comunidad en Badalona\",\"isPartOf\":{\"@id\":\"https:\\\/\\\/melillimonartesania.com\\\/ca\\\/#website\"},\"primaryImageOfPage\":{\"@id\":\"https:\\\/\\\/melillimonartesania.com\\\/ca\\\/uneix-te-al-nostre-equip\\\/#primaryimage\"},\"image\":{\"@id\":\"https:\\\/\\\/melillimonartesania.com\\\/ca\\\/uneix-te-al-nostre-equip\\\/#primaryimage\"},\"thumbnailUrl\":\"https:\\\/\\\/melillimonartesania.com\\\/wp-content\\\/uploads\\\/2025\\\/06\\\/nuestro-taller-restauracion.jpg\",\"datePublished\":\"2025-09-03T13:57:24+00:00\",\"dateModified\":\"2025-12-07T12:57:47+00:00\",\"description\":\"Descobreix oportunitats laborals a la cooperativa Mel i Llimona iCanyella. Ocupaci\u00f3 amb valors, sostenibilitat i economia social a Badalona.\",\"breadcrumb\":{\"@id\":\"https:\\\/\\\/melillimonartesania.com\\\/ca\\\/uneix-te-al-nostre-equip\\\/#breadcrumb\"},\"inLanguage\":\"ca\",\"potentialAction\":[{\"@type\":\"ReadAction\",\"target\":[\"https:\\\/\\\/melillimonartesania.com\\\/ca\\\/uneix-te-al-nostre-equip\\\/\"]}]},{\"@type\":\"ImageObject\",\"inLanguage\":\"ca\",\"@id\":\"https:\\\/\\\/melillimonartesania.com\\\/ca\\\/uneix-te-al-nostre-equip\\\/#primaryimage\",\"url\":\"https:\\\/\\\/melillimonartesania.com\\\/wp-content\\\/uploads\\\/2025\\\/06\\\/nuestro-taller-restauracion.jpg\",\"contentUrl\":\"https:\\\/\\\/melillimonartesania.com\\\/wp-content\\\/uploads\\\/2025\\\/06\\\/nuestro-taller-restauracion.jpg\",\"width\":1920,\"height\":1080,\"caption\":\"Uneix-te a l'equip\"},{\"@type\":\"BreadcrumbList\",\"@id\":\"https:\\\/\\\/melillimonartesania.com\\\/ca\\\/uneix-te-al-nostre-equip\\\/#breadcrumb\",\"itemListElement\":[{\"@type\":\"ListItem\",\"position\":1,\"name\":\"Portada\",\"item\":\"https:\\\/\\\/melillimonartesania.com\\\/ca\\\/mel-i-llimona-icanyella\\\/\"},{\"@type\":\"ListItem\",\"position\":2,\"name\":\"Uneix-te al nostre equip\"}]},{\"@type\":\"WebSite\",\"@id\":\"https:\\\/\\\/melillimonartesania.com\\\/ca\\\/#website\",\"url\":\"https:\\\/\\\/melillimonartesania.com\\\/ca\\\/\",\"name\":\"Mel i Llimona &amp; iCanyella: Artesan\u00eda, Gastronom\u00eda y Comunidad en Badalona\",\"description\":\"Mel i Llimona &amp; iCanyella, un espacio que conserva su esencia artesanal  y a\u00f1ade degustaci\u00f3n ecol\u00f3gica, mercado sostenible y un espacio para la comunidad en Badalona.\",\"publisher\":{\"@id\":\"https:\\\/\\\/melillimonartesania.com\\\/ca\\\/#organization\"},\"potentialAction\":[{\"@type\":\"SearchAction\",\"target\":{\"@type\":\"EntryPoint\",\"urlTemplate\":\"https:\\\/\\\/melillimonartesania.com\\\/ca\\\/?s={search_term_string}\"},\"query-input\":{\"@type\":\"PropertyValueSpecification\",\"valueRequired\":true,\"valueName\":\"search_term_string\"}}],\"inLanguage\":\"ca\"},{\"@type\":[\"Organization\",\"Place\",\"LocalBusiness\"],\"@id\":\"https:\\\/\\\/melillimonartesania.com\\\/ca\\\/#organization\",\"name\":\"Mel i Llimona Creaci\u00f3 Artesanal S.C.C.L.\",\"alternateName\":\"Mel i Llimona iCanyella\",\"url\":\"https:\\\/\\\/melillimonartesania.com\\\/ca\\\/\",\"logo\":{\"@id\":\"https:\\\/\\\/melillimonartesania.com\\\/ca\\\/uneix-te-al-nostre-equip\\\/#local-main-organization-logo\"},\"image\":{\"@id\":\"https:\\\/\\\/melillimonartesania.com\\\/ca\\\/uneix-te-al-nostre-equip\\\/#local-main-organization-logo\"},\"description\":\"Mel i Llimona Artesan\u00eda en Badalona: Desde 2018, somos el taller de referencia para la restauraci\u00f3n profesional de muebles antiguos y el arte del 'hazlo t\u00fa mismo'. Hemos evolucionado a iCanyella en Badalona, un espacio que integra nuestro taller tradicional con un mercado local de artesan\u00eda sostenible y degustaci\u00f3n de productos ecol\u00f3gicos. Vis\u00edtanos para tus proyectos de restauraci\u00f3n, talleres comunitarios y para apoyar el comercio justo en la zona.\",\"numberOfEmployees\":{\"@type\":\"QuantitativeValue\",\"minValue\":\"1\",\"maxValue\":\"10\"},\"address\":{\"@id\":\"https:\\\/\\\/melillimonartesania.com\\\/ca\\\/uneix-te-al-nostre-equip\\\/#local-main-place-address\"},\"telephone\":[\"+34 635 422 982\"],\"contactPoint\":{\"@type\":\"ContactPoint\",\"telephone\":\"+34 635 422 982\",\"email\":\"info@melillimonartesania.com\"},\"openingHoursSpecification\":[{\"@type\":\"OpeningHoursSpecification\",\"dayOfWeek\":[\"Monday\"],\"opens\":\"17:00\",\"closes\":\"20:00\"},{\"@type\":\"OpeningHoursSpecification\",\"dayOfWeek\":[\"Tuesday\",\"Wednesday\",\"Thursday\",\"Friday\"],\"opens\":\"09:00\",\"closes\":\"20:00\"},{\"@type\":\"OpeningHoursSpecification\",\"dayOfWeek\":[\"Saturday\"],\"opens\":\"09:00\",\"closes\":\"14:00\"},{\"@type\":\"OpeningHoursSpecification\",\"dayOfWeek\":[\"Sunday\"],\"opens\":\"00:00\",\"closes\":\"00:00\"}],\"email\":\"hola@melillimonartesania.com\",\"areaServed\":\"Badalona, Barcelona, Maresme\",\"vatID\":\"F56933963\",\"taxID\":\"F56933963\",\"currenciesAccepted\":\"EUR\",\"paymentAccepted\":\"Contado, tarjeta\"},{\"@type\":\"PostalAddress\",\"@id\":\"https:\\\/\\\/melillimonartesania.com\\\/ca\\\/uneix-te-al-nostre-equip\\\/#local-main-place-address\",\"streetAddress\":\"Carrer d'Arn\u00fas, 36\",\"addressLocality\":\"Badalona\",\"postalCode\":\"08911\",\"addressRegion\":\"Catalunya\",\"addressCountry\":\"ES\"},{\"@type\":\"ImageObject\",\"inLanguage\":\"ca\",\"@id\":\"https:\\\/\\\/melillimonartesania.com\\\/ca\\\/uneix-te-al-nostre-equip\\\/#local-main-organization-logo\",\"url\":\"https:\\\/\\\/melillimonartesania.com\\\/wp-content\\\/uploads\\\/2025\\\/09\\\/melillimona-icanyella-black.svg\",\"contentUrl\":\"https:\\\/\\\/melillimonartesania.com\\\/wp-content\\\/uploads\\\/2025\\\/09\\\/melillimona-icanyella-black.svg\",\"width\":135,\"height\":20,\"caption\":\"Mel i Llimona Creaci\u00f3 Artesanal S.C.C.L.\"}]}<\/script>\n<meta name=\"geo.placename\" content=\"Badalona\" \/>\n<meta name=\"geo.region\" content=\"Espanya\" \/>\n<!-- \/ Yoast SEO Premium plugin. -->","yoast_head_json":{"title":"Uneix-te al nostre equip - Mel i Llimona &amp; iCanyella: Artesan\u00eda, Gastronom\u00eda y Comunidad en Badalona","description":"Descobreix oportunitats laborals a la cooperativa Mel i Llimona iCanyella. Ocupaci\u00f3 amb valors, sostenibilitat i economia social a Badalona.","robots":{"index":"index","follow":"follow","max-snippet":"max-snippet:-1","max-image-preview":"max-image-preview:large","max-video-preview":"max-video-preview:-1"},"canonical":"https:\/\/melillimonartesania.com\/ca\/uneix-te-al-nostre-equip\/","og_locale":"ca_ES","og_type":"article","og_title":"Uneix-te al nostre equip","og_description":"Descobreix oportunitats laborals a la cooperativa Mel i Llimona iCanyella. Ocupaci\u00f3 amb valors, sostenibilitat i economia social a Badalona.","og_url":"https:\/\/melillimonartesania.com\/ca\/uneix-te-al-nostre-equip\/","og_site_name":"Mel i Llimona &amp; iCanyella: Artesan\u00eda, Gastronom\u00eda y Comunidad en Badalona","article_modified_time":"2025-12-07T12:57:47+00:00","og_image":[{"width":1920,"height":1080,"url":"https:\/\/melillimonartesania.com\/wp-content\/uploads\/2025\/06\/nuestro-taller-restauracion.jpg","type":"image\/jpeg"}],"twitter_card":"summary_large_image","twitter_misc":{"Temps estimat de lectura":"7 minuts"},"schema":{"@context":"https:\/\/schema.org","@graph":[{"@type":"WebPage","@id":"https:\/\/melillimonartesania.com\/ca\/uneix-te-al-nostre-equip\/","url":"https:\/\/melillimonartesania.com\/ca\/uneix-te-al-nostre-equip\/","name":"Uneix-te al nostre equip - Mel i Llimona &amp; iCanyella: Artesan\u00eda, Gastronom\u00eda y Comunidad en Badalona","isPartOf":{"@id":"https:\/\/melillimonartesania.com\/ca\/#website"},"primaryImageOfPage":{"@id":"https:\/\/melillimonartesania.com\/ca\/uneix-te-al-nostre-equip\/#primaryimage"},"image":{"@id":"https:\/\/melillimonartesania.com\/ca\/uneix-te-al-nostre-equip\/#primaryimage"},"thumbnailUrl":"https:\/\/melillimonartesania.com\/wp-content\/uploads\/2025\/06\/nuestro-taller-restauracion.jpg","datePublished":"2025-09-03T13:57:24+00:00","dateModified":"2025-12-07T12:57:47+00:00","description":"Descobreix oportunitats laborals a la cooperativa Mel i Llimona iCanyella. Ocupaci\u00f3 amb valors, sostenibilitat i economia social a Badalona.","breadcrumb":{"@id":"https:\/\/melillimonartesania.com\/ca\/uneix-te-al-nostre-equip\/#breadcrumb"},"inLanguage":"ca","potentialAction":[{"@type":"ReadAction","target":["https:\/\/melillimonartesania.com\/ca\/uneix-te-al-nostre-equip\/"]}]},{"@type":"ImageObject","inLanguage":"ca","@id":"https:\/\/melillimonartesania.com\/ca\/uneix-te-al-nostre-equip\/#primaryimage","url":"https:\/\/melillimonartesania.com\/wp-content\/uploads\/2025\/06\/nuestro-taller-restauracion.jpg","contentUrl":"https:\/\/melillimonartesania.com\/wp-content\/uploads\/2025\/06\/nuestro-taller-restauracion.jpg","width":1920,"height":1080,"caption":"Uneix-te a l'equip"},{"@type":"BreadcrumbList","@id":"https:\/\/melillimonartesania.com\/ca\/uneix-te-al-nostre-equip\/#breadcrumb","itemListElement":[{"@type":"ListItem","position":1,"name":"Portada","item":"https:\/\/melillimonartesania.com\/ca\/mel-i-llimona-icanyella\/"},{"@type":"ListItem","position":2,"name":"Uneix-te al nostre equip"}]},{"@type":"WebSite","@id":"https:\/\/melillimonartesania.com\/ca\/#website","url":"https:\/\/melillimonartesania.com\/ca\/","name":"Mel i Llimona &amp; iCanyella: Artesan\u00eda, Gastronom\u00eda y Comunidad en Badalona","description":"Mel i Llimona &amp; iCanyella, un espacio que conserva su esencia artesanal  y a\u00f1ade degustaci\u00f3n ecol\u00f3gica, mercado sostenible y un espacio para la comunidad en Badalona.","publisher":{"@id":"https:\/\/melillimonartesania.com\/ca\/#organization"},"potentialAction":[{"@type":"SearchAction","target":{"@type":"EntryPoint","urlTemplate":"https:\/\/melillimonartesania.com\/ca\/?s={search_term_string}"},"query-input":{"@type":"PropertyValueSpecification","valueRequired":true,"valueName":"search_term_string"}}],"inLanguage":"ca"},{"@type":["Organization","Place","LocalBusiness"],"@id":"https:\/\/melillimonartesania.com\/ca\/#organization","name":"Mel i Llimona Creaci\u00f3 Artesanal S.C.C.L.","alternateName":"Mel i Llimona iCanyella","url":"https:\/\/melillimonartesania.com\/ca\/","logo":{"@id":"https:\/\/melillimonartesania.com\/ca\/uneix-te-al-nostre-equip\/#local-main-organization-logo"},"image":{"@id":"https:\/\/melillimonartesania.com\/ca\/uneix-te-al-nostre-equip\/#local-main-organization-logo"},"description":"Mel i Llimona Artesan\u00eda en Badalona: Desde 2018, somos el taller de referencia para la restauraci\u00f3n profesional de muebles antiguos y el arte del 'hazlo t\u00fa mismo'. Hemos evolucionado a iCanyella en Badalona, un espacio que integra nuestro taller tradicional con un mercado local de artesan\u00eda sostenible y degustaci\u00f3n de productos ecol\u00f3gicos. Vis\u00edtanos para tus proyectos de restauraci\u00f3n, talleres comunitarios y para apoyar el comercio justo en la zona.","numberOfEmployees":{"@type":"QuantitativeValue","minValue":"1","maxValue":"10"},"address":{"@id":"https:\/\/melillimonartesania.com\/ca\/uneix-te-al-nostre-equip\/#local-main-place-address"},"telephone":["+34 635 422 982"],"contactPoint":{"@type":"ContactPoint","telephone":"+34 635 422 982","email":"info@melillimonartesania.com"},"openingHoursSpecification":[{"@type":"OpeningHoursSpecification","dayOfWeek":["Monday"],"opens":"17:00","closes":"20:00"},{"@type":"OpeningHoursSpecification","dayOfWeek":["Tuesday","Wednesday","Thursday","Friday"],"opens":"09:00","closes":"20:00"},{"@type":"OpeningHoursSpecification","dayOfWeek":["Saturday"],"opens":"09:00","closes":"14:00"},{"@type":"OpeningHoursSpecification","dayOfWeek":["Sunday"],"opens":"00:00","closes":"00:00"}],"email":"hola@melillimonartesania.com","areaServed":"Badalona, Barcelona, Maresme","vatID":"F56933963","taxID":"F56933963","currenciesAccepted":"EUR","paymentAccepted":"Contado, tarjeta"},{"@type":"PostalAddress","@id":"https:\/\/melillimonartesania.com\/ca\/uneix-te-al-nostre-equip\/#local-main-place-address","streetAddress":"Carrer d'Arn\u00fas, 36","addressLocality":"Badalona","postalCode":"08911","addressRegion":"Catalunya","addressCountry":"ES"},{"@type":"ImageObject","inLanguage":"ca","@id":"https:\/\/melillimonartesania.com\/ca\/uneix-te-al-nostre-equip\/#local-main-organization-logo","url":"https:\/\/melillimonartesania.com\/wp-content\/uploads\/2025\/09\/melillimona-icanyella-black.svg","contentUrl":"https:\/\/melillimonartesania.com\/wp-content\/uploads\/2025\/09\/melillimona-icanyella-black.svg","width":135,"height":20,"caption":"Mel i Llimona Creaci\u00f3 Artesanal S.C.C.L."}]},"geo.placename":"Badalona","geo.region":"Espanya"},"_links":{"self":[{"href":"https:\/\/melillimonartesania.com\/ca\/wp-json\/wp\/v2\/pages\/5204","targetHints":{"allow":["GET"]}}],"collection":[{"href":"https:\/\/melillimonartesania.com\/ca\/wp-json\/wp\/v2\/pages"}],"about":[{"href":"https:\/\/melillimonartesania.com\/ca\/wp-json\/wp\/v2\/types\/page"}],"author":[{"embeddable":true,"href":"https:\/\/melillimonartesania.com\/ca\/wp-json\/wp\/v2\/users\/1"}],"replies":[{"embeddable":true,"href":"https:\/\/melillimonartesania.com\/ca\/wp-json\/wp\/v2\/comments?post=5204"}],"version-history":[{"count":7,"href":"https:\/\/melillimonartesania.com\/ca\/wp-json\/wp\/v2\/pages\/5204\/revisions"}],"predecessor-version":[{"id":8328,"href":"https:\/\/melillimonartesania.com\/ca\/wp-json\/wp\/v2\/pages\/5204\/revisions\/8328"}],"wp:featuredmedia":[{"embeddable":true,"href":"https:\/\/melillimonartesania.com\/ca\/wp-json\/wp\/v2\/media\/5038"}],"wp:attachment":[{"href":"https:\/\/melillimonartesania.com\/ca\/wp-json\/wp\/v2\/media?parent=5204"}],"wp:term":[{"taxonomy":"post_tag","embeddable":true,"href":"https:\/\/melillimonartesania.com\/ca\/wp-json\/wp\/v2\/tags?post=5204"}],"curies":[{"name":"wp","href":"https:\/\/api.w.org\/{rel}","templated":true}]}}