{"id":7955,"date":"2025-11-27T23:44:59","date_gmt":"2025-11-27T22:44:59","guid":{"rendered":"https:\/\/melillimonartesania.com\/troba-la-teva-tribu-a-badalona-connecta-amb-la-teva-comunitat\/tribu-el-niu-comunitat-per-a-mares-primerenques-badalona\/"},"modified":"2025-12-07T12:25:05","modified_gmt":"2025-12-07T11:25:05","slug":"tribu-el-niu-mares-primerenques-badalona","status":"publish","type":"page","link":"https:\/\/melillimonartesania.com\/ca\/troba-la-teva-tribu\/tribu-el-niu-mares-primerenques-badalona\/","title":{"rendered":"Tribu El Niu &#8211; comunitat per a mares primerenques | Badalona"},"content":{"rendered":"<p>[et_pb_section fb_built=&#8221;1&#8243; admin_label=&#8221;HERO BANNER&#8221; _builder_version=&#8221;4.27.4&#8243; _dynamic_attributes=&#8221;background_image&#8221; _module_preset=&#8221;dedd779a-d5ab-41f5-b874-c310f40ea6d1&#8243; da_disable_devices=&#8221;off|off|off&#8221; locked=&#8221;off&#8221; collapsed=&#8221;on&#8221; global_colors_info=&#8221;{}&#8221; da_is_popup=&#8221;off&#8221; da_exit_intent=&#8221;off&#8221; da_has_close=&#8221;on&#8221; da_alt_close=&#8221;off&#8221; da_dark_close=&#8221;off&#8221; da_not_modal=&#8221;on&#8221; da_is_singular=&#8221;off&#8221; da_with_loader=&#8221;off&#8221; da_has_shadow=&#8221;on&#8221;][et_pb_row _builder_version=&#8221;4.27.4&#8243; _module_preset=&#8221;bb26340b-18a2-485a-9549-0cc1efd2a613&#8243; global_colors_info=&#8221;{}&#8221;][et_pb_column type=&#8221;4_4&#8243; _builder_version=&#8221;4.27.4&#8243; _module_preset=&#8221;default&#8221; global_colors_info=&#8221;{}&#8221;][dsm_card title=&#8221;@ET-DC@eyJkeW5hbWljIjp0cnVlLCJjb250ZW50IjoicG9zdF90aXRsZSIsInNldHRpbmdzIjp7ImJlZm9yZSI6IiIsImFmdGVyIjoiIn19@&#8221; subtitle=&#8221;Un espai c\u00e0lid on trobar\u00e0s suport real, converses honestes i professionals que et guien sense judicis. Aqu\u00ed no camines sola: aqu\u00ed trobes el teu niu, el teu ritme i la teva tribu. &#8221; button_url=&#8221;https:\/\/square.link\/u\/1UbiJVV6&#8243; _builder_version=&#8221;4.27.4&#8243; _dynamic_attributes=&#8221;title&#8221; _module_preset=&#8221;edadf5b6-0ccb-4421-9c85-9a8405d5cadf&#8221; hover_enabled=&#8221;0&#8243; global_colors_info=&#8221;{%22gcid-primary-color%22:%91%22button_bg_color__hover%22%93,%22gcid-1469c84a-e8c4-4b03-acbf-14ee6ff228e8%22:%91%22button_bg_color%22%93}&#8221; sticky_enabled=&#8221;0&#8243;][\/dsm_card][\/et_pb_column][\/et_pb_row][et_pb_row _builder_version=&#8221;4.27.4&#8243; _module_preset=&#8221;default&#8221; custom_padding=&#8221;0px||||false|false&#8221; locked=&#8221;off&#8221; global_colors_info=&#8221;{}&#8221;][et_pb_column type=&#8221;4_4&#8243; _builder_version=&#8221;4.27.4&#8243; _module_preset=&#8221;default&#8221; global_colors_info=&#8221;{}&#8221;][dsm_button button_one_text=&#8221;@ET-DC@eyJkeW5hbWljIjp0cnVlLCJjb250ZW50IjoiY3VzdG9tX21ldGFfdGV4dG9fYm90b24iLCJzZXR0aW5ncyI6eyJiZWZvcmUiOiIiLCJhZnRlciI6IiIsImVuYWJsZV9odG1sIjoib2ZmIn19@&#8221; button_one_url=&#8221;@ET-DC@eyJkeW5hbWljIjp0cnVlLCJjb250ZW50IjoiY3VzdG9tX21ldGFfdXJsX2JvdG9uIiwic2V0dGluZ3MiOnsiYmVmb3JlIjoiIiwiYWZ0ZXIiOiIiLCJlbmFibGVfaHRtbCI6Im9mZiJ9fQ==@&#8221; button_alignment=&#8221;center&#8221; _builder_version=&#8221;4.27.4&#8243; _dynamic_attributes=&#8221;button_one_text,button_one_url&#8221; _module_preset=&#8221;default&#8221; global_colors_info=&#8221;{}&#8221;][\/dsm_button][\/et_pb_column][\/et_pb_row][\/et_pb_section][et_pb_section fb_built=&#8221;1&#8243; admin_label=&#8221;Migas de pan&#8221; _builder_version=&#8221;4.27.4&#8243; _module_preset=&#8221;default&#8221; background_color=&#8221;gcid-1b354d84-96f8-497e-9dcb-18a440b96e1d&#8221; custom_padding=&#8221;32px||0px||false|false&#8221; da_disable_devices=&#8221;off|off|off&#8221; locked=&#8221;off&#8221; collapsed=&#8221;on&#8221; global_colors_info=&#8221;{%22gcid-1b354d84-96f8-497e-9dcb-18a440b96e1d%22:%91%22background_color%22,%22background_color%22%93}&#8221; da_is_popup=&#8221;off&#8221; da_exit_intent=&#8221;off&#8221; da_has_close=&#8221;on&#8221; da_alt_close=&#8221;off&#8221; da_dark_close=&#8221;off&#8221; da_not_modal=&#8221;on&#8221; da_is_singular=&#8221;off&#8221; da_with_loader=&#8221;off&#8221; da_has_shadow=&#8221;on&#8221;][et_pb_row column_structure=&#8221;3_5,2_5&#8243; _builder_version=&#8221;4.27.4&#8243; _module_preset=&#8221;default&#8221; width=&#8221;90%&#8221; max_width=&#8221;100%&#8221; custom_padding=&#8221;0px||16px||false|false&#8221; global_module=&#8221;3803&#8243; global_colors_info=&#8221;{}&#8221;][et_pb_column type=&#8221;3_5&#8243; _builder_version=&#8221;4.27.4&#8243; _module_preset=&#8221;default&#8221; global_colors_info=&#8221;{}&#8221;][dsm_breadcrumbs home_text=&#8221;Inici&#8221; show_home_icon=&#8221;off&#8221; separator_icon=&#8221;&#x39;||divi||400&#8243; _builder_version=&#8221;4.27.4&#8243; _module_preset=&#8221;default&#8221; custom_margin=&#8221;0px||0px||true|false&#8221; custom_padding=&#8221;0px||0px||true|false&#8221; global_colors_info=&#8221;{}&#8221;][\/dsm_breadcrumbs][\/et_pb_column][et_pb_column type=&#8221;2_5&#8243; _builder_version=&#8221;4.27.4&#8243; _module_preset=&#8221;default&#8221; global_colors_info=&#8221;{}&#8221;][\/et_pb_column][\/et_pb_row][\/et_pb_section][et_pb_section fb_built=&#8221;1&#8243; _builder_version=&#8221;4.27.4&#8243; _module_preset=&#8221;default&#8221; background_color=&#8221;gcid-1469c84a-e8c4-4b03-acbf-14ee6ff228e8&#8243; custom_padding=&#8221;32px||32px||true|false&#8221; da_disable_devices=&#8221;off|off|off&#8221; locked=&#8221;off&#8221; global_colors_info=&#8221;{%22gcid-1469c84a-e8c4-4b03-acbf-14ee6ff228e8%22:%91%22background_color%22%93}&#8221; da_is_popup=&#8221;off&#8221; da_exit_intent=&#8221;off&#8221; da_has_close=&#8221;on&#8221; da_alt_close=&#8221;off&#8221; da_dark_close=&#8221;off&#8221; da_not_modal=&#8221;on&#8221; da_is_singular=&#8221;off&#8221; da_with_loader=&#8221;off&#8221; da_has_shadow=&#8221;on&#8221;][et_pb_row _builder_version=&#8221;4.27.4&#8243; _module_preset=&#8221;default&#8221; custom_padding=&#8221;||0px||false|false&#8221; global_colors_info=&#8221;{}&#8221;][et_pb_column type=&#8221;4_4&#8243; _builder_version=&#8221;4.27.4&#8243; _module_preset=&#8221;default&#8221; global_colors_info=&#8221;{}&#8221;][dsm_card title=&#8221;Registra&#039;t i comen\u00e7a a sentir-te acompanyada des d&#039;avui&#8221; subtitle=&#8221;Un petit pas per a tu, un gran descans pel teu cor.&#8221; badge_text=&#8221;Badget Text&#8221; button_url_new_window=&#8221;1&#8243; _builder_version=&#8221;4.27.4&#8243; _module_preset=&#8221;default&#8221; header_level=&#8221;h2&#8243; header_text_align=&#8221;center&#8221; subhead_font=&#8221;&#8211;et_global_heading_font||||||||&#8221; subhead_text_align=&#8221;center&#8221; subhead_font_size=&#8221;22px&#8221; hover_enabled=&#8221;0&#8243; global_colors_info=&#8221;{}&#8221; sticky_enabled=&#8221;0&#8243;][\/dsm_card][\/et_pb_column][\/et_pb_row][et_pb_row _builder_version=&#8221;4.27.4&#8243; _module_preset=&#8221;default&#8221; background_color=&#8221;gcid-1b354d84-96f8-497e-9dcb-18a440b96e1d&#8221; width=&#8221;70%&#8221; custom_padding=&#8221;40px|40px|32px|40px|false|true&#8221; border_radii=&#8221;on|25px|25px|25px|25px&#8221; global_colors_info=&#8221;{%22gcid-1b354d84-96f8-497e-9dcb-18a440b96e1d%22:%91%22background_color%22%93}&#8221;][et_pb_column type=&#8221;4_4&#8243; _builder_version=&#8221;4.27.4&#8243; _module_preset=&#8221;default&#8221; global_colors_info=&#8221;{}&#8221;][et_pb_text _builder_version=&#8221;4.27.4&#8243; _module_preset=&#8221;default&#8221; global_colors_info=&#8221;{}&#8221;]<\/p>\n<div class='fluentform ff-default fluentform_wrapper_10 ffs_custom_wrap'><form data-form_id=\"10\" id=\"fluentform_10\" class=\"frm-fluent-form fluent_form_10 ff-el-form-top ff_form_instance_10_1 ff-form-loading ff-form-has-steps ff_has_v3_recptcha ffs_custom\" data-form_instance=\"ff_form_instance_10_1\" method=\"POST\" data-recptcha_key=\"6LdyFv0rAAAAAOlFi5QeJ7uP2FH368-TamcqHnYH\" ><fieldset  style=\"border: none!important;margin: 0!important;padding: 0!important;background-color: transparent!important;box-shadow: none!important;outline: none!important; min-inline-size: 100%;\">\n                    <legend class=\"ff_screen_reader_title\" style=\"display: block; margin: 0!important;padding: 0!important;height: 0!important;text-indent: -999999px;width: 0!important;overflow:hidden;\">Tribu El Niu<\/legend>        <div\n                style=\"display: none!important; position: absolute!important; transform: translateX(1000%)!important;\"\n                class=\"ff-el-group ff-hpsf-container\"\n        >\n            <div class=\"ff-el-input--label asterisk-right\">\n                <label for=\"ff_10_item_sf\" aria-label=\"Subscribe\">\n                    Subscribe                <\/label>\n            <\/div>\n            <div class=\"ff-el-input--content\">\n                <input type=\"text\"\n                       name=\"item_10__fluent_sf\"\n                       class=\"ff-el-form-control\"\n                       id=\"ff_10_item_sf\"\n                \/>\n            <\/div>\n        <\/div>\n        <input type='hidden' name='__fluent_form_embded_post_id' value='7955' \/><input type=\"hidden\" id=\"_fluentform_10_fluentformnonce\" name=\"_fluentform_10_fluentformnonce\" value=\"b96469bb8f\" \/><input type=\"hidden\" name=\"_wp_http_referer\" value=\"\/ca\/wp-json\/wp\/v2\/pages\/7955\" \/><div class='ff-step-container' data-name=\"step_start-10_6\" data-disable_auto_focus=\"no\" data-enable_auto_slider=\"no\" data-enable_step_data_persistency=\"no\" data-enable_step_page_resume=\"no\" data-animation_type=\"slide\" ><div class='ff-step-header'><ul class='ff-step-titles'><li class='ff_active'><span><\/span><\/li><li><span><\/span><\/li><li><span><\/span><\/li><\/ul><\/div><span class='ff_step_start'><\/span><div class='ff-step-body'><div class=\"fluentform-step active\" data-name=\"step_start-10_6\" data-disable_auto_focus=\"no\" data-enable_auto_slider=\"no\" data-enable_step_data_persistency=\"no\" data-enable_step_page_resume=\"no\" data-animation_type=\"slide\" ><div class='ff-el-group  ff-custom_html' tabindex='-1' data-name=\"custom_html-10_1\" ><div class=\"hero-header\">\n<h3 class=\"hero-title\"><span class=\"title-main\">Empecemos por lo b\u00e1sico<\/span> <span class=\"title-sub\">Los datos esenciales para conectar contigo<\/span><\/h3>\n<div class=\"hero-divider\">\n<div class=\"divider-line\">\u00a0<\/div>\n<div class=\"divider-icon\"><span class=\"agsdi-icon icon-especial\" style=\"color: #6a7c6a!important;font-size: 34px\" data-icon=\"agsdix-seth-icon_chat_alt\">icon_chat_alt icon<\/span><\/div>\n<div class=\"divider-line\">\u00a0<\/div>\n<\/div>\n<\/div><\/div><div data-type=\"name-element\" data-name=\"names\" class=\" ff-field_container ff-name-field-wrapper\" ><div class='ff-t-container'><div class='ff-t-cell '><div class='ff-el-group ff-el-form-top'><div class=\"ff-el-input--label ff-el-is-required asterisk-right\"><label for='ff_10_names_first_name_' id='label_ff_10_names_first_name_' >Nombre<\/label><\/div><div class='ff-el-input--content'><input type=\"text\" name=\"names[first_name]\" id=\"ff_10_names_first_name_\" class=\"ff-el-form-control\" placeholder=\"Introduce tu nombre\" aria-invalid=\"false\" aria-required=true><\/div><\/div><\/div><div class='ff-t-cell '><div class='ff-el-group ff-el-form-top'><div class=\"ff-el-input--label ff-el-is-required asterisk-right\"><label for='ff_10_names_last_name_' id='label_ff_10_names_last_name_' >Apellidos<\/label><\/div><div class='ff-el-input--content'><input type=\"text\" name=\"names[last_name]\" id=\"ff_10_names_last_name_\" class=\"ff-el-form-control\" placeholder=\"Introduce tus apellidos\" aria-invalid=\"false\" aria-required=true><\/div><\/div><\/div><\/div><\/div><div data-name=\"ff_cn_id_1\"  class='ff-t-container ff-column-container ff_columns_total_2 '><div class='ff-t-cell ff-t-column-1' style='flex-basis: 50%;'><div class='ff-el-group'><div class=\"ff-el-input--label ff-el-is-required asterisk-right\"><label for='ff_10_email' id='label_ff_10_email' aria-label=\"Correo electr\u00f3nico\">Correo electr\u00f3nico<\/label><\/div><div class='ff-el-input--content'><input type=\"email\" name=\"email\" id=\"ff_10_email\" class=\"ff-el-form-control\" placeholder=\"Email\" data-name=\"email\"  aria-invalid=\"false\" aria-required=true><\/div><\/div><\/div><div class='ff-t-cell ff-t-column-2' style='flex-basis: 50%;'><div class='ff-el-group'><div class=\"ff-el-input--label ff-el-is-required asterisk-right\"><label for='ff_10_phone' id='label_ff_10_phone' aria-label=\"Phone\/Mobile\">Phone\/Mobile<\/label><\/div><div class='ff-el-input--content'><input name=\"phone\" class=\"ff-el-form-control ff-el-phone\" type=\"tel\" placeholder=\"Tel\u00e9fono\" data-name=\"phone\" id=\"ff_10_phone\" inputmode=\"tel\"  aria-invalid='false' aria-required=true><\/div><\/div><\/div><\/div><div class='step-nav ff_step_nav_last'><button style='float: left;'  type='button' data-action='prev' class='ff-btn ff-btn-prev ff-btn-secondary' aria-label='Anterior'>Anterior<\/button><button style='float: right;'  type='button' data-action='next' class='ff-float-right ff-btn ff-btn-next ff-btn-secondary' aria-label='Siguiente'>Siguiente<\/button><\/div><\/div><div style='display: none;' class=\" fluentform-step\" data-name=\"form_step-10_2\" ><div class='ff-el-group  ff-custom_html' tabindex='-1' data-name=\"custom_html-10_3\" ><div class=\"hero-header\">\n<h3 class=\"hero-title\"><span class=\"title-main\">Cu\u00e9ntanos sobre tu beb\u00e9 y t\u00fa<\/span> <span class=\"title-sub\">Comparte este momento especial de vidas<\/span><\/h3>\n<div class=\"hero-divider\">\n<div class=\"divider-line\">\u00a0<\/div>\n<div class=\"divider-icon\"><span class=\"agsdi-icon icon-especial\" style=\"color: #6a7c6a!important;font-size: 34px\" data-icon=\"agsdix-sele-heart_baloons\">heart_baloons icon<\/span><\/div>\n<div class=\"divider-line\">\u00a0<\/div>\n<\/div>\n<\/div><\/div><div data-name=\"ff_cn_id_2\"  class='ff-t-container ff-column-container ff_columns_total_2 contenedor'><div class='ff-t-cell ff-t-column-1' style='flex-basis: 50%;'><div class='ff-el-group izquierda'><div class=\"ff-el-input--label ff-el-is-required asterisk-right\"><label for='ff_10_datetime' id='label_ff_10_datetime' aria-label=\"Fecha prevista de parto \/ Fecha de nacimiento de tu beb\u00e9\">Fecha prevista de parto \/ Fecha de nacimiento de tu beb\u00e9<\/label><\/div><div class='ff-el-input--content'><input  aria-label='Fecha prevista de parto \/ Fecha de nacimiento de tu beb\u00e9 Use arrow keys to navigate dates. Press enter to select a date.'  aria-haspopup='dialog' data-type-datepicker data-format='d\/m\/Y' type=\"text\" name=\"datetime\" id=\"ff_10_datetime\" class=\"ff-el-form-control ff-el-datepicker\" data-name=\"datetime\"  aria-invalid='false' aria-required=true><\/div><\/div><\/div><div class='ff-t-cell ff-t-column-2' style='flex-basis: 50%;'><div class='ff-el-group derecha'><div class=\"ff-el-input--label ff-el-is-required asterisk-right\"><label   aria-label=\"\u00bfEs tu primer hijo?\">\u00bfEs tu primer hijo?<\/label><\/div><div class='ff-el-input--content'><div class='ff-el-form-check ff-el-form-check-'><label class='ff-el-form-check-label' for='input_radio_92ad184e4ca8d0f201d08bdda794fed4'><input  type=\"radio\" name=\"input_radio\" data-name=\"input_radio\" class=\"ff-el-form-check-input ff-el-form-check-radio\" value=\"Si\"  id='input_radio_92ad184e4ca8d0f201d08bdda794fed4' aria-label='Si' aria-invalid='false' aria-required=true> <span>Si<\/span><\/label><\/div><div class='ff-el-form-check ff-el-form-check-'><label class='ff-el-form-check-label' for='input_radio_e5fcc7a6a8ebd7b7fe3cfc35eafca81c'><input  type=\"radio\" name=\"input_radio\" data-name=\"input_radio\" class=\"ff-el-form-check-input ff-el-form-check-radio\" value=\"no\"  id='input_radio_e5fcc7a6a8ebd7b7fe3cfc35eafca81c' aria-label='No' aria-invalid='false' aria-required=true> <span>No<\/span><\/label><\/div><\/div><\/div><\/div><\/div><div data-name=\"ff_cn_id_3\"  class='ff-t-container ff-column-container ff_columns_total_2 contenedor'><div class='ff-t-cell ff-t-column-1' style='flex-basis: 50%;'><div class='ff-el-group izquierda'><div class=\"ff-el-input--label ff-el-is-required asterisk-right\"><label   aria-label=\"\u00bfQu\u00e9 te gustar\u00eda encontrar en la tribu?\">\u00bfQu\u00e9 te gustar\u00eda encontrar en la tribu?<\/label><\/div><div class='ff-el-input--content'><div class='ff-el-form-check ff-el-form-check-'><label class='ff-el-form-check-label' for='checkbox_1_96e4300e367bb6f9212b98de9d3fcc06'><input  type=\"checkbox\" name=\"checkbox_1[]\" data-name=\"checkbox_1\" class=\"ff-el-form-check-input ff-el-form-check-checkbox\" value=\"Apoyo emocional y amistades\"  id='checkbox_1_96e4300e367bb6f9212b98de9d3fcc06' aria-label='Apoyo emocional y amistades' aria-invalid='false' aria-required=true> <span>Apoyo emocional y amistades<\/span><\/label><\/div><div class='ff-el-form-check ff-el-form-check-'><label class='ff-el-form-check-label' for='checkbox_1_c1e7ba0b8bd2cd8bb9b56397e95d004b'><input  type=\"checkbox\" name=\"checkbox_1[]\" data-name=\"checkbox_1\" class=\"ff-el-form-check-input ff-el-form-check-checkbox\" value=\"Talleres pr\u00e1cticos\"  id='checkbox_1_c1e7ba0b8bd2cd8bb9b56397e95d004b' aria-label='Talleres pr\u00e1cticos' aria-invalid='false' aria-required=true> <span>Talleres pr\u00e1cticos<\/span><\/label><\/div><div class='ff-el-form-check ff-el-form-check-'><label class='ff-el-form-check-label' for='checkbox_1_b200c7cceef0d71e25d737c5791fab82'><input  type=\"checkbox\" name=\"checkbox_1[]\" data-name=\"checkbox_1\" class=\"ff-el-form-check-input ff-el-form-check-checkbox\" value=\"Actividades con beb\u00e9\"  id='checkbox_1_b200c7cceef0d71e25d737c5791fab82' aria-label='Actividades con beb\u00e9' aria-invalid='false' aria-required=true> <span>Actividades con beb\u00e9<\/span><\/label><\/div><\/div><\/div><\/div><div class='ff-t-cell ff-t-column-2' style='flex-basis: 50%;'><div class='ff-el-group derecha'><div class=\"ff-el-input--label asterisk-right\"><label for='ff_10_description' id='label_ff_10_description' aria-label=\"Tu mayor desaf\u00edo actual como madre primeriza\">Tu mayor desaf\u00edo actual como madre primeriza<\/label><\/div><div class='ff-el-input--content'><textarea aria-required=\"false\" aria-labelledby=\"label_ff_10_description\" name=\"description\" id=\"ff_10_description\" class=\"ff-el-form-control\" placeholder=\"&quot;Cu\u00e9ntanos en una frase qu\u00e9 se te est\u00e1 haciendo m\u00e1s cuesta arriba...&quot;\" rows=\"4\" cols=\"2\" data-name=\"description\" ><\/textarea><\/div><\/div><\/div><\/div><div class='step-nav ff_step_nav_last'><button style='float: left;'  type='button' data-action='prev' class='ff-btn ff-btn-prev ff-btn-secondary' aria-label='Anterior'>Anterior<\/button><button style='float: right;'  type='button' data-action='next' class='ff-float-right ff-btn ff-btn-next ff-btn-secondary' aria-label='Siguiente'>Siguiente<\/button><\/div><\/div><div style='display: none;' class=\" fluentform-step\" data-name=\"form_step-10_4\" ><div class='ff-el-group  ff-custom_html' tabindex='-1' data-name=\"custom_html-10_5\" ><div class=\"hero-header\">\n<h3 class=\"hero-title\"><span class=\"title-main\">Tus horarios y preferencias<\/span> <span class=\"title-sub\">Y adaptaremos la tribu a tu ritmo de vida<\/span><\/h2>\n<div class=\"hero-divider\">\n<div class=\"divider-line\">\u00a0<\/div>\n<div class=\"divider-icon\"><span class=\"agsdi-icon icon-especial\" style=\"color: #6a7c6a!important;font-size: 34px\" data-icon=\"agsdix-seth-icon_calendar\">icon_calendar icon<\/span><\/div>\n<div class=\"divider-line\">\u00a0<\/div>\n<\/div>\n<\/div><\/div><div data-name=\"ff_cn_id_4\"  class='ff-t-container ff-column-container ff_columns_total_2 contenedor'><div class='ff-t-cell ff-t-column-1' style='flex-basis: 50%;'><div class='ff-el-group izquierda'><div class=\"ff-el-input--label ff-el-is-required asterisk-right\"><label   aria-label=\"\u00bfQu\u00e9 d\u00edas prefieres para los encuentros?\">\u00bfQu\u00e9 d\u00edas prefieres para los encuentros?<\/label><\/div><div class='ff-el-input--content'><div class='ff-el-form-check ff-el-form-check-'><label class='ff-el-form-check-label' for='checkbox_a907905e2af08c0f42abe51b4ab4b41e'><input  type=\"checkbox\" name=\"checkbox[]\" data-name=\"checkbox\" class=\"ff-el-form-check-input ff-el-form-check-checkbox\" value=\"Lunes\"  id='checkbox_a907905e2af08c0f42abe51b4ab4b41e' aria-label='Lunes' aria-invalid='false' aria-required=true> <span>Lunes<\/span><\/label><\/div><div class='ff-el-form-check ff-el-form-check-'><label class='ff-el-form-check-label' for='checkbox_84a89e8537a9363234c273f56c748f5c'><input  type=\"checkbox\" name=\"checkbox[]\" data-name=\"checkbox\" class=\"ff-el-form-check-input ff-el-form-check-checkbox\" value=\"Martes\"  id='checkbox_84a89e8537a9363234c273f56c748f5c' aria-label='Martes' aria-invalid='false' aria-required=true> <span>Martes<\/span><\/label><\/div><div class='ff-el-form-check ff-el-form-check-'><label class='ff-el-form-check-label' for='checkbox_622bf3cb723fbe7b5c6122ef6e34ce2f'><input  type=\"checkbox\" name=\"checkbox[]\" data-name=\"checkbox\" class=\"ff-el-form-check-input ff-el-form-check-checkbox\" value=\"Mi\u00e9rcoles\"  id='checkbox_622bf3cb723fbe7b5c6122ef6e34ce2f' aria-label='Mi\u00e9rcoles' aria-invalid='false' aria-required=true> <span>Mi\u00e9rcoles<\/span><\/label><\/div><div class='ff-el-form-check ff-el-form-check-'><label class='ff-el-form-check-label' for='checkbox_084308e8933ac4ff65c7605cea8703e7'><input  type=\"checkbox\" name=\"checkbox[]\" data-name=\"checkbox\" class=\"ff-el-form-check-input ff-el-form-check-checkbox\" value=\"Jueves\"  id='checkbox_084308e8933ac4ff65c7605cea8703e7' aria-label='Jueves' aria-invalid='false' aria-required=true> <span>Jueves<\/span><\/label><\/div><div class='ff-el-form-check ff-el-form-check-'><label class='ff-el-form-check-label' for='checkbox_c3bc18d3616ab2c1391ac4e0ce71df48'><input  type=\"checkbox\" name=\"checkbox[]\" data-name=\"checkbox\" class=\"ff-el-form-check-input ff-el-form-check-checkbox\" value=\"Viernes\"  id='checkbox_c3bc18d3616ab2c1391ac4e0ce71df48' aria-label='Viernes' aria-invalid='false' aria-required=true> <span>Viernes<\/span><\/label><\/div><div class='ff-el-form-check ff-el-form-check-'><label class='ff-el-form-check-label' for='checkbox_f164297fb217228e6501772c1a82ff5e'><input  type=\"checkbox\" name=\"checkbox[]\" data-name=\"checkbox\" class=\"ff-el-form-check-input ff-el-form-check-checkbox\" value=\"S\u00e1bado\"  id='checkbox_f164297fb217228e6501772c1a82ff5e' aria-label='S\u00e1bado' aria-invalid='false' aria-required=true> <span>S\u00e1bado<\/span><\/label><\/div><div class='ff-el-form-check ff-el-form-check-'><label class='ff-el-form-check-label' for='checkbox_d18c9a148b259a958c132f6a968f0d24'><input  type=\"checkbox\" name=\"checkbox[]\" data-name=\"checkbox\" class=\"ff-el-form-check-input ff-el-form-check-checkbox\" value=\"Domingo\"  id='checkbox_d18c9a148b259a958c132f6a968f0d24' aria-label='Domingo' aria-invalid='false' aria-required=true> <span>Domingo<\/span><\/label><\/div><\/div><\/div><\/div><div class='ff-t-cell ff-t-column-2' style='flex-basis: 50%;'><div class='ff-el-group derecha'><div class=\"ff-el-input--label ff-el-is-required asterisk-right\"><label   aria-label=\"\u00bfPrefieres ma\u00f1anas o tardes?\">\u00bfPrefieres ma\u00f1anas o tardes?<\/label><\/div><div class='ff-el-input--content'><div class='ff-el-form-check ff-el-form-check-'><label class='ff-el-form-check-label' for='input_radio_1_0df97eae81daa771ffa9613577128d61'><input  type=\"radio\" name=\"input_radio_1\" data-name=\"input_radio_1\" class=\"ff-el-form-check-input ff-el-form-check-radio\" value=\"Ma\u00f1anas\"  id='input_radio_1_0df97eae81daa771ffa9613577128d61' aria-label='Ma\u00f1anas' aria-invalid='false' aria-required=true> <span>Ma\u00f1anas<\/span><\/label><\/div><div class='ff-el-form-check ff-el-form-check-'><label class='ff-el-form-check-label' for='input_radio_1_03b7044115e37c265b9d96169f14ba05'><input  type=\"radio\" name=\"input_radio_1\" data-name=\"input_radio_1\" class=\"ff-el-form-check-input ff-el-form-check-radio\" value=\"Tardes\"  id='input_radio_1_03b7044115e37c265b9d96169f14ba05' aria-label='Tardes' aria-invalid='false' aria-required=true> <span>Tardes<\/span><\/label><\/div><\/div><\/div><\/div><\/div>        <div class=\"ff-step-t-container ff-inner_submit_container ff-column-container ff_columns_total_2\">\n            <div class=\"ff-t-cell ff-t-column-1\"><div class='step-nav ff_step_nav_last'><button style='float: left;'  type='button' data-action='prev' class='ff-btn ff-btn-prev ff-btn-secondary' aria-label='Previous'>Previous<\/button><\/div><\/div>\n            <div class=\"ff-t-cell ff-t-column-2\">\n                <div class='ff-el-group ff-text-left boton-final ff_submit_btn_wrapper'><button type=\"submit\" class=\"ff-btn ff-btn-submit ff-btn-md ff_btn_style\"  aria-label=\"\u00a1Quiero conocer a mi tribu!\">\u00a1Quiero conocer a mi tribu!<\/button><\/div>            <\/div>\n        <\/div>\n        <\/div><\/div><\/div>\n        <\/fieldset><\/form><div id='fluentform_10_errors' class='ff-errors-in-stack ff_form_instance_10_1 ff-form-loading_errors ff_form_instance_10_1_errors'><\/div><\/div>            <script type=\"text\/javascript\">\n                window.fluent_form_ff_form_instance_10_1 = {\"id\":\"10\",\"ajaxUrl\":\"https:\\\/\\\/melillimonartesania.com\\\/wp-admin\\\/admin-ajax.php\",\"settings\":{\"layout\":{\"labelPlacement\":\"top\",\"asteriskPlacement\":\"asterisk-right\",\"helpMessagePlacement\":\"with_label\",\"errorMessagePlacement\":\"inline\",\"cssClassName\":\"\"},\"restrictions\":{\"denyEmptySubmission\":{\"enabled\":false}}},\"form_instance\":\"ff_form_instance_10_1\",\"form_id_selector\":\"fluentform_10\",\"rules\":{\"names[first_name]\":{\"required\":{\"value\":true,\"message\":\"Este campo es obligatorio\",\"global_message\":\"Este campo es obligatorio\",\"global\":true}},\"names[middle_name]\":{\"required\":{\"value\":false,\"message\":\"Este campo es obligatorio\",\"global_message\":\"Este campo es obligatorio\",\"global\":true}},\"names[last_name]\":{\"required\":{\"value\":true,\"message\":\"Este campo es obligatorio\",\"global_message\":\"Este campo es obligatorio\",\"global\":true}},\"email\":{\"required\":{\"value\":true,\"message\":\"Este campo es obligatorio\",\"global_message\":\"Este campo es obligatorio\",\"global\":true},\"email\":{\"value\":true,\"message\":\"Este campo debe contener un correo electr\\u00f3nico v\\u00e1lido\",\"global_message\":\"Este campo debe contener un correo electr\\u00f3nico v\\u00e1lido\",\"global\":true}},\"phone\":{\"required\":{\"value\":true,\"global\":true,\"message\":\"Este campo es obligatorio\",\"global_message\":\"Este campo es obligatorio\"},\"valid_phone_number\":{\"value\":false,\"global\":true,\"message\":\"El n\\u00famero de tel\\u00e9fono no es v\\u00e1lido\",\"global_message\":\"El n\\u00famero de tel\\u00e9fono no es v\\u00e1lido\"}},\"datetime\":{\"required\":{\"value\":true,\"message\":\"Este campo es obligatorio\",\"global_message\":\"Este campo es obligatorio\",\"global\":true}},\"input_radio\":{\"required\":{\"value\":true,\"message\":\"Este campo es obligatorio\",\"global_message\":\"Este campo es obligatorio\",\"global\":true}},\"checkbox_1\":{\"required\":{\"value\":true,\"message\":\"Este campo es obligatorio\",\"global_message\":\"Este campo es obligatorio\",\"global\":true}},\"description\":{\"required\":{\"value\":false,\"message\":\"Este campo es obligatorio\",\"global_message\":\"Este campo es obligatorio\",\"global\":true}},\"checkbox\":{\"required\":{\"value\":true,\"message\":\"Este campo es obligatorio\",\"global_message\":\"Este campo es obligatorio\",\"global\":true}},\"input_radio_1\":{\"required\":{\"value\":true,\"message\":\"Este campo es obligatorio\",\"global_message\":\"Este campo es obligatorio\",\"global\":true}}},\"debounce_time\":300};\n                            <\/script>\n            \n<p>[\/et_pb_text][\/et_pb_column][\/et_pb_row][et_pb_row _builder_version=&#8221;4.27.4&#8243; _module_preset=&#8221;default&#8221;][et_pb_column _builder_version=&#8221;4.27.4&#8243; _module_preset=&#8221;default&#8221; type=&#8221;4_4&#8243;][et_pb_text _builder_version=&#8221;4.27.4&#8243; _module_preset=&#8221;default&#8221; hover_enabled=&#8221;0&#8243; sticky_enabled=&#8221;0&#8243;]<\/p>\n<p>En unir-te rebr\u00e0s acc\u00e9s a trobades setmanals, mini-xerrades amb professionals, contingut pr\u00e0ctic per al teu dia a dia i un espai segur on compartir el que sents sense por de ser jutjada. Des del primer moment sabr\u00e0s que no ets sola en aquesta etapa tan intensa. <\/p>\n<p>[\/et_pb_text][\/et_pb_column][\/et_pb_row][\/et_pb_section][et_pb_section fb_built=&#8221;1&#8243; _builder_version=&#8221;4.27.4&#8243; _module_preset=&#8221;default&#8221; custom_padding=&#8221;32px||||false|false&#8221; da_disable_devices=&#8221;off|off|off&#8221; global_colors_info=&#8221;{}&#8221; da_is_popup=&#8221;off&#8221; da_exit_intent=&#8221;off&#8221; da_has_close=&#8221;on&#8221; da_alt_close=&#8221;off&#8221; da_dark_close=&#8221;off&#8221; da_not_modal=&#8221;on&#8221; da_is_singular=&#8221;off&#8221; da_with_loader=&#8221;off&#8221; da_has_shadow=&#8221;on&#8221;][et_pb_row _builder_version=&#8221;4.27.4&#8243; _module_preset=&#8221;default&#8221; width=&#8221;85%&#8221; custom_padding=&#8221;||10px||false|false&#8221; global_colors_info=&#8221;{}&#8221;][et_pb_column type=&#8221;4_4&#8243; _builder_version=&#8221;4.27.4&#8243; _module_preset=&#8221;default&#8221; global_colors_info=&#8221;{}&#8221;][et_pb_text _builder_version=&#8221;4.27.4&#8243; _module_preset=&#8221;default&#8221; text_font=&#8221;|||on|||||&#8221; text_font_size=&#8221;15px&#8221; custom_margin=&#8221;||16px||false|false&#8221; global_colors_info=&#8221;{}&#8221;]<\/p>\n<p><span>TRIBU | COMUNITAT | SUPORT | ACOMPANYAMENT<\/span><\/p>\n<p>[\/et_pb_text][et_pb_divider color=&#8221;gcid-secondary-color&#8221; divider_weight=&#8221;4px&#8221; divider_weight_tablet=&#8221;4px&#8221; divider_weight_phone=&#8221;4px&#8221; divider_weight_last_edited=&#8221;on|phone&#8221; _builder_version=&#8221;4.27.4&#8243; _module_preset=&#8221;default&#8221; width=&#8221;10%&#8221; width_tablet=&#8221;10%&#8221; width_phone=&#8221;20%&#8221; width_last_edited=&#8221;on|phone&#8221; custom_margin=&#8221;||||false|false&#8221; custom_padding=&#8221;||||false|false&#8221; global_colors_info=&#8221;{%22gcid-secondary-color%22:%91%22color%22%93}&#8221;][\/et_pb_divider][\/et_pb_column][\/et_pb_row][et_pb_row column_structure=&#8221;1_2,1_2&#8243; make_equal=&#8221;on&#8221; custom_padding_last_edited=&#8221;on|phone&#8221; _builder_version=&#8221;4.27.4&#8243; _module_preset=&#8221;default&#8221; width=&#8221;85%&#8221; custom_margin=&#8221;||48px||false|false&#8221; custom_padding=&#8221;||||false|false&#8221; custom_padding_tablet=&#8221;|||32px|false|false&#8221; custom_padding_phone=&#8221;|||6px|false|false&#8221; background_color_phone=&#8221;gcid-secondary-color&#8221; background_enable_color_phone=&#8221;on&#8221; background_enable_image_phone=&#8221;off&#8221; border_radii=&#8221;on|25px|25px|25px|25px&#8221; locked=&#8221;off&#8221; global_colors_info=&#8221;{}&#8221;][et_pb_column type=&#8221;1_2&#8243; _builder_version=&#8221;4.27.4&#8243; _module_preset=&#8221;default&#8221; global_colors_info=&#8221;{}&#8221;][et_pb_text _builder_version=&#8221;4.27.4&#8243; _module_preset=&#8221;default&#8221; background_image=&#8221;https:\/\/melillimonartesania.com\/wp-content\/uploads\/2025\/11\/tribu-el-niu-03.jpg&#8221; max_width_tablet=&#8221;&#8221; max_width_phone=&#8221;&#8221; max_width_last_edited=&#8221;on|phone&#8221; min_height=&#8221;100%&#8221; min_height_tablet=&#8221;100%&#8221; min_height_phone=&#8221;250px&#8221; min_height_last_edited=&#8221;on|desktop&#8221; custom_padding=&#8221;||||false|false&#8221; border_radii=&#8221;on|25px|25px|25px|25px&#8221; global_colors_info=&#8221;{}&#8221;][\/et_pb_text][\/et_pb_column][et_pb_column type=&#8221;1_2&#8243; _builder_version=&#8221;4.27.4&#8243; _module_preset=&#8221;default&#8221; global_colors_info=&#8221;{}&#8221;][dsm_card title=&#8221;Tot el que necessites per viure una maternitat m\u00e9s lleugera&#8221; subtitle=&#8221;Un refugi on et sostenen, t&#039;escolten i t&#039;entenen de deb\u00f2.&#8221; image=&#8221;https:\/\/melillimonartesania.com\/wp-content\/uploads\/\/2025\/03\/melillimona_icono_outline-13.svg&#8221; image_as_background=&#8221;off&#8221; alt=&#8221;Icona de pintat de mobles&#8221; button_text=&#8221;@ET-DC@eyJkeW5hbWljIjp0cnVlLCJjb250ZW50IjoiY3VzdG9tX21ldGFfdGV4dG9fYm90b24iLCJzZXR0aW5ncyI6eyJiZWZvcmUiOiIiLCJhZnRlciI6IiIsImVuYWJsZV9odG1sIjoib2ZmIn19@&#8221; button_url=&#8221;@ET-DC@eyJkeW5hbWljIjp0cnVlLCJjb250ZW50IjoiY3VzdG9tX21ldGFfdXJsX2JvdG9uIiwic2V0dGluZ3MiOnsiYmVmb3JlIjoiIiwiYWZ0ZXIiOiIiLCJlbmFibGVfaHRtbCI6Im9mZiJ9fQ==@&#8221; _builder_version=&#8221;4.27.4&#8243; _dynamic_attributes=&#8221;button_text,button_url&#8221; _module_preset=&#8221;ef4f739f-b387-4166-b90e-e1ec1735fd83&#8243; hover_enabled=&#8221;0&#8243; global_colors_info=&#8221;{%22gcid-ea1c1278-6cf6-404f-8711-db865d34c7af%22:%91%22button_bg_color__hover%22,%22button_bg_color__hover%22%93,%22gcid-1b354d84-96f8-497e-9dcb-18a440b96e1d%22:%91%22background_color%22%93}&#8221; sticky_enabled=&#8221;0&#8243;]<\/p>\n<p>La maternitat primerenca es pot sentir aclaparadora, solit\u00e0ria i plena de dubtes. A El Niu d\u2019iCanyella t\u00b4oferim companyia, informaci\u00f3 clara i un entorn que abra\u00e7a les teves emocions. Comparteixes, aprens, t&#8217;inspires i respires. \u00c9s el teu moment de cuidar-te mentre cuides.   <\/p>\n<p>[\/dsm_card][\/et_pb_column][\/et_pb_row][et_pb_row column_structure=&#8221;1_4,1_4,1_4,1_4&#8243; use_custom_gutter=&#8221;on&#8221; gutter_width=&#8221;2&#8243; make_equal=&#8221;on&#8221; _builder_version=&#8221;4.27.4&#8243; _module_preset=&#8221;default&#8221; width=&#8221;85%&#8221; custom_margin=&#8221;32px||32px||true|false&#8221; custom_padding=&#8221;0px||0px||false|false&#8221; global_colors_info=&#8221;{}&#8221;][et_pb_column type=&#8221;1_4&#8243; _builder_version=&#8221;4.27.4&#8243; _module_preset=&#8221;default&#8221; global_colors_info=&#8221;{}&#8221;][et_pb_blurb title=&#8221;Suport emocional real&#8221; image_icon_width=&#8221;48px&#8221; icon_alignment=&#8221;left&#8221; _builder_version=&#8221;4.27.4&#8243; _module_preset=&#8221;default&#8221; header_level=&#8221;h3&#8243; background_color=&#8221;#f7f9f6&#8243; min_height=&#8221;350px&#8221; min_height_tablet=&#8221;&#8221; min_height_phone=&#8221;450px&#8221; min_height_last_edited=&#8221;on|phone&#8221; height=&#8221;450px&#8221; custom_padding=&#8221;32px|24px|32px|24px|true|true&#8221; hover_enabled=&#8221;0&#8243; custom_css_main_element=&#8221;display: flex;||flex-direction: column;||justify-content: flex-end;||height: 100%;&#8221; custom_css_blurb_title=&#8221;padding-bottom: 48px;&#8221; border_radii=&#8221;on|25px|25px|25px|25px&#8221; global_colors_info=&#8221;{%22gcid-58cfc04f-7f57-4a3a-9439-0876323e7760%22:%91%22background_color%22%93,%22gcid-secondary-color%22:%91%22icon_color%22%93}&#8221; sticky_enabled=&#8221;0&#8243;]<\/p>\n<p>Trobar\u00e0s altres mares que viuen el mateix que tu, creant vincles que alleugen la c\u00e0rrega, normalitzen les pors i et recorden que ho est\u00e0s fent b\u00e9.<\/p>\n<p>[\/et_pb_blurb][\/et_pb_column][et_pb_column type=&#8221;1_4&#8243; _builder_version=&#8221;4.27.4&#8243; _module_preset=&#8221;default&#8221; global_colors_info=&#8221;{}&#8221;][et_pb_blurb title=&#8221;Professionals al teu costat&#8221; image_icon_width=&#8221;48px&#8221; icon_alignment=&#8221;left&#8221; _builder_version=&#8221;4.27.4&#8243; _module_preset=&#8221;default&#8221; header_level=&#8221;h3&#8243; background_color=&#8221;#f7f9f6&#8243; min_height=&#8221;350px&#8221; min_height_tablet=&#8221;&#8221; min_height_phone=&#8221;450px&#8221; min_height_last_edited=&#8221;on|phone&#8221; height=&#8221;450px&#8221; custom_padding=&#8221;32px|24px|32px|24px|true|true&#8221; hover_enabled=&#8221;0&#8243; custom_css_main_element=&#8221;display: flex;||flex-direction: column;||justify-content: flex-end;||height: 100%;&#8221; custom_css_blurb_title=&#8221;padding-bottom: 48px;&#8221; border_radii=&#8221;on|25px|25px|25px|25px&#8221; global_colors_info=&#8221;{%22gcid-58cfc04f-7f57-4a3a-9439-0876323e7760%22:%91%22background_color%22%93,%22gcid-secondary-color%22:%91%22icon_color%22%93,%22gcid-4ad3f847-7c47-4fbe-bc12-42bb1c3f69ad%22:%91%22background_color%22%93}&#8221; sticky_enabled=&#8221;0&#8243;]<\/p>\n<p>Cada setmana tindr\u00e0s acc\u00e9s a xerrades i mini-sessions amb comares, fisioterapeutes, assessores de lact\u00e0ncia i especialistes que aporten solucions pr\u00e0ctiques i immediates.<\/p>\n<p>[\/et_pb_blurb][\/et_pb_column][et_pb_column type=&#8221;1_4&#8243; _builder_version=&#8221;4.27.4&#8243; _module_preset=&#8221;default&#8221; global_colors_info=&#8221;{}&#8221;][et_pb_blurb title=&#8221;Comunitat que et sost\u00e9&#8221; _builder_version=&#8221;4.27.4&#8243; _module_preset=&#8221;default&#8221; header_level=&#8221;h3&#8243; background_color=&#8221;#f7f9f6&#8243; min_height=&#8221;350px&#8221; min_height_tablet=&#8221;&#8221; min_height_phone=&#8221;450px&#8221; min_height_last_edited=&#8221;on|phone&#8221; height=&#8221;450px&#8221; custom_padding=&#8221;32px|24px|32px|24px|true|true&#8221; hover_enabled=&#8221;0&#8243; custom_css_main_element=&#8221;display: flex;||flex-direction: column;||justify-content: flex-end;||height: 100%;&#8221; custom_css_blurb_title=&#8221;padding-bottom: 48px;&#8221; border_radii=&#8221;on|25px|25px|25px|25px&#8221; global_colors_info=&#8221;{%22gcid-4ad3f847-7c47-4fbe-bc12-42bb1c3f69ad%22:%91%22background_color%22%93,%22gcid-bacc0458-658d-4585-82c3-3aea32d6623b%22:%91%22background_color%22%93}&#8221; sticky_enabled=&#8221;0&#8243; image_icon_width=&#8221;48px&#8221; icon_alignment=&#8221;left&#8221;]<\/p>\n<p>Un espai segur on pots parlar, riure, plorar i desconnectar. Aqu\u00ed la maternitat es comparteix, no se suporta en silenci. <\/p>\n<p>[\/et_pb_blurb][\/et_pb_column][et_pb_column type=&#8221;1_4&#8243; _builder_version=&#8221;4.27.4&#8243; _module_preset=&#8221;default&#8221; global_colors_info=&#8221;{}&#8221;][et_pb_blurb title=&#8221;Recursos pr\u00e0ctics pel teu dia a dia&#8221; _builder_version=&#8221;4.27.4&#8243; _module_preset=&#8221;default&#8221; header_level=&#8221;h3&#8243; background_color=&#8221;#f7f9f6&#8243; min_height=&#8221;350px&#8221; min_height_tablet=&#8221;&#8221; min_height_phone=&#8221;450px&#8221; min_height_last_edited=&#8221;on|phone&#8221; height=&#8221;450px&#8221; custom_padding=&#8221;32px|24px|32px|24px|true|true&#8221; hover_enabled=&#8221;0&#8243; custom_css_main_element=&#8221;display: flex;||flex-direction: column;||justify-content: flex-end;||height: 100%;&#8221; custom_css_blurb_title=&#8221;padding-bottom: 48px;&#8221; border_radii=&#8221;on|25px|25px|25px|25px&#8221; global_colors_info=&#8221;{%22gcid-1b354d84-96f8-497e-9dcb-18a440b96e1d%22:%91%22background_color%22%93}&#8221; sticky_enabled=&#8221;0&#8243; image_icon_width=&#8221;48px&#8221; icon_alignment=&#8221;left&#8221;]<\/p>\n<p data-start=\"48\" data-end=\"277\" data-is-last-node=\"\" data-is-only-node=\"\">Accedir\u00e0s a recomanacions clares i senzilles que resolen dubtes reals: des de com calmar c\u00f2lics fins a com organitzar les teves rutines sense sentir-te desbordada.<\/p>\n<p>[\/et_pb_blurb][\/et_pb_column][\/et_pb_row][\/et_pb_section][et_pb_section fb_built=&#8221;1&#8243; _builder_version=&#8221;4.27.4&#8243; _module_preset=&#8221;default&#8221; background_color=&#8221;gcid-1b354d84-96f8-497e-9dcb-18a440b96e1d&#8221; custom_padding=&#8221;32px||||false|false&#8221; da_disable_devices=&#8221;off|off|off&#8221; global_colors_info=&#8221;{%22gcid-1b354d84-96f8-497e-9dcb-18a440b96e1d%22:%91%22background_color%22%93}&#8221; da_is_popup=&#8221;off&#8221; da_exit_intent=&#8221;off&#8221; da_has_close=&#8221;on&#8221; da_alt_close=&#8221;off&#8221; da_dark_close=&#8221;off&#8221; da_not_modal=&#8221;on&#8221; da_is_singular=&#8221;off&#8221; da_with_loader=&#8221;off&#8221; da_has_shadow=&#8221;on&#8221;][et_pb_row _builder_version=&#8221;4.27.4&#8243; _module_preset=&#8221;default&#8221; width=&#8221;85%&#8221; custom_padding=&#8221;||10px||false|false&#8221; global_colors_info=&#8221;{}&#8221;][et_pb_column type=&#8221;4_4&#8243; _builder_version=&#8221;4.27.4&#8243; _module_preset=&#8221;default&#8221; global_colors_info=&#8221;{}&#8221;][et_pb_text _builder_version=&#8221;4.27.4&#8243; _module_preset=&#8221;default&#8221; text_font=&#8221;|||on|||||&#8221; text_font_size=&#8221;15px&#8221; custom_margin=&#8221;||16px||false|false&#8221; global_colors_info=&#8221;{}&#8221;]<\/p>\n<p>VERITAT | NORMALITZACI\u00d3 | SUPORT | CREIXEMENT<\/p>\n<p>[\/et_pb_text][et_pb_divider color=&#8221;#c3ceba&#8221; divider_weight=&#8221;4px&#8221; divider_weight_tablet=&#8221;4px&#8221; divider_weight_phone=&#8221;4px&#8221; divider_weight_last_edited=&#8221;on|phone&#8221; _builder_version=&#8221;4.27.4&#8243; _module_preset=&#8221;default&#8221; width=&#8221;10%&#8221; width_tablet=&#8221;10%&#8221; width_phone=&#8221;20%&#8221; width_last_edited=&#8221;on|phone&#8221; custom_margin=&#8221;||||false|false&#8221; custom_padding=&#8221;||||false|false&#8221; global_colors_info=&#8221;{%22gcid-cf7c3462-1378-4ddb-8204-c902f58070b1%22:%91%22color%22%93}&#8221;][\/et_pb_divider][\/et_pb_column][\/et_pb_row][et_pb_row column_structure=&#8221;3_5,2_5&#8243; custom_padding_last_edited=&#8221;on|phone&#8221; _builder_version=&#8221;4.27.4&#8243; _module_preset=&#8221;default&#8221; background_image=&#8221;https:\/\/melillimonartesania.com\/wp-content\/uploads\/2025\/11\/madres-primerizas-e1764243785370.jpg&#8221; width=&#8221;85%&#8221; custom_margin=&#8221;||48px||false|false&#8221; custom_padding=&#8221;|||32px|false|false&#8221; custom_padding_tablet=&#8221;|||32px|false|false&#8221; custom_padding_phone=&#8221;|||6px|false|false&#8221; background_color_phone=&#8221;gcid-secondary-color&#8221; background_last_edited=&#8221;on|phone&#8221; background_enable_color_phone=&#8221;on&#8221; background_enable_image_phone=&#8221;off&#8221; border_radii=&#8221;on|25px|25px|25px|25px&#8221; global_colors_info=&#8221;{%22gcid-secondary-color%22:%91%22background_color%22%93,%22gcid-addd33fc-bd3c-4981-8ba3-946726d52bbb%22:%91%22background_color%22%93,%22gcid-b28c49d1-ae4e-40e3-b43c-1f24480115c1%22:%91%22background_color%22%93}&#8221;][et_pb_column type=&#8221;3_5&#8243; _builder_version=&#8221;4.27.4&#8243; _module_preset=&#8221;default&#8221; global_colors_info=&#8221;{}&#8221;][dsm_card title=&#8221;Uneix-te a la tribu en 3 passos senzills&#8221; subtitle=&#8221;Sense complicacions, sense compromisos r\u00edgids, nom\u00e9s un lloc per a tu.&#8221; image=&#8221;https:\/\/melillimonartesania.com\/wp-content\/uploads\/\/2025\/03\/iconos-art-15.svg&#8221; image_as_background=&#8221;off&#8221; image_width=&#8221;12%&#8221; stretch_image=&#8221;off&#8221; alt=&#8221;Mel i Llimona artesania&#8221; button_url_new_window=&#8221;1&#8243; image_width_tablet=&#8221;12%&#8221; image_width_phone=&#8221;20%&#8221; image_width_last_edited=&#8221;on|phone&#8221; _builder_version=&#8221;4.27.4&#8243; _module_preset=&#8221;default&#8221; header_level=&#8221;h2&#8243; subhead_font=&#8221;&#8211;et_global_heading_font||||||||&#8221; subhead_font_size=&#8221;1.5rem&#8221; use_background_color_gradient=&#8221;on&#8221; background_color_gradient_stops=&#8221;rgba(255,255,255,0.5) 0%|rgba(255,255,255,0.2) 100%&#8221; max_width=&#8221;98%&#8221; custom_padding=&#8221;32px|32px|32px|32px|false|true&#8221; custom_padding_tablet=&#8221;32px|32px|32px|32px|false|true&#8221; custom_padding_phone=&#8221;|8px||8px|false|true&#8221; custom_padding_last_edited=&#8221;on|phone&#8221; hover_enabled=&#8221;0&#8243; subhead_font_size_tablet=&#8221;1.5rem&#8221; subhead_font_size_phone=&#8221;1.3rem&#8221; subhead_font_size_last_edited=&#8221;on|phone&#8221; custom_css_main_element=&#8221;backdrop-filter: blur(10px);&#8221; border_radii=&#8221;on|25px|25px|25px|25px&#8221; border_width_all=&#8221;1px&#8221; border_color_all=&#8221;#FFFFFF&#8221; global_colors_info=&#8221;{}&#8221; sticky_enabled=&#8221;0&#8243;]<\/p>\n<p>Hem creat un proc\u00e9s pensat perqu\u00e8 puguis entrar a la comunitat de forma c\u00f2moda, fins i tot els dies m\u00e9s ca\u00f2tics. En minuts formar\u00e0s part d\u00b4un espai que canvia la teva manera de viure la maternitat. <\/p>\n<p>[\/dsm_card][\/et_pb_column][et_pb_column type=&#8221;2_5&#8243; _builder_version=&#8221;4.27.4&#8243; _module_preset=&#8221;default&#8221; global_colors_info=&#8221;{}&#8221;][\/et_pb_column][\/et_pb_row][et_pb_row column_structure=&#8221;1_3,1_3,1_3&#8243; use_custom_gutter=&#8221;on&#8221; gutter_width=&#8221;2&#8243; make_equal=&#8221;on&#8221; _builder_version=&#8221;4.27.4&#8243; _module_preset=&#8221;default&#8221; width=&#8221;85%&#8221; custom_margin=&#8221;32px||32px||true|false&#8221; custom_padding=&#8221;0px||0px||false|false&#8221; global_colors_info=&#8221;{}&#8221;][et_pb_column type=&#8221;1_3&#8243; _builder_version=&#8221;4.27.4&#8243; _module_preset=&#8221;default&#8221; global_colors_info=&#8221;{}&#8221;][et_pb_blurb title=&#8221;Pas 1: Registra&#039;t&#8221; _builder_version=&#8221;4.27.4&#8243; _module_preset=&#8221;default&#8221; header_level=&#8221;h3&#8243; min_height_tablet=&#8221;&#8221; min_height_phone=&#8221;450px&#8221; min_height_last_edited=&#8221;on|phone&#8221; height=&#8221;300px&#8221; custom_padding=&#8221;32px|24px|32px|24px|true|true&#8221; custom_css_main_element=&#8221;display: flex;||flex-direction: column;||justify-content: flex-end;||height: 100%;&#8221; custom_css_blurb_title=&#8221;padding-bottom: 48px;&#8221; border_radii=&#8221;on|25px|25px|25px|25px&#8221; sticky_enabled=&#8221;0&#8243; global_colors_info=&#8221;{%22gcid-secondary-color%22:%91%22icon_color%22%93}&#8221; image_icon_width=&#8221;48px&#8221; icon_alignment=&#8221;left&#8221; background_color=&#8221;#FFFFFF&#8221; min_height=&#8221;300px&#8221; hover_enabled=&#8221;0&#8243;]<\/p>\n<p>Deixa&#8217;ns el teu nom i contacte. No necessites m\u00e9s per comen\u00e7ar a rebre suport i participar a les nostres trobades setmanals. <\/p>\n<p>[\/et_pb_blurb][\/et_pb_column][et_pb_column type=&#8221;1_3&#8243; _builder_version=&#8221;4.27.4&#8243; _module_preset=&#8221;default&#8221; global_colors_info=&#8221;{}&#8221;][et_pb_blurb title=&#8221;Pas 2: Accedeix a la comunitat&#8221; _builder_version=&#8221;4.27.4&#8243; _module_preset=&#8221;default&#8221; header_level=&#8221;h3&#8243; min_height_tablet=&#8221;&#8221; min_height_phone=&#8221;450px&#8221; min_height_last_edited=&#8221;on|phone&#8221; height=&#8221;300px&#8221; custom_padding=&#8221;32px|24px|32px|24px|true|true&#8221; custom_css_main_element=&#8221;display: flex;||flex-direction: column;||justify-content: flex-end;||height: 100%;&#8221; custom_css_blurb_title=&#8221;padding-bottom: 48px;&#8221; border_radii=&#8221;on|25px|25px|25px|25px&#8221; sticky_enabled=&#8221;0&#8243; image_icon_width=&#8221;48px&#8221; icon_alignment=&#8221;left&#8221; min_height=&#8221;300px&#8221; global_colors_info=&#8221;{%22gcid-secondary-color%22:%91%22icon_color%22,%22icon_color%22%93,%22gcid-bacc0458-658d-4585-82c3-3aea32d6623b%22:%91%22background_color%22%93}&#8221; background_color=&#8221;#FFFFFF&#8221; hover_enabled=&#8221;0&#8243;]<\/p>\n<p>T&#8217;enviarem la informaci\u00f3 de la propera trobada, xerrades i activitats, perqu\u00e8 tri\u00efs les que m\u00e9s t&#8217;encaixen segons el teu moment.<\/p>\n<p>[\/et_pb_blurb][\/et_pb_column][et_pb_column type=&#8221;1_3&#8243; _builder_version=&#8221;4.27.4&#8243; _module_preset=&#8221;default&#8221; global_colors_info=&#8221;{}&#8221;][et_pb_blurb title=&#8221;Pas 3: Vine i asseu-te a casa&#8221; _builder_version=&#8221;4.27.4&#8243; _module_preset=&#8221;default&#8221; header_level=&#8221;h3&#8243; min_height_tablet=&#8221;&#8221; min_height_phone=&#8221;450px&#8221; min_height_last_edited=&#8221;on|phone&#8221; height=&#8221;300px&#8221; custom_padding=&#8221;32px|24px|32px|24px|true|true&#8221; custom_css_main_element=&#8221;display: flex;||flex-direction: column;||justify-content: flex-end;||height: 100%;&#8221; custom_css_blurb_title=&#8221;padding-bottom: 48px;&#8221; border_radii=&#8221;on|25px|25px|25px|25px&#8221; sticky_enabled=&#8221;0&#8243; image_icon_width=&#8221;48px&#8221; icon_alignment=&#8221;left&#8221; min_height=&#8221;300px&#8221; global_colors_info=&#8221;{%22gcid-secondary-color%22:%91%22icon_color%22,%22icon_color%22%93,%22gcid-bacc0458-658d-4585-82c3-3aea32d6623b%22:%91%22background_color%22%93,%22gcid-1b354d84-96f8-497e-9dcb-18a440b96e1d%22:%91%22background_color%22,%22background_color%22,%22background_color%22%93}&#8221; background_color=&#8221;#FFFFFF&#8221; hover_enabled=&#8221;0&#8243;]<\/p>\n<p>Arribes, respires i comparteixes. Et rebem amb calidesa, sense expectatives i amb el cor obert. <\/p>\n<p>[\/et_pb_blurb][\/et_pb_column][\/et_pb_row][\/et_pb_section][et_pb_section fb_built=&#8221;1&#8243; _builder_version=&#8221;4.27.4&#8243; _module_preset=&#8221;default&#8221; background_color=&#8221;gcid-1469c84a-e8c4-4b03-acbf-14ee6ff228e8&#8243; custom_padding=&#8221;32px||||false|false&#8221; da_disable_devices=&#8221;off|off|off&#8221; locked=&#8221;off&#8221; global_colors_info=&#8221;{%22gcid-1469c84a-e8c4-4b03-acbf-14ee6ff228e8%22:%91%22background_color%22%93}&#8221; da_is_popup=&#8221;off&#8221; da_exit_intent=&#8221;off&#8221; da_has_close=&#8221;on&#8221; da_alt_close=&#8221;off&#8221; da_dark_close=&#8221;off&#8221; da_not_modal=&#8221;on&#8221; da_is_singular=&#8221;off&#8221; da_with_loader=&#8221;off&#8221; da_has_shadow=&#8221;on&#8221;][et_pb_row _builder_version=&#8221;4.27.4&#8243; _module_preset=&#8221;default&#8221; width=&#8221;85%&#8221; custom_padding=&#8221;||10px||false|false&#8221; global_colors_info=&#8221;{}&#8221;][et_pb_column type=&#8221;4_4&#8243; _builder_version=&#8221;4.27.4&#8243; _module_preset=&#8221;default&#8221; global_colors_info=&#8221;{}&#8221;][et_pb_text _builder_version=&#8221;4.27.4&#8243; _module_preset=&#8221;default&#8221; text_font=&#8221;|||on|||||&#8221; text_font_size=&#8221;15px&#8221; custom_margin=&#8221;||16px||false|false&#8221; global_colors_info=&#8221;{}&#8221;]<\/p>\n<p><span>TRIBU | COMUNITAT | SUPORT | ACOMPANYAMENT<\/span><\/p>\n<p>[\/et_pb_text][et_pb_divider color=&#8221;gcid-secondary-color&#8221; divider_weight=&#8221;4px&#8221; divider_weight_tablet=&#8221;4px&#8221; divider_weight_phone=&#8221;4px&#8221; divider_weight_last_edited=&#8221;on|phone&#8221; _builder_version=&#8221;4.27.4&#8243; _module_preset=&#8221;default&#8221; width=&#8221;10%&#8221; width_tablet=&#8221;10%&#8221; width_phone=&#8221;20%&#8221; width_last_edited=&#8221;on|phone&#8221; custom_margin=&#8221;||||false|false&#8221; custom_padding=&#8221;||||false|false&#8221; global_colors_info=&#8221;{%22gcid-secondary-color%22:%91%22color%22%93}&#8221;][\/et_pb_divider][\/et_pb_column][\/et_pb_row][et_pb_row column_structure=&#8221;1_2,1_2&#8243; make_equal=&#8221;on&#8221; custom_padding_last_edited=&#8221;on|phone&#8221; _builder_version=&#8221;4.27.4&#8243; _module_preset=&#8221;default&#8221; width=&#8221;85%&#8221; custom_margin=&#8221;||48px||false|false&#8221; custom_padding=&#8221;||||false|false&#8221; custom_padding_tablet=&#8221;|||32px|false|false&#8221; custom_padding_phone=&#8221;|||6px|false|false&#8221; background_color_phone=&#8221;gcid-secondary-color&#8221; background_enable_color_phone=&#8221;on&#8221; background_enable_image_phone=&#8221;off&#8221; border_radii=&#8221;on|25px|25px|25px|25px&#8221; locked=&#8221;off&#8221; global_colors_info=&#8221;{}&#8221;][et_pb_column type=&#8221;1_2&#8243; _builder_version=&#8221;4.27.4&#8243; _module_preset=&#8221;default&#8221; global_colors_info=&#8221;{}&#8221;][et_pb_text _builder_version=&#8221;4.27.4&#8243; _module_preset=&#8221;default&#8221; background_image=&#8221;https:\/\/melillimonartesania.com\/wp-content\/uploads\/2025\/03\/canyella-degustacio-local-e1742032833653.jpg&#8221; max_width_tablet=&#8221;&#8221; max_width_phone=&#8221;&#8221; max_width_last_edited=&#8221;on|phone&#8221; min_height=&#8221;100%&#8221; min_height_tablet=&#8221;100%&#8221; min_height_phone=&#8221;250px&#8221; min_height_last_edited=&#8221;on|desktop&#8221; custom_padding=&#8221;||||false|false&#8221; border_radii=&#8221;on|25px|25px|25px|25px&#8221; global_colors_info=&#8221;{}&#8221;][\/et_pb_text][\/et_pb_column][et_pb_column type=&#8221;1_2&#8243; _builder_version=&#8221;4.27.4&#8243; _module_preset=&#8221;default&#8221; global_colors_info=&#8221;{}&#8221;][dsm_card title=&#8221;Propera obertura: iCanyella &#8211; La llar de la teva tribu a Badalona&#8221; subtitle=&#8221;%22El lloc que mereixen les mares de Badalona%22&#8243; image=&#8221;https:\/\/melillimonartesania.com\/wp-content\/uploads\/\/2025\/03\/melillimona_icono_outline-13.svg&#8221; image_as_background=&#8221;off&#8221; alt=&#8221;Icona de pintat de mobles&#8221; button_text=&#8221;Vull estar a la llista d&#039;espera!&#8221; button_url=&#8221;#tribu-el-niu&#8221; _builder_version=&#8221;4.27.4&#8243; _module_preset=&#8221;ef4f739f-b387-4166-b90e-e1ec1735fd83&#8243; global_colors_info=&#8221;{%22gcid-ea1c1278-6cf6-404f-8711-db865d34c7af%22:%91%22button_bg_color__hover%22,%22button_bg_color__hover%22%93,%22gcid-1b354d84-96f8-497e-9dcb-18a440b96e1d%22:%91%22background_color%22%93}&#8221;]<\/p>\n<p class=\"ds-markdown-paragraph\">Imagina un espai creat per a vosaltres. <span>iCanyella<\/span> ser\u00e0 el lloc on la Tribu El Niu arreli: un ambient c\u00e0lid i segur a Badalona, \u200b\u200bdissenyat perqu\u00e8 us sentiu com a casa.<\/p>\n<p class=\"ds-markdown-paragraph\"><strong><span>Mentre preparem aquest somni&#8230;<\/span><\/strong><\/p>\n<p class=\"ds-markdown-paragraph\"><strong>Sigues la primera a rebre la invitaci\u00f3 d&#8217;obertura<\/strong>.&lt; 0 &gt;<br \/>\u2192 T&#8217;avisarem 48h abans que a la resta&lt; 0 &gt;<br \/>\u2192 Regal de benvinguda exclusiu<\/p>\n<p>[\/dsm_card][\/et_pb_column][\/et_pb_row][\/et_pb_section][et_pb_section fb_built=&#8221;1&#8243; _builder_version=&#8221;4.27.4&#8243; _module_preset=&#8221;default&#8221; custom_padding=&#8221;32px||||false|false&#8221; da_disable_devices=&#8221;off|off|off&#8221; global_colors_info=&#8221;{}&#8221; da_is_popup=&#8221;off&#8221; da_exit_intent=&#8221;off&#8221; da_has_close=&#8221;on&#8221; da_alt_close=&#8221;off&#8221; da_dark_close=&#8221;off&#8221; da_not_modal=&#8221;on&#8221; da_is_singular=&#8221;off&#8221; da_with_loader=&#8221;off&#8221; da_has_shadow=&#8221;on&#8221;][et_pb_row _builder_version=&#8221;4.27.4&#8243; _module_preset=&#8221;default&#8221; width=&#8221;85%&#8221; custom_padding=&#8221;||10px||false|false&#8221; global_colors_info=&#8221;{}&#8221;][et_pb_column type=&#8221;4_4&#8243; _builder_version=&#8221;4.27.4&#8243; _module_preset=&#8221;default&#8221; global_colors_info=&#8221;{}&#8221;][et_pb_text _builder_version=&#8221;4.27.4&#8243; _module_preset=&#8221;default&#8221; text_font=&#8221;|||on|||||&#8221; text_font_size=&#8221;15px&#8221; custom_margin=&#8221;||16px||false|false&#8221; global_colors_info=&#8221;{}&#8221;]<\/p>\n<p><span>TROBADES | TALLERS | SUPORT | BENESTAR<\/span><\/p>\n<p>[\/et_pb_text][et_pb_divider color=&#8221;#c3ceba&#8221; divider_weight=&#8221;4px&#8221; divider_weight_tablet=&#8221;4px&#8221; divider_weight_phone=&#8221;4px&#8221; divider_weight_last_edited=&#8221;on|phone&#8221; _builder_version=&#8221;4.27.4&#8243; _module_preset=&#8221;default&#8221; width=&#8221;10%&#8221; width_tablet=&#8221;10%&#8221; width_phone=&#8221;20%&#8221; width_last_edited=&#8221;on|phone&#8221; custom_margin=&#8221;||||false|false&#8221; custom_padding=&#8221;||||false|false&#8221; global_colors_info=&#8221;{%22gcid-cf7c3462-1378-4ddb-8204-c902f58070b1%22:%91%22color%22%93}&#8221;][\/et_pb_divider][\/et_pb_column][\/et_pb_row][et_pb_row column_structure=&#8221;1_2,1_2&#8243; make_equal=&#8221;on&#8221; custom_padding_last_edited=&#8221;on|phone&#8221; _builder_version=&#8221;4.27.4&#8243; _module_preset=&#8221;default&#8221; width=&#8221;85%&#8221; custom_margin=&#8221;||48px||false|false&#8221; custom_padding=&#8221;||||false|false&#8221; custom_padding_tablet=&#8221;|||32px|false|false&#8221; custom_padding_phone=&#8221;|||6px|false|false&#8221; background_color_phone=&#8221;gcid-secondary-color&#8221; background_enable_color_phone=&#8221;on&#8221; background_enable_image_phone=&#8221;off&#8221; border_radii=&#8221;on|25px|25px|25px|25px&#8221; locked=&#8221;off&#8221; global_colors_info=&#8221;{}&#8221;][et_pb_column type=&#8221;1_2&#8243; _builder_version=&#8221;4.27.4&#8243; _module_preset=&#8221;default&#8221; global_colors_info=&#8221;{}&#8221;][et_pb_text _builder_version=&#8221;4.27.4&#8243; _module_preset=&#8221;default&#8221; background_image=&#8221;https:\/\/melillimonartesania.com\/wp-content\/uploads\/2025\/11\/tribu-el-niu-04.jpg&#8221; max_width_tablet=&#8221;&#8221; max_width_phone=&#8221;&#8221; max_width_last_edited=&#8221;on|phone&#8221; min_height=&#8221;100%&#8221; min_height_tablet=&#8221;100%&#8221; min_height_phone=&#8221;250px&#8221; min_height_last_edited=&#8221;on|desktop&#8221; custom_padding=&#8221;||||false|false&#8221; border_radii=&#8221;on|25px|25px|25px|25px&#8221; global_colors_info=&#8221;{}&#8221;][\/et_pb_text][\/et_pb_column][et_pb_column type=&#8221;1_2&#8243; _builder_version=&#8221;4.27.4&#8243; _module_preset=&#8221;default&#8221; global_colors_info=&#8221;{}&#8221;][dsm_card title=&#8221;Trobades que nodreixen cos, ment i esperit&#8221; subtitle=&#8221;Moments que guareixen, inspiren i et reconnecten amb tu mateixa.&#8221; image=&#8221;https:\/\/melillimonartesania.com\/wp-content\/uploads\/\/2025\/03\/melillimona_icono_outline-13.svg&#8221; image_as_background=&#8221;off&#8221; alt=&#8221;Icona de pintat de mobles&#8221; button_text=&#8221;Vull registrar-me&#8221; button_url=&#8221;#tribu-el-niu&#8221; _builder_version=&#8221;4.27.4&#8243; _module_preset=&#8221;ef4f739f-b387-4166-b90e-e1ec1735fd83&#8243; hover_enabled=&#8221;0&#8243; global_colors_info=&#8221;{%22gcid-ea1c1278-6cf6-404f-8711-db865d34c7af%22:%91%22button_bg_color__hover%22,%22button_bg_color__hover%22%93,%22gcid-1b354d84-96f8-497e-9dcb-18a440b96e1d%22:%91%22background_color%22%93}&#8221; sticky_enabled=&#8221;0&#8243;]<\/p>\n<p>Cada sessi\u00f3 est\u00e0 dissenyada per oferir-te calma, claredat i suport pr\u00e0ctic. Des de xerrades espec\u00edfiques fins a espais de socialitzaci\u00f3 amb caf\u00e8 d\u00b4especialitat, tot est\u00e0 pensat perqu\u00e8 surtis m\u00e9s lleugera i acompanyada. <\/p>\n<p>[\/dsm_card][\/et_pb_column][\/et_pb_row][et_pb_row column_structure=&#8221;1_4,1_4,1_4,1_4&#8243; use_custom_gutter=&#8221;on&#8221; gutter_width=&#8221;2&#8243; make_equal=&#8221;on&#8221; _builder_version=&#8221;4.27.4&#8243; _module_preset=&#8221;default&#8221; width=&#8221;85%&#8221; custom_margin=&#8221;32px||32px||true|false&#8221; custom_padding=&#8221;0px||0px||false|false&#8221; locked=&#8221;off&#8221; global_colors_info=&#8221;{}&#8221;][et_pb_column type=&#8221;1_4&#8243; _builder_version=&#8221;4.27.4&#8243; _module_preset=&#8221;default&#8221; global_colors_info=&#8221;{}&#8221;][et_pb_blurb title=&#8221;Dimarts de Mares&#8221; _builder_version=&#8221;4.27.4&#8243; _module_preset=&#8221;default&#8221; header_level=&#8221;h3&#8243; min_height=&#8221;350px&#8221; min_height_tablet=&#8221;&#8221; min_height_phone=&#8221;450px&#8221; min_height_last_edited=&#8221;on|phone&#8221; height=&#8221;450px&#8221; custom_padding=&#8221;32px|24px|32px|24px|true|true&#8221; custom_css_main_element=&#8221;display: flex;||flex-direction: column;||justify-content: flex-end;||height: 100%;&#8221; custom_css_blurb_title=&#8221;padding-bottom: 48px;&#8221; border_radii=&#8221;on|25px|25px|25px|25px&#8221; sticky_enabled=&#8221;0&#8243; global_colors_info=&#8221;{%22gcid-58cfc04f-7f57-4a3a-9439-0876323e7760%22:%91%22background_color%22,%22background_color%22%93,%22gcid-secondary-color%22:%91%22icon_color%22%93}&#8221; image_icon_width=&#8221;48px&#8221; icon_alignment=&#8221;left&#8221; background_color=&#8221;#f7f9f6&#8243;]<\/p>\n<p>Mini-xerrades gratu\u00eftes sobre temes essencials del postpart impartides per professionals. Informaci\u00f3 \u00fatil, propera i aplicable des del primer dia. <\/p>\n<p>[\/et_pb_blurb][\/et_pb_column][et_pb_column type=&#8221;1_4&#8243; _builder_version=&#8221;4.27.4&#8243; _module_preset=&#8221;default&#8221; global_colors_info=&#8221;{}&#8221;][et_pb_blurb title=&#8221;Espais de conversa&#8221; _builder_version=&#8221;4.27.4&#8243; _module_preset=&#8221;default&#8221; header_level=&#8221;h3&#8243; background_color=&#8221;#f7f9f6&#8243; min_height=&#8221;350px&#8221; min_height_tablet=&#8221;&#8221; min_height_phone=&#8221;450px&#8221; min_height_last_edited=&#8221;on|phone&#8221; height=&#8221;450px&#8221; custom_padding=&#8221;32px|24px|32px|24px|true|true&#8221; custom_css_main_element=&#8221;display: flex;||flex-direction: column;||justify-content: flex-end;||height: 100%;&#8221; custom_css_blurb_title=&#8221;padding-bottom: 48px;&#8221; border_radii=&#8221;on|25px|25px|25px|25px&#8221; global_colors_info=&#8221;{%22gcid-4ad3f847-7c47-4fbe-bc12-42bb1c3f69ad%22:%91%22background_color%22%93}&#8221; sticky_enabled=&#8221;0&#8243; image_icon_width=&#8221;48px&#8221; icon_alignment=&#8221;left&#8221;]<\/p>\n<p>Cercles \u00edntims on compartir les teves emocions, dubtes, pors i aprenentatges. Un desfogament respectu\u00f3s i profundament hum\u00e0. <\/p>\n<p>[\/et_pb_blurb][\/et_pb_column][et_pb_column type=&#8221;1_4&#8243; _builder_version=&#8221;4.27.4&#8243; _module_preset=&#8221;default&#8221; global_colors_info=&#8221;{}&#8221;][et_pb_blurb title=&#8221;Degustaci\u00f3 i connexi\u00f3&#8221; _builder_version=&#8221;4.27.4&#8243; _module_preset=&#8221;default&#8221; header_level=&#8221;h3&#8243; background_color=&#8221;#f7f9f6&#8243; min_height=&#8221;350px&#8221; min_height_tablet=&#8221;&#8221; min_height_phone=&#8221;450px&#8221; min_height_last_edited=&#8221;on|phone&#8221; height=&#8221;450px&#8221; custom_padding=&#8221;32px|24px|32px|24px|true|true&#8221; custom_css_main_element=&#8221;display: flex;||flex-direction: column;||justify-content: flex-end;||height: 100%;&#8221; custom_css_blurb_title=&#8221;padding-bottom: 48px;&#8221; border_radii=&#8221;on|25px|25px|25px|25px&#8221; global_colors_info=&#8221;{%22gcid-4ad3f847-7c47-4fbe-bc12-42bb1c3f69ad%22:%91%22background_color%22%93,%22gcid-bacc0458-658d-4585-82c3-3aea32d6623b%22:%91%22background_color%22%93}&#8221; sticky_enabled=&#8221;0&#8243; image_icon_width=&#8221;48px&#8221; icon_alignment=&#8221;left&#8221;]<\/p>\n<p>Despr\u00e9s de cada trobada, et convidem a seguir la xerrada a iCanyella Degustaci\u00f3. Un caf\u00e8, un past\u00eds sense sucre i una conversa que continua sense presses. <\/p>\n<p>[\/et_pb_blurb][\/et_pb_column][et_pb_column type=&#8221;1_4&#8243; _builder_version=&#8221;4.27.4&#8243; _module_preset=&#8221;default&#8221; global_colors_info=&#8221;{}&#8221;][et_pb_blurb title=&#8221;Descobriment a la Botiga&#8221; _builder_version=&#8221;4.27.4&#8243; _module_preset=&#8221;default&#8221; header_level=&#8221;h3&#8243; background_color=&#8221;#f7f9f6&#8243; min_height=&#8221;350px&#8221; min_height_tablet=&#8221;&#8221; min_height_phone=&#8221;450px&#8221; min_height_last_edited=&#8221;on|phone&#8221; height=&#8221;450px&#8221; custom_padding=&#8221;32px|24px|32px|24px|true|true&#8221; custom_css_main_element=&#8221;display: flex;||flex-direction: column;||justify-content: flex-end;||height: 100%;&#8221; custom_css_blurb_title=&#8221;padding-bottom: 48px;&#8221; border_radii=&#8221;on|25px|25px|25px|25px&#8221; global_colors_info=&#8221;{%22gcid-1b354d84-96f8-497e-9dcb-18a440b96e1d%22:%91%22background_color%22%93}&#8221; sticky_enabled=&#8221;0&#8243; image_icon_width=&#8221;48px&#8221; icon_alignment=&#8221;left&#8221;]<\/p>\n<p>Despr\u00e9s de cada sessi\u00f3 podeu explorar la Botiga, un espai ple de productes seleccionats especialment per a mares i nadons. <\/p>\n<p>[\/et_pb_blurb][\/et_pb_column][\/et_pb_row][\/et_pb_section][et_pb_section fb_built=&#8221;1&#8243; _builder_version=&#8221;4.27.4&#8243; _module_preset=&#8221;default&#8221; background_color=&#8221;gcid-1b354d84-96f8-497e-9dcb-18a440b96e1d&#8221; custom_padding=&#8221;32px||||false|false&#8221; da_disable_devices=&#8221;off|off|off&#8221; global_colors_info=&#8221;{%22gcid-1b354d84-96f8-497e-9dcb-18a440b96e1d%22:%91%22background_color%22%93}&#8221; da_is_popup=&#8221;off&#8221; da_exit_intent=&#8221;off&#8221; da_has_close=&#8221;on&#8221; da_alt_close=&#8221;off&#8221; da_dark_close=&#8221;off&#8221; da_not_modal=&#8221;on&#8221; da_is_singular=&#8221;off&#8221; da_with_loader=&#8221;off&#8221; da_has_shadow=&#8221;on&#8221;][et_pb_row _builder_version=&#8221;4.27.4&#8243; _module_preset=&#8221;default&#8221; width=&#8221;85%&#8221; custom_padding=&#8221;||10px||false|false&#8221; global_colors_info=&#8221;{}&#8221;][et_pb_column type=&#8221;4_4&#8243; _builder_version=&#8221;4.27.4&#8243; _module_preset=&#8221;default&#8221; global_colors_info=&#8221;{}&#8221;][et_pb_text _builder_version=&#8221;4.27.4&#8243; _module_preset=&#8221;default&#8221; text_font=&#8221;|||on|||||&#8221; text_font_size=&#8221;15px&#8221; custom_margin=&#8221;||16px||false|false&#8221; global_colors_info=&#8221;{}&#8221;]<\/p>\n<p>CONNEXI\u00d3 | SOLUCIONS | CONFIAN\u00c7A | IDENTITAT<\/p>\n<p>[\/et_pb_text][et_pb_divider color=&#8221;#c3ceba&#8221; divider_weight=&#8221;4px&#8221; divider_weight_tablet=&#8221;4px&#8221; divider_weight_phone=&#8221;4px&#8221; divider_weight_last_edited=&#8221;on|phone&#8221; _builder_version=&#8221;4.27.4&#8243; _module_preset=&#8221;default&#8221; width=&#8221;10%&#8221; width_tablet=&#8221;10%&#8221; width_phone=&#8221;20%&#8221; width_last_edited=&#8221;on|phone&#8221; custom_margin=&#8221;||||false|false&#8221; custom_padding=&#8221;||||false|false&#8221; global_colors_info=&#8221;{%22gcid-b28c49d1-ae4e-40e3-b43c-1f24480115c1%22:%91%22color%22%93}&#8221;][\/et_pb_divider][\/et_pb_column][\/et_pb_row][et_pb_row column_structure=&#8221;3_5,2_5&#8243; custom_padding_last_edited=&#8221;on|phone&#8221; _builder_version=&#8221;4.27.4&#8243; _module_preset=&#8221;default&#8221; background_image=&#8221;https:\/\/melillimonartesania.com\/wp-content\/uploads\/2025\/11\/tribu-el-niu-02-e1764259925717.jpg&#8221; background_position=&#8221;center_left&#8221; width=&#8221;85%&#8221; custom_margin=&#8221;||48px||false|false&#8221; custom_padding=&#8221;|||32px|false|false&#8221; custom_padding_tablet=&#8221;|||32px|false|false&#8221; custom_padding_phone=&#8221;|||6px|false|false&#8221; background_color_phone=&#8221;gcid-secondary-color&#8221; background_last_edited=&#8221;on|phone&#8221; background_enable_color_phone=&#8221;on&#8221; background_enable_image_phone=&#8221;off&#8221; border_radii=&#8221;on|25px|25px|25px|25px&#8221; locked=&#8221;off&#8221; global_colors_info=&#8221;{%22gcid-secondary-color%22:%91%22background_color%22%93,%22gcid-addd33fc-bd3c-4981-8ba3-946726d52bbb%22:%91%22background_color%22%93,%22gcid-b28c49d1-ae4e-40e3-b43c-1f24480115c1%22:%91%22background_color%22%93}&#8221;][et_pb_column type=&#8221;3_5&#8243; _builder_version=&#8221;4.27.4&#8243; _module_preset=&#8221;default&#8221; global_colors_info=&#8221;{}&#8221;][dsm_card title=&#8221;El que imaginem que diran les mares del Niu&#8221; subtitle=&#8221;Somnis, anhels i desitjos que ens inspiren a crear aquest espai segur per a tu.&#8221; image=&#8221;https:\/\/melillimonartesania.com\/wp-content\/uploads\/\/2025\/03\/iconos-art-15.svg&#8221; image_as_background=&#8221;off&#8221; image_width=&#8221;12%&#8221; stretch_image=&#8221;off&#8221; alt=&#8221;Mel i Llimona artesania&#8221; button_url_new_window=&#8221;1&#8243; image_width_tablet=&#8221;12%&#8221; image_width_phone=&#8221;20%&#8221; image_width_last_edited=&#8221;on|phone&#8221; _builder_version=&#8221;4.27.4&#8243; _module_preset=&#8221;default&#8221; header_level=&#8221;h2&#8243; subhead_font=&#8221;&#8211;et_global_heading_font||||||||&#8221; subhead_font_size=&#8221;1.5rem&#8221; use_background_color_gradient=&#8221;on&#8221; background_color_gradient_stops=&#8221;rgba(255,255,255,0.5) 0%|rgba(255,255,255,0.2) 100%&#8221; max_width=&#8221;98%&#8221; custom_padding=&#8221;32px|32px|32px|32px|false|true&#8221; custom_padding_tablet=&#8221;32px|32px|32px|32px|false|true&#8221; custom_padding_phone=&#8221;|8px||8px|false|true&#8221; custom_padding_last_edited=&#8221;on|phone&#8221; hover_enabled=&#8221;0&#8243; subhead_font_size_tablet=&#8221;1.5rem&#8221; subhead_font_size_phone=&#8221;1.3rem&#8221; subhead_font_size_last_edited=&#8221;on|phone&#8221; custom_css_main_element=&#8221;backdrop-filter: blur(10px);&#8221; border_radii=&#8221;on|25px|25px|25px|25px&#8221; border_width_all=&#8221;1px&#8221; border_color_all=&#8221;#FFFFFF&#8221; global_colors_info=&#8221;{}&#8221; sticky_enabled=&#8221;0&#8243;]<\/p>\n<p data-start=\"131\" data-end=\"373\">Tot i que El Niu encara est\u00e0 en proc\u00e9s, visualitzem cada detall pensant com volem que et sentis: acompanyada, escoltada i sostinguda. Imaginem les hist\u00f2ries que un dia compartiran les mares que trobin aqu\u00ed el seu refugi i la seva comunitat. <\/p>\n<p data-start=\"375\" data-end=\"589\">[\/dsm_card][\/et_pb_column][et_pb_column type=&#8221;2_5&#8243; _builder_version=&#8221;4.27.4&#8243; _module_preset=&#8221;default&#8221; global_colors_info=&#8221;{}&#8221;][\/et_pb_column][\/et_pb_row][et_pb_row column_structure=&#8221;1_3,1_3,1_3&#8243; use_custom_gutter=&#8221;on&#8221; gutter_width=&#8221;2&#8243; make_equal=&#8221;on&#8221; _builder_version=&#8221;4.27.4&#8243; _module_preset=&#8221;default&#8221; width=&#8221;85%&#8221; custom_margin=&#8221;32px||32px||true|false&#8221; custom_padding=&#8221;0px||0px||false|false&#8221; global_colors_info=&#8221;{}&#8221;][et_pb_column type=&#8221;1_3&#8243; _builder_version=&#8221;4.27.4&#8243; _module_preset=&#8221;default&#8221; global_colors_info=&#8221;{}&#8221;][et_pb_blurb title=&#8221;Laura, mare primerenca&#8221; _builder_version=&#8221;4.27.4&#8243; _module_preset=&#8221;default&#8221; header_level=&#8221;h3&#8243; min_height=&#8221;300px&#8221; min_height_tablet=&#8221;&#8221; min_height_phone=&#8221;450px&#8221; min_height_last_edited=&#8221;on|phone&#8221; height=&#8221;300px&#8221; custom_padding=&#8221;32px|24px|32px|24px|true|true&#8221; custom_css_main_element=&#8221;display: flex;||flex-direction: column;||justify-content: flex-end;||height: 100%;&#8221; custom_css_blurb_title=&#8221;padding-bottom: 48px;&#8221; border_radii=&#8221;on|25px|25px|25px|25px&#8221; sticky_enabled=&#8221;0&#8243; global_colors_info=&#8221;{%22gcid-secondary-color%22:%91%22icon_color%22%93}&#8221; image_icon_width=&#8221;48px&#8221; icon_alignment=&#8221;left&#8221; background_color=&#8221;#FFFFFF&#8221; header_text_align=&#8221;center&#8221; body_text_align=&#8221;center&#8221; body_font=&#8221;||on||||||&#8221; hover_enabled=&#8221;0&#8243;]<\/p>\n<p>&#8220;Imagino arribar amb cansament i mil dubtes\u2026 i descobrir un lloc on altres mares viuen el mateix que jo. Un espai que em torni la calma i em recordi que no ho he de fer sola.&#8221;<\/p>\n<p>[\/et_pb_blurb][\/et_pb_column][et_pb_column type=&#8221;1_3&#8243; _builder_version=&#8221;4.27.4&#8243; _module_preset=&#8221;default&#8221; global_colors_info=&#8221;{}&#8221;][et_pb_blurb title=&#8221;Nuria, 3 mesos postpart&#8221; _builder_version=&#8221;4.27.4&#8243; _module_preset=&#8221;default&#8221; header_level=&#8221;h3&#8243; background_color=&#8221;#FFFFFF&#8221; min_height=&#8221;300px&#8221; min_height_tablet=&#8221;&#8221; min_height_phone=&#8221;450px&#8221; min_height_last_edited=&#8221;on|phone&#8221; height=&#8221;300px&#8221; custom_padding=&#8221;32px|24px|32px|24px|true|true&#8221; hover_enabled=&#8221;0&#8243; custom_css_main_element=&#8221;display: flex;||flex-direction: column;||justify-content: flex-end;||height: 100%;&#8221; custom_css_blurb_title=&#8221;padding-bottom: 48px;&#8221; border_radii=&#8221;on|25px|25px|25px|25px&#8221; global_colors_info=&#8221;{%22gcid-bacc0458-658d-4585-82c3-3aea32d6623b%22:%91%22background_color%22%93}&#8221; sticky_enabled=&#8221;0&#8243; image_icon_width=&#8221;48px&#8221; icon_alignment=&#8221;left&#8221; header_text_align=&#8221;center&#8221; body_font=&#8221;||on||||||&#8221; body_text_align=&#8221;center&#8221;]<\/p>\n<p>&#8220;Vull tenir un respir setmanal, un lloc on parlar sense por i escoltar professionals que entenguin el que estic vivint. Un espai que m&#8217;ajudi a recuperar seguretat i for\u00e7a.&#8221;<\/p>\n<p>[\/et_pb_blurb][\/et_pb_column][et_pb_column type=&#8221;1_3&#8243; _builder_version=&#8221;4.27.4&#8243; _module_preset=&#8221;default&#8221; global_colors_info=&#8221;{}&#8221;][et_pb_blurb title=&#8221;Marta, mare de Leo&#8221; _builder_version=&#8221;4.27.4&#8243; _module_preset=&#8221;default&#8221; header_level=&#8221;h3&#8243; background_color=&#8221;#FFFFFF&#8221; min_height=&#8221;300px&#8221; min_height_tablet=&#8221;&#8221; min_height_phone=&#8221;450px&#8221; min_height_last_edited=&#8221;on|phone&#8221; height=&#8221;300px&#8221; custom_padding=&#8221;32px|24px|32px|24px|true|true&#8221; hover_enabled=&#8221;0&#8243; custom_css_main_element=&#8221;display: flex;||flex-direction: column;||justify-content: flex-end;||height: 100%;&#8221; custom_css_blurb_title=&#8221;padding-bottom: 48px;&#8221; border_radii=&#8221;on|25px|25px|25px|25px&#8221; global_colors_info=&#8221;{%22gcid-bacc0458-658d-4585-82c3-3aea32d6623b%22:%91%22background_color%22%93,%22gcid-1b354d84-96f8-497e-9dcb-18a440b96e1d%22:%91%22background_color%22,%22background_color%22,%22background_color%22%93}&#8221; sticky_enabled=&#8221;0&#8243; image_icon_width=&#8221;48px&#8221; icon_alignment=&#8221;left&#8221; header_text_align=&#8221;center&#8221; body_font=&#8221;||on||||||&#8221; body_text_align=&#8221;center&#8221;]<\/p>\n<p>&#8220;M&#8217;agradaria trobar un lloc on sentir-me acompanyada de deb\u00f2. Poder prendre&#8217;m un caf\u00e8 tranquil\u00b7la despr\u00e9s d&#8217;una xerrada i connectar amb altres mares que entenguin el meu ritme, les meves pors i les meves alegries.&#8221;<\/p>\n<p>[\/et_pb_blurb][\/et_pb_column][\/et_pb_row][\/et_pb_section][et_pb_section fb_built=&#8221;1&#8243; _builder_version=&#8221;4.27.4&#8243; _module_preset=&#8221;default&#8221; custom_padding=&#8221;32px||||false|false&#8221; da_disable_devices=&#8221;off|off|off&#8221; global_colors_info=&#8221;{}&#8221; da_is_popup=&#8221;off&#8221; da_exit_intent=&#8221;off&#8221; da_has_close=&#8221;on&#8221; da_alt_close=&#8221;off&#8221; da_dark_close=&#8221;off&#8221; da_not_modal=&#8221;on&#8221; da_is_singular=&#8221;off&#8221; da_with_loader=&#8221;off&#8221; da_has_shadow=&#8221;on&#8221;][et_pb_row _builder_version=&#8221;4.27.4&#8243; _module_preset=&#8221;default&#8221; width=&#8221;85%&#8221; custom_padding=&#8221;||10px||false|false&#8221; global_colors_info=&#8221;{}&#8221;][et_pb_column type=&#8221;4_4&#8243; _builder_version=&#8221;4.27.4&#8243; _module_preset=&#8221;default&#8221; global_colors_info=&#8221;{}&#8221;][et_pb_text _builder_version=&#8221;4.27.4&#8243; _module_preset=&#8221;default&#8221; text_font=&#8221;|||on|||||&#8221; text_font_size=&#8221;15px&#8221; custom_margin=&#8221;||16px||false|false&#8221; global_colors_info=&#8221;{}&#8221;]<\/p>\n<p>PR\u00c0CTIC | BENESTAR | ORGANITZACI\u00d3 | FAM\u00cdLIA<\/p>\n<p>[\/et_pb_text][et_pb_divider color=&#8221;#c3ceba&#8221; divider_weight=&#8221;4px&#8221; divider_weight_tablet=&#8221;4px&#8221; divider_weight_phone=&#8221;4px&#8221; divider_weight_last_edited=&#8221;on|phone&#8221; _builder_version=&#8221;4.27.4&#8243; _module_preset=&#8221;default&#8221; width=&#8221;10%&#8221; width_tablet=&#8221;10%&#8221; width_phone=&#8221;20%&#8221; width_last_edited=&#8221;on|phone&#8221; custom_margin=&#8221;||||false|false&#8221; custom_padding=&#8221;||||false|false&#8221; global_colors_info=&#8221;{%22gcid-b28c49d1-ae4e-40e3-b43c-1f24480115c1%22:%91%22color%22%93}&#8221;][\/et_pb_divider][\/et_pb_column][\/et_pb_row][et_pb_row column_structure=&#8221;1_2,1_2&#8243; make_equal=&#8221;on&#8221; custom_padding_last_edited=&#8221;on|phone&#8221; _builder_version=&#8221;4.27.4&#8243; _module_preset=&#8221;default&#8221; width=&#8221;85%&#8221; custom_margin=&#8221;||48px||false|false&#8221; custom_padding=&#8221;||||false|false&#8221; custom_padding_tablet=&#8221;|||32px|false|false&#8221; custom_padding_phone=&#8221;|||6px|false|false&#8221; background_color_phone=&#8221;gcid-secondary-color&#8221; background_enable_color_phone=&#8221;on&#8221; background_enable_image_phone=&#8221;off&#8221; border_radii=&#8221;on|25px|25px|25px|25px&#8221; locked=&#8221;off&#8221; global_colors_info=&#8221;{}&#8221;][et_pb_column type=&#8221;1_2&#8243; _builder_version=&#8221;4.27.4&#8243; _module_preset=&#8221;default&#8221; global_colors_info=&#8221;{}&#8221;][et_pb_text _builder_version=&#8221;4.27.4&#8243; _module_preset=&#8221;default&#8221; background_image=&#8221;https:\/\/melillimonartesania.com\/wp-content\/uploads\/2025\/11\/tribu-el-niu-05.jpg&#8221; max_width_tablet=&#8221;&#8221; max_width_phone=&#8221;&#8221; max_width_last_edited=&#8221;on|phone&#8221; min_height=&#8221;100%&#8221; min_height_tablet=&#8221;100%&#8221; min_height_phone=&#8221;250px&#8221; min_height_last_edited=&#8221;on|desktop&#8221; custom_padding=&#8221;||||false|false&#8221; border_radii=&#8221;on|25px|25px|25px|25px&#8221; global_colors_info=&#8221;{}&#8221;][\/et_pb_text][\/et_pb_column][et_pb_column type=&#8221;1_2&#8243; _builder_version=&#8221;4.27.4&#8243; _module_preset=&#8221;default&#8221; global_colors_info=&#8221;{}&#8221;][dsm_card title=&#8221;Et perdr\u00e0s la propera trobada del Niu a iCanyella?&#8221; subtitle=&#8221;Les places s\u00f3n limitades i la comunitat creix cada setmana.&#8221; image=&#8221;https:\/\/melillimonartesania.com\/wp-content\/uploads\/\/2025\/03\/melillimona_icono_outline-13.svg&#8221; image_as_background=&#8221;off&#8221; alt=&#8221;Icona de pintat de mobles&#8221; button_text=&#8221;Vull ser part de la tribu&#8221; button_url=&#8221;#tribu-el-niu&#8221; _builder_version=&#8221;4.27.4&#8243; _module_preset=&#8221;ef4f739f-b387-4166-b90e-e1ec1735fd83&#8243; hover_enabled=&#8221;0&#8243; global_colors_info=&#8221;{%22gcid-ea1c1278-6cf6-404f-8711-db865d34c7af%22:%91%22button_bg_color__hover%22,%22button_bg_color__hover%22%93,%22gcid-1b354d84-96f8-497e-9dcb-18a440b96e1d%22:%91%22background_color%22%93}&#8221; sticky_enabled=&#8221;0&#8243;]<\/p>\n<p>Cada sessi\u00f3 transforma. T&#8217;emportes alleugeriment, claredat i connexi\u00f3. Si no t&#8217;uneixes ara, podries perdre&#8217;t el suport que necessites just en aquest moment tan intens i delicat.  <\/p>\n<p>Beneficis recordatoris:<br \/>\u2013 Trobar\u00e0s suport emocional immediat<br \/>\u2013 Connectar\u00e0s amb altres mares com tu<br \/>\u2013 Accedir\u00e0s a xerrades professionals que faciliten el teu dia a dia<\/p>\n<p>[\/dsm_card][\/et_pb_column][\/et_pb_row][\/et_pb_section][et_pb_section fb_built=&#8221;1&#8243; _builder_version=&#8221;4.27.4&#8243; _module_preset=&#8221;default&#8221; background_color=&#8221;gcid-1469c84a-e8c4-4b03-acbf-14ee6ff228e8&#8243; custom_padding=&#8221;32px||32px||true|false&#8221; da_disable_devices=&#8221;off|off|off&#8221; locked=&#8221;off&#8221; global_colors_info=&#8221;{%22gcid-1469c84a-e8c4-4b03-acbf-14ee6ff228e8%22:%91%22background_color%22%93}&#8221; da_is_popup=&#8221;off&#8221; da_exit_intent=&#8221;off&#8221; da_has_close=&#8221;on&#8221; da_alt_close=&#8221;off&#8221; da_dark_close=&#8221;off&#8221; da_not_modal=&#8221;on&#8221; da_is_singular=&#8221;off&#8221; da_with_loader=&#8221;off&#8221; da_has_shadow=&#8221;on&#8221;][et_pb_row _builder_version=&#8221;4.27.4&#8243; _module_preset=&#8221;default&#8221; custom_padding=&#8221;||0px||false|false&#8221; global_colors_info=&#8221;{}&#8221;][et_pb_column type=&#8221;4_4&#8243; _builder_version=&#8221;4.27.4&#8243; _module_preset=&#8221;default&#8221; global_colors_info=&#8221;{}&#8221;][dsm_card title=&#8221;Confirma el teu registre a la %22Tribu El Niu%22&#8243; subtitle=&#8221;Completa les teves dades i fa el primer pas cap a una maternitat acompanyada&#8221; badge_text=&#8221;Badget Text&#8221; button_url_new_window=&#8221;1&#8243; _builder_version=&#8221;4.27.4&#8243; _module_preset=&#8221;default&#8221; header_level=&#8221;h2&#8243; header_text_align=&#8221;center&#8221; subhead_font=&#8221;&#8211;et_global_heading_font||||||||&#8221; subhead_text_align=&#8221;center&#8221; subhead_font_size=&#8221;22px&#8221; global_colors_info=&#8221;{}&#8221;][\/dsm_card][\/et_pb_column][\/et_pb_row][et_pb_row module_id=&#8221;tribu-el-niu&#8221; _builder_version=&#8221;4.27.4&#8243; _module_preset=&#8221;default&#8221; background_color=&#8221;gcid-1b354d84-96f8-497e-9dcb-18a440b96e1d&#8221; width=&#8221;70%&#8221; custom_padding=&#8221;40px|40px|32px|40px|false|true&#8221; border_radii=&#8221;on|25px|25px|25px|25px&#8221; global_colors_info=&#8221;{%22gcid-1b354d84-96f8-497e-9dcb-18a440b96e1d%22:%91%22background_color%22%93}&#8221;][et_pb_column type=&#8221;4_4&#8243; _builder_version=&#8221;4.27.4&#8243; _module_preset=&#8221;default&#8221; global_colors_info=&#8221;{}&#8221;][et_pb_text _builder_version=&#8221;4.27.4&#8243; _module_preset=&#8221;default&#8221; global_colors_info=&#8221;{}&#8221;]<\/p>\n<div class='fluentform ff-default fluentform_wrapper_10 ffs_custom_wrap'><form data-form_id=\"10\" id=\"fluentform_10\" class=\"frm-fluent-form fluent_form_10 ff-el-form-top ff_form_instance_10_2 ff-form-loading ff-form-has-steps ff_has_v3_recptcha ff_has_v3_recptcha ffs_custom\" data-form_instance=\"ff_form_instance_10_2\" method=\"POST\" data-recptcha_key=\"6LdyFv0rAAAAAOlFi5QeJ7uP2FH368-TamcqHnYH\" ><fieldset  style=\"border: none!important;margin: 0!important;padding: 0!important;background-color: transparent!important;box-shadow: none!important;outline: none!important; min-inline-size: 100%;\">\n                    <legend class=\"ff_screen_reader_title\" style=\"display: block; margin: 0!important;padding: 0!important;height: 0!important;text-indent: -999999px;width: 0!important;overflow:hidden;\">Tribu El Niu<\/legend>        <div\n                style=\"display: none!important; position: absolute!important; transform: translateX(1000%)!important;\"\n                class=\"ff-el-group ff-hpsf-container\"\n        >\n            <div class=\"ff-el-input--label asterisk-right\">\n                <label for=\"ff_10_item_sf\" aria-label=\"Subscribe\">\n                    Subscribe                <\/label>\n            <\/div>\n            <div class=\"ff-el-input--content\">\n                <input type=\"text\"\n                       name=\"item_10__fluent_sf\"\n                       class=\"ff-el-form-control\"\n                       id=\"ff_10_item_sf\"\n                \/>\n            <\/div>\n        <\/div>\n        <input type='hidden' name='__fluent_form_embded_post_id' value='7955' \/><input type=\"hidden\" id=\"_fluentform_10_fluentformnonce\" name=\"_fluentform_10_fluentformnonce\" value=\"b96469bb8f\" \/><input type=\"hidden\" name=\"_wp_http_referer\" value=\"\/ca\/wp-json\/wp\/v2\/pages\/7955\" \/><div class='ff-step-container' data-name=\"step_start-10_6\" data-disable_auto_focus=\"no\" data-enable_auto_slider=\"no\" data-enable_step_data_persistency=\"no\" data-enable_step_page_resume=\"no\" data-animation_type=\"slide\" ><div class='ff-step-header'><ul class='ff-step-titles'><li class='ff_active'><span><\/span><\/li><li><span><\/span><\/li><li><span><\/span><\/li><\/ul><\/div><span class='ff_step_start'><\/span><div class='ff-step-body'><div class=\"fluentform-step active\" data-name=\"step_start-10_6\" data-disable_auto_focus=\"no\" data-enable_auto_slider=\"no\" data-enable_step_data_persistency=\"no\" data-enable_step_page_resume=\"no\" data-animation_type=\"slide\" ><div class='ff-el-group  ff-custom_html' tabindex='-1' data-name=\"custom_html-10_1\" ><div class=\"hero-header\">\n<h3 class=\"hero-title\"><span class=\"title-main\">Empecemos por lo b\u00e1sico<\/span> <span class=\"title-sub\">Los datos esenciales para conectar contigo<\/span><\/h3>\n<div class=\"hero-divider\">\n<div class=\"divider-line\">\u00a0<\/div>\n<div class=\"divider-icon\"><span class=\"agsdi-icon icon-especial\" style=\"color: #6a7c6a!important;font-size: 34px\" data-icon=\"agsdix-seth-icon_chat_alt\">icon_chat_alt icon<\/span><\/div>\n<div class=\"divider-line\">\u00a0<\/div>\n<\/div>\n<\/div><\/div><div data-type=\"name-element\" data-name=\"names\" class=\" ff-field_container ff-name-field-wrapper\" ><div class='ff-t-container'><div class='ff-t-cell '><div class='ff-el-group ff-el-form-top'><div class=\"ff-el-input--label ff-el-is-required asterisk-right\"><label for='ff_10_2_names_first_name_' id='label_ff_10_2_names_first_name_' >Nombre<\/label><\/div><div class='ff-el-input--content'><input type=\"text\" name=\"names[first_name]\" id=\"ff_10_2_names_first_name_\" class=\"ff-el-form-control\" placeholder=\"Introduce tu nombre\" aria-invalid=\"false\" aria-required=true><\/div><\/div><\/div><div class='ff-t-cell '><div class='ff-el-group ff-el-form-top'><div class=\"ff-el-input--label ff-el-is-required asterisk-right\"><label for='ff_10_2_names_last_name_' id='label_ff_10_2_names_last_name_' >Apellidos<\/label><\/div><div class='ff-el-input--content'><input type=\"text\" name=\"names[last_name]\" id=\"ff_10_2_names_last_name_\" class=\"ff-el-form-control\" placeholder=\"Introduce tus apellidos\" aria-invalid=\"false\" aria-required=true><\/div><\/div><\/div><\/div><\/div><div data-name=\"ff_cn_id_1\"  class='ff-t-container ff-column-container ff_columns_total_2 '><div class='ff-t-cell ff-t-column-1' style='flex-basis: 50%;'><div class='ff-el-group'><div class=\"ff-el-input--label ff-el-is-required asterisk-right\"><label for='ff_10_2_email' id='label_ff_10_2_email' aria-label=\"Correo electr\u00f3nico\">Correo electr\u00f3nico<\/label><\/div><div class='ff-el-input--content'><input type=\"email\" name=\"email\" id=\"ff_10_2_email\" class=\"ff-el-form-control\" placeholder=\"Email\" data-name=\"email\"  aria-invalid=\"false\" aria-required=true><\/div><\/div><\/div><div class='ff-t-cell ff-t-column-2' style='flex-basis: 50%;'><div class='ff-el-group'><div class=\"ff-el-input--label ff-el-is-required asterisk-right\"><label for='ff_10_2_phone' id='label_ff_10_2_phone' aria-label=\"Phone\/Mobile\">Phone\/Mobile<\/label><\/div><div class='ff-el-input--content'><input name=\"phone\" class=\"ff-el-form-control ff-el-phone\" type=\"tel\" placeholder=\"Tel\u00e9fono\" data-name=\"phone\" id=\"ff_10_2_phone\" inputmode=\"tel\"  aria-invalid='false' aria-required=true><\/div><\/div><\/div><\/div><div class='step-nav ff_step_nav_last'><button style='float: left;'  type='button' data-action='prev' class='ff-btn ff-btn-prev ff-btn-secondary' aria-label='Anterior'>Anterior<\/button><button style='float: right;'  type='button' data-action='next' class='ff-float-right ff-btn ff-btn-next ff-btn-secondary' aria-label='Siguiente'>Siguiente<\/button><\/div><\/div><div style='display: none;' class=\" fluentform-step\" data-name=\"form_step-10_2\" ><div class='ff-el-group  ff-custom_html' tabindex='-1' data-name=\"custom_html-10_3\" ><div class=\"hero-header\">\n<h3 class=\"hero-title\"><span class=\"title-main\">Cu\u00e9ntanos sobre tu beb\u00e9 y t\u00fa<\/span> <span class=\"title-sub\">Comparte este momento especial de vidas<\/span><\/h3>\n<div class=\"hero-divider\">\n<div class=\"divider-line\">\u00a0<\/div>\n<div class=\"divider-icon\"><span class=\"agsdi-icon icon-especial\" style=\"color: #6a7c6a!important;font-size: 34px\" data-icon=\"agsdix-sele-heart_baloons\">heart_baloons icon<\/span><\/div>\n<div class=\"divider-line\">\u00a0<\/div>\n<\/div>\n<\/div><\/div><div data-name=\"ff_cn_id_2\"  class='ff-t-container ff-column-container ff_columns_total_2 contenedor'><div class='ff-t-cell ff-t-column-1' style='flex-basis: 50%;'><div class='ff-el-group izquierda'><div class=\"ff-el-input--label ff-el-is-required asterisk-right\"><label for='ff_10_2_datetime' id='label_ff_10_2_datetime' aria-label=\"Fecha prevista de parto \/ Fecha de nacimiento de tu beb\u00e9\">Fecha prevista de parto \/ Fecha de nacimiento de tu beb\u00e9<\/label><\/div><div class='ff-el-input--content'><input  aria-label='Fecha prevista de parto \/ Fecha de nacimiento de tu beb\u00e9 Use arrow keys to navigate dates. Press enter to select a date.'  aria-haspopup='dialog' data-type-datepicker data-format='d\/m\/Y' type=\"text\" name=\"datetime\" id=\"ff_10_2_datetime\" class=\"ff-el-form-control ff-el-datepicker\" data-name=\"datetime\"  aria-invalid='false' aria-required=true><\/div><\/div><\/div><div class='ff-t-cell ff-t-column-2' style='flex-basis: 50%;'><div class='ff-el-group derecha'><div class=\"ff-el-input--label ff-el-is-required asterisk-right\"><label   aria-label=\"\u00bfEs tu primer hijo?\">\u00bfEs tu primer hijo?<\/label><\/div><div class='ff-el-input--content'><div class='ff-el-form-check ff-el-form-check-'><label class='ff-el-form-check-label' for='input_radio_a11bdf8d3502f9d1e22d10b60296b66d'><input  type=\"radio\" name=\"input_radio\" data-name=\"input_radio\" class=\"ff-el-form-check-input ff-el-form-check-radio\" value=\"Si\"  id='input_radio_a11bdf8d3502f9d1e22d10b60296b66d' aria-label='Si' aria-invalid='false' aria-required=true> <span>Si<\/span><\/label><\/div><div class='ff-el-form-check ff-el-form-check-'><label class='ff-el-form-check-label' for='input_radio_60613290dd92a54663d0624a2ca70ea4'><input  type=\"radio\" name=\"input_radio\" data-name=\"input_radio\" class=\"ff-el-form-check-input ff-el-form-check-radio\" value=\"no\"  id='input_radio_60613290dd92a54663d0624a2ca70ea4' aria-label='No' aria-invalid='false' aria-required=true> <span>No<\/span><\/label><\/div><\/div><\/div><\/div><\/div><div data-name=\"ff_cn_id_3\"  class='ff-t-container ff-column-container ff_columns_total_2 contenedor'><div class='ff-t-cell ff-t-column-1' style='flex-basis: 50%;'><div class='ff-el-group izquierda'><div class=\"ff-el-input--label ff-el-is-required asterisk-right\"><label   aria-label=\"\u00bfQu\u00e9 te gustar\u00eda encontrar en la tribu?\">\u00bfQu\u00e9 te gustar\u00eda encontrar en la tribu?<\/label><\/div><div class='ff-el-input--content'><div class='ff-el-form-check ff-el-form-check-'><label class='ff-el-form-check-label' for='checkbox_1_7f7eb17a4537a2171c6fa75e63de2f34'><input  type=\"checkbox\" name=\"checkbox_1[]\" data-name=\"checkbox_1\" class=\"ff-el-form-check-input ff-el-form-check-checkbox\" value=\"Apoyo emocional y amistades\"  id='checkbox_1_7f7eb17a4537a2171c6fa75e63de2f34' aria-label='Apoyo emocional y amistades' aria-invalid='false' aria-required=true> <span>Apoyo emocional y amistades<\/span><\/label><\/div><div class='ff-el-form-check ff-el-form-check-'><label class='ff-el-form-check-label' for='checkbox_1_7f93b6d2c5e7ad669ae99c422d3c94b4'><input  type=\"checkbox\" name=\"checkbox_1[]\" data-name=\"checkbox_1\" class=\"ff-el-form-check-input ff-el-form-check-checkbox\" value=\"Talleres pr\u00e1cticos\"  id='checkbox_1_7f93b6d2c5e7ad669ae99c422d3c94b4' aria-label='Talleres pr\u00e1cticos' aria-invalid='false' aria-required=true> <span>Talleres pr\u00e1cticos<\/span><\/label><\/div><div class='ff-el-form-check ff-el-form-check-'><label class='ff-el-form-check-label' for='checkbox_1_04748c7f3c7f6b30b04e3577150ed5ef'><input  type=\"checkbox\" name=\"checkbox_1[]\" data-name=\"checkbox_1\" class=\"ff-el-form-check-input ff-el-form-check-checkbox\" value=\"Actividades con beb\u00e9\"  id='checkbox_1_04748c7f3c7f6b30b04e3577150ed5ef' aria-label='Actividades con beb\u00e9' aria-invalid='false' aria-required=true> <span>Actividades con beb\u00e9<\/span><\/label><\/div><\/div><\/div><\/div><div class='ff-t-cell ff-t-column-2' style='flex-basis: 50%;'><div class='ff-el-group derecha'><div class=\"ff-el-input--label asterisk-right\"><label for='ff_10_2_description' id='label_ff_10_2_description' aria-label=\"Tu mayor desaf\u00edo actual como madre primeriza\">Tu mayor desaf\u00edo actual como madre primeriza<\/label><\/div><div class='ff-el-input--content'><textarea aria-required=\"false\" aria-labelledby=\"label_ff_10_2_description\" name=\"description\" id=\"ff_10_2_description\" class=\"ff-el-form-control\" placeholder=\"&quot;Cu\u00e9ntanos en una frase qu\u00e9 se te est\u00e1 haciendo m\u00e1s cuesta arriba...&quot;\" rows=\"4\" cols=\"2\" data-name=\"description\" ><\/textarea><\/div><\/div><\/div><\/div><div class='step-nav ff_step_nav_last'><button style='float: left;'  type='button' data-action='prev' class='ff-btn ff-btn-prev ff-btn-secondary' aria-label='Anterior'>Anterior<\/button><button style='float: right;'  type='button' data-action='next' class='ff-float-right ff-btn ff-btn-next ff-btn-secondary' aria-label='Siguiente'>Siguiente<\/button><\/div><\/div><div style='display: none;' class=\" fluentform-step\" data-name=\"form_step-10_4\" ><div class='ff-el-group  ff-custom_html' tabindex='-1' data-name=\"custom_html-10_5\" ><div class=\"hero-header\">\n<h3 class=\"hero-title\"><span class=\"title-main\">Tus horarios y preferencias<\/span> <span class=\"title-sub\">Y adaptaremos la tribu a tu ritmo de vida<\/span><\/h2>\n<div class=\"hero-divider\">\n<div class=\"divider-line\">\u00a0<\/div>\n<div class=\"divider-icon\"><span class=\"agsdi-icon icon-especial\" style=\"color: #6a7c6a!important;font-size: 34px\" data-icon=\"agsdix-seth-icon_calendar\">icon_calendar icon<\/span><\/div>\n<div class=\"divider-line\">\u00a0<\/div>\n<\/div>\n<\/div><\/div><div data-name=\"ff_cn_id_4\"  class='ff-t-container ff-column-container ff_columns_total_2 contenedor'><div class='ff-t-cell ff-t-column-1' style='flex-basis: 50%;'><div class='ff-el-group izquierda'><div class=\"ff-el-input--label ff-el-is-required asterisk-right\"><label   aria-label=\"\u00bfQu\u00e9 d\u00edas prefieres para los encuentros?\">\u00bfQu\u00e9 d\u00edas prefieres para los encuentros?<\/label><\/div><div class='ff-el-input--content'><div class='ff-el-form-check ff-el-form-check-'><label class='ff-el-form-check-label' for='checkbox_5ce03f96a977ac83816f8e126f7b9748'><input  type=\"checkbox\" name=\"checkbox[]\" data-name=\"checkbox\" class=\"ff-el-form-check-input ff-el-form-check-checkbox\" value=\"Lunes\"  id='checkbox_5ce03f96a977ac83816f8e126f7b9748' aria-label='Lunes' aria-invalid='false' aria-required=true> <span>Lunes<\/span><\/label><\/div><div class='ff-el-form-check ff-el-form-check-'><label class='ff-el-form-check-label' for='checkbox_6ea42eb68d9a0e4a4af5c6cabc59fc5f'><input  type=\"checkbox\" name=\"checkbox[]\" data-name=\"checkbox\" class=\"ff-el-form-check-input ff-el-form-check-checkbox\" value=\"Martes\"  id='checkbox_6ea42eb68d9a0e4a4af5c6cabc59fc5f' aria-label='Martes' aria-invalid='false' aria-required=true> <span>Martes<\/span><\/label><\/div><div class='ff-el-form-check ff-el-form-check-'><label class='ff-el-form-check-label' for='checkbox_d5dc4730753281e15205c358b9e7ed26'><input  type=\"checkbox\" name=\"checkbox[]\" data-name=\"checkbox\" class=\"ff-el-form-check-input ff-el-form-check-checkbox\" value=\"Mi\u00e9rcoles\"  id='checkbox_d5dc4730753281e15205c358b9e7ed26' aria-label='Mi\u00e9rcoles' aria-invalid='false' aria-required=true> <span>Mi\u00e9rcoles<\/span><\/label><\/div><div class='ff-el-form-check ff-el-form-check-'><label class='ff-el-form-check-label' for='checkbox_68ac2f4a0bee71b4cd851040e2e0230b'><input  type=\"checkbox\" name=\"checkbox[]\" data-name=\"checkbox\" class=\"ff-el-form-check-input ff-el-form-check-checkbox\" value=\"Jueves\"  id='checkbox_68ac2f4a0bee71b4cd851040e2e0230b' aria-label='Jueves' aria-invalid='false' aria-required=true> <span>Jueves<\/span><\/label><\/div><div class='ff-el-form-check ff-el-form-check-'><label class='ff-el-form-check-label' for='checkbox_fb7e47e8a66eb0fcf47f0216676034c9'><input  type=\"checkbox\" name=\"checkbox[]\" data-name=\"checkbox\" class=\"ff-el-form-check-input ff-el-form-check-checkbox\" value=\"Viernes\"  id='checkbox_fb7e47e8a66eb0fcf47f0216676034c9' aria-label='Viernes' aria-invalid='false' aria-required=true> <span>Viernes<\/span><\/label><\/div><div class='ff-el-form-check ff-el-form-check-'><label class='ff-el-form-check-label' for='checkbox_d4d00025978c8b1e1a9c2e61cbe8496d'><input  type=\"checkbox\" name=\"checkbox[]\" data-name=\"checkbox\" class=\"ff-el-form-check-input ff-el-form-check-checkbox\" value=\"S\u00e1bado\"  id='checkbox_d4d00025978c8b1e1a9c2e61cbe8496d' aria-label='S\u00e1bado' aria-invalid='false' aria-required=true> <span>S\u00e1bado<\/span><\/label><\/div><div class='ff-el-form-check ff-el-form-check-'><label class='ff-el-form-check-label' for='checkbox_14465cbfccbb5067d2666b1de592dc82'><input  type=\"checkbox\" name=\"checkbox[]\" data-name=\"checkbox\" class=\"ff-el-form-check-input ff-el-form-check-checkbox\" value=\"Domingo\"  id='checkbox_14465cbfccbb5067d2666b1de592dc82' aria-label='Domingo' aria-invalid='false' aria-required=true> <span>Domingo<\/span><\/label><\/div><\/div><\/div><\/div><div class='ff-t-cell ff-t-column-2' style='flex-basis: 50%;'><div class='ff-el-group derecha'><div class=\"ff-el-input--label ff-el-is-required asterisk-right\"><label   aria-label=\"\u00bfPrefieres ma\u00f1anas o tardes?\">\u00bfPrefieres ma\u00f1anas o tardes?<\/label><\/div><div class='ff-el-input--content'><div class='ff-el-form-check ff-el-form-check-'><label class='ff-el-form-check-label' for='input_radio_1_52a7b1c2de310a8d430d81db243f6776'><input  type=\"radio\" name=\"input_radio_1\" data-name=\"input_radio_1\" class=\"ff-el-form-check-input ff-el-form-check-radio\" value=\"Ma\u00f1anas\"  id='input_radio_1_52a7b1c2de310a8d430d81db243f6776' aria-label='Ma\u00f1anas' aria-invalid='false' aria-required=true> <span>Ma\u00f1anas<\/span><\/label><\/div><div class='ff-el-form-check ff-el-form-check-'><label class='ff-el-form-check-label' for='input_radio_1_89d6f9f7aebf29117a1f5dd2e0b82660'><input  type=\"radio\" name=\"input_radio_1\" data-name=\"input_radio_1\" class=\"ff-el-form-check-input ff-el-form-check-radio\" value=\"Tardes\"  id='input_radio_1_89d6f9f7aebf29117a1f5dd2e0b82660' aria-label='Tardes' aria-invalid='false' aria-required=true> <span>Tardes<\/span><\/label><\/div><\/div><\/div><\/div><\/div>        <div class=\"ff-step-t-container ff-inner_submit_container ff-column-container ff_columns_total_2\">\n            <div class=\"ff-t-cell ff-t-column-1\"><div class='step-nav ff_step_nav_last'><button style='float: left;'  type='button' data-action='prev' class='ff-btn ff-btn-prev ff-btn-secondary' aria-label='Previous'>Previous<\/button><\/div><\/div>\n            <div class=\"ff-t-cell ff-t-column-2\">\n                <div class='ff-el-group ff-text-left boton-final ff_submit_btn_wrapper'><button type=\"submit\" class=\"ff-btn ff-btn-submit ff-btn-md ff_btn_style\"  aria-label=\"\u00a1Quiero conocer a mi tribu!\">\u00a1Quiero conocer a mi tribu!<\/button><\/div>            <\/div>\n        <\/div>\n        <\/div><\/div><\/div>\n        <\/fieldset><\/form><div id='fluentform_10_errors' class='ff-errors-in-stack ff_form_instance_10_2 ff-form-loading_errors ff_form_instance_10_2_errors'><\/div><\/div>            <script type=\"text\/javascript\">\n                window.fluent_form_ff_form_instance_10_2 = {\"id\":\"10\",\"ajaxUrl\":\"https:\\\/\\\/melillimonartesania.com\\\/wp-admin\\\/admin-ajax.php\",\"settings\":{\"layout\":{\"labelPlacement\":\"top\",\"asteriskPlacement\":\"asterisk-right\",\"helpMessagePlacement\":\"with_label\",\"errorMessagePlacement\":\"inline\",\"cssClassName\":\"\"},\"restrictions\":{\"denyEmptySubmission\":{\"enabled\":false}}},\"form_instance\":\"ff_form_instance_10_2\",\"form_id_selector\":\"fluentform_10\",\"rules\":{\"names[first_name]\":{\"required\":{\"value\":true,\"message\":\"Este campo es obligatorio\",\"global_message\":\"Este campo es obligatorio\",\"global\":true}},\"names[middle_name]\":{\"required\":{\"value\":false,\"message\":\"Este campo es obligatorio\",\"global_message\":\"Este campo es obligatorio\",\"global\":true}},\"names[last_name]\":{\"required\":{\"value\":true,\"message\":\"Este campo es obligatorio\",\"global_message\":\"Este campo es obligatorio\",\"global\":true}},\"email\":{\"required\":{\"value\":true,\"message\":\"Este campo es obligatorio\",\"global_message\":\"Este campo es obligatorio\",\"global\":true},\"email\":{\"value\":true,\"message\":\"Este campo debe contener un correo electr\\u00f3nico v\\u00e1lido\",\"global_message\":\"Este campo debe contener un correo electr\\u00f3nico v\\u00e1lido\",\"global\":true}},\"phone\":{\"required\":{\"value\":true,\"global\":true,\"message\":\"Este campo es obligatorio\",\"global_message\":\"Este campo es obligatorio\"},\"valid_phone_number\":{\"value\":false,\"global\":true,\"message\":\"El n\\u00famero de tel\\u00e9fono no es v\\u00e1lido\",\"global_message\":\"El n\\u00famero de tel\\u00e9fono no es v\\u00e1lido\"}},\"datetime\":{\"required\":{\"value\":true,\"message\":\"Este campo es obligatorio\",\"global_message\":\"Este campo es obligatorio\",\"global\":true}},\"input_radio\":{\"required\":{\"value\":true,\"message\":\"Este campo es obligatorio\",\"global_message\":\"Este campo es obligatorio\",\"global\":true}},\"checkbox_1\":{\"required\":{\"value\":true,\"message\":\"Este campo es obligatorio\",\"global_message\":\"Este campo es obligatorio\",\"global\":true}},\"description\":{\"required\":{\"value\":false,\"message\":\"Este campo es obligatorio\",\"global_message\":\"Este campo es obligatorio\",\"global\":true}},\"checkbox\":{\"required\":{\"value\":true,\"message\":\"Este campo es obligatorio\",\"global_message\":\"Este campo es obligatorio\",\"global\":true}},\"input_radio_1\":{\"required\":{\"value\":true,\"message\":\"Este campo es obligatorio\",\"global_message\":\"Este campo es obligatorio\",\"global\":true}}},\"debounce_time\":300};\n                            <\/script>\n            \n<p>[\/et_pb_text][\/et_pb_column][\/et_pb_row][\/et_pb_section][et_pb_section fb_built=&#8221;1&#8243; _builder_version=&#8221;4.27.4&#8243; _module_preset=&#8221;default&#8221; da_disable_devices=&#8221;off|off|off&#8221; global_colors_info=&#8221;{}&#8221; da_is_popup=&#8221;off&#8221; da_exit_intent=&#8221;off&#8221; da_has_close=&#8221;on&#8221; da_alt_close=&#8221;off&#8221; da_dark_close=&#8221;off&#8221; da_not_modal=&#8221;on&#8221; da_is_singular=&#8221;off&#8221; da_with_loader=&#8221;off&#8221; da_has_shadow=&#8221;on&#8221;][et_pb_row _builder_version=&#8221;4.27.4&#8243; _module_preset=&#8221;default&#8221; global_colors_info=&#8221;{}&#8221;][et_pb_column type=&#8221;4_4&#8243; _builder_version=&#8221;4.27.4&#8243; _module_preset=&#8221;default&#8221; global_colors_info=&#8221;{}&#8221;][et_pb_blurb title=&#8221;@ET-DC@eyJkeW5hbWljIjp0cnVlLCJjb250ZW50IjoicG9zdF90aXRsZSIsInNldHRpbmdzIjp7ImJlZm9yZSI6IlByZWd1bnRlcyBmcmVxXHUwMGZjZW50cyAoRkFRcykgc29icmU6ICIsImFmdGVyIjoiIn19@&#8221; content_max_width=&#8221;90%&#8221; _builder_version=&#8221;4.27.4&#8243; _dynamic_attributes=&#8221;title&#8221; _module_preset=&#8221;default&#8221; header_level=&#8221;h2&#8243; header_text_align=&#8221;center&#8221; module_alignment=&#8221;center&#8221; global_colors_info=&#8221;{}&#8221;][\/et_pb_blurb][dsm_faq dsm_accordion_gap=&#8221;16px&#8221; dsm_make_accordion_toggle=&#8221;on&#8221; dsm_open_faq_item=&#8221;on&#8221; dsm_enable_schema_markup=&#8221;on&#8221; dsm_animate_icon=&#8221;on&#8221; dsm_icon_placement=&#8221;right&#8221; dsm_content_padding=&#8221;24px||||false|false&#8221; _builder_version=&#8221;4.27.4&#8243; _module_preset=&#8221;default&#8221; header_level=&#8221;h3&#8243; border_radii_dsm_toggle_open_border=&#8221;on|12px|12px|12px|12px&#8221; border_radii_dsm_toggle_closed_border=&#8221;on|8px|8px|8px|8px&#8221; global_colors_info=&#8221;{}&#8221;][dsm_faq_child dsm_title=&#8221;Qu\u00e8 passa si no puc assistir a totes les trobades?&#8221; dsm_content=&#8221;<\/p>\n<p>Entenem que la maternitat \u00e9s impredictible. No hi ha obligaci\u00f3 dassist\u00e8ncia cont\u00ednua. Pots incorporar-te quan la teva disponibilitat ho permeti a Badalona. L&apos;important \u00e9s que s\u00e0pigues que sempre tindr\u00e0s el teu espai esperant-te quan ho necessitis.   <\/p>\n<p>&#8221; _builder_version=&#8221;4.27.4&#8243; _module_preset=&#8221;default&#8221; global_colors_info=&#8221;{}&#8221; parentOrderClass=&#8221;dsm_faq_0&#8243;][\/dsm_faq_child][dsm_faq_child dsm_title=&#8221;Com manegueu els diferents estils de crian\u00e7a?&#8221; dsm_content=&#8221;<\/p>\n<p>Respectem totes les opcions de crian\u00e7a respectuosa. El nostre espai a Badalona es basa en la diversitat i aprenentatge mutu. Compartim informaci\u00f3 sense imposar criteris, creant un ambient on cada mare decideix des de la seva intu\u00efci\u00f3.  <\/p>\n<p>&#8221; _builder_version=&#8221;4.27.4&#8243; _module_preset=&#8221;default&#8221; global_colors_info=&#8221;{}&#8221; parentOrderClass=&#8221;dsm_faq_0&#8243;][\/dsm_faq_child][dsm_faq_child dsm_title=&#8221;Hi ha cost associat? Qu\u00e8 inclou exactament? &#8221; dsm_content=&#8221;<\/p>\n<p>La membres\u00eda b\u00e0sica de la tribu \u00e9s completament gratu\u00efta i inclou acc\u00e9s a les trobades setmanals i al grup de WhatsApp. Alguns tallers especialitzats o activitats concretes poden tenir un cost simb\u00f2lic per cobrir materials. <\/p>\n<p>&#8221; _builder_version=&#8221;4.27.4&#8243; _module_preset=&#8221;default&#8221; global_colors_info=&#8221;{}&#8221; parentOrderClass=&#8221;dsm_faq_0&#8243;][\/dsm_faq_child][dsm_faq_child dsm_title=&#8221;Qu\u00e8 fer si el meu nad\u00f3 plora durant les activitats?&#8221; dsm_content=&#8221;<\/p>\n<p>Els plors i sons de nad\u00f3 s\u00f3n la banda sonora de les nostres trobades a Badalona. No et preocupis, tots ho entenem. Pots atendre el teu nen amb total naturalitat, sense interrompre la din\u00e0mica del grup.  <\/p>\n<p>&#8221; _builder_version=&#8221;4.27.4&#8243; _module_preset=&#8221;default&#8221; global_colors_info=&#8221;{}&#8221; parentOrderClass=&#8221;dsm_faq_0&#8243;][\/dsm_faq_child][dsm_faq_child dsm_title=&#8221;Puc assistir-hi si el meu beb\u00e8 nom\u00e9s t\u00e9 unes setmanes?&#8221; dsm_content=&#8221;<\/p>\n<p>Per descomptat, rebem mares amb nadons des dels primers dies a Badalona. Adaptem els espais per a la vostra comoditat. Aquests primers mesos s\u00f3n precisament quan m\u00e9s suport necessites i millor et podem acompanyar.  <\/p>\n<p>&#8221; _builder_version=&#8221;4.27.4&#8243; _module_preset=&#8221;default&#8221; global_colors_info=&#8221;{}&#8221; parentOrderClass=&#8221;dsm_faq_0&#8243;][\/dsm_faq_child][dsm_faq_child dsm_title=&#8221;Qu\u00e8 passa si no conec ning\u00fa en arribar-hi?&#8221; dsm_content=&#8221;<\/p>\n<p>La majoria de les nostres mares van arribar sense con\u00e8ixer ning\u00fa. Les nostres amfitriones et rebran i presentaran al grup a Badalona. A la primera sessi\u00f3 ja sentir\u00e0s que pertanys a aquesta comunitat de mares primerenques.  <\/p>\n<p>&#8221; _builder_version=&#8221;4.27.4&#8243; _module_preset=&#8221;default&#8221; global_colors_info=&#8221;{}&#8221; parentOrderClass=&#8221;dsm_faq_0&#8243;][\/dsm_faq_child][dsm_faq_child dsm_title=&#8221;Podr\u00e9 continuar participant quan torni a la feina?&#8221; dsm_content=&#8221;<\/p>\n<p>S\u00ed, oferim horaris flexibles a Badalona, \u200b\u200bincloent-hi caps de setmana i tardes. Moltes mares treballadores mantenen la seva participaci\u00f3 adaptant-la a la nova rutina. La tribu s&apos;ajusta als canvis vitals.  <\/p>\n<p>&#8221; _builder_version=&#8221;4.27.4&#8243; _module_preset=&#8221;default&#8221; global_colors_info=&#8221;{}&#8221; parentOrderClass=&#8221;dsm_faq_0&#8243;][\/dsm_faq_child][\/dsm_faq][\/et_pb_column][\/et_pb_row][\/et_pb_section]<\/p>\n","protected":false},"excerpt":{"rendered":"<p>La maternitat no ha de ser solit\u00e0ria. A la Tribu El Niu de Badalona, \u200b\u200btrobem for\u00e7a a la comunitat, respostes en l&#8217;experi\u00e8ncia compartida i amistats que duren tota la vida. Perqu\u00e8 criar entre tribu \u00e9s criar amb m\u00e9s alegria i menys pes.  <\/p>\n","protected":false},"author":1,"featured_media":7945,"parent":7948,"menu_order":0,"comment_status":"closed","ping_status":"closed","template":"","meta":{"_acf_changed":false,"_et_pb_use_builder":"on","_et_pb_old_content":"","_et_gb_content_width":"","_daim_seo_power":"","_daim_enable_ail":"","footnotes":""},"tags":[],"class_list":["post-7955","page","type-page","status-publish","has-post-thumbnail","hentry"],"acf":[],"yoast_head":"<!-- This site is optimized with the Yoast SEO Premium plugin v27.2 (Yoast SEO v27.4) - https:\/\/yoast.com\/product\/yoast-seo-premium-wordpress\/ -->\n<title>Tribu El Niu - comunitat per a mares primerenques | Badalona - Mel i Llimona &amp; iCanyella: Artesan\u00eda, Gastronom\u00eda y Comunidad en Badalona<\/title>\n<meta name=\"description\" content=\"Ets mare primerenca a Badalona? Troba la teva tribu a El Niu: grup de suport, tallers pr\u00e0ctics i connecta amb mares que s\u00ed que t&#039;entenen.\" \/>\n<meta name=\"robots\" content=\"index, follow, max-snippet:-1, max-image-preview:large, max-video-preview:-1\" \/>\n<link rel=\"canonical\" href=\"https:\/\/melillimonartesania.com\/ca\/troba-la-teva-tribu\/tribu-el-niu-mares-primerenques-badalona\/\" \/>\n<meta property=\"og:locale\" content=\"ca_ES\" \/>\n<meta property=\"og:type\" content=\"article\" \/>\n<meta property=\"og:title\" content=\"Tribu El Niu - comunitat per a mares primerenques | Badalona\" \/>\n<meta property=\"og:description\" content=\"Ets mare primerenca a Badalona? Troba la teva tribu a El Niu: grup de suport, tallers pr\u00e0ctics i connecta amb mares que s\u00ed que t&#039;entenen.\" \/>\n<meta property=\"og:url\" content=\"https:\/\/melillimonartesania.com\/ca\/troba-la-teva-tribu\/tribu-el-niu-mares-primerenques-badalona\/\" \/>\n<meta property=\"og:site_name\" content=\"Mel i Llimona &amp; iCanyella: Artesan\u00eda, Gastronom\u00eda y Comunidad en Badalona\" \/>\n<meta property=\"article:modified_time\" content=\"2025-12-07T11:25:05+00:00\" \/>\n<meta property=\"og:image\" content=\"https:\/\/melillimonartesania.com\/wp-content\/uploads\/2025\/11\/tribu-el-niu-01.jpg\" \/>\n\t<meta property=\"og:image:width\" content=\"1920\" \/>\n\t<meta property=\"og:image:height\" content=\"1080\" \/>\n\t<meta property=\"og:image:type\" content=\"image\/jpeg\" \/>\n<meta name=\"twitter:card\" content=\"summary_large_image\" \/>\n<meta name=\"twitter:label1\" content=\"Temps estimat de lectura\" \/>\n\t<meta name=\"twitter:data1\" content=\"9 minuts\" \/>\n<script type=\"application\/ld+json\" class=\"yoast-schema-graph\">{\"@context\":\"https:\\\/\\\/schema.org\",\"@graph\":[{\"@type\":\"WebPage\",\"@id\":\"https:\\\/\\\/melillimonartesania.com\\\/ca\\\/troba-la-teva-tribu\\\/tribu-el-niu-mares-primerenques-badalona\\\/\",\"url\":\"https:\\\/\\\/melillimonartesania.com\\\/ca\\\/troba-la-teva-tribu\\\/tribu-el-niu-mares-primerenques-badalona\\\/\",\"name\":\"Tribu El Niu - comunitat per a mares primerenques | Badalona - Mel i Llimona &amp; iCanyella: Artesan\u00eda, Gastronom\u00eda y Comunidad en Badalona\",\"isPartOf\":{\"@id\":\"https:\\\/\\\/melillimonartesania.com\\\/ca\\\/#website\"},\"primaryImageOfPage\":{\"@id\":\"https:\\\/\\\/melillimonartesania.com\\\/ca\\\/troba-la-teva-tribu\\\/tribu-el-niu-mares-primerenques-badalona\\\/#primaryimage\"},\"image\":{\"@id\":\"https:\\\/\\\/melillimonartesania.com\\\/ca\\\/troba-la-teva-tribu\\\/tribu-el-niu-mares-primerenques-badalona\\\/#primaryimage\"},\"thumbnailUrl\":\"https:\\\/\\\/melillimonartesania.com\\\/wp-content\\\/uploads\\\/2025\\\/11\\\/tribu-el-niu-01.jpg\",\"datePublished\":\"2025-11-27T22:44:59+00:00\",\"dateModified\":\"2025-12-07T11:25:05+00:00\",\"description\":\"Ets mare primerenca a Badalona? Troba la teva tribu a El Niu: grup de suport, tallers pr\u00e0ctics i connecta amb mares que s\u00ed que t'entenen.\",\"breadcrumb\":{\"@id\":\"https:\\\/\\\/melillimonartesania.com\\\/ca\\\/troba-la-teva-tribu\\\/tribu-el-niu-mares-primerenques-badalona\\\/#breadcrumb\"},\"inLanguage\":\"ca\",\"potentialAction\":[{\"@type\":\"ReadAction\",\"target\":[\"https:\\\/\\\/melillimonartesania.com\\\/ca\\\/troba-la-teva-tribu\\\/tribu-el-niu-mares-primerenques-badalona\\\/\"]}]},{\"@type\":\"ImageObject\",\"inLanguage\":\"ca\",\"@id\":\"https:\\\/\\\/melillimonartesania.com\\\/ca\\\/troba-la-teva-tribu\\\/tribu-el-niu-mares-primerenques-badalona\\\/#primaryimage\",\"url\":\"https:\\\/\\\/melillimonartesania.com\\\/wp-content\\\/uploads\\\/2025\\\/11\\\/tribu-el-niu-01.jpg\",\"contentUrl\":\"https:\\\/\\\/melillimonartesania.com\\\/wp-content\\\/uploads\\\/2025\\\/11\\\/tribu-el-niu-01.jpg\",\"width\":1920,\"height\":1080,\"caption\":\"La tribu el Niu\"},{\"@type\":\"BreadcrumbList\",\"@id\":\"https:\\\/\\\/melillimonartesania.com\\\/ca\\\/troba-la-teva-tribu\\\/tribu-el-niu-mares-primerenques-badalona\\\/#breadcrumb\",\"itemListElement\":[{\"@type\":\"ListItem\",\"position\":1,\"name\":\"Portada\",\"item\":\"https:\\\/\\\/melillimonartesania.com\\\/ca\\\/mel-i-llimona-icanyella\\\/\"},{\"@type\":\"ListItem\",\"position\":2,\"name\":\"Troba la teva tribu a Badalona | connecta amb la teva comunitat\",\"item\":\"https:\\\/\\\/melillimonartesania.com\\\/ca\\\/troba-la-teva-tribu\\\/\"},{\"@type\":\"ListItem\",\"position\":3,\"name\":\"Tribu El Niu &#8211; comunitat per a mares primerenques | Badalona\"}]},{\"@type\":\"WebSite\",\"@id\":\"https:\\\/\\\/melillimonartesania.com\\\/ca\\\/#website\",\"url\":\"https:\\\/\\\/melillimonartesania.com\\\/ca\\\/\",\"name\":\"Mel i Llimona &amp; iCanyella: Artesan\u00eda, Gastronom\u00eda y Comunidad en Badalona\",\"description\":\"Mel i Llimona &amp; iCanyella, un espacio que conserva su esencia artesanal  y a\u00f1ade degustaci\u00f3n ecol\u00f3gica, mercado sostenible y un espacio para la comunidad en Badalona.\",\"publisher\":{\"@id\":\"https:\\\/\\\/melillimonartesania.com\\\/ca\\\/#organization\"},\"potentialAction\":[{\"@type\":\"SearchAction\",\"target\":{\"@type\":\"EntryPoint\",\"urlTemplate\":\"https:\\\/\\\/melillimonartesania.com\\\/ca\\\/?s={search_term_string}\"},\"query-input\":{\"@type\":\"PropertyValueSpecification\",\"valueRequired\":true,\"valueName\":\"search_term_string\"}}],\"inLanguage\":\"ca\"},{\"@type\":[\"Organization\",\"Place\",\"LocalBusiness\"],\"@id\":\"https:\\\/\\\/melillimonartesania.com\\\/ca\\\/#organization\",\"name\":\"Mel i Llimona Creaci\u00f3 Artesanal S.C.C.L.\",\"alternateName\":\"Mel i Llimona iCanyella\",\"url\":\"https:\\\/\\\/melillimonartesania.com\\\/ca\\\/\",\"logo\":{\"@id\":\"https:\\\/\\\/melillimonartesania.com\\\/ca\\\/troba-la-teva-tribu\\\/tribu-el-niu-mares-primerenques-badalona\\\/#local-main-organization-logo\"},\"image\":{\"@id\":\"https:\\\/\\\/melillimonartesania.com\\\/ca\\\/troba-la-teva-tribu\\\/tribu-el-niu-mares-primerenques-badalona\\\/#local-main-organization-logo\"},\"description\":\"Mel i Llimona Artesan\u00eda en Badalona: Desde 2018, somos el taller de referencia para la restauraci\u00f3n profesional de muebles antiguos y el arte del 'hazlo t\u00fa mismo'. Hemos evolucionado a iCanyella en Badalona, un espacio que integra nuestro taller tradicional con un mercado local de artesan\u00eda sostenible y degustaci\u00f3n de productos ecol\u00f3gicos. Vis\u00edtanos para tus proyectos de restauraci\u00f3n, talleres comunitarios y para apoyar el comercio justo en la zona.\",\"numberOfEmployees\":{\"@type\":\"QuantitativeValue\",\"minValue\":\"1\",\"maxValue\":\"10\"},\"address\":{\"@id\":\"https:\\\/\\\/melillimonartesania.com\\\/ca\\\/troba-la-teva-tribu\\\/tribu-el-niu-mares-primerenques-badalona\\\/#local-main-place-address\"},\"telephone\":[\"+34 635 422 982\"],\"contactPoint\":{\"@type\":\"ContactPoint\",\"telephone\":\"+34 635 422 982\",\"email\":\"info@melillimonartesania.com\"},\"openingHoursSpecification\":[{\"@type\":\"OpeningHoursSpecification\",\"dayOfWeek\":[\"Monday\"],\"opens\":\"17:00\",\"closes\":\"20:00\"},{\"@type\":\"OpeningHoursSpecification\",\"dayOfWeek\":[\"Tuesday\",\"Wednesday\",\"Thursday\",\"Friday\"],\"opens\":\"09:00\",\"closes\":\"20:00\"},{\"@type\":\"OpeningHoursSpecification\",\"dayOfWeek\":[\"Saturday\"],\"opens\":\"09:00\",\"closes\":\"14:00\"},{\"@type\":\"OpeningHoursSpecification\",\"dayOfWeek\":[\"Sunday\"],\"opens\":\"00:00\",\"closes\":\"00:00\"}],\"email\":\"hola@melillimonartesania.com\",\"areaServed\":\"Badalona, Barcelona, Maresme\",\"vatID\":\"F56933963\",\"taxID\":\"F56933963\",\"currenciesAccepted\":\"EUR\",\"paymentAccepted\":\"Contado, tarjeta\"},{\"@type\":\"PostalAddress\",\"@id\":\"https:\\\/\\\/melillimonartesania.com\\\/ca\\\/troba-la-teva-tribu\\\/tribu-el-niu-mares-primerenques-badalona\\\/#local-main-place-address\",\"streetAddress\":\"Carrer d'Arn\u00fas, 36\",\"addressLocality\":\"Badalona\",\"postalCode\":\"08911\",\"addressRegion\":\"Catalunya\",\"addressCountry\":\"ES\"},{\"@type\":\"ImageObject\",\"inLanguage\":\"ca\",\"@id\":\"https:\\\/\\\/melillimonartesania.com\\\/ca\\\/troba-la-teva-tribu\\\/tribu-el-niu-mares-primerenques-badalona\\\/#local-main-organization-logo\",\"url\":\"https:\\\/\\\/melillimonartesania.com\\\/wp-content\\\/uploads\\\/2025\\\/09\\\/melillimona-icanyella-black.svg\",\"contentUrl\":\"https:\\\/\\\/melillimonartesania.com\\\/wp-content\\\/uploads\\\/2025\\\/09\\\/melillimona-icanyella-black.svg\",\"width\":135,\"height\":20,\"caption\":\"Mel i Llimona Creaci\u00f3 Artesanal S.C.C.L.\"}]}<\/script>\n<meta name=\"geo.placename\" content=\"Badalona\" \/>\n<meta name=\"geo.region\" content=\"Espanya\" \/>\n<!-- \/ Yoast SEO Premium plugin. -->","yoast_head_json":{"title":"Tribu El Niu - comunitat per a mares primerenques | Badalona - Mel i Llimona &amp; iCanyella: Artesan\u00eda, Gastronom\u00eda y Comunidad en Badalona","description":"Ets mare primerenca a Badalona? Troba la teva tribu a El Niu: grup de suport, tallers pr\u00e0ctics i connecta amb mares que s\u00ed que t'entenen.","robots":{"index":"index","follow":"follow","max-snippet":"max-snippet:-1","max-image-preview":"max-image-preview:large","max-video-preview":"max-video-preview:-1"},"canonical":"https:\/\/melillimonartesania.com\/ca\/troba-la-teva-tribu\/tribu-el-niu-mares-primerenques-badalona\/","og_locale":"ca_ES","og_type":"article","og_title":"Tribu El Niu - comunitat per a mares primerenques | Badalona","og_description":"Ets mare primerenca a Badalona? Troba la teva tribu a El Niu: grup de suport, tallers pr\u00e0ctics i connecta amb mares que s\u00ed que t'entenen.","og_url":"https:\/\/melillimonartesania.com\/ca\/troba-la-teva-tribu\/tribu-el-niu-mares-primerenques-badalona\/","og_site_name":"Mel i Llimona &amp; iCanyella: Artesan\u00eda, Gastronom\u00eda y Comunidad en Badalona","article_modified_time":"2025-12-07T11:25:05+00:00","og_image":[{"width":1920,"height":1080,"url":"https:\/\/melillimonartesania.com\/wp-content\/uploads\/2025\/11\/tribu-el-niu-01.jpg","type":"image\/jpeg"}],"twitter_card":"summary_large_image","twitter_misc":{"Temps estimat de lectura":"9 minuts"},"schema":{"@context":"https:\/\/schema.org","@graph":[{"@type":"WebPage","@id":"https:\/\/melillimonartesania.com\/ca\/troba-la-teva-tribu\/tribu-el-niu-mares-primerenques-badalona\/","url":"https:\/\/melillimonartesania.com\/ca\/troba-la-teva-tribu\/tribu-el-niu-mares-primerenques-badalona\/","name":"Tribu El Niu - comunitat per a mares primerenques | Badalona - Mel i Llimona &amp; iCanyella: Artesan\u00eda, Gastronom\u00eda y Comunidad en Badalona","isPartOf":{"@id":"https:\/\/melillimonartesania.com\/ca\/#website"},"primaryImageOfPage":{"@id":"https:\/\/melillimonartesania.com\/ca\/troba-la-teva-tribu\/tribu-el-niu-mares-primerenques-badalona\/#primaryimage"},"image":{"@id":"https:\/\/melillimonartesania.com\/ca\/troba-la-teva-tribu\/tribu-el-niu-mares-primerenques-badalona\/#primaryimage"},"thumbnailUrl":"https:\/\/melillimonartesania.com\/wp-content\/uploads\/2025\/11\/tribu-el-niu-01.jpg","datePublished":"2025-11-27T22:44:59+00:00","dateModified":"2025-12-07T11:25:05+00:00","description":"Ets mare primerenca a Badalona? Troba la teva tribu a El Niu: grup de suport, tallers pr\u00e0ctics i connecta amb mares que s\u00ed que t'entenen.","breadcrumb":{"@id":"https:\/\/melillimonartesania.com\/ca\/troba-la-teva-tribu\/tribu-el-niu-mares-primerenques-badalona\/#breadcrumb"},"inLanguage":"ca","potentialAction":[{"@type":"ReadAction","target":["https:\/\/melillimonartesania.com\/ca\/troba-la-teva-tribu\/tribu-el-niu-mares-primerenques-badalona\/"]}]},{"@type":"ImageObject","inLanguage":"ca","@id":"https:\/\/melillimonartesania.com\/ca\/troba-la-teva-tribu\/tribu-el-niu-mares-primerenques-badalona\/#primaryimage","url":"https:\/\/melillimonartesania.com\/wp-content\/uploads\/2025\/11\/tribu-el-niu-01.jpg","contentUrl":"https:\/\/melillimonartesania.com\/wp-content\/uploads\/2025\/11\/tribu-el-niu-01.jpg","width":1920,"height":1080,"caption":"La tribu el Niu"},{"@type":"BreadcrumbList","@id":"https:\/\/melillimonartesania.com\/ca\/troba-la-teva-tribu\/tribu-el-niu-mares-primerenques-badalona\/#breadcrumb","itemListElement":[{"@type":"ListItem","position":1,"name":"Portada","item":"https:\/\/melillimonartesania.com\/ca\/mel-i-llimona-icanyella\/"},{"@type":"ListItem","position":2,"name":"Troba la teva tribu a Badalona | connecta amb la teva comunitat","item":"https:\/\/melillimonartesania.com\/ca\/troba-la-teva-tribu\/"},{"@type":"ListItem","position":3,"name":"Tribu El Niu &#8211; comunitat per a mares primerenques | Badalona"}]},{"@type":"WebSite","@id":"https:\/\/melillimonartesania.com\/ca\/#website","url":"https:\/\/melillimonartesania.com\/ca\/","name":"Mel i Llimona &amp; iCanyella: Artesan\u00eda, Gastronom\u00eda y Comunidad en Badalona","description":"Mel i Llimona &amp; iCanyella, un espacio que conserva su esencia artesanal  y a\u00f1ade degustaci\u00f3n ecol\u00f3gica, mercado sostenible y un espacio para la comunidad en Badalona.","publisher":{"@id":"https:\/\/melillimonartesania.com\/ca\/#organization"},"potentialAction":[{"@type":"SearchAction","target":{"@type":"EntryPoint","urlTemplate":"https:\/\/melillimonartesania.com\/ca\/?s={search_term_string}"},"query-input":{"@type":"PropertyValueSpecification","valueRequired":true,"valueName":"search_term_string"}}],"inLanguage":"ca"},{"@type":["Organization","Place","LocalBusiness"],"@id":"https:\/\/melillimonartesania.com\/ca\/#organization","name":"Mel i Llimona Creaci\u00f3 Artesanal S.C.C.L.","alternateName":"Mel i Llimona iCanyella","url":"https:\/\/melillimonartesania.com\/ca\/","logo":{"@id":"https:\/\/melillimonartesania.com\/ca\/troba-la-teva-tribu\/tribu-el-niu-mares-primerenques-badalona\/#local-main-organization-logo"},"image":{"@id":"https:\/\/melillimonartesania.com\/ca\/troba-la-teva-tribu\/tribu-el-niu-mares-primerenques-badalona\/#local-main-organization-logo"},"description":"Mel i Llimona Artesan\u00eda en Badalona: Desde 2018, somos el taller de referencia para la restauraci\u00f3n profesional de muebles antiguos y el arte del 'hazlo t\u00fa mismo'. Hemos evolucionado a iCanyella en Badalona, un espacio que integra nuestro taller tradicional con un mercado local de artesan\u00eda sostenible y degustaci\u00f3n de productos ecol\u00f3gicos. Vis\u00edtanos para tus proyectos de restauraci\u00f3n, talleres comunitarios y para apoyar el comercio justo en la zona.","numberOfEmployees":{"@type":"QuantitativeValue","minValue":"1","maxValue":"10"},"address":{"@id":"https:\/\/melillimonartesania.com\/ca\/troba-la-teva-tribu\/tribu-el-niu-mares-primerenques-badalona\/#local-main-place-address"},"telephone":["+34 635 422 982"],"contactPoint":{"@type":"ContactPoint","telephone":"+34 635 422 982","email":"info@melillimonartesania.com"},"openingHoursSpecification":[{"@type":"OpeningHoursSpecification","dayOfWeek":["Monday"],"opens":"17:00","closes":"20:00"},{"@type":"OpeningHoursSpecification","dayOfWeek":["Tuesday","Wednesday","Thursday","Friday"],"opens":"09:00","closes":"20:00"},{"@type":"OpeningHoursSpecification","dayOfWeek":["Saturday"],"opens":"09:00","closes":"14:00"},{"@type":"OpeningHoursSpecification","dayOfWeek":["Sunday"],"opens":"00:00","closes":"00:00"}],"email":"hola@melillimonartesania.com","areaServed":"Badalona, Barcelona, Maresme","vatID":"F56933963","taxID":"F56933963","currenciesAccepted":"EUR","paymentAccepted":"Contado, tarjeta"},{"@type":"PostalAddress","@id":"https:\/\/melillimonartesania.com\/ca\/troba-la-teva-tribu\/tribu-el-niu-mares-primerenques-badalona\/#local-main-place-address","streetAddress":"Carrer d'Arn\u00fas, 36","addressLocality":"Badalona","postalCode":"08911","addressRegion":"Catalunya","addressCountry":"ES"},{"@type":"ImageObject","inLanguage":"ca","@id":"https:\/\/melillimonartesania.com\/ca\/troba-la-teva-tribu\/tribu-el-niu-mares-primerenques-badalona\/#local-main-organization-logo","url":"https:\/\/melillimonartesania.com\/wp-content\/uploads\/2025\/09\/melillimona-icanyella-black.svg","contentUrl":"https:\/\/melillimonartesania.com\/wp-content\/uploads\/2025\/09\/melillimona-icanyella-black.svg","width":135,"height":20,"caption":"Mel i Llimona Creaci\u00f3 Artesanal S.C.C.L."}]},"geo.placename":"Badalona","geo.region":"Espanya"},"_links":{"self":[{"href":"https:\/\/melillimonartesania.com\/ca\/wp-json\/wp\/v2\/pages\/7955","targetHints":{"allow":["GET"]}}],"collection":[{"href":"https:\/\/melillimonartesania.com\/ca\/wp-json\/wp\/v2\/pages"}],"about":[{"href":"https:\/\/melillimonartesania.com\/ca\/wp-json\/wp\/v2\/types\/page"}],"author":[{"embeddable":true,"href":"https:\/\/melillimonartesania.com\/ca\/wp-json\/wp\/v2\/users\/1"}],"replies":[{"embeddable":true,"href":"https:\/\/melillimonartesania.com\/ca\/wp-json\/wp\/v2\/comments?post=7955"}],"version-history":[{"count":7,"href":"https:\/\/melillimonartesania.com\/ca\/wp-json\/wp\/v2\/pages\/7955\/revisions"}],"predecessor-version":[{"id":8283,"href":"https:\/\/melillimonartesania.com\/ca\/wp-json\/wp\/v2\/pages\/7955\/revisions\/8283"}],"up":[{"embeddable":true,"href":"https:\/\/melillimonartesania.com\/ca\/wp-json\/wp\/v2\/pages\/7948"}],"wp:featuredmedia":[{"embeddable":true,"href":"https:\/\/melillimonartesania.com\/ca\/wp-json\/wp\/v2\/media\/7945"}],"wp:attachment":[{"href":"https:\/\/melillimonartesania.com\/ca\/wp-json\/wp\/v2\/media?parent=7955"}],"wp:term":[{"taxonomy":"post_tag","embeddable":true,"href":"https:\/\/melillimonartesania.com\/ca\/wp-json\/wp\/v2\/tags?post=7955"}],"curies":[{"name":"wp","href":"https:\/\/api.w.org\/{rel}","templated":true}]}}