{"id":8000,"date":"2025-11-29T23:37:41","date_gmt":"2025-11-29T22:37:41","guid":{"rendered":"https:\/\/melillimonartesania.com\/tallers-creatius\/artesania\/taller-de-daurat-i-policromia-de-fusta\/"},"modified":"2025-12-07T13:13:39","modified_gmt":"2025-12-07T12:13:39","slug":"taller-de-daurat-i-policromia-de-fusta","status":"publish","type":"page","link":"https:\/\/melillimonartesania.com\/ca\/tallers-creatius\/artesania\/taller-de-daurat-i-policromia-de-fusta\/","title":{"rendered":"Taller de daurat i policromia de fusta"},"content":{"rendered":"<p>[et_pb_section fb_built=&#8221;1&#8243; admin_label=&#8221;HERO BANNER&#8221; _builder_version=&#8221;4.27.4&#8243; _dynamic_attributes=&#8221;background_image&#8221; _module_preset=&#8221;dedd779a-d5ab-41f5-b874-c310f40ea6d1&#8243; da_disable_devices=&#8221;off|off|off&#8221; locked=&#8221;off&#8221; collapsed=&#8221;on&#8221; global_colors_info=&#8221;{}&#8221; da_is_popup=&#8221;off&#8221; da_exit_intent=&#8221;off&#8221; da_has_close=&#8221;on&#8221; da_alt_close=&#8221;off&#8221; da_dark_close=&#8221;off&#8221; da_not_modal=&#8221;on&#8221; da_is_singular=&#8221;off&#8221; da_with_loader=&#8221;off&#8221; da_has_shadow=&#8221;on&#8221;][et_pb_row _builder_version=&#8221;4.27.4&#8243; _module_preset=&#8221;default&#8221; width=&#8221;85%&#8221; global_colors_info=&#8221;{}&#8221;][et_pb_column type=&#8221;4_4&#8243; _builder_version=&#8221;4.27.4&#8243; _module_preset=&#8221;default&#8221; global_colors_info=&#8221;{}&#8221;][et_pb_text _builder_version=&#8221;4.27.4&#8243; _module_preset=&#8221;default&#8221; text_font=&#8221;&#8211;et_global_body_font|300|||||||&#8221; text_text_color=&#8221;#FFFFFF&#8221; text_font_size=&#8221;48px&#8221; text_letter_spacing=&#8221;3px&#8221; text_orientation=&#8221;center&#8221; locked=&#8221;off&#8221; global_colors_info=&#8221;{}&#8221;]<\/p>\n\n<p>[\/et_pb_text][dsm_card title=&#8221;@ET-DC@eyJkeW5hbWljIjp0cnVlLCJjb250ZW50IjoicG9zdF90aXRsZSIsInNldHRpbmdzIjp7ImJlZm9yZSI6IiIsImFmdGVyIjoiIGEgQmFkYWxvbmEifX0=@&#8221; subtitle=&#8221;per Mel i Llimona&#8221; button_url=&#8221;https:\/\/square.link\/u\/1UbiJVV6&#8243; _builder_version=&#8221;4.27.4&#8243; _dynamic_attributes=&#8221;title&#8221; _module_preset=&#8221;edadf5b6-0ccb-4421-9c85-9a8405d5cadf&#8221; global_colors_info=&#8221;{%22gcid-cf7c3462-1378-4ddb-8204-c902f58070b1%22:%91%22button_border_color%22%93,%22gcid-primary-color%22:%91%22button_bg_color__hover%22%93,%22gcid-1469c84a-e8c4-4b03-acbf-14ee6ff228e8%22:%91%22button_bg_color%22%93}&#8221; button_bg_enable_color__hover=&#8221;on&#8221;]<\/p>\n<p class=\"ds-markdown-paragraph\">Submergeix-te al taller de daurat i policromia en fusta, una experi\u00e8ncia creativa on explorar\u00e0s la teva sensibilitat art\u00edstica i crear\u00e0s peces \u00faniques. Connecta amb t\u00e8cniques tradicionals i reserva la teva pla\u00e7a: les places s\u00f3n limitades i la demanda \u00e9s alta. <\/p>\n<p>[\/dsm_card][\/et_pb_column][\/et_pb_row][et_pb_row _builder_version=&#8221;4.27.4&#8243; _module_preset=&#8221;default&#8221; custom_padding=&#8221;0px||||false|false&#8221; locked=&#8221;off&#8221; global_colors_info=&#8221;{}&#8221;][et_pb_column type=&#8221;4_4&#8243; _builder_version=&#8221;4.27.4&#8243; _module_preset=&#8221;default&#8221; global_colors_info=&#8221;{}&#8221;][dsm_button button_one_text=&#8221;@ET-DC@eyJkeW5hbWljIjp0cnVlLCJjb250ZW50IjoiY3VzdG9tX21ldGFfdGV4dG9fYm90b24iLCJzZXR0aW5ncyI6eyJiZWZvcmUiOiIiLCJhZnRlciI6IiIsImVuYWJsZV9odG1sIjoib2ZmIn19@&#8221; button_alignment=&#8221;center&#8221; _builder_version=&#8221;4.27.4&#8243; _dynamic_attributes=&#8221;button_one_text&#8221; _module_preset=&#8221;default&#8221; global_colors_info=&#8221;{}&#8221;][\/dsm_button][\/et_pb_column][\/et_pb_row][\/et_pb_section][et_pb_section fb_built=&#8221;1&#8243; admin_label=&#8221;Migas de pan&#8221; _builder_version=&#8221;4.27.4&#8243; _module_preset=&#8221;default&#8221; background_color=&#8221;gcid-1b354d84-96f8-497e-9dcb-18a440b96e1d&#8221; custom_padding=&#8221;32px||0px||false|false&#8221; da_disable_devices=&#8221;off|off|off&#8221; locked=&#8221;off&#8221; collapsed=&#8221;on&#8221; global_colors_info=&#8221;{%22gcid-1b354d84-96f8-497e-9dcb-18a440b96e1d%22:%91%22background_color%22,%22background_color%22%93}&#8221; da_is_popup=&#8221;off&#8221; da_exit_intent=&#8221;off&#8221; da_has_close=&#8221;on&#8221; da_alt_close=&#8221;off&#8221; da_dark_close=&#8221;off&#8221; da_not_modal=&#8221;on&#8221; da_is_singular=&#8221;off&#8221; da_with_loader=&#8221;off&#8221; da_has_shadow=&#8221;on&#8221;][et_pb_row column_structure=&#8221;3_5,2_5&#8243; _builder_version=&#8221;4.27.4&#8243; _module_preset=&#8221;default&#8221; width=&#8221;90%&#8221; max_width=&#8221;100%&#8221; custom_padding=&#8221;0px||16px||false|false&#8221; global_module=&#8221;3803&#8243; global_colors_info=&#8221;{}&#8221;][et_pb_column type=&#8221;3_5&#8243; _builder_version=&#8221;4.27.4&#8243; _module_preset=&#8221;default&#8221; global_colors_info=&#8221;{}&#8221;][dsm_breadcrumbs home_text=&#8221;Inici&#8221; show_home_icon=&#8221;off&#8221; separator_icon=&#8221;&#x39;||divi||400&#8243; _builder_version=&#8221;4.27.4&#8243; _module_preset=&#8221;default&#8221; custom_margin=&#8221;0px||0px||true|false&#8221; custom_padding=&#8221;0px||0px||true|false&#8221; global_colors_info=&#8221;{}&#8221;][\/dsm_breadcrumbs][\/et_pb_column][et_pb_column type=&#8221;2_5&#8243; _builder_version=&#8221;4.27.4&#8243; _module_preset=&#8221;default&#8221; global_colors_info=&#8221;{}&#8221;][\/et_pb_column][\/et_pb_row][\/et_pb_section][et_pb_section fb_built=&#8221;1&#8243; _builder_version=&#8221;4.27.4&#8243; _module_preset=&#8221;default&#8221; background_color=&#8221;gcid-secondary-color&#8221; custom_padding=&#8221;32px||32px||true|false&#8221; da_disable_devices=&#8221;off|off|off&#8221; global_module=&#8221;7061&#8243; global_colors_info=&#8221;{%22gcid-secondary-color%22:%91%22background_color%22,%22background_color%22%93}&#8221; da_is_popup=&#8221;off&#8221; da_exit_intent=&#8221;off&#8221; da_has_close=&#8221;on&#8221; da_alt_close=&#8221;off&#8221; da_dark_close=&#8221;off&#8221; da_not_modal=&#8221;on&#8221; da_is_singular=&#8221;off&#8221; da_with_loader=&#8221;off&#8221; da_has_shadow=&#8221;on&#8221;][et_pb_row _builder_version=&#8221;4.27.4&#8243; _module_preset=&#8221;default&#8221; width=&#8221;90%&#8221; custom_padding=&#8221;0px||0px||true|false&#8221; global_colors_info=&#8221;{}&#8221;][et_pb_column type=&#8221;4_4&#8243; _builder_version=&#8221;4.27.4&#8243; _module_preset=&#8221;default&#8221; global_colors_info=&#8221;{}&#8221;][et_pb_blurb title=&#8221;@ET-DC@eyJkeW5hbWljIjp0cnVlLCJjb250ZW50IjoicG9zdF90aXRsZSIsInNldHRpbmdzIjp7ImJlZm9yZSI6Ik5vIHVzIHBlcmRldSBsYSBwcm9wZXJhIGVkaWNpXHUwMGYzIGQnYXF1ZXN0ICIsImFmdGVyIjoiIn19@&#8221; content_max_width=&#8221;100%&#8221; _builder_version=&#8221;4.27.4&#8243; _dynamic_attributes=&#8221;title&#8221; _module_preset=&#8221;default&#8221; header_level=&#8221;h3&#8243; header_text_align=&#8221;center&#8221; body_text_align=&#8221;center&#8221; custom_margin=&#8221;||16px||false|false&#8221; global_colors_info=&#8221;{}&#8221;]<\/p>\n<p>Uneix-te a la nostra <strong>llista priorit\u00e0ria<\/strong> i gaudeix de: <strong>10% de descompte exclusiu,<\/strong> i primera opci\u00f3 per a places limitades.<\/p>\n<p>[\/et_pb_blurb][dsm_content_toggle heading_one=&#8221;Vull m\u00e9s info&#8221; heading_two=&#8221;%91S\u00ed,%93 Vull el meu 10%&#8221; content_type_two=&#8221;library&#8221; library_id_two=&#8221;7058&#8243; _builder_version=&#8221;4.27.4&#8243; _module_preset=&#8221;default&#8221; heading_one_level=&#8221;h4&#8243; heading_two_level=&#8221;h4&#8243; global_colors_info=&#8221;{}&#8221;][\/dsm_content_toggle][\/et_pb_column][\/et_pb_row][\/et_pb_section][et_pb_section fb_built=&#8221;1&#8243; admin_label=&#8221;ACERCA DEL TALLER&#8221; _builder_version=&#8221;4.27.4&#8243; _module_preset=&#8221;default&#8221; background_color=&#8221;#FFFFFF&#8221; custom_padding=&#8221;32px||||false|false&#8221; da_disable_devices=&#8221;off|off|off&#8221; locked=&#8221;off&#8221; collapsed=&#8221;on&#8221; global_colors_info=&#8221;{}&#8221; da_is_popup=&#8221;off&#8221; da_exit_intent=&#8221;off&#8221; da_has_close=&#8221;on&#8221; da_alt_close=&#8221;off&#8221; da_dark_close=&#8221;off&#8221; da_not_modal=&#8221;on&#8221; da_is_singular=&#8221;off&#8221; da_with_loader=&#8221;off&#8221; da_has_shadow=&#8221;on&#8221;][et_pb_row _builder_version=&#8221;4.27.4&#8243; _module_preset=&#8221;default&#8221; width=&#8221;85%&#8221; custom_padding=&#8221;||10px||false|false&#8221; global_colors_info=&#8221;{}&#8221;][et_pb_column type=&#8221;4_4&#8243; _builder_version=&#8221;4.27.4&#8243; _module_preset=&#8221;default&#8221; global_colors_info=&#8221;{}&#8221;][et_pb_text _builder_version=&#8221;4.27.4&#8243; _module_preset=&#8221;default&#8221; text_font=&#8221;|||on|||||&#8221; text_font_size=&#8221;15px&#8221; custom_margin=&#8221;||16px||false|false&#8221; global_colors_info=&#8221;{}&#8221;]<\/p>\n<p>art | creativitat | exploraci\u00f3 | ornamentaci\u00f3<\/p>\n<p>[\/et_pb_text][et_pb_divider color=&#8221;gcid-secondary-color&#8221; divider_weight=&#8221;4px&#8221; divider_weight_tablet=&#8221;4px&#8221; divider_weight_phone=&#8221;4px&#8221; divider_weight_last_edited=&#8221;on|phone&#8221; _builder_version=&#8221;4.27.4&#8243; _module_preset=&#8221;default&#8221; width=&#8221;10%&#8221; width_tablet=&#8221;10%&#8221; width_phone=&#8221;20%&#8221; width_last_edited=&#8221;on|phone&#8221; custom_margin=&#8221;||||false|false&#8221; custom_padding=&#8221;||||false|false&#8221; global_colors_info=&#8221;{%22gcid-secondary-color%22:%91%22color%22%93}&#8221;][\/et_pb_divider][\/et_pb_column][\/et_pb_row][et_pb_row column_structure=&#8221;1_2,1_2&#8243; make_equal=&#8221;on&#8221; custom_padding_last_edited=&#8221;on|phone&#8221; _builder_version=&#8221;4.27.4&#8243; _module_preset=&#8221;default&#8221; width=&#8221;85%&#8221; custom_margin=&#8221;||48px||false|false&#8221; custom_padding=&#8221;||||false|false&#8221; custom_padding_tablet=&#8221;|||32px|false|false&#8221; custom_padding_phone=&#8221;|||6px|false|false&#8221; background_color_phone=&#8221;gcid-secondary-color&#8221; background_enable_color_phone=&#8221;on&#8221; background_enable_image_phone=&#8221;off&#8221; border_radii=&#8221;on|25px|25px|25px|25px&#8221; locked=&#8221;off&#8221; global_colors_info=&#8221;{}&#8221;][et_pb_column type=&#8221;1_2&#8243; _builder_version=&#8221;4.27.4&#8243; _module_preset=&#8221;default&#8221; global_colors_info=&#8221;{}&#8221;][et_pb_text _builder_version=&#8221;4.27.4&#8243; _module_preset=&#8221;default&#8221; background_image=&#8221;https:\/\/melillimonartesania.com\/wp-content\/uploads\/2025\/11\/taller-de-dorado-03.jpg&#8221; max_width_tablet=&#8221;&#8221; max_width_phone=&#8221;&#8221; max_width_last_edited=&#8221;on|phone&#8221; min_height=&#8221;100%&#8221; min_height_tablet=&#8221;100%&#8221; min_height_phone=&#8221;250px&#8221; min_height_last_edited=&#8221;on|desktop&#8221; custom_padding=&#8221;||||false|false&#8221; border_radii=&#8221;on|25px|25px|25px|25px&#8221; global_colors_info=&#8221;{}&#8221;][\/et_pb_text][\/et_pb_column][et_pb_column type=&#8221;1_2&#8243; _builder_version=&#8221;4.27.4&#8243; _module_preset=&#8221;default&#8221; global_colors_info=&#8221;{}&#8221;][dsm_card title=&#8221;Descobreix l&#039;art del taller de daurat i policromia de fusta&#8221; subtitle=&#8221;Deixa&#039;t inspirar per una experi\u00e8ncia creativa que despertar\u00e0 la teva sensibilitat art\u00edstica&#8221; image=&#8221;https:\/\/melillimonartesania.com\/wp-content\/uploads\/\/2025\/03\/iconos-art-04.svg&#8221; image_as_background=&#8221;off&#8221; alt=&#8221;Icona de pintat de mobles&#8221; button_text=&#8221;@ET-DC@eyJkeW5hbWljIjp0cnVlLCJjb250ZW50IjoiY3VzdG9tX21ldGFfdGV4dG9fYm90b24iLCJzZXR0aW5ncyI6eyJiZWZvcmUiOiIiLCJhZnRlciI6IiIsImVuYWJsZV9odG1sIjoib2ZmIn19@&#8221; button_url=&#8221;@ET-DC@eyJkeW5hbWljIjp0cnVlLCJjb250ZW50IjoiY3VzdG9tX21ldGFfdXJsX2JvdG9uIiwic2V0dGluZ3MiOnsiYmVmb3JlIjoiIiwiYWZ0ZXIiOiIiLCJlbmFibGVfaHRtbCI6Im9mZiJ9fQ==@&#8221; _builder_version=&#8221;4.27.4&#8243; _dynamic_attributes=&#8221;button_text,button_url&#8221; _module_preset=&#8221;ef4f739f-b387-4166-b90e-e1ec1735fd83&#8243; global_colors_info=&#8221;{%22gcid-1b354d84-96f8-497e-9dcb-18a440b96e1d%22:%91%22background_color%22%93}&#8221;]<\/p>\n<p>En aquest taller t&#8217;endinsar\u00e0s en un espai dedicat a la creaci\u00f3, on cada pas est\u00e0 pensat per acostar-te al m\u00f3n fascinant del daurat i la policromia. Descobrir\u00e0s com aquestes t\u00e8cniques tradicionals poden transformar completament una pe\u00e7a de fusta, permetent experimentar amb textures, color i ornamentaci\u00f3 d&#8217;una forma \u00edntima i relaxada. <\/p>\n<p>A mesura que avancis, sentir\u00e0s com la teva pr\u00f2pia expressi\u00f3 creativa troba un cam\u00ed natural en cada decisi\u00f3 que prens. Aquest espai est\u00e0 dissenyat per acompanyar-te mentre descobreixes noves maneres de treballar, connectes amb tu i desenvolupes una relaci\u00f3 m\u00e9s conscient amb els materials. \u00c9s una experi\u00e8ncia on el ritme el marca la curiositat i cada petit \u00e8xit desperta una nova inspiraci\u00f3.  <\/p>\n<p>[\/dsm_card][\/et_pb_column][\/et_pb_row][\/et_pb_section][et_pb_section fb_built=&#8221;1&#8243; admin_label=&#8221;CONTENIDO Y APRENDIZAJE&#8221; _builder_version=&#8221;4.27.4&#8243; _module_preset=&#8221;default&#8221; background_color=&#8221;gcid-1b354d84-96f8-497e-9dcb-18a440b96e1d&#8221; custom_padding=&#8221;32px||||false|false&#8221; da_disable_devices=&#8221;off|off|off&#8221; locked=&#8221;off&#8221; collapsed=&#8221;on&#8221; global_colors_info=&#8221;{%22gcid-1b354d84-96f8-497e-9dcb-18a440b96e1d%22:%91%22background_color%22%93}&#8221; da_is_popup=&#8221;off&#8221; da_exit_intent=&#8221;off&#8221; da_has_close=&#8221;on&#8221; da_alt_close=&#8221;off&#8221; da_dark_close=&#8221;off&#8221; da_not_modal=&#8221;on&#8221; da_is_singular=&#8221;off&#8221; da_with_loader=&#8221;off&#8221; da_has_shadow=&#8221;on&#8221;][et_pb_row _builder_version=&#8221;4.27.4&#8243; _module_preset=&#8221;default&#8221; width=&#8221;85%&#8221; custom_padding=&#8221;||10px||false|false&#8221; global_colors_info=&#8221;{}&#8221;][et_pb_column type=&#8221;4_4&#8243; _builder_version=&#8221;4.27.4&#8243; _module_preset=&#8221;default&#8221; global_colors_info=&#8221;{}&#8221;][et_pb_text _builder_version=&#8221;4.27.4&#8243; _module_preset=&#8221;default&#8221; text_font=&#8221;|||on|||||&#8221; text_font_size=&#8221;15px&#8221; custom_margin=&#8221;||16px||false|false&#8221; global_colors_info=&#8221;{}&#8221;]<\/p>\n<p>aprenentatge | claredat | pr\u00e0ctica | inspiraci\u00f3<\/p>\n<p>[\/et_pb_text][et_pb_divider color=&#8221;gcid-secondary-color&#8221; divider_weight=&#8221;4px&#8221; divider_weight_tablet=&#8221;4px&#8221; divider_weight_phone=&#8221;4px&#8221; divider_weight_last_edited=&#8221;on|phone&#8221; _builder_version=&#8221;4.27.4&#8243; _module_preset=&#8221;default&#8221; width=&#8221;10%&#8221; width_tablet=&#8221;10%&#8221; width_phone=&#8221;20%&#8221; width_last_edited=&#8221;on|phone&#8221; custom_margin=&#8221;||||false|false&#8221; custom_padding=&#8221;||||false|false&#8221; global_colors_info=&#8221;{%22gcid-secondary-color%22:%91%22color%22%93}&#8221;][\/et_pb_divider][\/et_pb_column][\/et_pb_row][et_pb_row column_structure=&#8221;3_5,2_5&#8243; custom_padding_last_edited=&#8221;on|phone&#8221; _builder_version=&#8221;4.27.4&#8243; _module_preset=&#8221;default&#8221; background_image=&#8221;https:\/\/melillimonartesania.com\/wp-content\/uploads\/2025\/11\/taller-de-dorado-04.jpg&#8221; width=&#8221;85%&#8221; custom_margin=&#8221;||48px||false|false&#8221; custom_padding=&#8221;|||32px|false|false&#8221; custom_padding_tablet=&#8221;|||32px|false|false&#8221; custom_padding_phone=&#8221;|||6px|false|false&#8221; background_color_phone=&#8221;gcid-secondary-color&#8221; background_enable_color_phone=&#8221;on&#8221; background_enable_image_phone=&#8221;off&#8221; border_radii=&#8221;on|25px|25px|25px|25px&#8221; locked=&#8221;off&#8221; global_colors_info=&#8221;{%22gcid-secondary-color%22:%91%22background_color%22%93}&#8221;][et_pb_column type=&#8221;3_5&#8243; _builder_version=&#8221;4.27.4&#8243; _module_preset=&#8221;default&#8221; global_colors_info=&#8221;{}&#8221;][dsm_card title=&#8221;Aprenentatges clau que marcaran la difer\u00e8ncia&#8221; subtitle=&#8221;Una guia clara i pr\u00e0ctica per avan\u00e7ar amb confian\u00e7a de principi a fi&#8221; image=&#8221;https:\/\/melillimonartesania.com\/wp-content\/uploads\/\/2025\/03\/iconos-art-04.svg&#8221; image_as_background=&#8221;off&#8221; alt=&#8221;Icona de pintat de mobles&#8221; button_text=&#8221;@ET-DC@eyJkeW5hbWljIjp0cnVlLCJjb250ZW50IjoiY3VzdG9tX21ldGFfdGV4dG9fYm90b24iLCJzZXR0aW5ncyI6eyJiZWZvcmUiOiIiLCJhZnRlciI6IiIsImVuYWJsZV9odG1sIjoib2ZmIn19@&#8221; button_url=&#8221;@ET-DC@eyJkeW5hbWljIjp0cnVlLCJjb250ZW50IjoiY3VzdG9tX21ldGFfdXJsX2JvdG9uIiwic2V0dGluZ3MiOnsiYmVmb3JlIjoiIiwiYWZ0ZXIiOiIiLCJlbmFibGVfaHRtbCI6Im9mZiJ9fQ==@&#8221; _builder_version=&#8221;4.27.4&#8243; _dynamic_attributes=&#8221;button_text,button_url&#8221; _module_preset=&#8221;624fb950-55ec-4f13-b03c-2046d7afadd6&#8243; global_colors_info=&#8221;{%22gcid-1b354d84-96f8-497e-9dcb-18a440b96e1d%22:%91%22background_color%22%93}&#8221;]<\/p>\n<p>En aquesta secci\u00f3 descobrireu com s&#8217;estructura el proc\u00e9s d&#8217;aprenentatge dins del taller. Tot ha estat dissenyat perqu\u00e8 avancis amb claredat i confian\u00e7a, sense presses i sense necessitat d&#8217;experi\u00e8ncia pr\u00e8via. L&#8217;enfocament pr\u00e0ctic us permetr\u00e0 comprendre cada pas a trav\u00e9s de l&#8217;observaci\u00f3, l&#8217;experimentaci\u00f3 i la pr\u00e0ctica conscient.  <\/p>\n<p>Cada part del recorregut us donar\u00e0 una base s\u00f2lida per millorar la vostra manera de crear. L&#8217;objectiu \u00e9s que trobis el teu ritme, exploris t\u00e8cniques a la teva manera i t&#8217;emportis un aprenentatge significatiu que puguis aplicar a les teves properes peces. Aqu\u00ed, el proc\u00e9s val tant com el resultat final.  <\/p>\n<p>[\/dsm_card][\/et_pb_column][et_pb_column type=&#8221;2_5&#8243; _builder_version=&#8221;4.27.4&#8243; _module_preset=&#8221;default&#8221; global_colors_info=&#8221;{}&#8221;][\/et_pb_column][\/et_pb_row][et_pb_row column_structure=&#8221;1_4,1_4,1_4,1_4&#8243; use_custom_gutter=&#8221;on&#8221; gutter_width=&#8221;2&#8243; make_equal=&#8221;on&#8221; _builder_version=&#8221;4.27.4&#8243; _module_preset=&#8221;default&#8221; width=&#8221;85%&#8221; custom_margin=&#8221;32px||32px||true|false&#8221; custom_padding=&#8221;0px||0px||false|false&#8221; global_colors_info=&#8221;{}&#8221;][et_pb_column type=&#8221;1_4&#8243; _builder_version=&#8221;4.27.4&#8243; _module_preset=&#8221;default&#8221; global_colors_info=&#8221;{}&#8221;][et_pb_blurb title=&#8221;Fonaments del proc\u00e9s creatiu&#8221; image_icon_width=&#8221;48px&#8221; icon_alignment=&#8221;left&#8221; _builder_version=&#8221;4.27.4&#8243; _module_preset=&#8221;default&#8221; header_level=&#8221;h3&#8243; background_color=&#8221;#FFFFFF&#8221; min_height=&#8221;450px&#8221; min_height_tablet=&#8221;&#8221; min_height_phone=&#8221;400px&#8221; min_height_last_edited=&#8221;on|phone&#8221; height=&#8221;450px&#8221; custom_padding=&#8221;32px|24px|32px|24px|true|true&#8221; custom_css_main_element=&#8221;display: flex;||flex-direction: column;||justify-content: flex-end;||height: 100%;&#8221; custom_css_blurb_title=&#8221;padding-bottom: 48px;&#8221; border_radii=&#8221;on|25px|25px|25px|25px&#8221; global_colors_info=&#8221;{%22gcid-secondary-color%22:%91%22icon_color%22,%22icon_color%22%93}&#8221;]<\/p>\n<p>Aqu\u00ed comen\u00e7ar\u00e0s a connectar amb els conceptes b\u00e0sics que estructuren el taller. Aprendr\u00e0s com abordar qualsevol projecte des d&#8217;una mirada oberta i reflexiva, entenent que la creativitat sorgeix del joc, l&#8217;exploraci\u00f3 i l&#8217;observaci\u00f3 atenta. Aquests fonaments creen un punt de partida estable i accessible perqu\u00e8 qualsevol participant pugui avan\u00e7ar al seu ritme sense sentir-se perdut en el proc\u00e9s.  <\/p>\n<p>[\/et_pb_blurb][\/et_pb_column][et_pb_column type=&#8221;1_4&#8243; _builder_version=&#8221;4.27.4&#8243; _module_preset=&#8221;default&#8221; global_colors_info=&#8221;{}&#8221;][et_pb_blurb title=&#8221;Preparaci\u00f3 i enfocament personal&#8221; image_icon_width=&#8221;48px&#8221; icon_alignment=&#8221;left&#8221; _builder_version=&#8221;4.27.4&#8243; _module_preset=&#8221;default&#8221; header_level=&#8221;h3&#8243; background_color=&#8221;#FFFFFF&#8221; min_height=&#8221;450px&#8221; min_height_tablet=&#8221;&#8221; min_height_phone=&#8221;400px&#8221; min_height_last_edited=&#8221;on|phone&#8221; height=&#8221;450px&#8221; custom_padding=&#8221;32px|24px|32px|24px|true|true&#8221; custom_css_main_element=&#8221;display: flex;||flex-direction: column;||justify-content: flex-end;||height: 100%;&#8221; custom_css_blurb_title=&#8221;padding-bottom: 48px;&#8221; border_radii=&#8221;on|25px|25px|25px|25px&#8221; global_colors_info=&#8221;{%22gcid-secondary-color%22:%91%22icon_color%22,%22icon_color%22,%22icon_color%22%93,%22gcid-58cfc04f-7f57-4a3a-9439-0876323e7760%22:%91%22background_color%22%93,%22gcid-4ad3f847-7c47-4fbe-bc12-42bb1c3f69ad%22:%91%22background_color%22%93}&#8221;]<\/p>\n<p>Aquesta part del taller us convida a preparar-vos mentalment abans de comen\u00e7ar a crear. A trav\u00e9s de din\u00e0miques senzilles, podr\u00e0s centrar-te, deixar enrere distraccions i adoptar una actitud de pres\u00e8ncia que et permetr\u00e0 gaudir m\u00e9s del proc\u00e9s. Aquest enfocament personal \u00e9s clau perqu\u00e8 experimentis el daurat i la policromia des d&#8217;un lloc de calma, claredat i connexi\u00f3 individual.  <\/p>\n<p>[\/et_pb_blurb][\/et_pb_column][et_pb_column type=&#8221;1_4&#8243; _builder_version=&#8221;4.27.4&#8243; _module_preset=&#8221;default&#8221; global_colors_info=&#8221;{}&#8221;][et_pb_blurb title=&#8221;Aplicaci\u00f3 guiada pas a pas&#8221; image_icon_width=&#8221;48px&#8221; icon_alignment=&#8221;left&#8221; _builder_version=&#8221;4.27.4&#8243; _module_preset=&#8221;default&#8221; header_level=&#8221;h3&#8243; background_color=&#8221;#FFFFFF&#8221; min_height=&#8221;450px&#8221; min_height_tablet=&#8221;&#8221; min_height_phone=&#8221;400px&#8221; min_height_last_edited=&#8221;on|phone&#8221; height=&#8221;450px&#8221; custom_padding=&#8221;32px|24px|32px|24px|true|true&#8221; custom_css_main_element=&#8221;display: flex;||flex-direction: column;||justify-content: flex-end;||height: 100%;&#8221; custom_css_blurb_title=&#8221;padding-bottom: 48px;&#8221; border_radii=&#8221;on|25px|25px|25px|25px&#8221; global_colors_info=&#8221;{%22gcid-secondary-color%22:%91%22icon_color%22,%22icon_color%22%93,%22gcid-4ad3f847-7c47-4fbe-bc12-42bb1c3f69ad%22:%91%22background_color%22%93,%22gcid-bacc0458-658d-4585-82c3-3aea32d6623b%22:%91%22background_color%22%93}&#8221;]<\/p>\n<div class=\"cl-preview-section\">\n<p>Aqu\u00ed tindr\u00e0s l&#8217;oportunitat d&#8217;avan\u00e7ar de manera acompanyada a cada etapa del proc\u00e9s. L&#8217;instructor us guiar\u00e0 amb explicacions accessibles, demostracions clares i atenci\u00f3 propera, perqu\u00e8 pugueu aplicar el que heu apr\u00e8s sense por d&#8217;equivocar-vos. Aquest enfocament progressiu assegura que cada persona pugui sentir seguretat a cada pas, independentment del seu nivell inicial.  <\/p>\n<\/div>\n<p>[\/et_pb_blurb][\/et_pb_column][et_pb_column type=&#8221;1_4&#8243; _builder_version=&#8221;4.27.4&#8243; _module_preset=&#8221;default&#8221; global_colors_info=&#8221;{}&#8221;][et_pb_blurb title=&#8221;Desenvolupament d&#039;estil propi&#8221; image_icon_width=&#8221;48px&#8221; icon_alignment=&#8221;left&#8221; _builder_version=&#8221;4.27.4&#8243; _module_preset=&#8221;default&#8221; header_level=&#8221;h3&#8243; background_color=&#8221;#FFFFFF&#8221; min_height=&#8221;450px&#8221; min_height_tablet=&#8221;&#8221; min_height_phone=&#8221;400px&#8221; min_height_last_edited=&#8221;on|phone&#8221; height=&#8221;450px&#8221; custom_padding=&#8221;32px|24px|32px|24px|true|true&#8221; custom_css_main_element=&#8221;display: flex;||flex-direction: column;||justify-content: flex-end;||height: 100%;&#8221; custom_css_blurb_title=&#8221;padding-bottom: 48px;&#8221; border_radii=&#8221;on|25px|25px|25px|25px&#8221; global_colors_info=&#8221;{%22gcid-secondary-color%22:%91%22icon_color%22,%22icon_color%22%93,%22gcid-1b354d84-96f8-497e-9dcb-18a440b96e1d%22:%91%22background_color%22%93}&#8221;]<\/p>\n<p>Conformi aven\u00e7os, comen\u00e7ar\u00e0s a prendre petites decisions que reflecteixen la teva personalitat creativa. Aquest espai fomenta que cada participant explori els gustos, les prefer\u00e8ncies i les formes d&#8217;expressi\u00f3, sense comparacions ni pressions. \u00c9s un moment per connectar amb tu mateix i permetre que el teu estil es faci visible a trav\u00e9s de les teves eleccions est\u00e8tiques i sensorials.  <\/p>\n<p>[\/et_pb_blurb][\/et_pb_column][\/et_pb_row][\/et_pb_section][et_pb_section fb_built=&#8221;1&#8243; admin_label=&#8221;BENEFICIOS DEL TALLER&#8221; _builder_version=&#8221;4.27.4&#8243; _module_preset=&#8221;default&#8221; background_color=&#8221;#FFFFFF&#8221; custom_padding=&#8221;32px||||false|false&#8221; da_disable_devices=&#8221;off|off|off&#8221; locked=&#8221;off&#8221; collapsed=&#8221;on&#8221; global_colors_info=&#8221;{}&#8221; da_is_popup=&#8221;off&#8221; da_exit_intent=&#8221;off&#8221; da_has_close=&#8221;on&#8221; da_alt_close=&#8221;off&#8221; da_dark_close=&#8221;off&#8221; da_not_modal=&#8221;on&#8221; da_is_singular=&#8221;off&#8221; da_with_loader=&#8221;off&#8221; da_has_shadow=&#8221;on&#8221;][et_pb_row _builder_version=&#8221;4.27.4&#8243; _module_preset=&#8221;default&#8221; width=&#8221;85%&#8221; custom_padding=&#8221;||10px||false|false&#8221; global_colors_info=&#8221;{}&#8221;][et_pb_column type=&#8221;4_4&#8243; _builder_version=&#8221;4.27.4&#8243; _module_preset=&#8221;default&#8221; global_colors_info=&#8221;{}&#8221;][et_pb_text _builder_version=&#8221;4.27.4&#8243; _module_preset=&#8221;default&#8221; text_font=&#8221;|||on|||||&#8221; text_font_size=&#8221;15px&#8221; custom_margin=&#8221;||16px||false|false&#8221; global_colors_info=&#8221;{}&#8221;]<\/p>\n<p>confian\u00e7a | benestar | habilitats | expressi\u00f3<\/p>\n<p>[\/et_pb_text][et_pb_divider color=&#8221;gcid-secondary-color&#8221; divider_weight=&#8221;4px&#8221; divider_weight_tablet=&#8221;4px&#8221; divider_weight_phone=&#8221;4px&#8221; divider_weight_last_edited=&#8221;on|phone&#8221; _builder_version=&#8221;4.27.4&#8243; _module_preset=&#8221;default&#8221; width=&#8221;10%&#8221; width_tablet=&#8221;10%&#8221; width_phone=&#8221;20%&#8221; width_last_edited=&#8221;on|phone&#8221; custom_margin=&#8221;||||false|false&#8221; custom_padding=&#8221;||||false|false&#8221; global_colors_info=&#8221;{%22gcid-secondary-color%22:%91%22color%22%93}&#8221;][\/et_pb_divider][\/et_pb_column][\/et_pb_row][et_pb_row column_structure=&#8221;1_2,1_2&#8243; make_equal=&#8221;on&#8221; custom_padding_last_edited=&#8221;on|phone&#8221; _builder_version=&#8221;4.27.4&#8243; _module_preset=&#8221;default&#8221; width=&#8221;85%&#8221; custom_margin=&#8221;||48px||false|false&#8221; custom_padding=&#8221;||||false|false&#8221; custom_padding_tablet=&#8221;|||32px|false|false&#8221; custom_padding_phone=&#8221;|||6px|false|false&#8221; background_color_phone=&#8221;gcid-secondary-color&#8221; background_enable_color_phone=&#8221;on&#8221; background_enable_image_phone=&#8221;off&#8221; border_radii=&#8221;on|25px|25px|25px|25px&#8221; locked=&#8221;off&#8221; global_colors_info=&#8221;{}&#8221;][et_pb_column type=&#8221;1_2&#8243; _builder_version=&#8221;4.27.4&#8243; _module_preset=&#8221;default&#8221; global_colors_info=&#8221;{}&#8221;][et_pb_text _builder_version=&#8221;4.27.4&#8243; _module_preset=&#8221;default&#8221; background_image=&#8221;https:\/\/melillimonartesania.com\/wp-content\/uploads\/2025\/11\/taller-de-dorado-02.jpg&#8221; max_width_tablet=&#8221;&#8221; max_width_phone=&#8221;&#8221; max_width_last_edited=&#8221;on|phone&#8221; min_height=&#8221;100%&#8221; min_height_tablet=&#8221;100%&#8221; min_height_phone=&#8221;250px&#8221; min_height_last_edited=&#8221;on|desktop&#8221; custom_padding=&#8221;||||false|false&#8221; border_radii=&#8221;on|25px|25px|25px|25px&#8221; global_colors_info=&#8221;{}&#8221;][\/et_pb_text][\/et_pb_column][et_pb_column type=&#8221;1_2&#8243; _builder_version=&#8221;4.27.4&#8243; _module_preset=&#8221;default&#8221; global_colors_info=&#8221;{}&#8221;][dsm_card title=&#8221;Beneficis que notar\u00e0s des del primer dia&#8221; subtitle=&#8221;Connecta amb el teu potencial creatiu i descobreix noves maneres d&#039;expressar-te&#8221; image=&#8221;https:\/\/melillimonartesania.com\/wp-content\/uploads\/\/2025\/03\/iconos-art-04.svg&#8221; image_as_background=&#8221;off&#8221; alt=&#8221;Icona de pintat de mobles&#8221; button_text=&#8221;@ET-DC@eyJkeW5hbWljIjp0cnVlLCJjb250ZW50IjoiY3VzdG9tX21ldGFfdGV4dG9fYm90b24iLCJzZXR0aW5ncyI6eyJiZWZvcmUiOiIiLCJhZnRlciI6IiIsImVuYWJsZV9odG1sIjoib2ZmIn19@&#8221; button_url=&#8221;@ET-DC@eyJkeW5hbWljIjp0cnVlLCJjb250ZW50IjoiY3VzdG9tX21ldGFfdXJsX2JvdG9uIiwic2V0dGluZ3MiOnsiYmVmb3JlIjoiIiwiYWZ0ZXIiOiIiLCJlbmFibGVfaHRtbCI6Im9mZiJ9fQ==@&#8221; _builder_version=&#8221;4.27.4&#8243; _dynamic_attributes=&#8221;button_text,button_url&#8221; _module_preset=&#8221;ef4f739f-b387-4166-b90e-e1ec1735fd83&#8243; global_colors_info=&#8221;{%22gcid-1b354d84-96f8-497e-9dcb-18a440b96e1d%22:%91%22background_color%22,%22background_color%22%93}&#8221;]<\/p>\n<p>Aquest taller no nom\u00e9s us ofereix un aprenentatge t\u00e8cnic, sin\u00f3 un espai on podreu experimentar la satisfacci\u00f3 immediata de crear amb les vostres pr\u00f2pies mans. Cada exercici est\u00e0 dissenyat per ajudar-te a sentir progr\u00e9s real des del primer moment, brindant-te una experi\u00e8ncia enriquidora que transforma la teva relaci\u00f3 amb el proc\u00e9s creatiu. <\/p>\n<p>Al llarg de la sessi\u00f3 desenvolupar\u00e0s habilitats que impacten tant en la teva confian\u00e7a com en el teu benestar. Descobrir\u00e0s una forma m\u00e9s conscient i sensorial de treballar, gaudint del present, del ritme manual i del plaer de veure com la fusta pren vida a trav\u00e9s de la teva intervenci\u00f3 personal. \u00c9s una experi\u00e8ncia que se sent tant com s&#8217;apr\u00e8n.  <\/p>\n<p>[\/dsm_card][\/et_pb_column][\/et_pb_row][et_pb_row column_structure=&#8221;1_4,1_4,1_4,1_4&#8243; use_custom_gutter=&#8221;on&#8221; gutter_width=&#8221;2&#8243; make_equal=&#8221;on&#8221; _builder_version=&#8221;4.27.4&#8243; _module_preset=&#8221;default&#8221; width=&#8221;85%&#8221; custom_margin=&#8221;32px||32px||true|false&#8221; custom_padding=&#8221;0px||0px||false|false&#8221; locked=&#8221;off&#8221; global_colors_info=&#8221;{}&#8221;][et_pb_column type=&#8221;1_4&#8243; _builder_version=&#8221;4.27.4&#8243; _module_preset=&#8221;default&#8221; global_colors_info=&#8221;{}&#8221;][et_pb_blurb title=&#8221;Major confian\u00e7a creativa&#8221; image_icon_width=&#8221;48px&#8221; icon_alignment=&#8221;left&#8221; _builder_version=&#8221;4.27.4&#8243; _module_preset=&#8221;default&#8221; header_level=&#8221;h3&#8243; background_color=&#8221;gcid-1b354d84-96f8-497e-9dcb-18a440b96e1d&#8221; min_height=&#8221;450px&#8221; min_height_tablet=&#8221;&#8221; min_height_phone=&#8221;400px&#8221; min_height_last_edited=&#8221;on|phone&#8221; height=&#8221;450px&#8221; custom_padding=&#8221;32px|24px|32px|24px|true|true&#8221; custom_css_main_element=&#8221;display: flex;||flex-direction: column;||justify-content: flex-end;||height: 100%;&#8221; custom_css_blurb_title=&#8221;padding-bottom: 48px;&#8221; border_radii=&#8221;on|25px|25px|25px|25px&#8221; global_colors_info=&#8221;{%22gcid-secondary-color%22:%91%22icon_color%22,%22icon_color%22%93,%22gcid-1b354d84-96f8-497e-9dcb-18a440b96e1d%22:%91%22background_color%22%93}&#8221;]<\/p>\n<p>Des de les primeres activitats sentir\u00e0s un augment natural a la teva seguretat creativa. L&#8217;estructura del taller us permet experimentar sense pressi\u00f3, entendre les vostres eleccions i avan\u00e7ar pas a pas amb claredat. Aquesta confian\u00e7a es converteix en una base s\u00f2lida per a futurs projectes i una manera m\u00e9s relaxada de relacionar-te amb els materials.  <\/p>\n<p>[\/et_pb_blurb][\/et_pb_column][et_pb_column type=&#8221;1_4&#8243; _builder_version=&#8221;4.27.4&#8243; _module_preset=&#8221;default&#8221; global_colors_info=&#8221;{}&#8221;][et_pb_blurb title=&#8221;Noves habilitats artesanals&#8221; image_icon_width=&#8221;48px&#8221; icon_alignment=&#8221;left&#8221; _builder_version=&#8221;4.27.4&#8243; _module_preset=&#8221;default&#8221; header_level=&#8221;h3&#8243; background_color=&#8221;gcid-1b354d84-96f8-497e-9dcb-18a440b96e1d&#8221; min_height=&#8221;450px&#8221; min_height_tablet=&#8221;&#8221; min_height_phone=&#8221;400px&#8221; min_height_last_edited=&#8221;on|phone&#8221; height=&#8221;450px&#8221; custom_padding=&#8221;32px|24px|32px|24px|true|true&#8221; custom_css_main_element=&#8221;display: flex;||flex-direction: column;||justify-content: flex-end;||height: 100%;&#8221; custom_css_blurb_title=&#8221;padding-bottom: 48px;&#8221; border_radii=&#8221;on|25px|25px|25px|25px&#8221; global_colors_info=&#8221;{%22gcid-secondary-color%22:%91%22icon_color%22,%22icon_color%22,%22icon_color%22,%22icon_color%22,%22icon_color%22%93,%22gcid-1b354d84-96f8-497e-9dcb-18a440b96e1d%22:%91%22background_color%22%93,%22gcid-58cfc04f-7f57-4a3a-9439-0876323e7760%22:%91%22background_color%22%93,%22gcid-4ad3f847-7c47-4fbe-bc12-42bb1c3f69ad%22:%91%22background_color%22%93}&#8221;]<\/p>\n<p>De manera gradual, integrar\u00e0s habilitats que enriquiran la teva manera de crear. No es tracta de dominar t\u00e8cniques complexes, sin\u00f3 de comprendre processos i decisions que podr\u00e0s aplicar a diferents projectes futurs. Aquestes habilitats amplien la vostra capacitat d&#8217;experimentar i us obren noves possibilitats dins del m\u00f3n artesanal.  <\/p>\n<p>[\/et_pb_blurb][\/et_pb_column][et_pb_column type=&#8221;1_4&#8243; _builder_version=&#8221;4.27.4&#8243; _module_preset=&#8221;default&#8221; global_colors_info=&#8221;{}&#8221;][et_pb_blurb title=&#8221;Enfocament m\u00e9s conscient&#8221; image_icon_width=&#8221;48px&#8221; icon_alignment=&#8221;left&#8221; _builder_version=&#8221;4.27.4&#8243; _module_preset=&#8221;default&#8221; header_level=&#8221;h3&#8243; background_color=&#8221;gcid-1b354d84-96f8-497e-9dcb-18a440b96e1d&#8221; min_height=&#8221;450px&#8221; min_height_tablet=&#8221;&#8221; min_height_phone=&#8221;400px&#8221; min_height_last_edited=&#8221;on|phone&#8221; height=&#8221;450px&#8221; custom_padding=&#8221;32px|24px|32px|24px|true|true&#8221; custom_css_main_element=&#8221;display: flex;||flex-direction: column;||justify-content: flex-end;||height: 100%;&#8221; custom_css_blurb_title=&#8221;padding-bottom: 48px;&#8221; border_radii=&#8221;on|25px|25px|25px|25px&#8221; global_colors_info=&#8221;{%22gcid-secondary-color%22:%91%22icon_color%22,%22icon_color%22,%22icon_color%22,%22icon_color%22%93,%22gcid-1b354d84-96f8-497e-9dcb-18a440b96e1d%22:%91%22background_color%22%93,%22gcid-4ad3f847-7c47-4fbe-bc12-42bb1c3f69ad%22:%91%22background_color%22%93,%22gcid-bacc0458-658d-4585-82c3-3aea32d6623b%22:%91%22background_color%22%93}&#8221;]<\/p>\n<div class=\"cl-preview-section\">\n<p>A trav\u00e9s del ritme pausat i l&#8217;atenci\u00f3 al detall, el taller us ajuda a trobar un enfocament m\u00e9s present i conscient. Cada gest esdev\u00e9 una oportunitat per observar, reflexionar i gaudir del proc\u00e9s. \u00c9s una manera de treballar que no nom\u00e9s millora el teu resultat, sin\u00f3 tamb\u00e9 la teva connexi\u00f3 amb all\u00f2 que est\u00e0s creant.  <\/p>\n<\/div>\n<p>[\/et_pb_blurb][\/et_pb_column][et_pb_column type=&#8221;1_4&#8243; _builder_version=&#8221;4.27.4&#8243; _module_preset=&#8221;default&#8221; global_colors_info=&#8221;{}&#8221;][et_pb_blurb title=&#8221;Satisfacci\u00f3 en crear peces \u00faniques&#8221; image_icon_width=&#8221;48px&#8221; icon_alignment=&#8221;left&#8221; _builder_version=&#8221;4.27.4&#8243; _module_preset=&#8221;default&#8221; header_level=&#8221;h3&#8243; background_color=&#8221;gcid-1b354d84-96f8-497e-9dcb-18a440b96e1d&#8221; min_height=&#8221;450px&#8221; min_height_tablet=&#8221;&#8221; min_height_phone=&#8221;400px&#8221; min_height_last_edited=&#8221;on|phone&#8221; height=&#8221;450px&#8221; custom_padding=&#8221;32px|24px|32px|24px|true|true&#8221; custom_css_main_element=&#8221;display: flex;||flex-direction: column;||justify-content: flex-end;||height: 100%;&#8221; custom_css_blurb_title=&#8221;padding-bottom: 48px;&#8221; border_radii=&#8221;on|25px|25px|25px|25px&#8221; global_colors_info=&#8221;{%22gcid-secondary-color%22:%91%22icon_color%22,%22icon_color%22,%22icon_color%22,%22icon_color%22%93,%22gcid-1b354d84-96f8-497e-9dcb-18a440b96e1d%22:%91%22background_color%22,%22background_color%22%93}&#8221;]<\/p>\n<p>Al final del proc\u00e9s podreu experimentar una sensaci\u00f3 profunda d&#8217;\u00e8xit personal. Veure com una pe\u00e7a evoluciona des d&#8217;un estat simple fins a una ornamentaci\u00f3 plena de matics, genera una satisfacci\u00f3 \u00fanica. Aquesta viv\u00e8ncia esdev\u00e9 un dels records m\u00e9s valorats del taller.  <\/p>\n<p>[\/et_pb_blurb][\/et_pb_column][\/et_pb_row][\/et_pb_section][et_pb_section fb_built=&#8221;1&#8243; admin_label=&#8221;PUBLICO OBJETIVO&#8221; _builder_version=&#8221;4.27.4&#8243; _module_preset=&#8221;default&#8221; background_color=&#8221;gcid-1b354d84-96f8-497e-9dcb-18a440b96e1d&#8221; custom_padding=&#8221;32px||||false|false&#8221; da_disable_devices=&#8221;off|off|off&#8221; locked=&#8221;off&#8221; collapsed=&#8221;on&#8221; global_colors_info=&#8221;{%22gcid-1b354d84-96f8-497e-9dcb-18a440b96e1d%22:%91%22background_color%22%93}&#8221; da_is_popup=&#8221;off&#8221; da_exit_intent=&#8221;off&#8221; da_has_close=&#8221;on&#8221; da_alt_close=&#8221;off&#8221; da_dark_close=&#8221;off&#8221; da_not_modal=&#8221;on&#8221; da_is_singular=&#8221;off&#8221; da_with_loader=&#8221;off&#8221; da_has_shadow=&#8221;on&#8221;][et_pb_row _builder_version=&#8221;4.27.4&#8243; _module_preset=&#8221;default&#8221; width=&#8221;85%&#8221; custom_padding=&#8221;||10px||false|false&#8221; global_colors_info=&#8221;{}&#8221;][et_pb_column type=&#8221;4_4&#8243; _builder_version=&#8221;4.27.4&#8243; _module_preset=&#8221;default&#8221; global_colors_info=&#8221;{}&#8221;][et_pb_text _builder_version=&#8221;4.27.4&#8243; _module_preset=&#8221;default&#8221; text_font=&#8221;|||on|||||&#8221; text_font_size=&#8221;15px&#8221; custom_margin=&#8221;||16px||false|false&#8221; global_colors_info=&#8221;{}&#8221;]<\/p>\n<p>creativitat | curiositat | inclusi\u00f3 | aprenentatge<\/p>\n<p>[\/et_pb_text][et_pb_divider color=&#8221;gcid-secondary-color&#8221; divider_weight=&#8221;4px&#8221; divider_weight_tablet=&#8221;4px&#8221; divider_weight_phone=&#8221;4px&#8221; divider_weight_last_edited=&#8221;on|phone&#8221; _builder_version=&#8221;4.27.4&#8243; _module_preset=&#8221;default&#8221; width=&#8221;10%&#8221; width_tablet=&#8221;10%&#8221; width_phone=&#8221;20%&#8221; width_last_edited=&#8221;on|phone&#8221; custom_margin=&#8221;||||false|false&#8221; custom_padding=&#8221;||||false|false&#8221; global_colors_info=&#8221;{%22gcid-secondary-color%22:%91%22color%22%93}&#8221;][\/et_pb_divider][\/et_pb_column][\/et_pb_row][et_pb_row column_structure=&#8221;3_5,2_5&#8243; custom_padding_last_edited=&#8221;on|phone&#8221; _builder_version=&#8221;4.27.4&#8243; _module_preset=&#8221;default&#8221; background_image=&#8221;https:\/\/melillimonartesania.com\/wp-content\/uploads\/2025\/10\/taller-asitentes-02.jpg&#8221; width=&#8221;85%&#8221; custom_margin=&#8221;||48px||false|false&#8221; custom_padding=&#8221;|||32px|false|false&#8221; custom_padding_tablet=&#8221;|||32px|false|false&#8221; custom_padding_phone=&#8221;|||6px|false|false&#8221; background_color_phone=&#8221;gcid-secondary-color&#8221; background_enable_color_phone=&#8221;on&#8221; background_enable_image_phone=&#8221;off&#8221; border_radii=&#8221;on|25px|25px|25px|25px&#8221; locked=&#8221;off&#8221; global_colors_info=&#8221;{%22gcid-secondary-color%22:%91%22background_color%22%93}&#8221;][et_pb_column type=&#8221;3_5&#8243; _builder_version=&#8221;4.27.4&#8243; _module_preset=&#8221;default&#8221; global_colors_info=&#8221;{}&#8221;][dsm_card title=&#8221;Dirigit a ments curioses i creatives&#8221; subtitle=&#8221;Si busques explorar el teu costat art\u00edstic, aqu\u00ed trobar\u00e0s el teu espai&#8221; image=&#8221;https:\/\/melillimonartesania.com\/wp-content\/uploads\/\/2025\/03\/iconos-art-04.svg&#8221; image_as_background=&#8221;off&#8221; alt=&#8221;Icona de pintat de mobles&#8221; button_text=&#8221;@ET-DC@eyJkeW5hbWljIjp0cnVlLCJjb250ZW50IjoiY3VzdG9tX21ldGFfdGV4dG9fYm90b24iLCJzZXR0aW5ncyI6eyJiZWZvcmUiOiIiLCJhZnRlciI6IiIsImVuYWJsZV9odG1sIjoib2ZmIn19@&#8221; button_url=&#8221;@ET-DC@eyJkeW5hbWljIjp0cnVlLCJjb250ZW50IjoiY3VzdG9tX21ldGFfdXJsX2JvdG9uIiwic2V0dGluZ3MiOnsiYmVmb3JlIjoiIiwiYWZ0ZXIiOiIiLCJlbmFibGVfaHRtbCI6Im9mZiJ9fQ==@&#8221; _builder_version=&#8221;4.27.4&#8243; _dynamic_attributes=&#8221;button_text,button_url&#8221; _module_preset=&#8221;624fb950-55ec-4f13-b03c-2046d7afadd6&#8243; global_colors_info=&#8221;{%22gcid-1b354d84-96f8-497e-9dcb-18a440b96e1d%22:%91%22background_color%22%93}&#8221;]<\/p>\n<p>Aquest taller est\u00e0 creat per als qui senten curiositat per aprendre alguna cosa nova i volen explorar la seva faceta creativa sense judicis ni expectatives. \u00c9s un entorn c\u00e0lid on qualsevol persona, independentment del nivell d&#8217;experi\u00e8ncia, pot sentir-se benvinguda i avan\u00e7ar al ritme propi. <\/p>\n<p>Tamb\u00e9 \u00e9s ideal per als que busquen un espai de desconnexi\u00f3 creativa, per a amants de l&#8217;artesania, la decoraci\u00f3, el DIY o els que simplement volen viure una experi\u00e8ncia diferent. Si sents aquesta trucada interior de crear, aquest taller t&#8217;acompanya en aquest cam\u00ed. <\/p>\n<p>[\/dsm_card][\/et_pb_column][et_pb_column type=&#8221;2_5&#8243; _builder_version=&#8221;4.27.4&#8243; _module_preset=&#8221;default&#8221; global_colors_info=&#8221;{}&#8221;][\/et_pb_column][\/et_pb_row][et_pb_row column_structure=&#8221;1_4,1_4,1_4,1_4&#8243; use_custom_gutter=&#8221;on&#8221; gutter_width=&#8221;2&#8243; make_equal=&#8221;on&#8221; _builder_version=&#8221;4.27.4&#8243; _module_preset=&#8221;default&#8221; width=&#8221;85%&#8221; custom_margin=&#8221;32px||32px||true|false&#8221; custom_padding=&#8221;0px||0px||false|false&#8221; global_colors_info=&#8221;{}&#8221;][et_pb_column type=&#8221;1_4&#8243; _builder_version=&#8221;4.27.4&#8243; _module_preset=&#8221;default&#8221; global_colors_info=&#8221;{}&#8221;][et_pb_blurb title=&#8221;Persones amb inter\u00e8s en artesania&#8221; image_icon_width=&#8221;48px&#8221; icon_alignment=&#8221;left&#8221; _builder_version=&#8221;4.27.4&#8243; _module_preset=&#8221;default&#8221; header_level=&#8221;h3&#8243; background_color=&#8221;#FFFFFF&#8221; min_height=&#8221;450px&#8221; min_height_tablet=&#8221;&#8221; min_height_phone=&#8221;400px&#8221; min_height_last_edited=&#8221;on|phone&#8221; height=&#8221;450px&#8221; custom_padding=&#8221;32px|24px|32px|24px|true|true&#8221; custom_css_main_element=&#8221;display: flex;||flex-direction: column;||justify-content: flex-end;||height: 100%;&#8221; custom_css_blurb_title=&#8221;padding-bottom: 48px;&#8221; border_radii=&#8221;on|25px|25px|25px|25px&#8221; global_colors_info=&#8221;{%22gcid-secondary-color%22:%91%22icon_color%22,%22icon_color%22%93}&#8221;]<\/p>\n<p>Aquest taller \u00e9s perfecte per als qui senten afinitat pel treball manual i gaudeixen explorant noves maneres de transformar materials. \u00c9s un espai on l&#8217;artesania es viu des de la calma i el gaudi sense necessitat de coneixements previs. <\/p>\n<p>[\/et_pb_blurb][\/et_pb_column][et_pb_column type=&#8221;1_4&#8243; _builder_version=&#8221;4.27.4&#8243; _module_preset=&#8221;default&#8221; global_colors_info=&#8221;{}&#8221;][et_pb_blurb title=&#8221;Amants del DIY i decoraci\u00f3&#8221; image_icon_width=&#8221;48px&#8221; icon_alignment=&#8221;left&#8221; _builder_version=&#8221;4.27.4&#8243; _module_preset=&#8221;default&#8221; header_level=&#8221;h3&#8243; background_color=&#8221;#FFFFFF&#8221; min_height=&#8221;450px&#8221; min_height_tablet=&#8221;&#8221; min_height_phone=&#8221;400px&#8221; min_height_last_edited=&#8221;on|phone&#8221; height=&#8221;450px&#8221; custom_padding=&#8221;32px|24px|32px|24px|true|true&#8221; custom_css_main_element=&#8221;display: flex;||flex-direction: column;||justify-content: flex-end;||height: 100%;&#8221; custom_css_blurb_title=&#8221;padding-bottom: 48px;&#8221; border_radii=&#8221;on|25px|25px|25px|25px&#8221; global_colors_info=&#8221;{%22gcid-secondary-color%22:%91%22icon_color%22,%22icon_color%22,%22icon_color%22%93,%22gcid-58cfc04f-7f57-4a3a-9439-0876323e7760%22:%91%22background_color%22%93,%22gcid-4ad3f847-7c47-4fbe-bc12-42bb1c3f69ad%22:%91%22background_color%22%93}&#8221;]<\/p>\n<p>Si us agrada decorar, restaurar o personalitzar objectes, aqu\u00ed trobareu una experi\u00e8ncia alineada amb els vostres interessos. Aquest taller t&#8217;ofereix eines creatives que podr\u00e0s aplicar despr\u00e9s a casa teva o projectes personals. <\/p>\n<p>[\/et_pb_blurb][\/et_pb_column][et_pb_column type=&#8221;1_4&#8243; _builder_version=&#8221;4.27.4&#8243; _module_preset=&#8221;default&#8221; global_colors_info=&#8221;{}&#8221;][et_pb_blurb title=&#8221;Creatius a la recerca de noves t\u00e8cniques&#8221; image_icon_width=&#8221;48px&#8221; icon_alignment=&#8221;left&#8221; _builder_version=&#8221;4.27.4&#8243; _module_preset=&#8221;default&#8221; header_level=&#8221;h3&#8243; background_color=&#8221;#FFFFFF&#8221; min_height=&#8221;450px&#8221; min_height_tablet=&#8221;&#8221; min_height_phone=&#8221;400px&#8221; min_height_last_edited=&#8221;on|phone&#8221; height=&#8221;450px&#8221; custom_padding=&#8221;32px|24px|32px|24px|true|true&#8221; custom_css_main_element=&#8221;display: flex;||flex-direction: column;||justify-content: flex-end;||height: 100%;&#8221; custom_css_blurb_title=&#8221;padding-bottom: 48px;&#8221; border_radii=&#8221;on|25px|25px|25px|25px&#8221; global_colors_info=&#8221;{%22gcid-secondary-color%22:%91%22icon_color%22,%22icon_color%22%93,%22gcid-4ad3f847-7c47-4fbe-bc12-42bb1c3f69ad%22:%91%22background_color%22%93,%22gcid-bacc0458-658d-4585-82c3-3aea32d6623b%22:%91%22background_color%22%93}&#8221;]<\/p>\n<div class=\"cl-preview-section\">\n<p>Aquelles persones que tenen inquietud art\u00edstica trobaran en aquest taller una manera fresca d&#8217;ampliar els seus horitzons. \u00c9s una oportunitat per sumar noves idees i sensibilitats al seu repertori creatiu. <\/p>\n<\/div>\n<p>[\/et_pb_blurb][\/et_pb_column][et_pb_column type=&#8221;1_4&#8243; _builder_version=&#8221;4.27.4&#8243; _module_preset=&#8221;default&#8221; global_colors_info=&#8221;{}&#8221;][et_pb_blurb title=&#8221;Curiosos que volen experimentar&#8221; image_icon_width=&#8221;48px&#8221; icon_alignment=&#8221;left&#8221; _builder_version=&#8221;4.27.4&#8243; _module_preset=&#8221;default&#8221; header_level=&#8221;h3&#8243; background_color=&#8221;#FFFFFF&#8221; min_height=&#8221;450px&#8221; min_height_tablet=&#8221;&#8221; min_height_phone=&#8221;400px&#8221; min_height_last_edited=&#8221;on|phone&#8221; height=&#8221;450px&#8221; custom_padding=&#8221;32px|24px|32px|24px|true|true&#8221; custom_css_main_element=&#8221;display: flex;||flex-direction: column;||justify-content: flex-end;||height: 100%;&#8221; custom_css_blurb_title=&#8221;padding-bottom: 48px;&#8221; border_radii=&#8221;on|25px|25px|25px|25px&#8221; global_colors_info=&#8221;{%22gcid-secondary-color%22:%91%22icon_color%22,%22icon_color%22%93,%22gcid-1b354d84-96f8-497e-9dcb-18a440b96e1d%22:%91%22background_color%22%93}&#8221;]<\/p>\n<p>No cal \u201csaber\u201d, nom\u00e9s voler viure una cosa diferent. Aquest espai us convida a provar, explorar i descobrir possibilitats que potser no imaginaves. La curiositat \u00e9s el motor de tota lexperi\u00e8ncia.  <\/p>\n<p>[\/et_pb_blurb][\/et_pb_column][\/et_pb_row][\/et_pb_section][et_pb_section fb_built=&#8221;1&#8243; admin_label=&#8221;INSTRUCTOR&#8221; _builder_version=&#8221;4.27.4&#8243; _module_preset=&#8221;default&#8221; background_color=&#8221;#FFFFFF&#8221; custom_padding=&#8221;32px||||false|false&#8221; da_disable_devices=&#8221;off|off|off&#8221; locked=&#8221;off&#8221; collapsed=&#8221;on&#8221; global_colors_info=&#8221;{}&#8221; da_is_popup=&#8221;off&#8221; da_exit_intent=&#8221;off&#8221; da_has_close=&#8221;on&#8221; da_alt_close=&#8221;off&#8221; da_dark_close=&#8221;off&#8221; da_not_modal=&#8221;on&#8221; da_is_singular=&#8221;off&#8221; da_with_loader=&#8221;off&#8221; da_has_shadow=&#8221;on&#8221;][et_pb_row _builder_version=&#8221;4.27.4&#8243; _module_preset=&#8221;default&#8221; width=&#8221;85%&#8221; custom_padding=&#8221;||10px||false|false&#8221; global_colors_info=&#8221;{}&#8221;][et_pb_column type=&#8221;4_4&#8243; _builder_version=&#8221;4.27.4&#8243; _module_preset=&#8221;default&#8221; global_colors_info=&#8221;{}&#8221;][et_pb_text _builder_version=&#8221;4.27.4&#8243; _module_preset=&#8221;default&#8221; text_font=&#8221;|||on|||||&#8221; text_font_size=&#8221;15px&#8221; custom_margin=&#8221;||16px||false|false&#8221; global_colors_info=&#8221;{}&#8221;]<\/p>\n<p>guia | acompanyament | claredat | confian\u00e7a<\/p>\n<p>[\/et_pb_text][et_pb_divider color=&#8221;gcid-secondary-color&#8221; divider_weight=&#8221;4px&#8221; divider_weight_tablet=&#8221;4px&#8221; divider_weight_phone=&#8221;4px&#8221; divider_weight_last_edited=&#8221;on|phone&#8221; _builder_version=&#8221;4.27.4&#8243; _module_preset=&#8221;default&#8221; width=&#8221;10%&#8221; width_tablet=&#8221;10%&#8221; width_phone=&#8221;20%&#8221; width_last_edited=&#8221;on|phone&#8221; custom_margin=&#8221;||||false|false&#8221; custom_padding=&#8221;||||false|false&#8221; global_colors_info=&#8221;{%22gcid-secondary-color%22:%91%22color%22%93}&#8221;][\/et_pb_divider][\/et_pb_column][\/et_pb_row][et_pb_row column_structure=&#8221;1_2,1_2&#8243; make_equal=&#8221;on&#8221; custom_padding_last_edited=&#8221;on|phone&#8221; _builder_version=&#8221;4.27.4&#8243; _module_preset=&#8221;default&#8221; width=&#8221;85%&#8221; custom_margin=&#8221;||48px||false|false&#8221; custom_padding=&#8221;||||false|false&#8221; custom_padding_tablet=&#8221;|||32px|false|false&#8221; custom_padding_phone=&#8221;|||6px|false|false&#8221; background_color_phone=&#8221;gcid-secondary-color&#8221; background_enable_color_phone=&#8221;on&#8221; background_enable_image_phone=&#8221;off&#8221; border_radii=&#8221;on|25px|25px|25px|25px&#8221; locked=&#8221;off&#8221; global_colors_info=&#8221;{}&#8221;][et_pb_column type=&#8221;1_2&#8243; _builder_version=&#8221;4.27.4&#8243; _module_preset=&#8221;default&#8221; global_colors_info=&#8221;{}&#8221;][et_pb_text _builder_version=&#8221;4.27.4&#8243; _module_preset=&#8221;default&#8221; background_image=&#8221;https:\/\/melillimonartesania.com\/wp-content\/uploads\/2025\/11\/taller-de-dorado-05.jpg&#8221; max_width_tablet=&#8221;&#8221; max_width_phone=&#8221;&#8221; max_width_last_edited=&#8221;on|phone&#8221; min_height=&#8221;100%&#8221; min_height_tablet=&#8221;100%&#8221; min_height_phone=&#8221;250px&#8221; min_height_last_edited=&#8221;on|desktop&#8221; custom_padding=&#8221;||||false|false&#8221; border_radii=&#8221;on|25px|25px|25px|25px&#8221; global_colors_info=&#8221;{}&#8221;][\/et_pb_text][\/et_pb_column][et_pb_column type=&#8221;1_2&#8243; _builder_version=&#8221;4.27.4&#8243; _module_preset=&#8221;default&#8221; global_colors_info=&#8221;{}&#8221;][dsm_card title=&#8221;Apr\u00e8n amb instructor expert en taller de daurat i policromia de fusta&#8221; subtitle=&#8221;Una figura propera que compartir\u00e0 amb tu la seva mirada i experi\u00e8ncia artesanal&#8221; image=&#8221;https:\/\/melillimonartesania.com\/wp-content\/uploads\/\/2025\/03\/iconos-art-04.svg&#8221; image_as_background=&#8221;off&#8221; alt=&#8221;Icona de pintat de mobles&#8221; button_text=&#8221;@ET-DC@eyJkeW5hbWljIjp0cnVlLCJjb250ZW50IjoiY3VzdG9tX21ldGFfdGV4dG9fYm90b24iLCJzZXR0aW5ncyI6eyJiZWZvcmUiOiIiLCJhZnRlciI6IiIsImVuYWJsZV9odG1sIjoib2ZmIn19@&#8221; button_url=&#8221;@ET-DC@eyJkeW5hbWljIjp0cnVlLCJjb250ZW50IjoiY3VzdG9tX21ldGFfdXJsX2JvdG9uIiwic2V0dGluZ3MiOnsiYmVmb3JlIjoiIiwiYWZ0ZXIiOiIiLCJlbmFibGVfaHRtbCI6Im9mZiJ9fQ==@&#8221; _builder_version=&#8221;4.27.4&#8243; _dynamic_attributes=&#8221;button_text,button_url&#8221; _module_preset=&#8221;ef4f739f-b387-4166-b90e-e1ec1735fd83&#8243; global_colors_info=&#8221;{%22gcid-1b354d84-96f8-497e-9dcb-18a440b96e1d%22:%91%22background_color%22,%22background_color%22%93}&#8221;]<\/p>\n<p>L&#8217;instructor us acompanyar\u00e0 durant tot el proc\u00e9s, creant un ambient proper on puguis aprendre amb tranquil\u00b7litat. La seva experi\u00e8ncia en t\u00e8cniques decoratives tradicionals us permet oferir explicacions clares, sensibles i adaptades al nivell de cada participant, generant una din\u00e0mica c\u00f2moda i accessible. <\/p>\n<p>El seu enfocament hum\u00e0 i respectu\u00f3s facilita que cada persona trobi el seu ritme sense pressi\u00f3. M\u00e9s que dirigir la sessi\u00f3, us guiar\u00e0 amb atenci\u00f3 individualitzada, ajudant-vos a connectar amb la vostra capacitat natural per crear. <\/p>\n<p>[\/dsm_card][\/et_pb_column][\/et_pb_row][\/et_pb_section][et_pb_section fb_built=&#8221;1&#8243; admin_label=&#8221;INSCRIPCION&#8221; _builder_version=&#8221;4.27.4&#8243; _module_preset=&#8221;default&#8221; background_color=&#8221;gcid-1b354d84-96f8-497e-9dcb-18a440b96e1d&#8221; custom_padding=&#8221;32px||||false|false&#8221; da_disable_devices=&#8221;off|off|off&#8221; locked=&#8221;off&#8221; collapsed=&#8221;on&#8221; global_colors_info=&#8221;{%22gcid-1b354d84-96f8-497e-9dcb-18a440b96e1d%22:%91%22background_color%22%93}&#8221; da_is_popup=&#8221;off&#8221; da_exit_intent=&#8221;off&#8221; da_has_close=&#8221;on&#8221; da_alt_close=&#8221;off&#8221; da_dark_close=&#8221;off&#8221; da_not_modal=&#8221;on&#8221; da_is_singular=&#8221;off&#8221; da_with_loader=&#8221;off&#8221; da_has_shadow=&#8221;on&#8221;][et_pb_row _builder_version=&#8221;4.27.4&#8243; _module_preset=&#8221;default&#8221; width=&#8221;85%&#8221; custom_padding=&#8221;||10px||false|false&#8221; global_colors_info=&#8221;{}&#8221;][et_pb_column type=&#8221;4_4&#8243; _builder_version=&#8221;4.27.4&#8243; _module_preset=&#8221;default&#8221; global_colors_info=&#8221;{}&#8221;][et_pb_text _builder_version=&#8221;4.27.4&#8243; _module_preset=&#8221;default&#8221; text_font=&#8221;|||on|||||&#8221; text_font_size=&#8221;15px&#8221; custom_margin=&#8221;||16px||false|false&#8221; global_colors_info=&#8221;{}&#8221;]<\/p>\n<p>inscriu-te | 10 places | taller exclusiu | barcelona creatiu<\/p>\n<p>[\/et_pb_text][et_pb_divider color=&#8221;gcid-secondary-color&#8221; divider_weight=&#8221;4px&#8221; divider_weight_tablet=&#8221;4px&#8221; divider_weight_phone=&#8221;4px&#8221; divider_weight_last_edited=&#8221;on|phone&#8221; _builder_version=&#8221;4.27.4&#8243; _module_preset=&#8221;default&#8221; width=&#8221;10%&#8221; width_tablet=&#8221;10%&#8221; width_phone=&#8221;20%&#8221; width_last_edited=&#8221;on|phone&#8221; custom_margin=&#8221;||||false|false&#8221; custom_padding=&#8221;||||false|false&#8221; global_colors_info=&#8221;{%22gcid-secondary-color%22:%91%22color%22%93}&#8221;][\/et_pb_divider][\/et_pb_column][\/et_pb_row][et_pb_row column_structure=&#8221;3_5,2_5&#8243; custom_padding_last_edited=&#8221;on|phone&#8221; _builder_version=&#8221;4.27.4&#8243; _module_preset=&#8221;default&#8221; background_image=&#8221;https:\/\/melillimonartesania.com\/wp-content\/uploads\/2025\/11\/taller-de-dorado-01.jpg&#8221; width=&#8221;85%&#8221; custom_margin=&#8221;||48px||false|false&#8221; custom_padding=&#8221;|||32px|false|false&#8221; custom_padding_tablet=&#8221;|||32px|false|false&#8221; custom_padding_phone=&#8221;|||6px|false|false&#8221; hover_enabled=&#8221;0&#8243; background_color_phone=&#8221;gcid-secondary-color&#8221; background_enable_color_phone=&#8221;on&#8221; background_enable_image_phone=&#8221;off&#8221; border_radii=&#8221;on|25px|25px|25px|25px&#8221; locked=&#8221;off&#8221; global_colors_info=&#8221;{%22gcid-secondary-color%22:%91%22background_color%22%93}&#8221; alt=&#8221;Taller de dorado&#8221; title_text=&#8221;taller-de-dorado-01&#8243; sticky_enabled=&#8221;0&#8243;][et_pb_column type=&#8221;3_5&#8243; _builder_version=&#8221;4.27.4&#8243; _module_preset=&#8221;default&#8221; global_colors_info=&#8221;{}&#8221;][dsm_card title=&#8221;No et quedis fora del taller de daurat i policromia de fusta&#8221; subtitle=&#8221;Assegura la teva pla\u00e7a i viu una experi\u00e8ncia creativa inoblidable&#8221; image=&#8221;https:\/\/melillimonartesania.com\/wp-content\/uploads\/\/2025\/03\/iconos-art-04.svg&#8221; image_as_background=&#8221;off&#8221; alt=&#8221;Icona de pintat de mobles&#8221; button_text=&#8221;@ET-DC@eyJkeW5hbWljIjp0cnVlLCJjb250ZW50IjoiY3VzdG9tX21ldGFfdGV4dG9fYm90b24iLCJzZXR0aW5ncyI6eyJiZWZvcmUiOiIiLCJhZnRlciI6IiIsImVuYWJsZV9odG1sIjoib2ZmIn19@&#8221; button_url=&#8221;@ET-DC@eyJkeW5hbWljIjp0cnVlLCJjb250ZW50IjoiY3VzdG9tX21ldGFfdXJsX2JvdG9uIiwic2V0dGluZ3MiOnsiYmVmb3JlIjoiIiwiYWZ0ZXIiOiIiLCJlbmFibGVfaHRtbCI6Im9mZiJ9fQ==@&#8221; _builder_version=&#8221;4.27.4&#8243; _dynamic_attributes=&#8221;button_text,button_url&#8221; _module_preset=&#8221;624fb950-55ec-4f13-b03c-2046d7afadd6&#8243; global_colors_info=&#8221;{%22gcid-1b354d84-96f8-497e-9dcb-18a440b96e1d%22:%91%22background_color%22%93}&#8221;]<\/p>\n<p>Les places d\u00b4aquest taller s\u00f3n limitades i es completen r\u00e0pidament a causa de l\u00b4experi\u00e8ncia \u00edntima i personalitzada que oferim. Si sents que aquest pot ser el teu moment per aprendre, connectar i crear, ara \u00e9s loportunitat perfecta per reservar el teu lloc. <\/p>\n<p>Inscriure&#8217;t \u00e9s senzill i garanteix formar part d&#8217;una experi\u00e8ncia que moltes persones consideren transformadora. Aquesta \u00e9s la teva invitaci\u00f3 a prioritzar la teva creativitat i donar-te el regal de descobrir alguna cosa nova. <\/p>\n<p>places | reserva | experi\u00e8ncia | creativitat<\/p>\n<p>[\/dsm_card][\/et_pb_column][et_pb_column type=&#8221;2_5&#8243; _builder_version=&#8221;4.27.4&#8243; _module_preset=&#8221;default&#8221; global_colors_info=&#8221;{}&#8221;][\/et_pb_column][\/et_pb_row][\/et_pb_section][et_pb_section fb_built=&#8221;1&#8243; admin_label=&#8221;FAQS&#8221; _builder_version=&#8221;4.27.4&#8243; _module_preset=&#8221;default&#8221; da_disable_devices=&#8221;off|off|off&#8221; locked=&#8221;off&#8221; global_colors_info=&#8221;{}&#8221; da_is_popup=&#8221;off&#8221; da_exit_intent=&#8221;off&#8221; da_has_close=&#8221;on&#8221; da_alt_close=&#8221;off&#8221; da_dark_close=&#8221;off&#8221; da_not_modal=&#8221;on&#8221; da_is_singular=&#8221;off&#8221; da_with_loader=&#8221;off&#8221; da_has_shadow=&#8221;on&#8221;][et_pb_row _builder_version=&#8221;4.27.4&#8243; _module_preset=&#8221;default&#8221; global_colors_info=&#8221;{}&#8221;][et_pb_column type=&#8221;4_4&#8243; _builder_version=&#8221;4.27.4&#8243; _module_preset=&#8221;default&#8221; global_colors_info=&#8221;{}&#8221;][et_pb_heading title=&#8221;@ET-DC@eyJkeW5hbWljIjp0cnVlLCJjb250ZW50IjoicG9zdF90aXRsZSIsInNldHRpbmdzIjp7ImJlZm9yZSI6IlByZWd1bnRlcyBmcmVxXHUwMGZjZW50cyAoRkFRcykgc29icmU6ICIsImFmdGVyIjoiIn19@&#8221; _builder_version=&#8221;4.27.4&#8243; _dynamic_attributes=&#8221;title&#8221; _module_preset=&#8221;default&#8221; title_level=&#8221;h2&#8243; title_text_align=&#8221;center&#8221; global_colors_info=&#8221;{}&#8221;][\/et_pb_heading][dsm_faq dsm_make_accordion_toggle=&#8221;on&#8221; dsm_open_faq_item=&#8221;on&#8221; dsm_enable_schema_markup=&#8221;on&#8221; _builder_version=&#8221;4.27.4&#8243; _module_preset=&#8221;ae13b85e-994a-40ba-9486-067a02e1ccda&#8221; global_colors_info=&#8221;{}&#8221;][dsm_faq_child dsm_title=&#8221;Necessito experi\u00e8ncia pr\u00e8via per participar-hi?&#8221; dsm_content=&#8221;<\/p>\n<p>No, el taller est\u00e0 pensat per a qualsevol nivell. Aprendr\u00e0s de forma guiada, pas a pas, i podr\u00e0s gaudir del proc\u00e9s creatiu fins i tot si \u00e9s la teva primera vegada treballant amb ornamentaci\u00f3 de fusta. <\/p>\n<p>&#8221; _builder_version=&#8221;4.27.4&#8243; _module_preset=&#8221;default&#8221; global_colors_info=&#8221;{}&#8221; parentOrderClass=&#8221;dsm_faq_0&#8243;][\/dsm_faq_child][dsm_faq_child dsm_title=&#8221;Quins materials estan inclosos al taller?&#8221; dsm_content=&#8221;<\/p>\n<p>El taller proporciona tots els materials necessaris per fer la pr\u00e0ctica. Nom\u00e9s has de venir amb roba c\u00f2moda i ganes de crear. Tota la resta estar\u00e0 preparada perqu\u00e8 gaudiu l&apos;experi\u00e8ncia.  <\/p>\n<p>&#8221; _builder_version=&#8221;4.27.4&#8243; _module_preset=&#8221;default&#8221; global_colors_info=&#8221;{}&#8221; parentOrderClass=&#8221;dsm_faq_0&#8243;][\/dsm_faq_child][dsm_faq_child dsm_title=&#8221;Quan dura el taller?&#8221; dsm_content=&#8221;<\/p>\n<p>La durada permet avan\u00e7ar amb calma, comprendre cada fase i completar-ne la pr\u00e0ctica. Est\u00e0 dissenyat per oferir una experi\u00e8ncia immersiva sense presses, combinant demostraci\u00f3, pr\u00e0ctica guiada i exploraci\u00f3 personal. <\/p>\n<p>&#8221; _builder_version=&#8221;4.27.4&#8243; _module_preset=&#8221;default&#8221; global_colors_info=&#8221;{}&#8221; parentOrderClass=&#8221;dsm_faq_0&#8243;][\/dsm_faq_child][dsm_faq_child dsm_title=&#8221;Quina pe\u00e7a em portar\u00e9 en acabar?&#8221; dsm_content=&#8221;<\/p>\n<p>T&apos;emportar\u00e0s una pe\u00e7a treballada per tu, decorada amb daurat i policromia segons el teu estil. Ser\u00e0 un record \u00fanic del proc\u00e9s creatiu viscut i la teva evoluci\u00f3 durant el taller. <\/p>\n<p>&#8221; _builder_version=&#8221;4.27.4&#8243; _module_preset=&#8221;default&#8221; global_colors_info=&#8221;{}&#8221; parentOrderClass=&#8221;dsm_faq_0&#8243;][\/dsm_faq_child][dsm_faq_child dsm_title=&#8221;Les places s\u00f3n realment limitades?&#8221; dsm_content=&#8221;<\/p>\n<p>S\u00ed, el grup \u00e9s redu\u00eft per garantir acompanyament proper i un ambient tranquil. Aix\u00f2 permet que cada participant rebi atenci\u00f3 personalitzada i gaudeixi plenament de lexperi\u00e8ncia. <\/p>\n<p>&#8221; _builder_version=&#8221;4.27.4&#8243; _module_preset=&#8221;default&#8221; global_colors_info=&#8221;{}&#8221; parentOrderClass=&#8221;dsm_faq_0&#8243;][\/dsm_faq_child][dsm_faq_child dsm_title=&#8221;Qu\u00e8 passa si no hi puc assistir despr\u00e9s d&#039;inscriure&#039;m?&#8221; dsm_content=&#8221;<\/p>\n<p class=%22ds-markdown-paragraph%22><span>Entenem que poden sorgir imprevistos. Si cancel\u00b7leu amb almenys 7 dies d&apos;antelaci\u00f3, us reemborsem el 100% de la vostra inscripci\u00f3. Per cancel\u00b7lacions amb menys temps, podem transferir la teva pla\u00e7a a una propera edici\u00f3 o emetre un voucher per a tallers futurs.  <\/span><\/p>\n<p>&#8221; _builder_version=&#8221;4.27.4&#8243; _module_preset=&#8221;default&#8221; global_colors_info=&#8221;{}&#8221; parentOrderClass=&#8221;dsm_faq_0&#8243;][\/dsm_faq_child][dsm_faq_child dsm_title=&#8221;Puc regalar aquest taller a una altra persona?&#8221; dsm_content=&#8221;<\/p>\n<p>S\u00ed, \u00e9s una excel\u00b7lent opci\u00f3 com a regal. Podeu reservar una pla\u00e7a a nom d&apos;una altra persona perqu\u00e8 visqui aquesta experi\u00e8ncia creativa i sensorial. <\/p>\n<p>&#8221; _builder_version=&#8221;4.27.4&#8243; _module_preset=&#8221;default&#8221; global_colors_info=&#8221;{}&#8221; parentOrderClass=&#8221;dsm_faq_0&#8243;][\/dsm_faq_child][dsm_faq_child dsm_title=&#8221;El taller \u00e9s adequat si vull desconnectar de l?estr\u00e8s?&#8221; dsm_content=&#8221;<\/p>\n<p>Totalment. El ritme pausat, la concentraci\u00f3 manual i l&apos;experi\u00e8ncia sensorial del daurat i la policromia ajuden a relaxar-te, enfocar-te al present i gaudir d&apos;un moment creatiu per a tu. <\/p>\n<p>&#8221; _builder_version=&#8221;4.27.4&#8243; _module_preset=&#8221;default&#8221; global_colors_info=&#8221;{}&#8221; parentOrderClass=&#8221;dsm_faq_0&#8243;][\/dsm_faq_child][\/dsm_faq][\/et_pb_column][\/et_pb_row][\/et_pb_section]<\/p>\n","protected":false},"excerpt":{"rendered":"<p>El taller de daurat i policromia de fusta \u00e9s una experi\u00e8ncia on la t\u00e8cnica es transforma en art viu. Aquest ofici centenari combina la brillantor del pa d&#8217;or amb la m\u00e0gia del color, donant com a resultat peces amb \u00e0nima i personalitat pr\u00f2pia. <\/p>\n","protected":false},"author":1,"featured_media":7999,"parent":3619,"menu_order":0,"comment_status":"closed","ping_status":"closed","template":"","meta":{"_acf_changed":false,"_et_pb_use_builder":"on","_et_pb_old_content":"","_et_gb_content_width":"","_daim_seo_power":"","_daim_enable_ail":"","footnotes":""},"tags":[],"class_list":["post-8000","page","type-page","status-publish","has-post-thumbnail","hentry"],"acf":[],"yoast_head":"<!-- This site is optimized with the Yoast SEO Premium plugin v27.2 (Yoast SEO v27.4) - https:\/\/yoast.com\/product\/yoast-seo-premium-wordpress\/ -->\n<title>Taller de daurat i policromia de fusta - Mel i Llimona &amp; iCanyella: Artesan\u00eda, Gastronom\u00eda y Comunidad en Badalona<\/title>\n<meta name=\"description\" content=\"Descobreix com dominar el taller de daurat i policromia de fusta, materials b\u00e0sics, passos f\u00e0cils i trucs artesanals.\" \/>\n<meta name=\"robots\" content=\"index, follow, max-snippet:-1, max-image-preview:large, max-video-preview:-1\" \/>\n<link rel=\"canonical\" href=\"https:\/\/melillimonartesania.com\/ca\/tallers-creatius\/artesania\/taller-de-daurat-i-policromia-de-fusta\/\" \/>\n<meta property=\"og:locale\" content=\"ca_ES\" \/>\n<meta property=\"og:type\" content=\"article\" \/>\n<meta property=\"og:title\" content=\"Taller de daurat i policromia de fusta\" \/>\n<meta property=\"og:description\" content=\"Descobreix com dominar el taller de daurat i policromia de fusta, materials b\u00e0sics, passos f\u00e0cils i trucs artesanals.\" \/>\n<meta property=\"og:url\" content=\"https:\/\/melillimonartesania.com\/ca\/tallers-creatius\/artesania\/taller-de-daurat-i-policromia-de-fusta\/\" \/>\n<meta property=\"og:site_name\" content=\"Mel i Llimona &amp; iCanyella: Artesan\u00eda, Gastronom\u00eda y Comunidad en Badalona\" \/>\n<meta property=\"article:modified_time\" content=\"2025-12-07T12:13:39+00:00\" \/>\n<meta property=\"og:image\" content=\"https:\/\/melillimonartesania.com\/wp-content\/uploads\/2025\/11\/taller-de-dorado-06.jpg\" \/>\n\t<meta property=\"og:image:width\" content=\"1920\" \/>\n\t<meta property=\"og:image:height\" content=\"1080\" \/>\n\t<meta property=\"og:image:type\" content=\"image\/jpeg\" \/>\n<meta name=\"twitter:card\" content=\"summary_large_image\" \/>\n<meta name=\"twitter:label1\" content=\"Temps estimat de lectura\" \/>\n\t<meta name=\"twitter:data1\" content=\"10 minuts\" \/>\n<script type=\"application\/ld+json\" class=\"yoast-schema-graph\">{\"@context\":\"https:\\\/\\\/schema.org\",\"@graph\":[{\"@type\":\"WebPage\",\"@id\":\"https:\\\/\\\/melillimonartesania.com\\\/ca\\\/tallers-creatius\\\/artesania\\\/taller-de-daurat-i-policromia-de-fusta\\\/\",\"url\":\"https:\\\/\\\/melillimonartesania.com\\\/ca\\\/tallers-creatius\\\/artesania\\\/taller-de-daurat-i-policromia-de-fusta\\\/\",\"name\":\"Taller de daurat i policromia de fusta - Mel i Llimona &amp; iCanyella: Artesan\u00eda, Gastronom\u00eda y Comunidad en Badalona\",\"isPartOf\":{\"@id\":\"https:\\\/\\\/melillimonartesania.com\\\/ca\\\/#website\"},\"primaryImageOfPage\":{\"@id\":\"https:\\\/\\\/melillimonartesania.com\\\/ca\\\/tallers-creatius\\\/artesania\\\/taller-de-daurat-i-policromia-de-fusta\\\/#primaryimage\"},\"image\":{\"@id\":\"https:\\\/\\\/melillimonartesania.com\\\/ca\\\/tallers-creatius\\\/artesania\\\/taller-de-daurat-i-policromia-de-fusta\\\/#primaryimage\"},\"thumbnailUrl\":\"https:\\\/\\\/melillimonartesania.com\\\/wp-content\\\/uploads\\\/2025\\\/11\\\/taller-de-dorado-06.jpg\",\"datePublished\":\"2025-11-29T22:37:41+00:00\",\"dateModified\":\"2025-12-07T12:13:39+00:00\",\"description\":\"Descobreix com dominar el taller de daurat i policromia de fusta, materials b\u00e0sics, passos f\u00e0cils i trucs artesanals.\",\"breadcrumb\":{\"@id\":\"https:\\\/\\\/melillimonartesania.com\\\/ca\\\/tallers-creatius\\\/artesania\\\/taller-de-daurat-i-policromia-de-fusta\\\/#breadcrumb\"},\"inLanguage\":\"ca\",\"potentialAction\":[{\"@type\":\"ReadAction\",\"target\":[\"https:\\\/\\\/melillimonartesania.com\\\/ca\\\/tallers-creatius\\\/artesania\\\/taller-de-daurat-i-policromia-de-fusta\\\/\"]}]},{\"@type\":\"ImageObject\",\"inLanguage\":\"ca\",\"@id\":\"https:\\\/\\\/melillimonartesania.com\\\/ca\\\/tallers-creatius\\\/artesania\\\/taller-de-daurat-i-policromia-de-fusta\\\/#primaryimage\",\"url\":\"https:\\\/\\\/melillimonartesania.com\\\/wp-content\\\/uploads\\\/2025\\\/11\\\/taller-de-dorado-06.jpg\",\"contentUrl\":\"https:\\\/\\\/melillimonartesania.com\\\/wp-content\\\/uploads\\\/2025\\\/11\\\/taller-de-dorado-06.jpg\",\"width\":1920,\"height\":1080,\"caption\":\"taller de daurat i policromia en fusta\"},{\"@type\":\"BreadcrumbList\",\"@id\":\"https:\\\/\\\/melillimonartesania.com\\\/ca\\\/tallers-creatius\\\/artesania\\\/taller-de-daurat-i-policromia-de-fusta\\\/#breadcrumb\",\"itemListElement\":[{\"@type\":\"ListItem\",\"position\":1,\"name\":\"Portada\",\"item\":\"https:\\\/\\\/melillimonartesania.com\\\/ca\\\/mel-i-llimona-icanyella\\\/\"},{\"@type\":\"ListItem\",\"position\":2,\"name\":\"Tallers creatius\",\"item\":\"https:\\\/\\\/melillimonartesania.com\\\/ca\\\/tallers-creatius\\\/\"},{\"@type\":\"ListItem\",\"position\":3,\"name\":\"Tallers d&#8217;artesania a Badalona\",\"item\":\"https:\\\/\\\/melillimonartesania.com\\\/ca\\\/talleres-creativos\\\/artesania\\\/\"},{\"@type\":\"ListItem\",\"position\":4,\"name\":\"Taller de daurat i policromia de fusta\"}]},{\"@type\":\"WebSite\",\"@id\":\"https:\\\/\\\/melillimonartesania.com\\\/ca\\\/#website\",\"url\":\"https:\\\/\\\/melillimonartesania.com\\\/ca\\\/\",\"name\":\"Mel i Llimona &amp; iCanyella: Artesan\u00eda, Gastronom\u00eda y Comunidad en Badalona\",\"description\":\"Mel i Llimona &amp; iCanyella, un espacio que conserva su esencia artesanal  y a\u00f1ade degustaci\u00f3n ecol\u00f3gica, mercado sostenible y un espacio para la comunidad en Badalona.\",\"publisher\":{\"@id\":\"https:\\\/\\\/melillimonartesania.com\\\/ca\\\/#organization\"},\"potentialAction\":[{\"@type\":\"SearchAction\",\"target\":{\"@type\":\"EntryPoint\",\"urlTemplate\":\"https:\\\/\\\/melillimonartesania.com\\\/ca\\\/?s={search_term_string}\"},\"query-input\":{\"@type\":\"PropertyValueSpecification\",\"valueRequired\":true,\"valueName\":\"search_term_string\"}}],\"inLanguage\":\"ca\"},{\"@type\":[\"Organization\",\"Place\",\"LocalBusiness\"],\"@id\":\"https:\\\/\\\/melillimonartesania.com\\\/ca\\\/#organization\",\"name\":\"Mel i Llimona Creaci\u00f3 Artesanal S.C.C.L.\",\"alternateName\":\"Mel i Llimona iCanyella\",\"url\":\"https:\\\/\\\/melillimonartesania.com\\\/ca\\\/\",\"logo\":{\"@id\":\"https:\\\/\\\/melillimonartesania.com\\\/ca\\\/tallers-creatius\\\/artesania\\\/taller-de-daurat-i-policromia-de-fusta\\\/#local-main-organization-logo\"},\"image\":{\"@id\":\"https:\\\/\\\/melillimonartesania.com\\\/ca\\\/tallers-creatius\\\/artesania\\\/taller-de-daurat-i-policromia-de-fusta\\\/#local-main-organization-logo\"},\"description\":\"Mel i Llimona Artesan\u00eda en Badalona: Desde 2018, somos el taller de referencia para la restauraci\u00f3n profesional de muebles antiguos y el arte del 'hazlo t\u00fa mismo'. Hemos evolucionado a iCanyella en Badalona, un espacio que integra nuestro taller tradicional con un mercado local de artesan\u00eda sostenible y degustaci\u00f3n de productos ecol\u00f3gicos. Vis\u00edtanos para tus proyectos de restauraci\u00f3n, talleres comunitarios y para apoyar el comercio justo en la zona.\",\"numberOfEmployees\":{\"@type\":\"QuantitativeValue\",\"minValue\":\"1\",\"maxValue\":\"10\"},\"address\":{\"@id\":\"https:\\\/\\\/melillimonartesania.com\\\/ca\\\/tallers-creatius\\\/artesania\\\/taller-de-daurat-i-policromia-de-fusta\\\/#local-main-place-address\"},\"telephone\":[\"+34 635 422 982\"],\"contactPoint\":{\"@type\":\"ContactPoint\",\"telephone\":\"+34 635 422 982\",\"email\":\"info@melillimonartesania.com\"},\"openingHoursSpecification\":[{\"@type\":\"OpeningHoursSpecification\",\"dayOfWeek\":[\"Monday\"],\"opens\":\"17:00\",\"closes\":\"20:00\"},{\"@type\":\"OpeningHoursSpecification\",\"dayOfWeek\":[\"Tuesday\",\"Wednesday\",\"Thursday\",\"Friday\"],\"opens\":\"09:00\",\"closes\":\"20:00\"},{\"@type\":\"OpeningHoursSpecification\",\"dayOfWeek\":[\"Saturday\"],\"opens\":\"09:00\",\"closes\":\"14:00\"},{\"@type\":\"OpeningHoursSpecification\",\"dayOfWeek\":[\"Sunday\"],\"opens\":\"00:00\",\"closes\":\"00:00\"}],\"email\":\"hola@melillimonartesania.com\",\"areaServed\":\"Badalona, Barcelona, Maresme\",\"vatID\":\"F56933963\",\"taxID\":\"F56933963\",\"currenciesAccepted\":\"EUR\",\"paymentAccepted\":\"Contado, tarjeta\"},{\"@type\":\"PostalAddress\",\"@id\":\"https:\\\/\\\/melillimonartesania.com\\\/ca\\\/tallers-creatius\\\/artesania\\\/taller-de-daurat-i-policromia-de-fusta\\\/#local-main-place-address\",\"streetAddress\":\"Carrer d'Arn\u00fas, 36\",\"addressLocality\":\"Badalona\",\"postalCode\":\"08911\",\"addressRegion\":\"Catalunya\",\"addressCountry\":\"ES\"},{\"@type\":\"ImageObject\",\"inLanguage\":\"ca\",\"@id\":\"https:\\\/\\\/melillimonartesania.com\\\/ca\\\/tallers-creatius\\\/artesania\\\/taller-de-daurat-i-policromia-de-fusta\\\/#local-main-organization-logo\",\"url\":\"https:\\\/\\\/melillimonartesania.com\\\/wp-content\\\/uploads\\\/2025\\\/09\\\/melillimona-icanyella-black.svg\",\"contentUrl\":\"https:\\\/\\\/melillimonartesania.com\\\/wp-content\\\/uploads\\\/2025\\\/09\\\/melillimona-icanyella-black.svg\",\"width\":135,\"height\":20,\"caption\":\"Mel i Llimona Creaci\u00f3 Artesanal S.C.C.L.\"}]}<\/script>\n<meta name=\"geo.placename\" content=\"Badalona\" \/>\n<meta name=\"geo.region\" content=\"Espanya\" \/>\n<!-- \/ Yoast SEO Premium plugin. -->","yoast_head_json":{"title":"Taller de daurat i policromia de fusta - Mel i Llimona &amp; iCanyella: Artesan\u00eda, Gastronom\u00eda y Comunidad en Badalona","description":"Descobreix com dominar el taller de daurat i policromia de fusta, materials b\u00e0sics, passos f\u00e0cils i trucs artesanals.","robots":{"index":"index","follow":"follow","max-snippet":"max-snippet:-1","max-image-preview":"max-image-preview:large","max-video-preview":"max-video-preview:-1"},"canonical":"https:\/\/melillimonartesania.com\/ca\/tallers-creatius\/artesania\/taller-de-daurat-i-policromia-de-fusta\/","og_locale":"ca_ES","og_type":"article","og_title":"Taller de daurat i policromia de fusta","og_description":"Descobreix com dominar el taller de daurat i policromia de fusta, materials b\u00e0sics, passos f\u00e0cils i trucs artesanals.","og_url":"https:\/\/melillimonartesania.com\/ca\/tallers-creatius\/artesania\/taller-de-daurat-i-policromia-de-fusta\/","og_site_name":"Mel i Llimona &amp; iCanyella: Artesan\u00eda, Gastronom\u00eda y Comunidad en Badalona","article_modified_time":"2025-12-07T12:13:39+00:00","og_image":[{"width":1920,"height":1080,"url":"https:\/\/melillimonartesania.com\/wp-content\/uploads\/2025\/11\/taller-de-dorado-06.jpg","type":"image\/jpeg"}],"twitter_card":"summary_large_image","twitter_misc":{"Temps estimat de lectura":"10 minuts"},"schema":{"@context":"https:\/\/schema.org","@graph":[{"@type":"WebPage","@id":"https:\/\/melillimonartesania.com\/ca\/tallers-creatius\/artesania\/taller-de-daurat-i-policromia-de-fusta\/","url":"https:\/\/melillimonartesania.com\/ca\/tallers-creatius\/artesania\/taller-de-daurat-i-policromia-de-fusta\/","name":"Taller de daurat i policromia de fusta - Mel i Llimona &amp; iCanyella: Artesan\u00eda, Gastronom\u00eda y Comunidad en Badalona","isPartOf":{"@id":"https:\/\/melillimonartesania.com\/ca\/#website"},"primaryImageOfPage":{"@id":"https:\/\/melillimonartesania.com\/ca\/tallers-creatius\/artesania\/taller-de-daurat-i-policromia-de-fusta\/#primaryimage"},"image":{"@id":"https:\/\/melillimonartesania.com\/ca\/tallers-creatius\/artesania\/taller-de-daurat-i-policromia-de-fusta\/#primaryimage"},"thumbnailUrl":"https:\/\/melillimonartesania.com\/wp-content\/uploads\/2025\/11\/taller-de-dorado-06.jpg","datePublished":"2025-11-29T22:37:41+00:00","dateModified":"2025-12-07T12:13:39+00:00","description":"Descobreix com dominar el taller de daurat i policromia de fusta, materials b\u00e0sics, passos f\u00e0cils i trucs artesanals.","breadcrumb":{"@id":"https:\/\/melillimonartesania.com\/ca\/tallers-creatius\/artesania\/taller-de-daurat-i-policromia-de-fusta\/#breadcrumb"},"inLanguage":"ca","potentialAction":[{"@type":"ReadAction","target":["https:\/\/melillimonartesania.com\/ca\/tallers-creatius\/artesania\/taller-de-daurat-i-policromia-de-fusta\/"]}]},{"@type":"ImageObject","inLanguage":"ca","@id":"https:\/\/melillimonartesania.com\/ca\/tallers-creatius\/artesania\/taller-de-daurat-i-policromia-de-fusta\/#primaryimage","url":"https:\/\/melillimonartesania.com\/wp-content\/uploads\/2025\/11\/taller-de-dorado-06.jpg","contentUrl":"https:\/\/melillimonartesania.com\/wp-content\/uploads\/2025\/11\/taller-de-dorado-06.jpg","width":1920,"height":1080,"caption":"taller de daurat i policromia en fusta"},{"@type":"BreadcrumbList","@id":"https:\/\/melillimonartesania.com\/ca\/tallers-creatius\/artesania\/taller-de-daurat-i-policromia-de-fusta\/#breadcrumb","itemListElement":[{"@type":"ListItem","position":1,"name":"Portada","item":"https:\/\/melillimonartesania.com\/ca\/mel-i-llimona-icanyella\/"},{"@type":"ListItem","position":2,"name":"Tallers creatius","item":"https:\/\/melillimonartesania.com\/ca\/tallers-creatius\/"},{"@type":"ListItem","position":3,"name":"Tallers d&#8217;artesania a Badalona","item":"https:\/\/melillimonartesania.com\/ca\/talleres-creativos\/artesania\/"},{"@type":"ListItem","position":4,"name":"Taller de daurat i policromia de fusta"}]},{"@type":"WebSite","@id":"https:\/\/melillimonartesania.com\/ca\/#website","url":"https:\/\/melillimonartesania.com\/ca\/","name":"Mel i Llimona &amp; iCanyella: Artesan\u00eda, Gastronom\u00eda y Comunidad en Badalona","description":"Mel i Llimona &amp; iCanyella, un espacio que conserva su esencia artesanal  y a\u00f1ade degustaci\u00f3n ecol\u00f3gica, mercado sostenible y un espacio para la comunidad en Badalona.","publisher":{"@id":"https:\/\/melillimonartesania.com\/ca\/#organization"},"potentialAction":[{"@type":"SearchAction","target":{"@type":"EntryPoint","urlTemplate":"https:\/\/melillimonartesania.com\/ca\/?s={search_term_string}"},"query-input":{"@type":"PropertyValueSpecification","valueRequired":true,"valueName":"search_term_string"}}],"inLanguage":"ca"},{"@type":["Organization","Place","LocalBusiness"],"@id":"https:\/\/melillimonartesania.com\/ca\/#organization","name":"Mel i Llimona Creaci\u00f3 Artesanal S.C.C.L.","alternateName":"Mel i Llimona iCanyella","url":"https:\/\/melillimonartesania.com\/ca\/","logo":{"@id":"https:\/\/melillimonartesania.com\/ca\/tallers-creatius\/artesania\/taller-de-daurat-i-policromia-de-fusta\/#local-main-organization-logo"},"image":{"@id":"https:\/\/melillimonartesania.com\/ca\/tallers-creatius\/artesania\/taller-de-daurat-i-policromia-de-fusta\/#local-main-organization-logo"},"description":"Mel i Llimona Artesan\u00eda en Badalona: Desde 2018, somos el taller de referencia para la restauraci\u00f3n profesional de muebles antiguos y el arte del 'hazlo t\u00fa mismo'. Hemos evolucionado a iCanyella en Badalona, un espacio que integra nuestro taller tradicional con un mercado local de artesan\u00eda sostenible y degustaci\u00f3n de productos ecol\u00f3gicos. Vis\u00edtanos para tus proyectos de restauraci\u00f3n, talleres comunitarios y para apoyar el comercio justo en la zona.","numberOfEmployees":{"@type":"QuantitativeValue","minValue":"1","maxValue":"10"},"address":{"@id":"https:\/\/melillimonartesania.com\/ca\/tallers-creatius\/artesania\/taller-de-daurat-i-policromia-de-fusta\/#local-main-place-address"},"telephone":["+34 635 422 982"],"contactPoint":{"@type":"ContactPoint","telephone":"+34 635 422 982","email":"info@melillimonartesania.com"},"openingHoursSpecification":[{"@type":"OpeningHoursSpecification","dayOfWeek":["Monday"],"opens":"17:00","closes":"20:00"},{"@type":"OpeningHoursSpecification","dayOfWeek":["Tuesday","Wednesday","Thursday","Friday"],"opens":"09:00","closes":"20:00"},{"@type":"OpeningHoursSpecification","dayOfWeek":["Saturday"],"opens":"09:00","closes":"14:00"},{"@type":"OpeningHoursSpecification","dayOfWeek":["Sunday"],"opens":"00:00","closes":"00:00"}],"email":"hola@melillimonartesania.com","areaServed":"Badalona, Barcelona, Maresme","vatID":"F56933963","taxID":"F56933963","currenciesAccepted":"EUR","paymentAccepted":"Contado, tarjeta"},{"@type":"PostalAddress","@id":"https:\/\/melillimonartesania.com\/ca\/tallers-creatius\/artesania\/taller-de-daurat-i-policromia-de-fusta\/#local-main-place-address","streetAddress":"Carrer d'Arn\u00fas, 36","addressLocality":"Badalona","postalCode":"08911","addressRegion":"Catalunya","addressCountry":"ES"},{"@type":"ImageObject","inLanguage":"ca","@id":"https:\/\/melillimonartesania.com\/ca\/tallers-creatius\/artesania\/taller-de-daurat-i-policromia-de-fusta\/#local-main-organization-logo","url":"https:\/\/melillimonartesania.com\/wp-content\/uploads\/2025\/09\/melillimona-icanyella-black.svg","contentUrl":"https:\/\/melillimonartesania.com\/wp-content\/uploads\/2025\/09\/melillimona-icanyella-black.svg","width":135,"height":20,"caption":"Mel i Llimona Creaci\u00f3 Artesanal S.C.C.L."}]},"geo.placename":"Badalona","geo.region":"Espanya"},"_links":{"self":[{"href":"https:\/\/melillimonartesania.com\/ca\/wp-json\/wp\/v2\/pages\/8000","targetHints":{"allow":["GET"]}}],"collection":[{"href":"https:\/\/melillimonartesania.com\/ca\/wp-json\/wp\/v2\/pages"}],"about":[{"href":"https:\/\/melillimonartesania.com\/ca\/wp-json\/wp\/v2\/types\/page"}],"author":[{"embeddable":true,"href":"https:\/\/melillimonartesania.com\/ca\/wp-json\/wp\/v2\/users\/1"}],"replies":[{"embeddable":true,"href":"https:\/\/melillimonartesania.com\/ca\/wp-json\/wp\/v2\/comments?post=8000"}],"version-history":[{"count":5,"href":"https:\/\/melillimonartesania.com\/ca\/wp-json\/wp\/v2\/pages\/8000\/revisions"}],"predecessor-version":[{"id":8320,"href":"https:\/\/melillimonartesania.com\/ca\/wp-json\/wp\/v2\/pages\/8000\/revisions\/8320"}],"up":[{"embeddable":true,"href":"https:\/\/melillimonartesania.com\/ca\/wp-json\/wp\/v2\/pages\/3619"}],"wp:featuredmedia":[{"embeddable":true,"href":"https:\/\/melillimonartesania.com\/ca\/wp-json\/wp\/v2\/media\/7999"}],"wp:attachment":[{"href":"https:\/\/melillimonartesania.com\/ca\/wp-json\/wp\/v2\/media?parent=8000"}],"wp:term":[{"taxonomy":"post_tag","embeddable":true,"href":"https:\/\/melillimonartesania.com\/ca\/wp-json\/wp\/v2\/tags?post=8000"}],"curies":[{"name":"wp","href":"https:\/\/api.w.org\/{rel}","templated":true}]}}