{"id":8215,"date":"2025-12-04T13:23:03","date_gmt":"2025-12-04T12:23:03","guid":{"rendered":"https:\/\/melillimonartesania.com\/tallers-creatius\/tallers-dartesania-natural-i-benestar\/"},"modified":"2025-12-07T12:27:21","modified_gmt":"2025-12-07T11:27:21","slug":"artesania-natural","status":"publish","type":"page","link":"https:\/\/melillimonartesania.com\/ca\/tallers-creatius\/artesania-natural\/","title":{"rendered":"Tallers d&#8217;artesania natural i benestar"},"content":{"rendered":"<p>[et_pb_section fb_built=&#8221;1&#8243; _builder_version=&#8221;4.27.4&#8243; _dynamic_attributes=&#8221;background_image&#8221; _module_preset=&#8221;527fa2f5-a22f-4d9e-9662-7360fbd8da6f&#8221; da_disable_devices=&#8221;off|off|off&#8221; locked=&#8221;off&#8221; collapsed=&#8221;on&#8221; global_colors_info=&#8221;{}&#8221; da_is_popup=&#8221;off&#8221; da_exit_intent=&#8221;off&#8221; da_has_close=&#8221;on&#8221; da_alt_close=&#8221;off&#8221; da_dark_close=&#8221;off&#8221; da_not_modal=&#8221;on&#8221; da_is_singular=&#8221;off&#8221; da_with_loader=&#8221;off&#8221; da_has_shadow=&#8221;on&#8221;][et_pb_row _builder_version=&#8221;4.27.4&#8243; _module_preset=&#8221;default&#8221; width=&#8221;85%&#8221; global_colors_info=&#8221;{}&#8221;][et_pb_column type=&#8221;4_4&#8243; _builder_version=&#8221;4.27.4&#8243; _module_preset=&#8221;default&#8221; global_colors_info=&#8221;{}&#8221;][dsm_card title=&#8221;@ET-DC@eyJkeW5hbWljIjp0cnVlLCJjb250ZW50IjoicG9zdF90aXRsZSIsInNldHRpbmdzIjp7ImJlZm9yZSI6IiIsImFmdGVyIjoiIn19@&#8221; subtitle=&#8221;per Mel i Llimona&#8221; button_text=&#8221;Vull m\u00e9s informaci\u00f3&#8221; button_url=&#8221;#formulario&#8221; _builder_version=&#8221;4.27.4&#8243; _dynamic_attributes=&#8221;title&#8221; _module_preset=&#8221;edadf5b6-0ccb-4421-9c85-9a8405d5cadf&#8221; hover_enabled=&#8221;0&#8243; global_colors_info=&#8221;{%22gcid-cf7c3462-1378-4ddb-8204-c902f58070b1%22:%91%22button_border_color%22%93,%22gcid-primary-color%22:%91%22button_bg_color__hover%22%93,%22gcid-1469c84a-e8c4-4b03-acbf-14ee6ff228e8%22:%91%22button_bg_color%22%93}&#8221; button_bg_enable_color__hover=&#8221;on&#8221; sticky_enabled=&#8221;0&#8243;]<\/p>\n<p>Connecta amb la natura, desperta la teva creativitat i troba benestar personal mitjan\u00e7ant els nostres tallers d&#8217;artesania natural, que combinen t\u00e8cniques artesanals amb pr\u00e0ctiques sostenibles. Explora des de la cosm\u00e8tica natural fins a l&#8217;artter\u00e0pia, i descobreix un viatge sensorial que nodreix el teu cos i la teva ment. Reserva la teva experi\u00e8ncia i comen\u00e7a a crear avui mateix!  <\/p>\n<p>[\/dsm_card][\/et_pb_column][\/et_pb_row][\/et_pb_section][et_pb_section fb_built=&#8221;1&#8243; _builder_version=&#8221;4.27.4&#8243; _module_preset=&#8221;default&#8221; background_color=&#8221;gcid-1b354d84-96f8-497e-9dcb-18a440b96e1d&#8221; custom_padding=&#8221;32px||0px||false|false&#8221; da_disable_devices=&#8221;off|off|off&#8221; locked=&#8221;off&#8221; collapsed=&#8221;on&#8221; global_colors_info=&#8221;{%22gcid-1b354d84-96f8-497e-9dcb-18a440b96e1d%22:%91%22background_color%22,%22background_color%22%93}&#8221; da_is_popup=&#8221;off&#8221; da_exit_intent=&#8221;off&#8221; da_has_close=&#8221;on&#8221; da_alt_close=&#8221;off&#8221; da_dark_close=&#8221;off&#8221; da_not_modal=&#8221;on&#8221; da_is_singular=&#8221;off&#8221; da_with_loader=&#8221;off&#8221; da_has_shadow=&#8221;on&#8221;][et_pb_row column_structure=&#8221;3_5,2_5&#8243; _builder_version=&#8221;4.27.4&#8243; _module_preset=&#8221;default&#8221; width=&#8221;90%&#8221; max_width=&#8221;100%&#8221; custom_padding=&#8221;0px||16px||false|false&#8221; global_module=&#8221;3803&#8243; global_colors_info=&#8221;{}&#8221;][et_pb_column type=&#8221;3_5&#8243; _builder_version=&#8221;4.27.4&#8243; _module_preset=&#8221;default&#8221; global_colors_info=&#8221;{}&#8221;][dsm_breadcrumbs home_text=&#8221;Inici&#8221; show_home_icon=&#8221;off&#8221; separator_icon=&#8221;&#x39;||divi||400&#8243; _builder_version=&#8221;4.27.4&#8243; _module_preset=&#8221;default&#8221; custom_margin=&#8221;0px||0px||true|false&#8221; custom_padding=&#8221;0px||0px||true|false&#8221; global_colors_info=&#8221;{}&#8221;][\/dsm_breadcrumbs][\/et_pb_column][et_pb_column type=&#8221;2_5&#8243; _builder_version=&#8221;4.27.4&#8243; _module_preset=&#8221;default&#8221; global_colors_info=&#8221;{}&#8221;][\/et_pb_column][\/et_pb_row][\/et_pb_section][et_pb_section fb_built=&#8221;1&#8243; _builder_version=&#8221;4.27.4&#8243; _module_preset=&#8221;default&#8221; background_color=&#8221;gcid-1469c84a-e8c4-4b03-acbf-14ee6ff228e8&#8243; custom_padding=&#8221;||||false|false&#8221; da_disable_devices=&#8221;off|off|off&#8221; global_module=&#8221;6246&#8243; saved_tabs=&#8221;all&#8221; global_colors_info=&#8221;{%22gcid-1469c84a-e8c4-4b03-acbf-14ee6ff228e8%22:%91%22background_color%22%93}&#8221; da_is_popup=&#8221;off&#8221; da_exit_intent=&#8221;off&#8221; da_has_close=&#8221;on&#8221; da_alt_close=&#8221;off&#8221; da_dark_close=&#8221;off&#8221; da_not_modal=&#8221;on&#8221; da_is_singular=&#8221;off&#8221; da_with_loader=&#8221;off&#8221; da_has_shadow=&#8221;on&#8221;][et_pb_row _builder_version=&#8221;4.27.4&#8243; _module_preset=&#8221;default&#8221; custom_padding=&#8221;16px||||false|false&#8221; global_colors_info=&#8221;{}&#8221;][et_pb_column type=&#8221;4_4&#8243; _builder_version=&#8221;4.27.4&#8243; _module_preset=&#8221;default&#8221; global_colors_info=&#8221;{}&#8221;][et_pb_text _builder_version=&#8221;4.27.4&#8243; _module_preset=&#8221;default&#8221; hover_enabled=&#8221;0&#8243; global_colors_info=&#8221;{}&#8221; sticky_enabled=&#8221;0&#8243;]<\/p>\n<h2 style=\"text-align: center;\">Calendari de tallers d&#8217;artesania natural de Mel i Llimona<\/h2>\n<p>[\/et_pb_text][\/et_pb_column][\/et_pb_row][et_pb_row _builder_version=&#8221;4.27.4&#8243; _module_preset=&#8221;default&#8221; custom_padding=&#8221;0px||||false|false&#8221; global_colors_info=&#8221;{}&#8221;][et_pb_column type=&#8221;4_4&#8243; _builder_version=&#8221;4.27.4&#8243; _module_preset=&#8221;default&#8221; global_colors_info=&#8221;{}&#8221;][et_pb_code _builder_version=&#8221;4.27.4&#8243; _module_preset=&#8221;default&#8221; global_colors_info=&#8221;{}&#8221;]<div class=\"pt-cv-wrapper et_smooth_scroll_disabled\"><div class=\"pt-cv-view pt-cv-blockgrid iscvblock iscvhybrid list1 layout1 cveffect-zoomin\" id=\"pt-cv-view-0a48915qj3\"><div data-id=\"pt-cv-page-1\" class=\"pt-cv-page\" data-cvc=\"2\"><div class=\" pt-cv-content-item pt-cv-2-col\"  data-pid=\"8909\"><div class=\"pt-cv-thumb-wrapper pull-left \"><a href=\"https:\/\/melillimonartesania.com\/ca\/tallers-creatius\/artesania\/taller-tecniques-mixtes-caixa-records\/\" class=\"_self pt-cv-href-thumbnail pt-cv-thumb-left cvplbd\" target=\"_self\" ><img decoding=\"async\" width=\"300\" height=\"169\" src=\"https:\/\/melillimonartesania.com\/wp-content\/uploads\/2026\/02\/taller-tecnicas-mixtas-caja-03-300x169.jpg\" class=\"pt-cv-thumbnail img-none pull-left\" alt=\"taller de t\u00e8cniques mixtes aplicat a la teva caixa de records\" \/><\/a><\/div>\n<div class=\"pt-cv-colwrap\"><div class=\"pt-cv-ctf-list\" data-cvc=\"1\"><div class=\"col-md-12 pt-cv-ctf-column\"><div class=\"pt-cv-custom-fields pt-cv-ctf-fecha_taller\"><div class=\"pt-cv-ctf-value\">04\/05\/2026<\/div><\/div><\/div><\/div><h3 class=\"pt-cv-title\"><a href=\"https:\/\/melillimonartesania.com\/ca\/tallers-creatius\/artesania\/taller-tecniques-mixtes-caixa-records\/\" class=\"_self cvplbd\" target=\"_self\" >Taller de t\u00e8cniques mixtes, crea la teva caixa de rec...<\/a><\/h3><\/div><\/div>\n<div class=\" pt-cv-content-item pt-cv-2-col\"  data-pid=\"9061\"><div class=\"pt-cv-thumb-wrapper pull-left \"><a href=\"https:\/\/melillimonartesania.com\/ca\/tallers-creatius\/artesania\/taller-fototransfer-posagots\/\" class=\"_self pt-cv-href-thumbnail pt-cv-thumb-left cvplbd\" target=\"_self\" ><img decoding=\"async\" width=\"300\" height=\"169\" src=\"https:\/\/melillimonartesania.com\/wp-content\/uploads\/2026\/02\/talle-fototransfer-posavasos-05-300x169.jpg\" class=\"pt-cv-thumbnail img-none pull-left\" alt=\"Taller fotowood sobre fusta\" \/><\/a><\/div>\n<div class=\"pt-cv-colwrap\"><div class=\"pt-cv-ctf-list\" data-cvc=\"1\"><div class=\"col-md-12 pt-cv-ctf-column\"><div class=\"pt-cv-custom-fields pt-cv-ctf-fecha_taller\"><div class=\"pt-cv-ctf-value\">07\/05\/2026<\/div><\/div><\/div><\/div><h3 class=\"pt-cv-title\"><a href=\"https:\/\/melillimonartesania.com\/ca\/tallers-creatius\/artesania\/taller-fototransfer-posagots\/\" class=\"_self cvplbd\" target=\"_self\" >Taller fototransfer sobre posagots: crea els teus rec...<\/a><\/h3><\/div><\/div>\n<div class=\" pt-cv-content-item pt-cv-2-col\"  data-pid=\"8898\"><div class=\"pt-cv-thumb-wrapper pull-left \"><a href=\"https:\/\/melillimonartesania.com\/ca\/tallers-creatius\/artesania\/taller-paper-artesanal-fibres-petals\/\" class=\"_self pt-cv-href-thumbnail pt-cv-thumb-left cvplbd\" target=\"_self\" ><img decoding=\"async\" width=\"300\" height=\"169\" src=\"https:\/\/melillimonartesania.com\/wp-content\/uploads\/2026\/02\/taller-papel-artesanal-04-300x169.jpg\" class=\"pt-cv-thumbnail img-none pull-left\" alt=\"Taller de paper artesanal amb fibres i p\u00e8tals\" \/><\/a><\/div>\n<div class=\"pt-cv-colwrap\"><div class=\"pt-cv-ctf-list\" data-cvc=\"1\"><div class=\"col-md-12 pt-cv-ctf-column\"><div class=\"pt-cv-custom-fields pt-cv-ctf-fecha_taller\"><div class=\"pt-cv-ctf-value\">21\/05\/2026<\/div><\/div><\/div><\/div><h3 class=\"pt-cv-title\"><a href=\"https:\/\/melillimonartesania.com\/ca\/tallers-creatius\/artesania\/taller-paper-artesanal-fibres-petals\/\" class=\"_self cvplbd\" target=\"_self\" >Taller de paper artesanal amb fibres i p\u00e8tals<\/a><\/h3><\/div><\/div>\n<div class=\" pt-cv-content-item pt-cv-2-col\"  data-pid=\"8921\"><div class=\"pt-cv-thumb-wrapper pull-left \"><a href=\"https:\/\/melillimonartesania.com\/ca\/tallers-creatius\/artesania\/taller-scrapbook-diari-personal\/\" class=\"_self pt-cv-href-thumbnail pt-cv-thumb-left cvplbd\" target=\"_self\" ><img decoding=\"async\" width=\"300\" height=\"169\" src=\"https:\/\/melillimonartesania.com\/wp-content\/uploads\/2026\/02\/taller-scapbook-diario-01-300x169.jpg\" class=\"pt-cv-thumbnail img-none pull-left\" alt=\"Taller de scrapbook diari personal a Badalona\" \/><\/a><\/div>\n<div class=\"pt-cv-colwrap\"><div class=\"pt-cv-ctf-list\" data-cvc=\"1\"><div class=\"col-md-12 pt-cv-ctf-column\"><div class=\"pt-cv-custom-fields pt-cv-ctf-fecha_taller\"><div class=\"pt-cv-ctf-value\">28\/05\/2026<\/div><\/div><\/div><\/div><h3 class=\"pt-cv-title\"><a href=\"https:\/\/melillimonartesania.com\/ca\/tallers-creatius\/artesania\/taller-scrapbook-diari-personal\/\" class=\"_self cvplbd\" target=\"_self\" >Taller de scrapbook: crea el teu diari personal<\/a><\/h3><\/div><\/div><\/div><\/div><\/div>\t\t\t<style type=\"text\/css\" id=\"pt-cv-inline-style-28cb211c85\">\n#pt-cv-view-0a48915qj3 .pt-cv-thumb-wrapper:not(.miniwrap) { width: 110px; }#pt-cv-view-0a48915qj3 .pt-cv-thumbnail:not(.pt-cv-thumbnailsm) { height: 110px; }#pt-cv-view-0a48915qj3 > .pt-cv-page {grid-template-columns: repeat(2, 1fr);grid-gap: 16px;}\n@media all and (max-width: 1024px) { \n#pt-cv-view-0a48915qj3 > .pt-cv-page {grid-template-columns: repeat(1, 1fr);}\n} \n@media all and (max-width: 767px) { \n#pt-cv-view-0a48915qj3 > .pt-cv-page {grid-template-columns: repeat(1, 1fr);}\n} <\/style>\r\n\t\t\t\t\t\t<style type=\"text\/css\" id=\"pt-cv-inline-style-9d4e9eb1ko\">#pt-cv-view-0a48915qj3  .pt-cv-content-item   { background-color: #f8f9f6 !important; border-radius: 20px 20px 20px 20px !important; }\n#pt-cv-view-0a48915qj3 .pt-cv-title a, #pt-cv-view-0a48915qj3  .panel-title { font-family: 'Open Sans', Arial, serif !important; font-size: 18px !important; line-height: 1.3 !important; color: rgba(26,26,26,0.92) !important; font-weight: 600 !important; padding: 0px 16px 0px 16px !important; display: block !important; }\n#pt-cv-view-0a48915qj3 .pt-cv-custom-fields * { font-family: 'Open Sans', Arial, serif !important; font-size: 20px !important; line-height: 1.3 !important; color: #1a1a1a !important; font-weight: 600 !important; padding: 0px 16px 0px 16px !important; }\n#pt-cv-view-0a48915qj3 .pt-cv-readmore  { color: #ffffff !important; background-color: #00aeef !important; }\n#pt-cv-view-0a48915qj3 .pt-cv-readmore:hover  { color: #ffffff !important; background-color: #00aeef !important; }<\/style>\r\n\t\t\t<link href='\/\/fonts.googleapis.com\/css?family=Open+Sans' rel='stylesheet' type='text\/css'>[\/et_pb_code][\/et_pb_column][\/et_pb_row][\/et_pb_section][et_pb_section fb_built=&#8221;1&#8243; admin_label=&#8221;\u00bfQu\u00e9 es un cuaderno Midori? &#8221; _builder_version=&#8221;4.27.4&#8243; _module_preset=&#8221;default&#8221; custom_padding=&#8221;32px||||false|false&#8221; da_disable_devices=&#8221;off|off|off&#8221; locked=&#8221;off&#8221; collapsed=&#8221;on&#8221; global_colors_info=&#8221;{}&#8221; da_is_popup=&#8221;off&#8221; da_exit_intent=&#8221;off&#8221; da_has_close=&#8221;on&#8221; da_alt_close=&#8221;off&#8221; da_dark_close=&#8221;off&#8221; da_not_modal=&#8221;on&#8221; da_is_singular=&#8221;off&#8221; da_with_loader=&#8221;off&#8221; da_has_shadow=&#8221;on&#8221;][et_pb_row _builder_version=&#8221;4.27.4&#8243; _module_preset=&#8221;default&#8221; width=&#8221;85%&#8221; custom_padding=&#8221;||10px||false|false&#8221; global_colors_info=&#8221;{}&#8221;][et_pb_column type=&#8221;4_4&#8243; _builder_version=&#8221;4.27.4&#8243; _module_preset=&#8221;default&#8221; global_colors_info=&#8221;{}&#8221;][et_pb_text _builder_version=&#8221;4.27.4&#8243; _module_preset=&#8221;default&#8221; text_font=&#8221;|||on|||||&#8221; text_font_size=&#8221;15px&#8221; custom_margin=&#8221;||16px||false|false&#8221; global_colors_info=&#8221;{}&#8221;]<\/p>\n<p>creativitat | naturalesa | benestar | sostenibilitat<\/p>\n<p>[\/et_pb_text][et_pb_divider color=&#8221;gcid-secondary-color&#8221; divider_weight=&#8221;4px&#8221; divider_weight_tablet=&#8221;4px&#8221; divider_weight_phone=&#8221;4px&#8221; divider_weight_last_edited=&#8221;on|phone&#8221; _builder_version=&#8221;4.27.4&#8243; _module_preset=&#8221;default&#8221; width=&#8221;10%&#8221; width_tablet=&#8221;10%&#8221; width_phone=&#8221;20%&#8221; width_last_edited=&#8221;on|phone&#8221; custom_margin=&#8221;||||false|false&#8221; custom_padding=&#8221;||||false|false&#8221; global_colors_info=&#8221;{%22gcid-secondary-color%22:%91%22color%22%93}&#8221;][\/et_pb_divider][\/et_pb_column][\/et_pb_row][et_pb_row column_structure=&#8221;1_2,1_2&#8243; make_equal=&#8221;on&#8221; custom_padding_last_edited=&#8221;on|phone&#8221; _builder_version=&#8221;4.27.4&#8243; _module_preset=&#8221;default&#8221; width=&#8221;85%&#8221; custom_margin=&#8221;||48px||false|false&#8221; custom_padding=&#8221;||||false|false&#8221; custom_padding_tablet=&#8221;|||32px|false|false&#8221; custom_padding_phone=&#8221;|||6px|false|false&#8221; background_color_phone=&#8221;gcid-secondary-color&#8221; background_enable_color_phone=&#8221;on&#8221; background_enable_image_phone=&#8221;off&#8221; border_radii=&#8221;on|25px|25px|25px|25px&#8221; locked=&#8221;off&#8221; global_colors_info=&#8221;{}&#8221;][et_pb_column type=&#8221;1_2&#8243; _builder_version=&#8221;4.27.4&#8243; _module_preset=&#8221;default&#8221; global_colors_info=&#8221;{}&#8221;][et_pb_text _builder_version=&#8221;4.27.4&#8243; _module_preset=&#8221;default&#8221; background_image=&#8221;https:\/\/melillimonartesania.com\/wp-content\/uploads\/2025\/12\/talleres-naturales-02.jpg&#8221; background_position=&#8221;center_left&#8221; max_width_tablet=&#8221;&#8221; max_width_phone=&#8221;&#8221; max_width_last_edited=&#8221;on|phone&#8221; min_height=&#8221;100%&#8221; min_height_tablet=&#8221;100%&#8221; min_height_phone=&#8221;250px&#8221; min_height_last_edited=&#8221;on|desktop&#8221; custom_padding=&#8221;||||false|false&#8221; border_radii=&#8221;on|25px|25px|25px|25px&#8221; global_colors_info=&#8221;{}&#8221;][\/et_pb_text][\/et_pb_column][et_pb_column type=&#8221;1_2&#8243; _builder_version=&#8221;4.27.4&#8243; _module_preset=&#8221;default&#8221; global_colors_info=&#8221;{}&#8221;][dsm_card title=&#8221;L&#039;art de l&#039;artesania natural i el benestar&#8221; subtitle=&#8221;Explora l&#039;harmonia entre creativitat, naturalesa i equilibri personal a cada taller.&#8221; content_equal_height=&#8221;on&#8221; equal_height_image_height=&#8221;120px&#8221; image=&#8221;https:\/\/melillimonartesania.com\/wp-content\/uploads\/\/2025\/03\/iconos-art-04.svg&#8221; image_as_background=&#8221;off&#8221; image_width=&#8221;12%&#8221; stretch_image=&#8221;off&#8221; alt=&#8221;Icona de pintat de mobles&#8221; button_url_new_window=&#8221;1&#8243; image_width_tablet=&#8221;12%&#8221; image_width_phone=&#8221;20%&#8221; image_width_last_edited=&#8221;on|phone&#8221; _builder_version=&#8221;4.27.4&#8243; _module_preset=&#8221;default&#8221; header_level=&#8221;h2&#8243; subhead_font=&#8221;&#8211;et_global_heading_font||||||||&#8221; subhead_font_size=&#8221;1.5rem&#8221; background_color=&#8221;gcid-1b354d84-96f8-497e-9dcb-18a440b96e1d&#8221; use_background_color_gradient=&#8221;on&#8221; background_color_gradient_stops=&#8221;rgba(255,255,255,0.5) 0%|rgba(255,255,255,0.2) 100%&#8221; max_width=&#8221;98%&#8221; custom_padding=&#8221;32px|32px|32px|32px|false|true&#8221; custom_padding_tablet=&#8221;32px|32px|32px|32px|false|true&#8221; custom_padding_phone=&#8221;|8px||8px|false|true&#8221; custom_padding_last_edited=&#8221;on|phone&#8221; subhead_font_size_tablet=&#8221;1.5rem&#8221; subhead_font_size_phone=&#8221;1.3rem&#8221; subhead_font_size_last_edited=&#8221;on|phone&#8221; custom_css_main_element=&#8221;backdrop-filter: blur(10px);&#8221; border_radii=&#8221;on|25px|25px|25px|25px&#8221; border_width_all=&#8221;1px&#8221; border_color_all=&#8221;#FFFFFF&#8221; global_colors_info=&#8221;{%22gcid-1b354d84-96f8-497e-9dcb-18a440b96e1d%22:%91%22background_color%22%93}&#8221;]<\/p>\n<p>L&#8217;artesania natural i el benestar s&#8217;uneixen per oferir experi\u00e8ncies transformadores que desperten els sentits i fomenten la calma interior. Cadascun dels tallers d&#8217;artesania natural combina t\u00e8cniques manuals amb el respecte per l&#8217;entorn i els materials sostenibles, connectant la creativitat amb la salut emocional. <\/p>\n<p>Des de l&#8217;elaboraci\u00f3 de b\u00e0lsams i sabons fins a la creaci\u00f3 de frag\u00e0ncies bot\u00e0niques, cada pr\u00e0ctica artesanal inspira atenci\u00f3 plena i gaudi sensorial, generant satisfacci\u00f3 personal i connexi\u00f3 amb la natura.<\/p>\n<p>[\/dsm_card][\/et_pb_column][\/et_pb_row][et_pb_row column_structure=&#8221;1_4,1_4,1_4,1_4&#8243; use_custom_gutter=&#8221;on&#8221; gutter_width=&#8221;2&#8243; make_equal=&#8221;on&#8221; _builder_version=&#8221;4.27.4&#8243; _module_preset=&#8221;default&#8221; width=&#8221;85%&#8221; custom_margin=&#8221;32px||32px||true|false&#8221; custom_padding=&#8221;0px||0px||false|false&#8221; global_colors_info=&#8221;{}&#8221;][et_pb_column type=&#8221;1_4&#8243; _builder_version=&#8221;4.27.4&#8243; _module_preset=&#8221;default&#8221; global_colors_info=&#8221;{}&#8221;][et_pb_blurb title=&#8221;L&#039;experi\u00e8ncia sensorial com a porta d&#039;entrada&#8221; image_icon_width=&#8221;48px&#8221; icon_alignment=&#8221;left&#8221; _builder_version=&#8221;4.27.4&#8243; _module_preset=&#8221;default&#8221; header_level=&#8221;h3&#8243; background_color=&#8221;#f7f9f6&#8243; min_height=&#8221;450px&#8221; min_height_tablet=&#8221;&#8221; min_height_phone=&#8221;400px&#8221; min_height_last_edited=&#8221;on|phone&#8221; height=&#8221;450px&#8221; custom_padding=&#8221;32px|24px|32px|24px|true|true&#8221; custom_css_main_element=&#8221;display: flex;||flex-direction: column;||justify-content: flex-end;||height: 100%;&#8221; custom_css_blurb_title=&#8221;padding-bottom: 48px;&#8221; border_radii=&#8221;on|25px|25px|25px|25px&#8221; global_colors_info=&#8221;{%22gcid-58cfc04f-7f57-4a3a-9439-0876323e7760%22:%91%22background_color%22,%22background_color%22%93,%22gcid-secondary-color%22:%91%22icon_color%22,%22icon_color%22%93}&#8221;]<\/p>\n<p>Cada taller proposa un contacte directe amb materials naturals que desperten els sentits. Textures, aromes i colors es combinen per oferir viv\u00e8ncies \u00faniques que relaxen la ment i estimulen la creativitat. <\/p>\n<p>[\/et_pb_blurb][\/et_pb_column][et_pb_column type=&#8221;1_4&#8243; _builder_version=&#8221;4.27.4&#8243; _module_preset=&#8221;default&#8221; global_colors_info=&#8221;{}&#8221;][et_pb_blurb title=&#8221;Beneficis que transformen el teu benestar&#8221; image_icon_width=&#8221;48px&#8221; icon_alignment=&#8221;left&#8221; _builder_version=&#8221;4.27.4&#8243; _module_preset=&#8221;default&#8221; header_level=&#8221;h3&#8243; background_color=&#8221;#f7f9f6&#8243; min_height=&#8221;450px&#8221; min_height_tablet=&#8221;&#8221; min_height_phone=&#8221;400px&#8221; min_height_last_edited=&#8221;on|phone&#8221; height=&#8221;450px&#8221; custom_padding=&#8221;32px|24px|32px|24px|true|true&#8221; hover_enabled=&#8221;0&#8243; custom_css_main_element=&#8221;display: flex;||flex-direction: column;||justify-content: flex-end;||height: 100%;&#8221; custom_css_blurb_title=&#8221;padding-bottom: 48px;&#8221; border_radii=&#8221;on|25px|25px|25px|25px&#8221; global_colors_info=&#8221;{%22gcid-58cfc04f-7f57-4a3a-9439-0876323e7760%22:%91%22background_color%22%93,%22gcid-secondary-color%22:%91%22icon_color%22%93,%22gcid-4ad3f847-7c47-4fbe-bc12-42bb1c3f69ad%22:%91%22background_color%22%93}&#8221; sticky_enabled=&#8221;0&#8243;]<\/p>\n<p>M\u00e9s enll\u00e0 de les t\u00e8cniques manuals, aquests tallers d&#8217;artesania natural fomenten l&#8217;autoestima, redueixen l&#8217;estr\u00e8s i enforteixen la salut emocional en connectar el cos, la ment i la natura a trav\u00e9s del proc\u00e9s creatiu.<\/p>\n<p>[\/et_pb_blurb][\/et_pb_column][et_pb_column type=&#8221;1_4&#8243; _builder_version=&#8221;4.27.4&#8243; _module_preset=&#8221;default&#8221; global_colors_info=&#8221;{}&#8221;][et_pb_blurb title=&#8221;Entre la tradici\u00f3 i la creaci\u00f3 contempor\u00e0nia&#8221; image_icon_width=&#8221;48px&#8221; icon_alignment=&#8221;left&#8221; _builder_version=&#8221;4.27.4&#8243; _module_preset=&#8221;default&#8221; header_level=&#8221;h3&#8243; background_color=&#8221;#f7f9f6&#8243; min_height=&#8221;450px&#8221; min_height_tablet=&#8221;&#8221; min_height_phone=&#8221;400px&#8221; min_height_last_edited=&#8221;on|phone&#8221; height=&#8221;450px&#8221; custom_padding=&#8221;32px|24px|32px|24px|true|true&#8221; custom_css_main_element=&#8221;display: flex;||flex-direction: column;||justify-content: flex-end;||height: 100%;&#8221; custom_css_blurb_title=&#8221;padding-bottom: 48px;&#8221; border_radii=&#8221;on|25px|25px|25px|25px&#8221; global_colors_info=&#8221;{%22gcid-4ad3f847-7c47-4fbe-bc12-42bb1c3f69ad%22:%91%22background_color%22%93,%22gcid-bacc0458-658d-4585-82c3-3aea32d6623b%22:%91%22background_color%22%93}&#8221;]<\/p>\n<div class=\"cl-preview-section\">\n<p>Es recuperen pr\u00e0ctiques artesanals ancestrals i es reinterpreten des d&#8217;una mirada actual. El resultat \u00e9s un equilibri harm\u00f2nic entre el coneixement tradicional i la sensibilitat moderna. <\/p>\n<\/div>\n<p>[\/et_pb_blurb][\/et_pb_column][et_pb_column type=&#8221;1_4&#8243; _builder_version=&#8221;4.27.4&#8243; _module_preset=&#8221;default&#8221; global_colors_info=&#8221;{}&#8221;][et_pb_blurb title=&#8221;La natura com a guia essencial&#8221; image_icon_width=&#8221;48px&#8221; icon_alignment=&#8221;left&#8221; _builder_version=&#8221;4.27.4&#8243; _module_preset=&#8221;default&#8221; header_level=&#8221;h3&#8243; background_color=&#8221;#f7f9f6&#8243; min_height=&#8221;450px&#8221; min_height_tablet=&#8221;&#8221; min_height_phone=&#8221;400px&#8221; min_height_last_edited=&#8221;on|phone&#8221; height=&#8221;450px&#8221; custom_padding=&#8221;32px|24px|32px|24px|true|true&#8221; custom_css_main_element=&#8221;display: flex;||flex-direction: column;||justify-content: flex-end;||height: 100%;&#8221; custom_css_blurb_title=&#8221;padding-bottom: 48px;&#8221; border_radii=&#8221;on|25px|25px|25px|25px&#8221; global_colors_info=&#8221;{%22gcid-1b354d84-96f8-497e-9dcb-18a440b96e1d%22:%91%22background_color%22%93}&#8221;]<\/p>\n<p>Cada projecte utilitza ingredients i materials vegetals que reforcen l&#8217;enlla\u00e7 amb l&#8217;entorn. Aquest contacte directe fomenta els h\u00e0bits sostenibles i una connexi\u00f3 profunda amb la bellesa del m\u00f3n natural. <\/p>\n<p>[\/et_pb_blurb][\/et_pb_column][\/et_pb_row][\/et_pb_section][et_pb_section fb_built=&#8221;1&#8243; admin_label=&#8221;Que aprenderas en  el taller&#8221; _builder_version=&#8221;4.27.4&#8243; _module_preset=&#8221;default&#8221; background_color=&#8221;gcid-1b354d84-96f8-497e-9dcb-18a440b96e1d&#8221; custom_padding=&#8221;32px||||false|false&#8221; da_disable_devices=&#8221;off|off|off&#8221; locked=&#8221;off&#8221; collapsed=&#8221;on&#8221; global_colors_info=&#8221;{%22gcid-1b354d84-96f8-497e-9dcb-18a440b96e1d%22:%91%22background_color%22%93}&#8221; da_is_popup=&#8221;off&#8221; da_exit_intent=&#8221;off&#8221; da_has_close=&#8221;on&#8221; da_alt_close=&#8221;off&#8221; da_dark_close=&#8221;off&#8221; da_not_modal=&#8221;on&#8221; da_is_singular=&#8221;off&#8221; da_with_loader=&#8221;off&#8221; da_has_shadow=&#8221;on&#8221;][et_pb_row _builder_version=&#8221;4.27.4&#8243; _module_preset=&#8221;default&#8221; width=&#8221;85%&#8221; custom_padding=&#8221;||10px||false|false&#8221; global_colors_info=&#8221;{}&#8221;][et_pb_column type=&#8221;4_4&#8243; _builder_version=&#8221;4.27.4&#8243; _module_preset=&#8221;default&#8221; global_colors_info=&#8221;{}&#8221;][et_pb_text _builder_version=&#8221;4.27.4&#8243; _module_preset=&#8221;default&#8221; text_font=&#8221;|||on|||||&#8221; text_font_size=&#8221;15px&#8221; custom_margin=&#8221;||16px||false|false&#8221; global_colors_info=&#8221;{}&#8221;]<\/p>\n<p>Macram\u00e9 | Cer\u00e0mica | Restauraci\u00f3 | Inspiraci\u00f3 |<\/p>\n<p>[\/et_pb_text][et_pb_divider color=&#8221;gcid-secondary-color&#8221; divider_weight=&#8221;4px&#8221; divider_weight_tablet=&#8221;4px&#8221; divider_weight_phone=&#8221;4px&#8221; divider_weight_last_edited=&#8221;on|phone&#8221; _builder_version=&#8221;4.27.4&#8243; _module_preset=&#8221;default&#8221; width=&#8221;10%&#8221; width_tablet=&#8221;10%&#8221; width_phone=&#8221;20%&#8221; width_last_edited=&#8221;on|phone&#8221; custom_margin=&#8221;||||false|false&#8221; custom_padding=&#8221;||||false|false&#8221; global_colors_info=&#8221;{%22gcid-secondary-color%22:%91%22color%22%93}&#8221;][\/et_pb_divider][\/et_pb_column][\/et_pb_row][et_pb_row column_structure=&#8221;1_2,1_2&#8243; make_equal=&#8221;on&#8221; custom_padding_last_edited=&#8221;on|phone&#8221; _builder_version=&#8221;4.27.4&#8243; _module_preset=&#8221;default&#8221; width=&#8221;85%&#8221; custom_margin=&#8221;||48px||false|false&#8221; custom_padding=&#8221;||||false|false&#8221; custom_padding_tablet=&#8221;|||32px|false|false&#8221; custom_padding_phone=&#8221;|||6px|false|false&#8221; background_color_phone=&#8221;gcid-secondary-color&#8221; background_enable_color_phone=&#8221;on&#8221; background_enable_image_phone=&#8221;off&#8221; border_radii=&#8221;on|25px|25px|25px|25px&#8221; locked=&#8221;off&#8221; global_colors_info=&#8221;{}&#8221;][et_pb_column type=&#8221;1_2&#8243; _builder_version=&#8221;4.27.4&#8243; _module_preset=&#8221;default&#8221; global_colors_info=&#8221;{}&#8221;][et_pb_text _builder_version=&#8221;4.27.4&#8243; _module_preset=&#8221;default&#8221; background_image=&#8221;https:\/\/melillimonartesania.com\/wp-content\/uploads\/2025\/05\/talleres-artesanales-badalona.jpg&#8221; max_width_tablet=&#8221;&#8221; max_width_phone=&#8221;&#8221; max_width_last_edited=&#8221;on|phone&#8221; min_height=&#8221;100%&#8221; min_height_tablet=&#8221;100%&#8221; min_height_phone=&#8221;250px&#8221; min_height_last_edited=&#8221;on|desktop&#8221; custom_padding=&#8221;||||false|false&#8221; border_radii=&#8221;on|25px|25px|25px|25px&#8221; global_colors_info=&#8221;{}&#8221;][\/et_pb_text][\/et_pb_column][et_pb_column type=&#8221;1_2&#8243; _builder_version=&#8221;4.27.4&#8243; _module_preset=&#8221;default&#8221; global_colors_info=&#8221;{}&#8221;][dsm_card title=&#8221;Troba el teu taller d&#039;artesania natural i benestar ideal&#8221; subtitle=&#8221;Descobreix la proposta que s&#039;adapta millor a la teva curiositat, objectius creatius i necessitats de benestar.&#8221; content_equal_height=&#8221;on&#8221; equal_height_image_height=&#8221;120px&#8221; image=&#8221;https:\/\/melillimonartesania.com\/wp-content\/uploads\/\/2025\/03\/iconos-art-04.svg&#8221; image_as_background=&#8221;off&#8221; image_width=&#8221;12%&#8221; stretch_image=&#8221;off&#8221; alt=&#8221;Icona de pintat de mobles&#8221; button_url_new_window=&#8221;1&#8243; image_width_tablet=&#8221;12%&#8221; image_width_phone=&#8221;20%&#8221; image_width_last_edited=&#8221;on|phone&#8221; _builder_version=&#8221;4.27.4&#8243; _module_preset=&#8221;default&#8221; header_level=&#8221;h2&#8243; subhead_font=&#8221;&#8211;et_global_heading_font||||||||&#8221; subhead_font_size=&#8221;1.5rem&#8221; background_color=&#8221;#FFFFFF&#8221; use_background_color_gradient=&#8221;on&#8221; background_color_gradient_stops=&#8221;rgba(255,255,255,0.5) 0%|rgba(255,255,255,0.2) 100%&#8221; max_width=&#8221;98%&#8221; custom_padding=&#8221;32px|32px|32px|32px|false|true&#8221; custom_padding_tablet=&#8221;32px|32px|32px|32px|false|true&#8221; custom_padding_phone=&#8221;|8px||8px|false|true&#8221; custom_padding_last_edited=&#8221;on|phone&#8221; hover_enabled=&#8221;0&#8243; subhead_font_size_tablet=&#8221;1.5rem&#8221; subhead_font_size_phone=&#8221;1.3rem&#8221; subhead_font_size_last_edited=&#8221;on|phone&#8221; custom_css_main_element=&#8221;backdrop-filter: blur(10px);&#8221; border_radii=&#8221;on|25px|25px|25px|25px&#8221; border_width_all=&#8221;1px&#8221; border_color_all=&#8221;#FFFFFF&#8221; global_colors_info=&#8221;{}&#8221; sticky_enabled=&#8221;0&#8243;]<\/p>\n<p>Els nostres tallers d&#8217;artesania natural i benestar ofereixen diversitat i flexibilitat: aprenen a crear cosm\u00e8tica natural, espelmes arom\u00e0tiques, frag\u00e0ncies bot\u00e0niques, tints vegetals i remeis herbals. L&#8217;artter\u00e0pia i el mindfulness creatiu complementen l&#8217;experi\u00e8ncia, combinant t\u00e8cniques manuals amb introspecci\u00f3 i equilibri emocional. <\/p>\n<p>[\/dsm_card][\/et_pb_column][\/et_pb_row][et_pb_row column_structure=&#8221;1_4,1_4,1_4,1_4&#8243; use_custom_gutter=&#8221;on&#8221; gutter_width=&#8221;2&#8243; _builder_version=&#8221;4.27.4&#8243; _module_preset=&#8221;default&#8221; width=&#8221;85%&#8221; custom_padding=&#8221;0px||32px||false|false&#8221; locked=&#8221;off&#8221; global_colors_info=&#8221;{}&#8221;][et_pb_column type=&#8221;1_4&#8243; _builder_version=&#8221;4.27.4&#8243; _module_preset=&#8221;default&#8221; global_colors_info=&#8221;{}&#8221;][dsm_card title=&#8221;Taller de sab\u00f3 artesanal&#8221; image=&#8221;https:\/\/melillimonartesania.com\/wp-content\/uploads\/2025\/05\/jabon-artesanal.jpg&#8221; image_as_background=&#8221;off&#8221; alt=&#8221;Sab\u00f3 artesanal&#8221; button_url_new_window=&#8221;1&#8243; _builder_version=&#8221;4.27.4&#8243; _module_preset=&#8221;default&#8221; header_level=&#8221;h3&#8243; background_color=&#8221;#FFFFFF&#8221; border_radii=&#8221;on|25px|25px|25px|25px&#8221; global_colors_info=&#8221;{}&#8221;]<\/p>\n<p>Una versi\u00f3 m\u00e9s avan\u00e7ada del taller de sab\u00f3 on experimentar\u00e0s amb formes, ingredients i t\u00e8cniques m\u00e9s elaborades. Apr\u00e8n a formular les teves receptes i crea productes \u00fanics i personalitzats per a \u00fas diari o per regalar. <\/p>\n<p><a href=\"https:\/\/melillimonartesania.com\/ca\/descobreix-beneficis-sabo-artesanal\/\">M\u00e9s informaci\u00f3<\/a><\/p>\n<p>[\/dsm_card][\/et_pb_column][et_pb_column type=&#8221;1_4&#8243; _builder_version=&#8221;4.27.4&#8243; _module_preset=&#8221;default&#8221; global_colors_info=&#8221;{}&#8221;][dsm_card title=&#8221;Taller d&#039;aromater\u00e0pia&#8221; image=&#8221;https:\/\/melillimonartesania.com\/wp-content\/uploads\/2025\/05\/taller-aromaterapia.jpg&#8221; image_as_background=&#8221;off&#8221; alt=&#8221;Sab\u00f3 artesanal&#8221; button_url_new_window=&#8221;1&#8243; _builder_version=&#8221;4.27.4&#8243; _module_preset=&#8221;default&#8221; header_level=&#8221;h3&#8243; background_color=&#8221;#FFFFFF&#8221; border_radii=&#8221;on|25px|25px|25px|25px&#8221; global_colors_info=&#8221;{}&#8221;]<\/p>\n<p>Descobreix el poder terap\u00e8utic dels olis essencials. Apr\u00e8n a combinar-los per crear barreges que equilibren cos, ment i emocions. Un taller ple d\u00b4aromes, calma i coneixement per portar el benestar al teu dia a dia.  <\/p>\n<p><a href=\"https:\/\/melillimonartesania.com\/ca\/beneficis-de-aromaterapia\/\">M\u00e9s informaci\u00f3<\/a><\/p>\n<p>[\/dsm_card][\/et_pb_column][et_pb_column type=&#8221;1_4&#8243; _builder_version=&#8221;4.27.4&#8243; _module_preset=&#8221;default&#8221; global_colors_info=&#8221;{}&#8221;][dsm_card title=&#8221;Taller d&#039;espelmes artesanals&#8221; image=&#8221;https:\/\/melillimonartesania.com\/wp-content\/uploads\/2025\/05\/taller-velas-artesanales.jpg&#8221; image_as_background=&#8221;off&#8221; alt=&#8221;Sab\u00f3 artesanal&#8221; button_url_new_window=&#8221;1&#8243; _builder_version=&#8221;4.27.4&#8243; _module_preset=&#8221;default&#8221; header_level=&#8221;h3&#8243; background_color=&#8221;#FFFFFF&#8221; border_radii=&#8221;on|25px|25px|25px|25px&#8221; global_colors_info=&#8221;{}&#8221;]<\/p>\n<p>Dissenya i crea les teves pr\u00f2pies espelmes amb ceres naturals, frag\u00e0ncies i colorants ecol\u00f2gics. Un taller relaxant, creatiu i molt gratificant. Ideal per als que busquen un producte bonic, funcional i carregat de intenci\u00f3.  <\/p>\n<p><a href=\"https:\/\/melillimonartesania.com\/ca\/espelmes-artesanals-en-casa\/\">M\u00e9s informaci\u00f3<\/a><\/p>\n<p>[\/dsm_card][\/et_pb_column][et_pb_column type=&#8221;1_4&#8243; _builder_version=&#8221;4.27.4&#8243; _module_preset=&#8221;default&#8221; global_colors_info=&#8221;{}&#8221;][dsm_card title=&#8221;Taller de cosm\u00e8tica natural&#8221; image=&#8221;https:\/\/melillimonartesania.com\/wp-content\/uploads\/2025\/05\/taller-cosmetica-natural.jpg&#8221; image_as_background=&#8221;off&#8221; alt=&#8221;Sab\u00f3 artesanal&#8221; button_url_new_window=&#8221;1&#8243; _builder_version=&#8221;4.27.4&#8243; _module_preset=&#8221;default&#8221; header_level=&#8221;h3&#8243; background_color=&#8221;#FFFFFF&#8221; border_radii=&#8221;on|25px|25px|25px|25px&#8221; global_colors_info=&#8221;{}&#8221;]<\/p>\n<p>Submergeix-te al m\u00f3n de la cosm\u00e8tica feta a m\u00e0. Apr\u00e8n a elaborar els teus propis productes de cura personal (cremes, b\u00e0lsams, exfoliants) amb ingredients 100% naturals. Un taller per nodrir la teva pell de manera conscient i sostenible.  <\/p>\n<p>[\/dsm_card][\/et_pb_column][\/et_pb_row][\/et_pb_section][et_pb_section fb_built=&#8221;1&#8243; admin_label=&#8221;A quien va dirigido&#8221; _builder_version=&#8221;4.27.4&#8243; _module_preset=&#8221;default&#8221; custom_padding=&#8221;32px||||false|false&#8221; da_disable_devices=&#8221;off|off|off&#8221; locked=&#8221;off&#8221; collapsed=&#8221;on&#8221; global_colors_info=&#8221;{}&#8221; da_is_popup=&#8221;off&#8221; da_exit_intent=&#8221;off&#8221; da_has_close=&#8221;on&#8221; da_alt_close=&#8221;off&#8221; da_dark_close=&#8221;off&#8221; da_not_modal=&#8221;on&#8221; da_is_singular=&#8221;off&#8221; da_with_loader=&#8221;off&#8221; da_has_shadow=&#8221;on&#8221;][et_pb_row _builder_version=&#8221;4.27.4&#8243; _module_preset=&#8221;default&#8221; width=&#8221;85%&#8221; custom_padding=&#8221;||10px||false|false&#8221; global_colors_info=&#8221;{}&#8221;][et_pb_column type=&#8221;4_4&#8243; _builder_version=&#8221;4.27.4&#8243; _module_preset=&#8221;default&#8221; global_colors_info=&#8221;{}&#8221;][et_pb_text _builder_version=&#8221;4.27.4&#8243; _module_preset=&#8221;default&#8221; text_font=&#8221;|||on|||||&#8221; text_font_size=&#8221;15px&#8221; custom_margin=&#8221;||16px||false|false&#8221; global_colors_info=&#8221;{}&#8221;]<\/p>\n<p>projectes | t\u00e8cniques | creativitat | aprenentatge<\/p>\n<p>[\/et_pb_text][et_pb_divider color=&#8221;gcid-secondary-color&#8221; divider_weight=&#8221;4px&#8221; divider_weight_tablet=&#8221;4px&#8221; divider_weight_phone=&#8221;4px&#8221; divider_weight_last_edited=&#8221;on|phone&#8221; _builder_version=&#8221;4.27.4&#8243; _module_preset=&#8221;default&#8221; width=&#8221;10%&#8221; width_tablet=&#8221;10%&#8221; width_phone=&#8221;20%&#8221; width_last_edited=&#8221;on|phone&#8221; custom_margin=&#8221;||||false|false&#8221; custom_padding=&#8221;||||false|false&#8221; global_colors_info=&#8221;{%22gcid-secondary-color%22:%91%22color%22%93}&#8221;][\/et_pb_divider][\/et_pb_column][\/et_pb_row][et_pb_row column_structure=&#8221;3_5,2_5&#8243; custom_padding_last_edited=&#8221;on|phone&#8221; _builder_version=&#8221;4.27.4&#8243; _module_preset=&#8221;default&#8221; background_image=&#8221;https:\/\/melillimonartesania.com\/wp-content\/uploads\/2025\/12\/talleres-naturales-04.jpg&#8221; width=&#8221;85%&#8221; custom_margin=&#8221;||48px||false|false&#8221; custom_padding=&#8221;|||32px|false|false&#8221; custom_padding_tablet=&#8221;|||32px|false|false&#8221; custom_padding_phone=&#8221;|||6px|false|false&#8221; background_color_phone=&#8221;gcid-secondary-color&#8221; background_enable_color_phone=&#8221;on&#8221; background_enable_image_phone=&#8221;off&#8221; border_radii=&#8221;on|25px|25px|25px|25px&#8221; locked=&#8221;off&#8221; global_colors_info=&#8221;{%22gcid-secondary-color%22:%91%22background_color%22%93}&#8221;][et_pb_column type=&#8221;3_5&#8243; _builder_version=&#8221;4.27.4&#8243; _module_preset=&#8221;default&#8221; global_colors_info=&#8221;{}&#8221;][dsm_card title=&#8221;Qu\u00e8 podeu crear i aprendre als nostres tallers d&#039;artesania natural?&#8221; subtitle=&#8221;Projectes concrets i aprenentatges que transformen la teva creativitat en benestar i habilitats pr\u00e0ctiques.&#8221; image=&#8221;https:\/\/melillimonartesania.com\/wp-content\/uploads\/\/2025\/03\/iconos-art-04.svg&#8221; image_as_background=&#8221;off&#8221; image_width=&#8221;12%&#8221; stretch_image=&#8221;off&#8221; alt=&#8221;Icona de pintat de mobles&#8221; button_url_new_window=&#8221;1&#8243; image_width_tablet=&#8221;12%&#8221; image_width_phone=&#8221;20%&#8221; image_width_last_edited=&#8221;on|phone&#8221; _builder_version=&#8221;4.27.4&#8243; _module_preset=&#8221;default&#8221; header_level=&#8221;h2&#8243; subhead_font=&#8221;&#8211;et_global_heading_font||||||||&#8221; subhead_font_size=&#8221;1.5rem&#8221; use_background_color_gradient=&#8221;on&#8221; background_color_gradient_stops=&#8221;rgba(255,255,255,0.5) 0%|rgba(255,255,255,0.2) 100%&#8221; max_width=&#8221;98%&#8221; custom_padding=&#8221;32px|32px|32px|32px|false|true&#8221; custom_padding_tablet=&#8221;32px|32px|32px|32px|false|true&#8221; custom_padding_phone=&#8221;|8px||8px|false|true&#8221; custom_padding_last_edited=&#8221;on|phone&#8221; hover_enabled=&#8221;0&#8243; subhead_font_size_tablet=&#8221;1.5rem&#8221; subhead_font_size_phone=&#8221;1.3rem&#8221; subhead_font_size_last_edited=&#8221;on|phone&#8221; custom_css_main_element=&#8221;backdrop-filter: blur(10px);&#8221; border_radii=&#8221;on|25px|25px|25px|25px&#8221; border_width_all=&#8221;1px&#8221; border_color_all=&#8221;#FFFFFF&#8221; global_colors_info=&#8221;{}&#8221; sticky_enabled=&#8221;0&#8243;]<\/p>\n<p>En aquests tallers d\u00b4artesania natural trobar\u00e0s experi\u00e8ncies pensades perqu\u00e8 desenvolupis <strong data-start=\"530\" data-end=\"565\">productes artesanals naturals<\/strong> i t\u00e8cniques sostenibles mentre aprens pas a pas. Cada activitat us permet elaborar peces \u00faniques, des de cosm\u00e8tica ecol\u00f2gica fins a elements decoratius tenyits amb pigments vegetals, integrant creativitat, benestar i connexi\u00f3 amb la natura. <\/p>\n<p>[\/dsm_card][\/et_pb_column][et_pb_column type=&#8221;2_5&#8243; _builder_version=&#8221;4.27.4&#8243; _module_preset=&#8221;default&#8221; global_colors_info=&#8221;{}&#8221;][\/et_pb_column][\/et_pb_row][et_pb_row column_structure=&#8221;1_4,1_4,1_4,1_4&#8243; use_custom_gutter=&#8221;on&#8221; gutter_width=&#8221;2&#8243; make_equal=&#8221;on&#8221; _builder_version=&#8221;4.27.4&#8243; _module_preset=&#8221;default&#8221; width=&#8221;85%&#8221; custom_margin=&#8221;32px||32px||true|false&#8221; custom_padding=&#8221;0px||0px||false|false&#8221; global_colors_info=&#8221;{}&#8221;][et_pb_column type=&#8221;1_4&#8243; _builder_version=&#8221;4.27.4&#8243; _module_preset=&#8221;default&#8221; global_colors_info=&#8221;{}&#8221;][et_pb_blurb title=&#8221;Creaci\u00f3 inspirada en cosm\u00e8tica natural&#8221; image_icon_width=&#8221;48px&#8221; icon_alignment=&#8221;left&#8221; _builder_version=&#8221;4.27.4&#8243; _module_preset=&#8221;default&#8221; header_level=&#8221;h3&#8243; background_color=&#8221;#f7f9f6&#8243; min_height=&#8221;450px&#8221; min_height_tablet=&#8221;&#8221; min_height_phone=&#8221;400px&#8221; min_height_last_edited=&#8221;on|phone&#8221; height=&#8221;450px&#8221; custom_padding=&#8221;32px|24px|32px|24px|true|true&#8221; custom_css_main_element=&#8221;display: flex;||flex-direction: column;||justify-content: flex-end;||height: 100%;&#8221; custom_css_blurb_title=&#8221;padding-bottom: 48px;&#8221; border_radii=&#8221;on|25px|25px|25px|25px&#8221; global_colors_info=&#8221;{%22gcid-58cfc04f-7f57-4a3a-9439-0876323e7760%22:%91%22background_color%22,%22background_color%22%93,%22gcid-secondary-color%22:%91%22icon_color%22,%22icon_color%22%93}&#8221;]<\/p>\n<p>Apr\u00e8n a elaborar un b\u00e0lsam hidratant ecol\u00f2gic utilitzant ingredients bot\u00e0nics. Entendres propietats, beneficis i usos de cada primera mat\u00e8ria, incorporant pr\u00e0ctiques responsables que formen part de la cosm\u00e8tica natural artesanal. <\/p>\n<p>[\/et_pb_blurb][\/et_pb_column][et_pb_column type=&#8221;1_4&#8243; _builder_version=&#8221;4.27.4&#8243; _module_preset=&#8221;default&#8221; global_colors_info=&#8221;{}&#8221;][et_pb_blurb title=&#8221;Elaboraci\u00f3 inspirada en espelmes i aromater\u00e0pia&#8221; image_icon_width=&#8221;48px&#8221; icon_alignment=&#8221;left&#8221; _builder_version=&#8221;4.27.4&#8243; _module_preset=&#8221;default&#8221; header_level=&#8221;h3&#8243; background_color=&#8221;#f7f9f6&#8243; min_height=&#8221;450px&#8221; min_height_tablet=&#8221;&#8221; min_height_phone=&#8221;400px&#8221; min_height_last_edited=&#8221;on|phone&#8221; height=&#8221;450px&#8221; custom_padding=&#8221;32px|24px|32px|24px|true|true&#8221; custom_css_main_element=&#8221;display: flex;||flex-direction: column;||justify-content: flex-end;||height: 100%;&#8221; custom_css_blurb_title=&#8221;padding-bottom: 48px;&#8221; border_radii=&#8221;on|25px|25px|25px|25px&#8221; global_colors_info=&#8221;{%22gcid-58cfc04f-7f57-4a3a-9439-0876323e7760%22:%91%22background_color%22%93,%22gcid-secondary-color%22:%91%22icon_color%22%93,%22gcid-4ad3f847-7c47-4fbe-bc12-42bb1c3f69ad%22:%91%22background_color%22%93}&#8221;]<\/p>\n<div class=\"cl-preview-section\">\n<p>Dissenya espelmes arom\u00e0tiques amb cera vegetal i olis essencials. Descobreix com les aromes naturals influeixen en el benestar emocional i apr\u00e8n t\u00e8cniques b\u00e0siques d&#8217;aromater\u00e0pia artesanal per harmonitzar casa teva. <\/p>\n<\/div>\n<p>[\/et_pb_blurb][\/et_pb_column][et_pb_column type=&#8221;1_4&#8243; _builder_version=&#8221;4.27.4&#8243; _module_preset=&#8221;default&#8221; global_colors_info=&#8221;{}&#8221;][et_pb_blurb title=&#8221;Composici\u00f3 inspirada en perfumeria bot\u00e0nica&#8221; image_icon_width=&#8221;48px&#8221; icon_alignment=&#8221;left&#8221; _builder_version=&#8221;4.27.4&#8243; _module_preset=&#8221;default&#8221; header_level=&#8221;h3&#8243; background_color=&#8221;#f7f9f6&#8243; min_height=&#8221;450px&#8221; min_height_tablet=&#8221;&#8221; min_height_phone=&#8221;400px&#8221; min_height_last_edited=&#8221;on|phone&#8221; height=&#8221;450px&#8221; custom_padding=&#8221;32px|24px|32px|24px|true|true&#8221; custom_css_main_element=&#8221;display: flex;||flex-direction: column;||justify-content: flex-end;||height: 100%;&#8221; custom_css_blurb_title=&#8221;padding-bottom: 48px;&#8221; border_radii=&#8221;on|25px|25px|25px|25px&#8221; global_colors_info=&#8221;{%22gcid-4ad3f847-7c47-4fbe-bc12-42bb1c3f69ad%22:%91%22background_color%22%93,%22gcid-bacc0458-658d-4585-82c3-3aea32d6623b%22:%91%22background_color%22%93}&#8221;]<\/p>\n<div class=\"cl-preview-section\">\n<p>Explora el m\u00f3n de les ess\u00e8ncies naturals creant una frag\u00e0ncia personalitzada. Coneixer\u00e0s combinacions, notes arom\u00e0tiques i processos b\u00e0sics de perfumeria bot\u00e0nica, desenvolupant un perfum \u00fanic i sostenible. <\/p>\n<\/div>\n<p>[\/et_pb_blurb][\/et_pb_column][et_pb_column type=&#8221;1_4&#8243; _builder_version=&#8221;4.27.4&#8243; _module_preset=&#8221;default&#8221; global_colors_info=&#8221;{}&#8221;][et_pb_blurb title=&#8221;T\u00e8cnica inspirada en tints naturals&#8221; image_icon_width=&#8221;48px&#8221; icon_alignment=&#8221;left&#8221; _builder_version=&#8221;4.27.4&#8243; _module_preset=&#8221;default&#8221; header_level=&#8221;h3&#8243; background_color=&#8221;#f7f9f6&#8243; min_height=&#8221;450px&#8221; min_height_tablet=&#8221;&#8221; min_height_phone=&#8221;400px&#8221; min_height_last_edited=&#8221;on|phone&#8221; height=&#8221;450px&#8221; custom_padding=&#8221;32px|24px|32px|24px|true|true&#8221; custom_css_main_element=&#8221;display: flex;||flex-direction: column;||justify-content: flex-end;||height: 100%;&#8221; custom_css_blurb_title=&#8221;padding-bottom: 48px;&#8221; border_radii=&#8221;on|25px|25px|25px|25px&#8221; global_colors_info=&#8221;{%22gcid-1b354d84-96f8-497e-9dcb-18a440b96e1d%22:%91%22background_color%22%93}&#8221;]<\/p>\n<p>Experimenta amb tints vegetals aplicats a teixits i paper. Descobreix com obtenir colors org\u00e0nics mitjan\u00e7ant t\u00e8cniques tradicionals de tints naturals, ideals per a projectes t\u00e8xtils i decoratius respectuosos amb el medi ambient. <\/p>\n<p>[\/et_pb_blurb][\/et_pb_column][\/et_pb_row][\/et_pb_section][et_pb_section fb_built=&#8221;1&#8243; admin_label=&#8221;Por que aprender encuadernaci\u00f3n&#8221; _builder_version=&#8221;4.27.4&#8243; _module_preset=&#8221;default&#8221; background_color=&#8221;gcid-1b354d84-96f8-497e-9dcb-18a440b96e1d&#8221; custom_padding=&#8221;32px||||false|false&#8221; da_disable_devices=&#8221;off|off|off&#8221; locked=&#8221;off&#8221; collapsed=&#8221;on&#8221; global_colors_info=&#8221;{%22gcid-1b354d84-96f8-497e-9dcb-18a440b96e1d%22:%91%22background_color%22%93}&#8221; da_is_popup=&#8221;off&#8221; da_exit_intent=&#8221;off&#8221; da_has_close=&#8221;on&#8221; da_alt_close=&#8221;off&#8221; da_dark_close=&#8221;off&#8221; da_not_modal=&#8221;on&#8221; da_is_singular=&#8221;off&#8221; da_with_loader=&#8221;off&#8221; da_has_shadow=&#8221;on&#8221;][et_pb_row _builder_version=&#8221;4.27.4&#8243; _module_preset=&#8221;default&#8221; width=&#8221;85%&#8221; custom_padding=&#8221;||10px||false|false&#8221; global_colors_info=&#8221;{}&#8221;][et_pb_column type=&#8221;4_4&#8243; _builder_version=&#8221;4.27.4&#8243; _module_preset=&#8221;default&#8221; global_colors_info=&#8221;{}&#8221;][et_pb_text _builder_version=&#8221;4.27.4&#8243; _module_preset=&#8221;default&#8221; text_font=&#8221;|||on|||||&#8221; text_font_size=&#8221;15px&#8221; custom_margin=&#8221;||16px||false|false&#8221; global_colors_info=&#8221;{}&#8221;]<\/p>\n<p>materials | eines | t\u00e8cnica | sostenibilitat<\/p>\n<p>[\/et_pb_text][et_pb_divider color=&#8221;gcid-secondary-color&#8221; divider_weight=&#8221;4px&#8221; divider_weight_tablet=&#8221;4px&#8221; divider_weight_phone=&#8221;4px&#8221; divider_weight_last_edited=&#8221;on|phone&#8221; _builder_version=&#8221;4.27.4&#8243; _module_preset=&#8221;default&#8221; width=&#8221;10%&#8221; width_tablet=&#8221;10%&#8221; width_phone=&#8221;20%&#8221; width_last_edited=&#8221;on|phone&#8221; custom_margin=&#8221;||||false|false&#8221; custom_padding=&#8221;||||false|false&#8221; global_colors_info=&#8221;{%22gcid-secondary-color%22:%91%22color%22%93}&#8221;][\/et_pb_divider][\/et_pb_column][\/et_pb_row][et_pb_row column_structure=&#8221;1_2,1_2&#8243; make_equal=&#8221;on&#8221; custom_padding_last_edited=&#8221;on|phone&#8221; _builder_version=&#8221;4.27.4&#8243; _module_preset=&#8221;default&#8221; width=&#8221;85%&#8221; custom_margin=&#8221;||48px||false|false&#8221; custom_padding=&#8221;||||false|false&#8221; custom_padding_tablet=&#8221;|||32px|false|false&#8221; custom_padding_phone=&#8221;|||6px|false|false&#8221; background_color_phone=&#8221;gcid-secondary-color&#8221; background_enable_color_phone=&#8221;on&#8221; background_enable_image_phone=&#8221;off&#8221; border_radii=&#8221;on|25px|25px|25px|25px&#8221; locked=&#8221;off&#8221; global_colors_info=&#8221;{}&#8221;][et_pb_column type=&#8221;1_2&#8243; _builder_version=&#8221;4.27.4&#8243; _module_preset=&#8221;default&#8221; global_colors_info=&#8221;{}&#8221;][et_pb_text _builder_version=&#8221;4.27.4&#8243; _module_preset=&#8221;default&#8221; background_image=&#8221;https:\/\/melillimonartesania.com\/wp-content\/uploads\/2025\/12\/talleres-naturales-01.jpg&#8221; max_width_tablet=&#8221;&#8221; max_width_phone=&#8221;&#8221; max_width_last_edited=&#8221;on|phone&#8221; min_height=&#8221;100%&#8221; min_height_tablet=&#8221;100%&#8221; min_height_phone=&#8221;250px&#8221; min_height_last_edited=&#8221;on|desktop&#8221; custom_padding=&#8221;||||false|false&#8221; border_radii=&#8221;on|25px|25px|25px|25px&#8221; global_colors_info=&#8221;{}&#8221;][\/et_pb_text][\/et_pb_column][et_pb_column type=&#8221;1_2&#8243; _builder_version=&#8221;4.27.4&#8243; _module_preset=&#8221;default&#8221; global_colors_info=&#8221;{}&#8221;][dsm_card title=&#8221;Domina les t\u00e8cniques i materials als tallers d&#039;artesania natural&#8221; subtitle=&#8221;Coneix a fons els materials naturals i les eines que potencien la teva experi\u00e8ncia creativa i benestar.&#8221; content_equal_height=&#8221;on&#8221; equal_height_image_height=&#8221;120px&#8221; image=&#8221;https:\/\/melillimonartesania.com\/wp-content\/uploads\/\/2025\/03\/iconos-art-04.svg&#8221; image_as_background=&#8221;off&#8221; image_width=&#8221;12%&#8221; stretch_image=&#8221;off&#8221; alt=&#8221;Icona de pintat de mobles&#8221; button_url_new_window=&#8221;1&#8243; image_width_tablet=&#8221;12%&#8221; image_width_phone=&#8221;20%&#8221; image_width_last_edited=&#8221;on|phone&#8221; _builder_version=&#8221;4.27.4&#8243; _module_preset=&#8221;default&#8221; header_level=&#8221;h2&#8243; subhead_font=&#8221;&#8211;et_global_heading_font||||||||&#8221; subhead_font_size=&#8221;1.5rem&#8221; background_color=&#8221;#FFFFFF&#8221; use_background_color_gradient=&#8221;on&#8221; background_color_gradient_stops=&#8221;rgba(255,255,255,0.5) 0%|rgba(255,255,255,0.2) 100%&#8221; max_width=&#8221;98%&#8221; custom_padding=&#8221;32px|32px|32px|32px|false|true&#8221; custom_padding_tablet=&#8221;32px|32px|32px|32px|false|true&#8221; custom_padding_phone=&#8221;|8px||8px|false|true&#8221; custom_padding_last_edited=&#8221;on|phone&#8221; subhead_font_size_tablet=&#8221;1.5rem&#8221; subhead_font_size_phone=&#8221;1.3rem&#8221; subhead_font_size_last_edited=&#8221;on|phone&#8221; custom_css_main_element=&#8221;backdrop-filter: blur(10px);&#8221; border_radii=&#8221;on|25px|25px|25px|25px&#8221; border_width_all=&#8221;1px&#8221; border_color_all=&#8221;#FFFFFF&#8221; global_colors_info=&#8221;{}&#8221;]<\/p>\n<p>Aprendre a fer servir cada eina i material \u00e9s clau per a la creaci\u00f3 conscient. La selecci\u00f3 de primeres mat\u00e8ries ecol\u00f2giques garanteix seguretat, sostenibilitat i qualitat en tots els projectes, mentre que la pr\u00e0ctica constant refor\u00e7a habilitats i confian\u00e7a personal. <\/p>\n<p>[\/dsm_card][\/et_pb_column][\/et_pb_row][et_pb_row column_structure=&#8221;1_4,1_4,1_4,1_4&#8243; use_custom_gutter=&#8221;on&#8221; gutter_width=&#8221;2&#8243; make_equal=&#8221;on&#8221; _builder_version=&#8221;4.27.4&#8243; _module_preset=&#8221;default&#8221; width=&#8221;85%&#8221; custom_margin=&#8221;32px||32px||true|false&#8221; custom_padding=&#8221;0px||0px||false|false&#8221; global_colors_info=&#8221;{}&#8221;][et_pb_column type=&#8221;1_4&#8243; _builder_version=&#8221;4.27.4&#8243; _module_preset=&#8221;default&#8221; global_colors_info=&#8221;{}&#8221;][et_pb_blurb title=&#8221;Materials fonamentals i el seu origen&#8221; image_icon_width=&#8221;48px&#8221; icon_alignment=&#8221;left&#8221; _builder_version=&#8221;4.27.4&#8243; _module_preset=&#8221;default&#8221; header_level=&#8221;h3&#8243; background_color=&#8221;#FFFFFF&#8221; min_height=&#8221;450px&#8221; min_height_tablet=&#8221;&#8221; min_height_phone=&#8221;400px&#8221; min_height_last_edited=&#8221;on|phone&#8221; height=&#8221;450px&#8221; custom_padding=&#8221;32px|24px|32px|24px|true|true&#8221; custom_css_main_element=&#8221;display: flex;||flex-direction: column;||justify-content: flex-end;||height: 100%;&#8221; custom_css_blurb_title=&#8221;padding-bottom: 48px;&#8221; border_radii=&#8221;on|25px|25px|25px|25px&#8221; global_colors_info=&#8221;{%22gcid-secondary-color%22:%91%22icon_color%22,%22icon_color%22,%22icon_color%22%93}&#8221;]<\/p>\n<p>Explora cera vegetal, olis essencials, pigments bot\u00e0nics i herbes medicinals comprenent la seva proced\u00e8ncia, propietats i beneficis. Apr\u00e8n a triar primeres mat\u00e8ries ecol\u00f2giques i sostenibles que potenci\u00efn la qualitat de les teves creacions i reforcin la connexi\u00f3 amb la natura a trav\u00e9s d&#8217;ingredients aut\u00e8ntics i respectuosos. <\/p>\n<p>[\/et_pb_blurb][\/et_pb_column][et_pb_column type=&#8221;1_4&#8243; _builder_version=&#8221;4.27.4&#8243; _module_preset=&#8221;default&#8221; global_colors_info=&#8221;{}&#8221;][et_pb_blurb title=&#8221;Eines essencials per a l&#039;expressi\u00f3&#8221; image_icon_width=&#8221;48px&#8221; icon_alignment=&#8221;left&#8221; _builder_version=&#8221;4.27.4&#8243; _module_preset=&#8221;default&#8221; header_level=&#8221;h3&#8243; background_color=&#8221;#FFFFFF&#8221; min_height=&#8221;450px&#8221; min_height_tablet=&#8221;&#8221; min_height_phone=&#8221;400px&#8221; min_height_last_edited=&#8221;on|phone&#8221; height=&#8221;450px&#8221; custom_padding=&#8221;32px|24px|32px|24px|true|true&#8221; custom_css_main_element=&#8221;display: flex;||flex-direction: column;||justify-content: flex-end;||height: 100%;&#8221; custom_css_blurb_title=&#8221;padding-bottom: 48px;&#8221; border_radii=&#8221;on|25px|25px|25px|25px&#8221; global_colors_info=&#8221;{%22gcid-secondary-color%22:%91%22icon_color%22,%22icon_color%22%93,%22gcid-58cfc04f-7f57-4a3a-9439-0876323e7760%22:%91%22background_color%22%93,%22gcid-4ad3f847-7c47-4fbe-bc12-42bb1c3f69ad%22:%91%22background_color%22%93}&#8221;]<\/p>\n<p>Descobreix com fer servir motlles, estris de mescla, pinzells, recipients i petites eines manuals que faciliten el treball artesanal. Apr\u00e8n a manipular cada instrument amb precisi\u00f3 i cura per aconseguir resultats creatius, segurs i adaptats a diferents t\u00e8cniques dins de l&#8217;artesania natural. <\/p>\n<p>[\/et_pb_blurb][\/et_pb_column][et_pb_column type=&#8221;1_4&#8243; _builder_version=&#8221;4.27.4&#8243; _module_preset=&#8221;default&#8221; global_colors_info=&#8221;{}&#8221;][et_pb_blurb title=&#8221;Proc\u00e9s clau i el seu ritme terap\u00e8utic&#8221; image_icon_width=&#8221;48px&#8221; icon_alignment=&#8221;left&#8221; _builder_version=&#8221;4.27.4&#8243; _module_preset=&#8221;default&#8221; header_level=&#8221;h3&#8243; background_color=&#8221;#FFFFFF&#8221; min_height=&#8221;450px&#8221; min_height_tablet=&#8221;&#8221; min_height_phone=&#8221;400px&#8221; min_height_last_edited=&#8221;on|phone&#8221; height=&#8221;450px&#8221; custom_padding=&#8221;32px|24px|32px|24px|true|true&#8221; custom_css_main_element=&#8221;display: flex;||flex-direction: column;||justify-content: flex-end;||height: 100%;&#8221; custom_css_blurb_title=&#8221;padding-bottom: 48px;&#8221; border_radii=&#8221;on|25px|25px|25px|25px&#8221; global_colors_info=&#8221;{%22gcid-secondary-color%22:%91%22icon_color%22%93,%22gcid-4ad3f847-7c47-4fbe-bc12-42bb1c3f69ad%22:%91%22background_color%22%93,%22gcid-bacc0458-658d-4585-82c3-3aea32d6623b%22:%91%22background_color%22%93}&#8221;]<\/p>\n<p>Cada t\u00e8cnica es treballa amb un enfocament lent i conscient, integrant atenci\u00f3 plena, respiraci\u00f3 i observaci\u00f3. Aquest ritme pausat afavoreix la relaxaci\u00f3, millora la concentraci\u00f3 i converteix el proc\u00e9s artesanal en una pr\u00e0ctica terap\u00e8utica que redueix l&#8217;estr\u00e8s i potencia el benestar emocional. <\/p>\n<p>[\/et_pb_blurb][\/et_pb_column][et_pb_column type=&#8221;1_4&#8243; _builder_version=&#8221;4.27.4&#8243; _module_preset=&#8221;default&#8221; global_colors_info=&#8221;{}&#8221;][et_pb_blurb title=&#8221;Sostenibilitat i materials amb consci\u00e8ncia&#8221; image_icon_width=&#8221;48px&#8221; icon_alignment=&#8221;left&#8221; _builder_version=&#8221;4.27.4&#8243; _module_preset=&#8221;default&#8221; header_level=&#8221;h3&#8243; background_color=&#8221;#FFFFFF&#8221; min_height=&#8221;450px&#8221; min_height_tablet=&#8221;&#8221; min_height_phone=&#8221;400px&#8221; min_height_last_edited=&#8221;on|phone&#8221; height=&#8221;450px&#8221; custom_padding=&#8221;32px|24px|32px|24px|true|true&#8221; custom_css_main_element=&#8221;display: flex;||flex-direction: column;||justify-content: flex-end;||height: 100%;&#8221; custom_css_blurb_title=&#8221;padding-bottom: 48px;&#8221; border_radii=&#8221;on|25px|25px|25px|25px&#8221; global_colors_info=&#8221;{%22gcid-secondary-color%22:%91%22icon_color%22%93,%22gcid-1b354d84-96f8-497e-9dcb-18a440b96e1d%22:%91%22background_color%22%93}&#8221;]<\/p>\n<p>Es prioritza l\u00fas de recursos naturals, biodegradables i de baix impacte ambiental, fomentant h\u00e0bits responsables. Aprendr\u00e0s a reutilitzar recipients, optimitzar quantitats i seleccionar materials conscients, integrant la sostenibilitat com a part essencial del proc\u00e9s creatiu i de les teves futures creacions artesanals. <\/p>\n<p>[\/et_pb_blurb][\/et_pb_column][\/et_pb_row][\/et_pb_section][et_pb_section fb_built=&#8221;1&#8243; admin_label=&#8221;Materiales&#8221; _builder_version=&#8221;4.27.4&#8243; _module_preset=&#8221;default&#8221; custom_padding=&#8221;32px||||false|false&#8221; da_disable_devices=&#8221;off|off|off&#8221; locked=&#8221;off&#8221; collapsed=&#8221;on&#8221; global_colors_info=&#8221;{}&#8221; da_is_popup=&#8221;off&#8221; da_exit_intent=&#8221;off&#8221; da_has_close=&#8221;on&#8221; da_alt_close=&#8221;off&#8221; da_dark_close=&#8221;off&#8221; da_not_modal=&#8221;on&#8221; da_is_singular=&#8221;off&#8221; da_with_loader=&#8221;off&#8221; da_has_shadow=&#8221;on&#8221;][et_pb_row _builder_version=&#8221;4.27.4&#8243; _module_preset=&#8221;default&#8221; width=&#8221;85%&#8221; custom_padding=&#8221;||10px||false|false&#8221; global_colors_info=&#8221;{}&#8221;][et_pb_column type=&#8221;4_4&#8243; _builder_version=&#8221;4.27.4&#8243; _module_preset=&#8221;default&#8221; global_colors_info=&#8221;{}&#8221;][et_pb_text _builder_version=&#8221;4.27.4&#8243; _module_preset=&#8221;default&#8221; text_font=&#8221;|||on|||||&#8221; text_font_size=&#8221;15px&#8221; custom_margin=&#8221;||16px||false|false&#8221; global_colors_info=&#8221;{}&#8221;]<\/p>\n<p>creativitat | comunitat | benestar | inspiraci\u00f3<\/p>\n<p>[\/et_pb_text][et_pb_divider color=&#8221;gcid-secondary-color&#8221; divider_weight=&#8221;4px&#8221; divider_weight_tablet=&#8221;4px&#8221; divider_weight_phone=&#8221;4px&#8221; divider_weight_last_edited=&#8221;on|phone&#8221; _builder_version=&#8221;4.27.4&#8243; _module_preset=&#8221;default&#8221; width=&#8221;10%&#8221; width_tablet=&#8221;10%&#8221; width_phone=&#8221;20%&#8221; width_last_edited=&#8221;on|phone&#8221; custom_margin=&#8221;||||false|false&#8221; custom_padding=&#8221;||||false|false&#8221; global_colors_info=&#8221;{%22gcid-secondary-color%22:%91%22color%22%93}&#8221;][\/et_pb_divider][\/et_pb_column][\/et_pb_row][et_pb_row column_structure=&#8221;3_5,2_5&#8243; custom_padding_last_edited=&#8221;on|phone&#8221; _builder_version=&#8221;4.27.4&#8243; _module_preset=&#8221;default&#8221; background_image=&#8221;https:\/\/melillimonartesania.com\/wp-content\/uploads\/2025\/12\/talleres-naturales-06.jpg&#8221; width=&#8221;85%&#8221; custom_margin=&#8221;||48px||false|false&#8221; custom_padding=&#8221;|||32px|false|false&#8221; custom_padding_tablet=&#8221;|||32px|false|false&#8221; custom_padding_phone=&#8221;|||6px|false|false&#8221; background_color_phone=&#8221;gcid-secondary-color&#8221; background_enable_color_phone=&#8221;on&#8221; background_enable_image_phone=&#8221;off&#8221; border_radii=&#8221;on|25px|25px|25px|25px&#8221; locked=&#8221;off&#8221; global_colors_info=&#8221;{%22gcid-secondary-color%22:%91%22background_color%22%93}&#8221;][et_pb_column type=&#8221;3_5&#8243; _builder_version=&#8221;4.27.4&#8243; _module_preset=&#8221;default&#8221; global_colors_info=&#8221;{}&#8221;][dsm_card title=&#8221;El teu viatge creatiu a Mel i Llimona a trav\u00e9s dels tallers d&#039;artesania natural&#8221; subtitle=&#8221;Descobreix un espai inspirador on aprendre, compartir i cr\u00e9ixer amb la teva creativitat i el teu benestar.&#8221; image=&#8221;https:\/\/melillimonartesania.com\/wp-content\/uploads\/\/2025\/03\/iconos-art-04.svg&#8221; image_as_background=&#8221;off&#8221; image_width=&#8221;12%&#8221; stretch_image=&#8221;off&#8221; alt=&#8221;Icona de pintat de mobles&#8221; button_url_new_window=&#8221;1&#8243; image_width_tablet=&#8221;12%&#8221; image_width_phone=&#8221;20%&#8221; image_width_last_edited=&#8221;on|phone&#8221; _builder_version=&#8221;4.27.4&#8243; _module_preset=&#8221;default&#8221; header_level=&#8221;h2&#8243; subhead_font=&#8221;&#8211;et_global_heading_font||||||||&#8221; subhead_font_size=&#8221;1.5rem&#8221; use_background_color_gradient=&#8221;on&#8221; background_color_gradient_stops=&#8221;rgba(255,255,255,0.5) 0%|rgba(255,255,255,0.2) 100%&#8221; max_width=&#8221;98%&#8221; custom_padding=&#8221;32px|32px|32px|32px|false|true&#8221; custom_padding_tablet=&#8221;32px|32px|32px|32px|false|true&#8221; custom_padding_phone=&#8221;|8px||8px|false|true&#8221; custom_padding_last_edited=&#8221;on|phone&#8221; subhead_font_size_tablet=&#8221;1.5rem&#8221; subhead_font_size_phone=&#8221;1.3rem&#8221; subhead_font_size_last_edited=&#8221;on|phone&#8221; custom_css_main_element=&#8221;backdrop-filter: blur(10px);&#8221; border_radii=&#8221;on|25px|25px|25px|25px&#8221; border_width_all=&#8221;1px&#8221; border_color_all=&#8221;#FFFFFF&#8221; global_colors_info=&#8221;{}&#8221;]<\/p>\n<p>A Mel i Llimona trobar\u00e0s un entorn c\u00e0lid i acollidor on la creativitat flueix de forma natural. Guiat per professionals, cada taller es converteix en un espai per connectar amb els altres, explorar noves t\u00e8cniques i cultivar un benestar profund a trav\u00e9s de l&#8217;artesania conscient. <\/p>\n<p>[\/dsm_card][\/et_pb_column][et_pb_column type=&#8221;2_5&#8243; _builder_version=&#8221;4.27.4&#8243; _module_preset=&#8221;default&#8221; global_colors_info=&#8221;{}&#8221;][\/et_pb_column][\/et_pb_row][et_pb_row column_structure=&#8221;1_4,1_4,1_4,1_4&#8243; use_custom_gutter=&#8221;on&#8221; gutter_width=&#8221;2&#8243; make_equal=&#8221;on&#8221; _builder_version=&#8221;4.27.4&#8243; _module_preset=&#8221;default&#8221; width=&#8221;85%&#8221; custom_margin=&#8221;32px||32px||true|false&#8221; custom_padding=&#8221;0px||0px||false|false&#8221; global_colors_info=&#8221;{}&#8221;][et_pb_column type=&#8221;1_4&#8243; _builder_version=&#8221;4.27.4&#8243; _module_preset=&#8221;default&#8221; global_colors_info=&#8221;{}&#8221;][et_pb_blurb title=&#8221;Un espai \u00fanic per a la connexi\u00f3&#8221; image_icon_width=&#8221;48px&#8221; icon_alignment=&#8221;left&#8221; _builder_version=&#8221;4.27.4&#8243; _module_preset=&#8221;default&#8221; header_level=&#8221;h3&#8243; background_color=&#8221;#f7f9f6&#8243; min_height=&#8221;450px&#8221; min_height_tablet=&#8221;&#8221; min_height_phone=&#8221;400px&#8221; min_height_last_edited=&#8221;on|phone&#8221; height=&#8221;450px&#8221; custom_padding=&#8221;32px|24px|32px|24px|true|true&#8221; custom_css_main_element=&#8221;display: flex;||flex-direction: column;||justify-content: flex-end;||height: 100%;&#8221; custom_css_blurb_title=&#8221;padding-bottom: 48px;&#8221; border_radii=&#8221;on|25px|25px|25px|25px&#8221; global_colors_info=&#8221;{%22gcid-58cfc04f-7f57-4a3a-9439-0876323e7760%22:%91%22background_color%22,%22background_color%22,%22background_color%22%93,%22gcid-secondary-color%22:%91%22icon_color%22,%22icon_color%22,%22icon_color%22%93}&#8221;]<\/p>\n<p>Gaudeix d\u00b4un ambient \u00edntim i acuradament dissenyat per estimular els teus sentits, inspirar noves idees i generar vincles aut\u00e8ntics. Aquest entorn facilita l\u201fobertura, l\u201fexpressi\u00f3 il\u201fintercanvi entre persones que comparteixen la mateixa passi\u00f3 per l\u201fartesania natural i el benestar. <\/p>\n<p>[\/et_pb_blurb][\/et_pb_column][et_pb_column type=&#8221;1_4&#8243; _builder_version=&#8221;4.27.4&#8243; _module_preset=&#8221;default&#8221; global_colors_info=&#8221;{}&#8221;][et_pb_blurb title=&#8221;Acompanyament expert i personalitzat&#8221; image_icon_width=&#8221;48px&#8221; icon_alignment=&#8221;left&#8221; _builder_version=&#8221;4.27.4&#8243; _module_preset=&#8221;default&#8221; header_level=&#8221;h3&#8243; background_color=&#8221;#f7f9f6&#8243; min_height=&#8221;450px&#8221; min_height_tablet=&#8221;&#8221; min_height_phone=&#8221;400px&#8221; min_height_last_edited=&#8221;on|phone&#8221; height=&#8221;450px&#8221; custom_padding=&#8221;32px|24px|32px|24px|true|true&#8221; custom_css_main_element=&#8221;display: flex;||flex-direction: column;||justify-content: flex-end;||height: 100%;&#8221; custom_css_blurb_title=&#8221;padding-bottom: 48px;&#8221; border_radii=&#8221;on|25px|25px|25px|25px&#8221; global_colors_info=&#8221;{%22gcid-58cfc04f-7f57-4a3a-9439-0876323e7760%22:%91%22background_color%22%93,%22gcid-secondary-color%22:%91%22icon_color%22%93,%22gcid-4ad3f847-7c47-4fbe-bc12-42bb1c3f69ad%22:%91%22background_color%22%93}&#8221;]<\/p>\n<p>Els nostres artesans i facilitadors us acompanyen pas a pas, adaptant les explicacions al vostre nivell i ritme d&#8217;aprenentatge. Rebr\u00e0s orientaci\u00f3 personalitzada que permetr\u00e0 avan\u00e7ar amb seguretat, resoldre dubtes i gaudir plenament de cada experi\u00e8ncia creativa dins del taller. <\/p>\n<p>[\/et_pb_blurb][\/et_pb_column][et_pb_column type=&#8221;1_4&#8243; _builder_version=&#8221;4.27.4&#8243; _module_preset=&#8221;default&#8221; global_colors_info=&#8221;{}&#8221;][et_pb_blurb title=&#8221;Connecta amb altres creadors&#8221; image_icon_width=&#8221;48px&#8221; icon_alignment=&#8221;left&#8221; _builder_version=&#8221;4.27.4&#8243; _module_preset=&#8221;default&#8221; header_level=&#8221;h3&#8243; background_color=&#8221;#f7f9f6&#8243; min_height=&#8221;450px&#8221; min_height_tablet=&#8221;&#8221; min_height_phone=&#8221;400px&#8221; min_height_last_edited=&#8221;on|phone&#8221; height=&#8221;450px&#8221; custom_padding=&#8221;32px|24px|32px|24px|true|true&#8221; custom_css_main_element=&#8221;display: flex;||flex-direction: column;||justify-content: flex-end;||height: 100%;&#8221; custom_css_blurb_title=&#8221;padding-bottom: 48px;&#8221; border_radii=&#8221;on|25px|25px|25px|25px&#8221; global_colors_info=&#8221;{%22gcid-4ad3f847-7c47-4fbe-bc12-42bb1c3f69ad%22:%91%22background_color%22%93,%22gcid-bacc0458-658d-4585-82c3-3aea32d6623b%22:%91%22background_color%22%93}&#8221;]<\/p>\n<div class=\"cl-preview-section\">\n<p>Participa en grups redu\u00efts on la col\u00b7laboraci\u00f3 i l&#8217;intercanvi enriqueixen el proc\u00e9s. Compartir idees, t\u00e8cniques i experi\u00e8ncies amb altres participants fomenta la inspiraci\u00f3 m\u00fatua i enforteix la sensaci\u00f3 de comunitat a cada sessi\u00f3 d&#8217;artesania natural i benestar. <\/p>\n<\/div>\n<p>[\/et_pb_blurb][\/et_pb_column][et_pb_column type=&#8221;1_4&#8243; _builder_version=&#8221;4.27.4&#8243; _module_preset=&#8221;default&#8221; global_colors_info=&#8221;{}&#8221;][et_pb_blurb title=&#8221;Comen\u00e7a avui mateix la teva transformaci\u00f3&#8221; image_icon_width=&#8221;48px&#8221; icon_alignment=&#8221;left&#8221; _builder_version=&#8221;4.27.4&#8243; _module_preset=&#8221;default&#8221; header_level=&#8221;h3&#8243; background_color=&#8221;#f7f9f6&#8243; min_height=&#8221;450px&#8221; min_height_tablet=&#8221;&#8221; min_height_phone=&#8221;400px&#8221; min_height_last_edited=&#8221;on|phone&#8221; height=&#8221;450px&#8221; custom_padding=&#8221;32px|24px|32px|24px|true|true&#8221; custom_css_main_element=&#8221;display: flex;||flex-direction: column;||justify-content: flex-end;||height: 100%;&#8221; custom_css_blurb_title=&#8221;padding-bottom: 48px;&#8221; border_radii=&#8221;on|25px|25px|25px|25px&#8221; global_colors_info=&#8221;{%22gcid-1b354d84-96f8-497e-9dcb-18a440b96e1d%22:%91%22background_color%22%93}&#8221;]<\/p>\n<p>Cadascun dels tallers d&#8217;artesania natural representa un nou inici: una oportunitat per redescobrir la teva creativitat, millorar el teu benestar emocional i desenvolupar habilitats artesanals que pots aplicar a la teva vida quotidiana. Fa el primer pas i permet que l&#8217;artesania transformi la teva manera de cuidar-te i expressar-te. <\/p>\n<p>[\/et_pb_blurb][\/et_pb_column][\/et_pb_row][\/et_pb_section][et_pb_section fb_built=&#8221;1&#8243; admin_label=&#8221;A quien va dirigido&#8221; _builder_version=&#8221;4.27.4&#8243; _module_preset=&#8221;default&#8221; background_color=&#8221;gcid-1b354d84-96f8-497e-9dcb-18a440b96e1d&#8221; custom_padding=&#8221;32px||||false|false&#8221; da_disable_devices=&#8221;off|off|off&#8221; locked=&#8221;off&#8221; collapsed=&#8221;on&#8221; global_colors_info=&#8221;{%22gcid-1b354d84-96f8-497e-9dcb-18a440b96e1d%22:%91%22background_color%22%93}&#8221; da_is_popup=&#8221;off&#8221; da_exit_intent=&#8221;off&#8221; da_has_close=&#8221;on&#8221; da_alt_close=&#8221;off&#8221; da_dark_close=&#8221;off&#8221; da_not_modal=&#8221;on&#8221; da_is_singular=&#8221;off&#8221; da_with_loader=&#8221;off&#8221; da_has_shadow=&#8221;on&#8221;][et_pb_row _builder_version=&#8221;4.27.4&#8243; _module_preset=&#8221;default&#8221; width=&#8221;85%&#8221; custom_padding=&#8221;||10px||false|false&#8221; global_colors_info=&#8221;{}&#8221;][et_pb_column type=&#8221;4_4&#8243; _builder_version=&#8221;4.27.4&#8243; _module_preset=&#8221;default&#8221; global_colors_info=&#8221;{}&#8221;][et_pb_text _builder_version=&#8221;4.27.4&#8243; _module_preset=&#8221;default&#8221; text_font=&#8221;|||on|||||&#8221; text_font_size=&#8221;15px&#8221; custom_margin=&#8221;||16px||false|false&#8221; global_colors_info=&#8221;{}&#8221;]<\/p>\n<p>Materials | Acompanyament | Creativitat | Connexi\u00f3 |<\/p>\n<p>[\/et_pb_text][et_pb_divider color=&#8221;gcid-secondary-color&#8221; divider_weight=&#8221;4px&#8221; divider_weight_tablet=&#8221;4px&#8221; divider_weight_phone=&#8221;4px&#8221; divider_weight_last_edited=&#8221;on|phone&#8221; _builder_version=&#8221;4.27.4&#8243; _module_preset=&#8221;default&#8221; width=&#8221;10%&#8221; width_tablet=&#8221;10%&#8221; width_phone=&#8221;20%&#8221; width_last_edited=&#8221;on|phone&#8221; custom_margin=&#8221;||||false|false&#8221; custom_padding=&#8221;||||false|false&#8221; global_colors_info=&#8221;{%22gcid-secondary-color%22:%91%22color%22%93}&#8221;][\/et_pb_divider][\/et_pb_column][\/et_pb_row][et_pb_row column_structure=&#8221;3_5,2_5&#8243; custom_padding_last_edited=&#8221;on|phone&#8221; _builder_version=&#8221;4.27.4&#8243; _module_preset=&#8221;default&#8221; background_image=&#8221;https:\/\/melillimonartesania.com\/wp-content\/uploads\/2025\/12\/personas-en-taller-artesanal-05.jpg&#8221; width=&#8221;85%&#8221; custom_margin=&#8221;||48px||false|false&#8221; custom_padding=&#8221;|||32px|false|false&#8221; custom_padding_tablet=&#8221;|||32px|false|false&#8221; custom_padding_phone=&#8221;|||6px|false|false&#8221; background_color_phone=&#8221;gcid-secondary-color&#8221; background_enable_color_phone=&#8221;on&#8221; background_enable_image_phone=&#8221;off&#8221; border_radii=&#8221;on|25px|25px|25px|25px&#8221; locked=&#8221;off&#8221; global_colors_info=&#8221;{%22gcid-secondary-color%22:%91%22background_color%22%93}&#8221;][et_pb_column type=&#8221;3_5&#8243; _builder_version=&#8221;4.27.4&#8243; _module_preset=&#8221;default&#8221; global_colors_info=&#8221;{}&#8221;][dsm_card title=&#8221;@ET-DC@eyJkeW5hbWljIjp0cnVlLCJjb250ZW50IjoicG9zdF90aXRsZSIsInNldHRpbmdzIjp7ImJlZm9yZSI6IlF1XHUwMGU4IGluY2xvdWVuIGVscyBub3N0cmVzICIsImFmdGVyIjoiIGEgQmFkYWxvbmE\/In19@&#8221; subtitle=&#8221;Tot el que necessites per crear, gaudir i reconnectar&#8221; image=&#8221;https:\/\/melillimonartesania.com\/wp-content\/uploads\/\/2025\/03\/iconos-art-04.svg&#8221; image_as_background=&#8221;off&#8221; image_width=&#8221;12%&#8221; stretch_image=&#8221;off&#8221; alt=&#8221;Icona de pintat de mobles&#8221; button_url_new_window=&#8221;1&#8243; image_width_tablet=&#8221;12%&#8221; image_width_phone=&#8221;20%&#8221; image_width_last_edited=&#8221;on|phone&#8221; _builder_version=&#8221;4.27.4&#8243; _dynamic_attributes=&#8221;title&#8221; _module_preset=&#8221;default&#8221; header_level=&#8221;h2&#8243; subhead_font=&#8221;&#8211;et_global_heading_font||||||||&#8221; subhead_font_size=&#8221;1.5rem&#8221; use_background_color_gradient=&#8221;on&#8221; background_color_gradient_stops=&#8221;rgba(255,255,255,0.5) 0%|rgba(255,255,255,0.2) 100%&#8221; max_width=&#8221;98%&#8221; custom_padding=&#8221;32px|32px|32px|32px|false|true&#8221; custom_padding_tablet=&#8221;32px|32px|32px|32px|false|true&#8221; custom_padding_phone=&#8221;|8px||8px|false|true&#8221; custom_padding_last_edited=&#8221;on|phone&#8221; subhead_font_size_tablet=&#8221;1.5rem&#8221; subhead_font_size_phone=&#8221;1.3rem&#8221; subhead_font_size_last_edited=&#8221;on|phone&#8221; custom_css_main_element=&#8221;backdrop-filter: blur(10px);&#8221; border_radii=&#8221;on|25px|25px|25px|25px&#8221; border_width_all=&#8221;1px&#8221; border_color_all=&#8221;#FFFFFF&#8221; global_colors_info=&#8221;{}&#8221;]<\/p>\n<p>Quan t&#8217;apuntes a un<strong> taller artesanal<\/strong> a Mel i Llimona, no nom\u00e9s accedeixes a una classe: vius una experi\u00e8ncia completa. Pensem en cada detall perqu\u00e8 tu nom\u00e9s et concentris a gaudir del proc\u00e9s creatiu. Des dels materials fins a l&#8217;acompanyament, tot s&#8217;hi inclou.  <\/p>\n<p>A m\u00e9s, treballem en un entorn cuidat i c\u00e0lid, on et sentir\u00e0s a casa des del primer minut. Grups redu\u00efts, atenci\u00f3 personalitzada i un ambient que convida a expressar-te sense por. Cada taller est\u00e0 dissenyat perqu\u00e8 aprenguis, experimentis i t&#8217;emportis m\u00e9s que un objecte: una viv\u00e8ncia que recordar\u00e0s amb alegria.  <\/p>\n<p>[\/dsm_card][\/et_pb_column][et_pb_column type=&#8221;2_5&#8243; _builder_version=&#8221;4.27.4&#8243; _module_preset=&#8221;default&#8221; global_colors_info=&#8221;{}&#8221;][\/et_pb_column][\/et_pb_row][et_pb_row column_structure=&#8221;1_4,1_4,1_4,1_4&#8243; use_custom_gutter=&#8221;on&#8221; gutter_width=&#8221;2&#8243; make_equal=&#8221;on&#8221; _builder_version=&#8221;4.27.4&#8243; _module_preset=&#8221;default&#8221; width=&#8221;85%&#8221; custom_margin=&#8221;32px||32px||true|false&#8221; custom_padding=&#8221;0px||0px||false|false&#8221; global_colors_info=&#8221;{}&#8221;][et_pb_column type=&#8221;1_4&#8243; _builder_version=&#8221;4.27.4&#8243; _module_preset=&#8221;default&#8221; global_colors_info=&#8221;{}&#8221;][et_pb_blurb title=&#8221;Materials inclosos&#8221; image_icon_width=&#8221;48px&#8221; icon_alignment=&#8221;left&#8221; _builder_version=&#8221;4.27.4&#8243; _module_preset=&#8221;default&#8221; header_level=&#8221;h3&#8243; background_color=&#8221;#FFFFFF&#8221; min_height=&#8221;450px&#8221; min_height_tablet=&#8221;&#8221; min_height_phone=&#8221;400px&#8221; min_height_last_edited=&#8221;on|phone&#8221; height=&#8221;450px&#8221; custom_padding=&#8221;32px|24px|32px|24px|true|true&#8221; custom_css_main_element=&#8221;display: flex;||flex-direction: column;||justify-content: flex-end;||height: 100%;&#8221; custom_css_blurb_title=&#8221;padding-bottom: 48px;&#8221; border_radii=&#8221;on|25px|25px|25px|25px&#8221; global_colors_info=&#8221;{%22gcid-secondary-color%22:%91%22icon_color%22,%22icon_color%22%93}&#8221;]<\/p>\n<p>No cal portar res. Nosaltres et facilitem tot all\u00f2 necessari: pinzells, cordes, pintures, argila, eines&#8230; Fins i tot davantals. Volem que arribis lliure de preocupacions i surtis amb les teves mans plenes de creativitat. Nom\u00e9s veuen amb ganes de crear i la resta corre pel nostre compte.    <\/p>\n<p>[\/et_pb_blurb][\/et_pb_column][et_pb_column type=&#8221;1_4&#8243; _builder_version=&#8221;4.27.4&#8243; _module_preset=&#8221;default&#8221; global_colors_info=&#8221;{}&#8221;][et_pb_blurb title=&#8221;Grups redu\u00efts i atenci\u00f3 personalitzada&#8221; image_icon_width=&#8221;48px&#8221; icon_alignment=&#8221;left&#8221; _builder_version=&#8221;4.27.4&#8243; _module_preset=&#8221;default&#8221; header_level=&#8221;h3&#8243; background_color=&#8221;#FFFFFF&#8221; min_height=&#8221;450px&#8221; min_height_tablet=&#8221;&#8221; min_height_phone=&#8221;400px&#8221; min_height_last_edited=&#8221;on|phone&#8221; height=&#8221;450px&#8221; custom_padding=&#8221;32px|24px|32px|24px|true|true&#8221; custom_css_main_element=&#8221;display: flex;||flex-direction: column;||justify-content: flex-end;||height: 100%;&#8221; custom_css_blurb_title=&#8221;padding-bottom: 48px;&#8221; border_radii=&#8221;on|25px|25px|25px|25px&#8221; global_colors_info=&#8221;{%22gcid-secondary-color%22:%91%22icon_color%22%93}&#8221;]<\/p>\n<div class=\"cl-preview-section\">\n<p>Creiem en la proximitat i el tracte hum\u00e0. Per aix\u00f2, cadascun dels tallers d&#8217;artesania natural es fa en grups petits que permeten un ambient relaxat i familiar. Aix\u00f2 ens permet escoltar-te, acompanyar-te i ajudar-te de manera individual, creant una experi\u00e8ncia m\u00e9s \u00edntima i significativa.  <\/p>\n<\/div>\n<p>[\/et_pb_blurb][\/et_pb_column][et_pb_column type=&#8221;1_4&#8243; _builder_version=&#8221;4.27.4&#8243; _module_preset=&#8221;default&#8221; global_colors_info=&#8221;{}&#8221;][et_pb_blurb title=&#8221;Guies pas a pas i acompanyament constant&#8221; image_icon_width=&#8221;48px&#8221; icon_alignment=&#8221;left&#8221; _builder_version=&#8221;4.27.4&#8243; _module_preset=&#8221;default&#8221; header_level=&#8221;h3&#8243; background_color=&#8221;#FFFFFF&#8221; min_height=&#8221;450px&#8221; min_height_tablet=&#8221;&#8221; min_height_phone=&#8221;400px&#8221; min_height_last_edited=&#8221;on|phone&#8221; height=&#8221;450px&#8221; custom_padding=&#8221;32px|24px|32px|24px|true|true&#8221; custom_css_main_element=&#8221;display: flex;||flex-direction: column;||justify-content: flex-end;||height: 100%;&#8221; custom_css_blurb_title=&#8221;padding-bottom: 48px;&#8221; border_radii=&#8221;on|25px|25px|25px|25px&#8221; global_colors_info=&#8221;{%22gcid-secondary-color%22:%91%22icon_color%22%93,%22gcid-4ad3f847-7c47-4fbe-bc12-42bb1c3f69ad%22:%91%22background_color%22%93,%22gcid-bacc0458-658d-4585-82c3-3aea32d6623b%22:%91%22background_color%22%93}&#8221;]<\/p>\n<div class=\"cl-preview-section\">\n<p>Les nostres artesanes no nom\u00e9s ensenyen: inspiren. T&#8217;explicaran cada t\u00e8cnica amb claredat i estaran al teu costat per resoldre dubtes, donar idees i animar-te. Volem que et sentis segura i acompanyada durant tot el proc\u00e9s, sense importar el teu nivell.  <\/p>\n<\/div>\n<p>[\/et_pb_blurb][\/et_pb_column][et_pb_column type=&#8221;1_4&#8243; _builder_version=&#8221;4.27.4&#8243; _module_preset=&#8221;default&#8221; global_colors_info=&#8221;{}&#8221;][et_pb_blurb title=&#8221;Ambients pensats per inspirar-te&#8221; image_icon_width=&#8221;48px&#8221; icon_alignment=&#8221;left&#8221; _builder_version=&#8221;4.27.4&#8243; _module_preset=&#8221;default&#8221; header_level=&#8221;h3&#8243; background_color=&#8221;#FFFFFF&#8221; min_height=&#8221;450px&#8221; min_height_tablet=&#8221;&#8221; min_height_phone=&#8221;400px&#8221; min_height_last_edited=&#8221;on|phone&#8221; height=&#8221;450px&#8221; custom_padding=&#8221;32px|24px|32px|24px|true|true&#8221; custom_css_main_element=&#8221;display: flex;||flex-direction: column;||justify-content: flex-end;||height: 100%;&#8221; custom_css_blurb_title=&#8221;padding-bottom: 48px;&#8221; border_radii=&#8221;on|25px|25px|25px|25px&#8221; global_colors_info=&#8221;{%22gcid-secondary-color%22:%91%22icon_color%22%93,%22gcid-1b354d84-96f8-497e-9dcb-18a440b96e1d%22:%91%22background_color%22%93}&#8221;]<\/p>\n<p>L&#8217;espai tamb\u00e9 hi crea. Per aix\u00f2 cuidem cada rac\u00f3 perqu\u00e8 et sentis en un lloc acollidor, ple de llum, calma i est\u00edmuls creatius. M\u00fasica suau, aromes naturals i materials nobles que desperten tots els sentits. Aqu\u00ed, cada detall suma a lexperi\u00e8ncia.   <\/p>\n<p>[\/et_pb_blurb][\/et_pb_column][\/et_pb_row][\/et_pb_section][et_pb_section fb_built=&#8221;1&#8243; admin_label=&#8221;Paso a paso&#8221; _builder_version=&#8221;4.27.4&#8243; _module_preset=&#8221;default&#8221; background_color=&#8221;#FFFFFF&#8221; custom_padding=&#8221;32px||||false|false&#8221; da_disable_devices=&#8221;off|off|off&#8221; locked=&#8221;off&#8221; collapsed=&#8221;on&#8221; global_colors_info=&#8221;{}&#8221; da_is_popup=&#8221;off&#8221; da_exit_intent=&#8221;off&#8221; da_has_close=&#8221;on&#8221; da_alt_close=&#8221;off&#8221; da_dark_close=&#8221;off&#8221; da_not_modal=&#8221;on&#8221; da_is_singular=&#8221;off&#8221; da_with_loader=&#8221;off&#8221; da_has_shadow=&#8221;on&#8221;][et_pb_row _builder_version=&#8221;4.27.4&#8243; _module_preset=&#8221;default&#8221; width=&#8221;85%&#8221; custom_padding=&#8221;||10px||false|false&#8221; global_colors_info=&#8221;{}&#8221;][et_pb_column type=&#8221;4_4&#8243; _builder_version=&#8221;4.27.4&#8243; _module_preset=&#8221;default&#8221; global_colors_info=&#8221;{}&#8221;][et_pb_text _builder_version=&#8221;4.27.4&#8243; _module_preset=&#8221;default&#8221; text_font=&#8221;|||on|||||&#8221; text_font_size=&#8221;15px&#8221; custom_margin=&#8221;||16px||false|false&#8221; global_colors_info=&#8221;{}&#8221;]<\/p>\n<p>Espai | Llum | Proximitat | Inspiraci\u00f3 |<\/p>\n<p>[\/et_pb_text][et_pb_divider color=&#8221;gcid-secondary-color&#8221; divider_weight=&#8221;4px&#8221; divider_weight_tablet=&#8221;4px&#8221; divider_weight_phone=&#8221;4px&#8221; divider_weight_last_edited=&#8221;on|phone&#8221; _builder_version=&#8221;4.27.4&#8243; _module_preset=&#8221;default&#8221; width=&#8221;10%&#8221; width_tablet=&#8221;10%&#8221; width_phone=&#8221;20%&#8221; width_last_edited=&#8221;on|phone&#8221; custom_margin=&#8221;||||false|false&#8221; custom_padding=&#8221;||||false|false&#8221; global_colors_info=&#8221;{%22gcid-secondary-color%22:%91%22color%22%93}&#8221;][\/et_pb_divider][\/et_pb_column][\/et_pb_row][et_pb_row column_structure=&#8221;1_2,1_2&#8243; make_equal=&#8221;on&#8221; custom_padding_last_edited=&#8221;on|phone&#8221; _builder_version=&#8221;4.27.4&#8243; _module_preset=&#8221;default&#8221; width=&#8221;85%&#8221; custom_margin=&#8221;||48px||false|false&#8221; custom_padding=&#8221;||||false|false&#8221; custom_padding_tablet=&#8221;|||32px|false|false&#8221; custom_padding_phone=&#8221;|||6px|false|false&#8221; background_color_phone=&#8221;gcid-secondary-color&#8221; background_enable_color_phone=&#8221;on&#8221; background_enable_image_phone=&#8221;off&#8221; border_radii=&#8221;on|25px|25px|25px|25px&#8221; locked=&#8221;off&#8221; global_colors_info=&#8221;{}&#8221;][et_pb_column type=&#8221;1_2&#8243; _builder_version=&#8221;4.27.4&#8243; _module_preset=&#8221;default&#8221; global_colors_info=&#8221;{}&#8221;][et_pb_text _builder_version=&#8221;4.27.4&#8243; _module_preset=&#8221;default&#8221; background_image=&#8221;https:\/\/melillimonartesania.com\/wp-content\/uploads\/2025\/04\/mel-i-llimona-local-arnau.jpg&#8221; max_width_tablet=&#8221;&#8221; max_width_phone=&#8221;&#8221; max_width_last_edited=&#8221;on|phone&#8221; min_height=&#8221;100%&#8221; min_height_tablet=&#8221;100%&#8221; min_height_phone=&#8221;250px&#8221; min_height_last_edited=&#8221;on|desktop&#8221; custom_padding=&#8221;||||false|false&#8221; border_radii=&#8221;on|25px|25px|25px|25px&#8221; global_colors_info=&#8221;{}&#8221;][\/et_pb_text][\/et_pb_column][et_pb_column type=&#8221;1_2&#8243; _builder_version=&#8221;4.27.4&#8243; _module_preset=&#8221;default&#8221; global_colors_info=&#8221;{}&#8221;][dsm_card title=&#8221;On es fan els tallers d&#039;artesania a Badalona?&#8221; subtitle=&#8221;Espais amb \u00e0nima al cor de la ciutat&#8221; content_equal_height=&#8221;on&#8221; equal_height_image_height=&#8221;120px&#8221; image=&#8221;https:\/\/melillimonartesania.com\/wp-content\/uploads\/\/2025\/03\/iconos-art-04.svg&#8221; image_as_background=&#8221;off&#8221; image_width=&#8221;12%&#8221; stretch_image=&#8221;off&#8221; alt=&#8221;Icona de pintat de mobles&#8221; button_url_new_window=&#8221;1&#8243; image_width_tablet=&#8221;12%&#8221; image_width_phone=&#8221;20%&#8221; image_width_last_edited=&#8221;on|phone&#8221; _builder_version=&#8221;4.27.4&#8243; _module_preset=&#8221;default&#8221; header_level=&#8221;h2&#8243; subhead_font=&#8221;&#8211;et_global_heading_font||||||||&#8221; subhead_font_size=&#8221;1.5rem&#8221; background_color=&#8221;gcid-1b354d84-96f8-497e-9dcb-18a440b96e1d&#8221; use_background_color_gradient=&#8221;on&#8221; background_color_gradient_stops=&#8221;rgba(255,255,255,0.5) 0%|rgba(255,255,255,0.2) 100%&#8221; max_width=&#8221;98%&#8221; custom_padding=&#8221;32px|32px|32px|32px|false|true&#8221; custom_padding_tablet=&#8221;32px|32px|32px|32px|false|true&#8221; custom_padding_phone=&#8221;|8px||8px|false|true&#8221; custom_padding_last_edited=&#8221;on|phone&#8221; subhead_font_size_tablet=&#8221;1.5rem&#8221; subhead_font_size_phone=&#8221;1.3rem&#8221; subhead_font_size_last_edited=&#8221;on|phone&#8221; custom_css_main_element=&#8221;backdrop-filter: blur(10px);&#8221; border_radii=&#8221;on|25px|25px|25px|25px&#8221; border_width_all=&#8221;1px&#8221; border_color_all=&#8221;#FFFFFF&#8221; global_colors_info=&#8221;{%22gcid-1b354d84-96f8-497e-9dcb-18a440b96e1d%22:%91%22background_color%22%93}&#8221;]<\/p>\n<p>Els nostres tallers es realitzen en espais curosament elegits, ubicats al centre de Badalona. Llocs accessibles, c\u00e0lids i plens d&#8217;encant, on cada rac\u00f3 convida a crear sense presses. S\u00f3n llocs on la inspiraci\u00f3 flueix i el temps s&#8217;atura.  <\/p>\n<p>Tant si vens caminant, amb metro o amb cotxe, arribar ser\u00e0 senzill. Hem apostat per locals que respecten l\u00b4entorn, utilitzen materials naturals i ofereixen una atmosfera \u00edntima i propera. Aqu\u00ed no nom\u00e9s v\u00e9ns a aprendre, v\u00e9ns a reconnectar amb tu mateixa en un entorn que t\u00e9 cura dels detalls i celebra la creativitat.  <\/p>\n<p>[\/dsm_card][\/et_pb_column][\/et_pb_row][et_pb_row column_structure=&#8221;1_4,1_4,1_4,1_4&#8243; use_custom_gutter=&#8221;on&#8221; gutter_width=&#8221;2&#8243; make_equal=&#8221;on&#8221; _builder_version=&#8221;4.27.4&#8243; _module_preset=&#8221;default&#8221; width=&#8221;85%&#8221; custom_margin=&#8221;32px||32px||true|false&#8221; custom_padding=&#8221;0px||0px||false|false&#8221; global_colors_info=&#8221;{}&#8221;][et_pb_column type=&#8221;1_4&#8243; _builder_version=&#8221;4.27.4&#8243; _module_preset=&#8221;default&#8221; global_colors_info=&#8221;{}&#8221;][et_pb_blurb title=&#8221;Ubicaci\u00f3 i accessibilitat de l&#039;espai a Badalona&#8221; image_icon_width=&#8221;48px&#8221; icon_alignment=&#8221;left&#8221; _builder_version=&#8221;4.27.4&#8243; _module_preset=&#8221;default&#8221; header_level=&#8221;h3&#8243; background_color=&#8221;#f7f9f6&#8243; min_height=&#8221;450px&#8221; min_height_tablet=&#8221;&#8221; min_height_phone=&#8221;400px&#8221; min_height_last_edited=&#8221;on|phone&#8221; height=&#8221;450px&#8221; custom_padding=&#8221;32px|24px|32px|24px|true|true&#8221; custom_css_main_element=&#8221;display: flex;||flex-direction: column;||justify-content: flex-end;||height: 100%;&#8221; custom_css_blurb_title=&#8221;padding-bottom: 48px;&#8221; border_radii=&#8221;on|25px|25px|25px|25px&#8221; global_colors_info=&#8221;{%22gcid-58cfc04f-7f57-4a3a-9439-0876323e7760%22:%91%22background_color%22,%22background_color%22,%22background_color%22%93,%22gcid-secondary-color%22:%91%22icon_color%22,%22icon_color%22,%22icon_color%22,%22icon_color%22,%22icon_color%22,%22icon_color%22%93}&#8221;]<\/p>\n<p>Som al cor de Badalona, \u200b\u200bben connectades amb transport p\u00fablic i f\u00e0cil aparcament proper. Els nostres espais estan pensats perqu\u00e8 arribar sigui c\u00f2mode, r\u00e0pid i sense complicacions. Aqu\u00ed el que \u00e9s important \u00e9s que gaudeixis des del primer moment en qu\u00e8 entres.  <\/p>\n<p>[\/et_pb_blurb][\/et_pb_column][et_pb_column type=&#8221;1_4&#8243; _builder_version=&#8221;4.27.4&#8243; _module_preset=&#8221;default&#8221; global_colors_info=&#8221;{}&#8221;][et_pb_blurb title=&#8221;Ambient acollidor i materials naturals&#8221; image_icon_width=&#8221;48px&#8221; icon_alignment=&#8221;left&#8221; _builder_version=&#8221;4.27.4&#8243; _module_preset=&#8221;default&#8221; header_level=&#8221;h3&#8243; background_color=&#8221;#f7f9f6&#8243; min_height=&#8221;450px&#8221; min_height_tablet=&#8221;&#8221; min_height_phone=&#8221;400px&#8221; min_height_last_edited=&#8221;on|phone&#8221; height=&#8221;450px&#8221; custom_padding=&#8221;32px|24px|32px|24px|true|true&#8221; custom_css_main_element=&#8221;display: flex;||flex-direction: column;||justify-content: flex-end;||height: 100%;&#8221; custom_css_blurb_title=&#8221;padding-bottom: 48px;&#8221; border_radii=&#8221;on|25px|25px|25px|25px&#8221; global_colors_info=&#8221;{%22gcid-58cfc04f-7f57-4a3a-9439-0876323e7760%22:%91%22background_color%22,%22background_color%22,%22background_color%22,%22background_color%22%93,%22gcid-secondary-color%22:%91%22icon_color%22,%22icon_color%22,%22icon_color%22,%22icon_color%22,%22icon_color%22%93,%22gcid-4ad3f847-7c47-4fbe-bc12-42bb1c3f69ad%22:%91%22background_color%22%93}&#8221;]<\/p>\n<p>Cada taller \u00e9s un oasi de calma. Cuidem l\u00b4atmosfera amb llum natural, mobiliari de fusta i materials sostenibles. Promovem la creaci\u00f3 conscient, en un entorn que respecta la natura i afavoreix la connexi\u00f3 entre persones i processos artesanals.  <\/p>\n<p>[\/et_pb_blurb][\/et_pb_column][et_pb_column type=&#8221;1_4&#8243; _builder_version=&#8221;4.27.4&#8243; _module_preset=&#8221;default&#8221; global_colors_info=&#8221;{}&#8221;][et_pb_blurb title=&#8221;Mel i Llimona, al centre de Badalona (Carrer Arn\u00fas)&#8221; image_icon_width=&#8221;48px&#8221; icon_alignment=&#8221;left&#8221; _builder_version=&#8221;4.27.4&#8243; _module_preset=&#8221;default&#8221; header_level=&#8221;h3&#8243; background_color=&#8221;#f7f9f6&#8243; min_height=&#8221;450px&#8221; min_height_tablet=&#8221;&#8221; min_height_phone=&#8221;400px&#8221; min_height_last_edited=&#8221;on|phone&#8221; height=&#8221;450px&#8221; custom_padding=&#8221;32px|24px|32px|24px|true|true&#8221; custom_css_main_element=&#8221;display: flex;||flex-direction: column;||justify-content: flex-end;||height: 100%;&#8221; custom_css_blurb_title=&#8221;padding-bottom: 48px;&#8221; border_radii=&#8221;on|25px|25px|25px|25px&#8221; global_colors_info=&#8221;{%22gcid-58cfc04f-7f57-4a3a-9439-0876323e7760%22:%91%22background_color%22,%22background_color%22,%22background_color%22%93,%22gcid-secondary-color%22:%91%22icon_color%22,%22icon_color%22,%22icon_color%22,%22icon_color%22%93,%22gcid-4ad3f847-7c47-4fbe-bc12-42bb1c3f69ad%22:%91%22background_color%22%93,%22gcid-bacc0458-658d-4585-82c3-3aea32d6623b%22:%91%22background_color%22%93}&#8221;]<\/p>\n<p>El nostre taller principal \u00e9s al Carrer Arn\u00fas, un espai que combina tradici\u00f3 i disseny contemporani. Aqu\u00ed es respira creativitat a cada rac\u00f3: taules \u00e0mplies, plantes, caf\u00e8 calent i molta inspiraci\u00f3. Ideal per als que busquen una experi\u00e8ncia propera i aut\u00e8ntica al centre.  <\/p>\n<p>[\/et_pb_blurb][\/et_pb_column][et_pb_column type=&#8221;1_4&#8243; _builder_version=&#8221;4.27.4&#8243; _module_preset=&#8221;default&#8221; global_colors_info=&#8221;{}&#8221;][et_pb_blurb title=&#8221;iCanyella, a la rambla carrer Santa Madrona de Badalona&#8221; image_icon_width=&#8221;48px&#8221; icon_alignment=&#8221;left&#8221; _builder_version=&#8221;4.27.4&#8243; _module_preset=&#8221;default&#8221; header_level=&#8221;h3&#8243; background_color=&#8221;#f7f9f6&#8243; min_height=&#8221;450px&#8221; min_height_tablet=&#8221;&#8221; min_height_phone=&#8221;400px&#8221; min_height_last_edited=&#8221;on|phone&#8221; height=&#8221;450px&#8221; custom_padding=&#8221;32px|24px|32px|24px|true|true&#8221; custom_css_main_element=&#8221;display: flex;||flex-direction: column;||justify-content: flex-end;||height: 100%;&#8221; custom_css_blurb_title=&#8221;padding-bottom: 48px;&#8221; border_radii=&#8221;on|25px|25px|25px|25px&#8221; global_colors_info=&#8221;{%22gcid-58cfc04f-7f57-4a3a-9439-0876323e7760%22:%91%22background_color%22,%22background_color%22,%22background_color%22%93,%22gcid-secondary-color%22:%91%22icon_color%22,%22icon_color%22,%22icon_color%22,%22icon_color%22%93,%22gcid-1b354d84-96f8-497e-9dcb-18a440b96e1d%22:%91%22background_color%22%93}&#8221;]<\/p>\n<p>iCanyella \u00e9s un espai col\u00b7laboratiu on es troben l&#8217;art i la comunitat. Situat a la bonica rambla de Santa Madrona, aquest lloc \u00e9s perfecte per a tallers vibrants i experi\u00e8ncies compartides. Un entorn viu, din\u00e0mic i ple d\u00b4\u00e0nima artesana.  <\/p>\n<p>[\/et_pb_blurb][\/et_pb_column][\/et_pb_row][\/et_pb_section][et_pb_section fb_built=&#8221;1&#8243; _builder_version=&#8221;4.27.4&#8243; _module_preset=&#8221;default&#8221; background_color=&#8221;gcid-1b354d84-96f8-497e-9dcb-18a440b96e1d&#8221; da_disable_devices=&#8221;off|off|off&#8221; global_colors_info=&#8221;{%22gcid-1b354d84-96f8-497e-9dcb-18a440b96e1d%22:%91%22background_color%22%93}&#8221; da_is_popup=&#8221;off&#8221; da_exit_intent=&#8221;off&#8221; da_has_close=&#8221;on&#8221; da_alt_close=&#8221;off&#8221; da_dark_close=&#8221;off&#8221; da_not_modal=&#8221;on&#8221; da_is_singular=&#8221;off&#8221; da_with_loader=&#8221;off&#8221; da_has_shadow=&#8221;on&#8221;][et_pb_row _builder_version=&#8221;4.27.4&#8243; _module_preset=&#8221;default&#8221; global_colors_info=&#8221;{}&#8221;][et_pb_column type=&#8221;4_4&#8243; _builder_version=&#8221;4.27.4&#8243; _module_preset=&#8221;default&#8221; global_colors_info=&#8221;{}&#8221;][et_pb_text _builder_version=&#8221;4.27.4&#8243; _module_preset=&#8221;default&#8221; global_colors_info=&#8221;{}&#8221;]<\/p>\n<h2 style=\"text-align: center;\">Preguntes freq\u00fcents (FAQs) sobre els tallers d&#8217;artesania a Badalona<\/h2>\n<p>[\/et_pb_text][dsm_faq dsm_accordion_gap=&#8221;16px&#8221; dsm_make_accordion_toggle=&#8221;on&#8221; dsm_open_faq_item=&#8221;on&#8221; dsm_enable_schema_markup=&#8221;on&#8221; dsm_animate_icon=&#8221;on&#8221; dsm_icon_placement=&#8221;right&#8221; dsm_content_padding=&#8221;24px||||false|false&#8221; _builder_version=&#8221;4.27.4&#8243; _module_preset=&#8221;default&#8221; header_level=&#8221;h3&#8243; border_radii_dsm_toggle_open_border=&#8221;on|12px|12px|12px|12px&#8221; border_radii_dsm_toggle_closed_border=&#8221;on|8px|8px|8px|8px&#8221; global_colors_info=&#8221;{}&#8221;][dsm_faq_child dsm_title=&#8221;S\u00f3n aquests tallers aptes per a principiants?&#8221; dsm_content=&#8221;<\/p>\n<p>S\u00ed, la majoria estan dissenyats per a tots els nivells, incloent iniciaci\u00f3 en cosm\u00e8tica, espelmes i arteter\u00e0pia. Cada taller compta amb suport personalitzat i guia pas a pas, tot facilitant un aprenentatge c\u00f2mode, accessible i progressiu des del primer moment. <\/p>\n<p>&#8221; _builder_version=&#8221;4.27.4&#8243; _module_preset=&#8221;default&#8221; global_colors_info=&#8221;{}&#8221; parentOrderClass=&#8221;dsm_faq_0&#8243;][\/dsm_faq_child][dsm_faq_child dsm_title=&#8221;S&#039;apliquen mesures de sostenibilitat?&#8221; dsm_content=&#8221;<\/p>\n<p>Tots els tallers prioritzen materials ecol\u00f2gics, reciclats i t\u00e8cniques responsables amb el medi ambient. La nostra filosofia promou creativitat conscient, minimitzant residus i impulsant pr\u00e0ctiques realment sostenibles a cada proc\u00e9s. <\/p>\n<p>&#8221; _builder_version=&#8221;4.27.4&#8243; _module_preset=&#8221;default&#8221; global_colors_info=&#8221;{}&#8221; parentOrderClass=&#8221;dsm_faq_0&#8243;][\/dsm_faq_child][dsm_faq_child dsm_title=&#8221;Puc personalitzar la meva creaci\u00f3?&#8221; dsm_content=&#8221;<\/p>\n<p>S\u00ed, tots els tallers fomenten la personalitzaci\u00f3 i l&apos;expressi\u00f3 individual amb assessorament expert. Podr\u00e0s adaptar colors, aromes, t\u00e8cniques i acabats segons les prefer\u00e8ncies personals i l&apos;estil propi. <\/p>\n<p>&#8221; _builder_version=&#8221;4.27.4&#8243; _module_preset=&#8221;default&#8221; global_colors_info=&#8221;{}&#8221; parentOrderClass=&#8221;dsm_faq_0&#8243;][\/dsm_faq_child][dsm_faq_child dsm_title=&#8221;Hi ha tallers artesanals per a nens a Badalona?&#8221; dsm_content=&#8221;<\/p>\n<p>S\u00ed, a Mel i Llimona pensem en els m\u00e9s petits i en les fam\u00edlies. Oferim activitats dissenyades especialment per a nens, amb din\u00e0miques divertides, segures i educatives. Tamb\u00e9 tenim tallers familiars on adults i petits poden crear junts, enfortint vincles mentre exploren el m\u00f3n de l&apos;art i l&apos;artesania. S\u00f3n ideals per a caps de setmana diferents i plens de sentit.   <\/p>\n<p>&#8221; _builder_version=&#8221;4.27.4&#8243; _module_preset=&#8221;default&#8221; global_colors_info=&#8221;{}&#8221; parentOrderClass=&#8221;dsm_faq_0&#8243;][\/dsm_faq_child][dsm_faq_child dsm_title=&#8221;Es poden reservar tallers artesanals per a grups a Badalona?&#8221; dsm_content=&#8221;<\/p>\n<p>Per suposat. Organitzem tallers personalitzats per a grups d&apos;amigues, aniversaris, comiats, celebracions especials o empreses que cerquen una experi\u00e8ncia diferent. Ens adaptem a les teves idees i necessitats perqu\u00e8 visquis una jornada creativa, divertida i significativa. Nom\u00e9s ens has de contactar i dissenyarem amb tu un taller a mesura que no oblidar\u00e0s.   <\/p>\n<p>&#8221; _builder_version=&#8221;4.27.4&#8243; _module_preset=&#8221;default&#8221; global_colors_info=&#8221;{}&#8221; parentOrderClass=&#8221;dsm_faq_0&#8243;][\/dsm_faq_child][dsm_faq_child dsm_title=&#8221;Quina durada tenen els tallers artesanals a Badalona?&#8221; dsm_content=&#8221;<\/p>\n<p>La majoria dels nostres tallers tenen una durada entre 2 i 3 hores, el temps just per gaudir, aprendre i desconnectar sense presses. Tamb\u00e9 organitzem cursos m\u00e9s llargs o intensius en diversos dies, ideals si vols aprofundir en una t\u00e8cnica com a cer\u00e0mica, restauraci\u00f3 o enquadernaci\u00f3. Consulta el calendari mensual per veure totes les opcions disponibles.  <\/p>\n<p>&#8221; _builder_version=&#8221;4.27.4&#8243; _module_preset=&#8221;default&#8221; global_colors_info=&#8221;{}&#8221; parentOrderClass=&#8221;dsm_faq_0&#8243;][\/dsm_faq_child][dsm_faq_child dsm_title=&#8221;Quins materials necessito per participar a un taller artesanal?&#8221; dsm_content=&#8221;<\/p>\n<p>Cap! Tots els nostres tallers inclouen els materials necessaris perqu\u00e8 gaudeixis des del primer minut. Ja sigui argila, pintures, eines o papers especials, ho tindr\u00e0s tot preparat al teu lloc. Ens assegurem que nom\u00e9s hagis de portar les ganes d&apos;aprendre i crear. A m\u00e9s, t&apos;emportar\u00e0s a casa la pe\u00e7a que facis.    <\/p>\n<p>&#8221; _builder_version=&#8221;4.27.4&#8243; _module_preset=&#8221;default&#8221; global_colors_info=&#8221;{}&#8221; parentOrderClass=&#8221;dsm_faq_0&#8243;][\/dsm_faq_child][dsm_faq_child dsm_title=&#8221;Hi ha tallers gratu\u00efts o subvencionats a Badalona?&#8221; dsm_content=&#8221;<\/p>\n<p>S\u00ed, de manera puntual oferim tallers gratu\u00efts o amb places subvencionades gr\u00e0cies a col\u00b7laboracions amb entitats locals o esdeveniments especials. Per no perdre&apos;t cap oportunitat, et recomanem seguir-nos a les nostres xarxes socials o subscriure&apos;t a la nostra newsletter. \u00c9s una bona manera d&apos;estar al corrent i aprofitar cada ocasi\u00f3 per aprendre sense cost.  <\/p>\n<p>&#8221; _builder_version=&#8221;4.27.4&#8243; _module_preset=&#8221;default&#8221; global_colors_info=&#8221;{}&#8221; parentOrderClass=&#8221;dsm_faq_0&#8243;][\/dsm_faq_child][dsm_faq_child dsm_title=&#8221;Quin nivell dexperi\u00e8ncia necessito per assistir a un taller?&#8221; dsm_content=&#8221;<\/p>\n<p>Cap. Els nostres tallers estan dissenyats perqu\u00e8 qualsevol persona, sense importar-ne el nivell, pugui gaudir del proc\u00e9s creatiu. No necessites coneixements previs ni habilitats especials. El que \u00e9s important \u00e9s venir amb actitud oberta, ganes d&apos;explorar i gaudir del moment. Cada pas \u00e9s guiat i adaptat al teu ritme.    <\/p>\n<p>&#8221; _builder_version=&#8221;4.27.4&#8243; _module_preset=&#8221;default&#8221; global_colors_info=&#8221;{}&#8221; parentOrderClass=&#8221;dsm_faq_0&#8243;][\/dsm_faq_child][dsm_faq_child dsm_title=&#8221;Es fan tallers en grup o individuals?&#8221; dsm_content=&#8221;<\/p>\n<p>Tots dos formats estan disponibles: grups petits per a interacci\u00f3 social i sessions privades per a aprenentatge personalitzat. Podeu triar l&apos;experi\u00e8ncia que millor s&apos;adapti al vostre ritme, necessitats i nivell. <\/p>\n<p>&#8221; _builder_version=&#8221;4.27.4&#8243; _module_preset=&#8221;default&#8221; global_colors_info=&#8221;{}&#8221; parentOrderClass=&#8221;dsm_faq_0&#8243;][\/dsm_faq_child][\/dsm_faq][\/et_pb_column][\/et_pb_row][\/et_pb_section][et_pb_section fb_built=&#8221;1&#8243; module_id=&#8221;formulario&#8221; _builder_version=&#8221;4.27.4&#8243; _module_preset=&#8221;default&#8221; background_color=&#8221;#444444&#8243; da_disable_devices=&#8221;off|off|off&#8221; global_module=&#8221;799&#8243; global_colors_info=&#8221;{}&#8221; da_is_popup=&#8221;off&#8221; da_exit_intent=&#8221;off&#8221; da_has_close=&#8221;on&#8221; da_alt_close=&#8221;off&#8221; da_dark_close=&#8221;off&#8221; da_not_modal=&#8221;on&#8221; da_is_singular=&#8221;off&#8221; da_with_loader=&#8221;off&#8221; da_has_shadow=&#8221;on&#8221;][et_pb_row column_structure=&#8221;2_5,3_5&#8243; _builder_version=&#8221;4.27.4&#8243; _module_preset=&#8221;default&#8221; width=&#8221;85%&#8221; custom_padding=&#8221;32px||32px||true|true&#8221; border_radii=&#8221;on|25px|25px|25px|25px&#8221; global_colors_info=&#8221;{}&#8221;][et_pb_column type=&#8221;2_5&#8243; _builder_version=&#8221;4.27.4&#8243; _module_preset=&#8221;default&#8221; global_colors_info=&#8221;{}&#8221;][et_pb_text _builder_version=&#8221;4.27.4&#8243; _module_preset=&#8221;default&#8221; text_text_color=&#8221;#FFFFFF&#8221; header_text_color=&#8221;#FFFFFF&#8221; header_2_text_color=&#8221;#FFFFFF&#8221; width=&#8221;80%&#8221; global_colors_info=&#8221;{}&#8221;]<\/p>\n<h2>Parlem dels teus projectes o del nostre!<\/h2>\n<p>Tens alguna consulta, idea per col\u00b7laborar o simplement vols saludar-nos? Ens encanta escoltar-te! Completa el formulari i comencem una conversa.  <\/p>\n<p><strong>Adre\u00e7a<\/strong><br \/>Mel i Llimona: C\/ Arn\u00fas 36<br \/>iCanyella: C\/. Santa Madrona 83<br \/>08911 Badalona <\/p>\n<p><strong>Email<\/strong><br \/>info@melillimonartesania.com<\/p>\n<p><strong>Tel\u00e8fon<\/strong><br \/>+34 635 422 982<\/p>\n<p>[\/et_pb_text][\/et_pb_column][et_pb_column type=&#8221;3_5&#8243; _builder_version=&#8221;4.27.4&#8243; _module_preset=&#8221;default&#8221; background_color=&#8221;gcid-1469c84a-e8c4-4b03-acbf-14ee6ff228e8&#8243; border_radii=&#8221;on|25px|25px|25px|25px&#8221; global_colors_info=&#8221;{%22gcid-1469c84a-e8c4-4b03-acbf-14ee6ff228e8%22:%91%22background_color%22%93}&#8221;][et_pb_text _builder_version=&#8221;4.27.4&#8243; _module_preset=&#8221;default&#8221; global_colors_info=&#8221;{}&#8221;]<\/p>\n<div class='fluentform ff-default fluentform_wrapper_3 ffs_custom_wrap'><form data-form_id=\"3\" id=\"fluentform_3\" class=\"frm-fluent-form fluent_form_3 ff-el-form-top ff_form_instance_3_1 ff-form-loading ff_has_v3_recptcha ffs_custom\" data-form_instance=\"ff_form_instance_3_1\" method=\"POST\" data-recptcha_key=\"6LdyFv0rAAAAAOlFi5QeJ7uP2FH368-TamcqHnYH\" ><fieldset  style=\"border: none!important;margin: 0!important;padding: 0!important;background-color: transparent!important;box-shadow: none!important;outline: none!important; min-inline-size: 100%;\">\n                    <legend class=\"ff_screen_reader_title\" style=\"display: block; margin: 0!important;padding: 0!important;height: 0!important;text-indent: -999999px;width: 0!important;overflow:hidden;\">Formulario de informaci\u00f3n<\/legend>        <div\n                style=\"display: none!important; position: absolute!important; transform: translateX(1000%)!important;\"\n                class=\"ff-el-group ff-hpsf-container\"\n        >\n            <div class=\"ff-el-input--label asterisk-right\">\n                <label for=\"ff_3_item_sf\" aria-label=\"Subscribe\">\n                    Subscribe                <\/label>\n            <\/div>\n            <div class=\"ff-el-input--content\">\n                <input type=\"text\"\n                       name=\"item_3__fluent_sf\"\n                       class=\"ff-el-form-control\"\n                       id=\"ff_3_item_sf\"\n                \/>\n            <\/div>\n        <\/div>\n        <input type='hidden' name='__fluent_form_embded_post_id' value='8215' \/><input type=\"hidden\" id=\"_fluentform_3_fluentformnonce\" name=\"_fluentform_3_fluentformnonce\" value=\"6c83a7d14a\" \/><input type=\"hidden\" name=\"_wp_http_referer\" value=\"\/ca\/wp-json\/wp\/v2\/pages\/8215\" \/><div class='ff-el-group  ff-custom_html' tabindex='-1' data-name=\"custom_html-3_1\" ><h3>Parlem dels teus projectes o del nostre<\/h3><\/div><div data-type=\"name-element\" data-name=\"names\" class=\" ff-field_container ff-name-field-wrapper\" ><div class='ff-t-container'><div class='ff-t-cell '><div class='ff-el-group ff-el-form-hide_label'><div class=\"ff-el-input--label ff-el-is-required asterisk-right\"><label for='ff_3_names_first_name_' id='label_ff_3_names_first_name_' >Nom<\/label><\/div><div class='ff-el-input--content'><input type=\"text\" name=\"names[first_name]\" id=\"ff_3_names_first_name_\" class=\"ff-el-form-control\" placeholder=\"Nom *\" aria-invalid=\"false\" aria-required=true><\/div><\/div><\/div><div class='ff-t-cell '><div class='ff-el-group ff-el-form-hide_label'><div class=\"ff-el-input--label asterisk-right\"><label for='ff_3_names_last_name_' id='label_ff_3_names_last_name_' >Cognoms<\/label><\/div><div class='ff-el-input--content'><input type=\"text\" name=\"names[last_name]\" id=\"ff_3_names_last_name_\" class=\"ff-el-form-control\" placeholder=\"Cognoms *\" aria-invalid=\"false\" aria-required=false><\/div><\/div><\/div><\/div><\/div><div data-name=\"ff_cn_id_1\"  class='ff-t-container ff-column-container ff_columns_total_2 '><div class='ff-t-cell ff-t-column-1' style='flex-basis: 50%;'><div class='ff-el-group ff-el-form-hide_label'><div class=\"ff-el-input--label ff-el-is-required asterisk-right\"><label for='ff_3_email' id='label_ff_3_email' aria-label=\"Correu electr\u00f2nic\">Correu electr\u00f2nic<\/label><\/div><div class='ff-el-input--content'><input type=\"email\" name=\"email\" id=\"ff_3_email\" class=\"ff-el-form-control\" placeholder=\"Email *\" data-name=\"email\"  aria-invalid=\"false\" aria-required=true><\/div><\/div><\/div><div class='ff-t-cell ff-t-column-2' style='flex-basis: 50%;'><div class='ff-el-group ff-el-form-hide_label'><div class=\"ff-el-input--label asterisk-right\"><label for='ff_3_phone' id='label_ff_3_phone' aria-label=\"Phone\/Mobile\">Phone\/Mobile<\/label><\/div><div class='ff-el-input--content'><input name=\"phone\" class=\"ff-el-form-control ff-el-phone\" type=\"tel\" placeholder=\"Tel\u00e8fon *\" data-name=\"phone\" id=\"ff_3_phone\" inputmode=\"tel\"  aria-invalid='false' aria-required=false><\/div><\/div><\/div><\/div><div class='ff-el-group'><div class=\"ff-el-input--label ff-el-is-required asterisk-right\"><label for='ff_3_dropdown' id='label_ff_3_dropdown' aria-label=\"A quin rac\u00f3 del nostre ecosistema vols entrar?\">A quin rac\u00f3 del nostre ecosistema vols entrar?<\/label><\/div><div class='ff-el-input--content'><select name=\"dropdown\" id=\"ff_3_dropdown\" class=\"ff-el-form-control\" data-name=\"dropdown\" data-calc_value=\"0\"  aria-invalid=\"false\" aria-required=\"true\" aria-labelledby=\"label_ff_3_dropdown\"><option value=\"\">Selecciona l'\u00e0rea que m\u00e9s t'interessa...<\/option><option value=\"Servicio de restauraci\u00f3n de muebles\"  >Servei de restauraci\u00f3 de mobles<\/option><option value=\"Talleres de restauraci\u00f3n de muebles\"  >Tallers de restauraci\u00f3 de mobles<\/option><option value=\"Talleres monogr\u00e1ficos\"  >Talleres monogr\u00e1ficos<\/option><option value=\"iCanyella Degustaci\u00f3\"  >iCanyella Degustaci\u00f3<\/option><option value=\"iCanyella Espai\"  >iCanyella Espai<\/option><option value=\"iCanyella Botiga\"  >iCanyella Botiga<\/option><option value=\"Obrador digital\"  >Obrador digital<\/option><\/select><\/div><\/div><div class='ff-el-group ff-el-form-hide_label'><div class=\"ff-el-input--label asterisk-right\"><label for='ff_3_description' id='label_ff_3_description' aria-label=\"Caixa de text\">Caixa de text<\/label><\/div><div class='ff-el-input--content'><textarea aria-required=\"false\" aria-labelledby=\"label_ff_3_description\" name=\"description\" id=\"ff_3_description\" class=\"ff-el-form-control\" placeholder=\"\u00bfEn qu\u00e8 podem ajudar-te? Escriu aqu\u00ed el teu missatge o consulta...\" rows=\"4\" data-name=\"description\" ><\/textarea><\/div><\/div><div class='ff-el-group    ff-el-input--content'><div class='ff-el-form-check ff-el-tc'><label aria-label='Terms and Conditions: Accepto la Pol\u00edtica de Privacidad i doy el meu consentiment per al tractament de les meves dades amb la finalitat de respondre a la meva consulta, segons el RGPD 2016\/679. Contains 1 link. Use tab navigation to review.' class='ff-el-form-check-label ff_tc_label' for=gdpr-agreement_94e7f9b9eea1414884d8ebcae1c4098f><span class='ff_tc_checkbox'><input type=\"checkbox\" name=\"gdpr-agreement\" class=\"ff-el-form-check-input ff_gdpr_field\" data-name=\"gdpr-agreement\" id=\"gdpr-agreement_94e7f9b9eea1414884d8ebcae1c4098f\"  value='on' aria-invalid='false' aria-required=true><\/span> <div class='ff_t_c'>Accepto la <a rel=\"noopener\" href=\"https:\/\/melillimonartesania.com\/informacion-legal\/politica-privacidad\/\" target=\"_blank\">Pol\u00edtica de Privacidad<\/a> i doy el meu consentiment per al tractament de les meves dades amb la finalitat de respondre a la meva consulta, segons el RGPD 2016\/679.<\/div><\/label><\/div><\/div><div class='ff-el-group ff-text-right ff_submit_btn_wrapper'><button type=\"submit\" class=\"ff-btn ff-btn-submit ff-btn-md ff_btn_style wpf_has_custom_css\"  aria-label=\"ENVIAR\">ENVIAR<\/button><\/div><\/fieldset><\/form><div id='fluentform_3_errors' class='ff-errors-in-stack ff_form_instance_3_1 ff-form-loading_errors ff_form_instance_3_1_errors'><\/div><\/div>            <script type=\"text\/javascript\">\n                window.fluent_form_ff_form_instance_3_1 = {\"id\":\"3\",\"ajaxUrl\":\"https:\\\/\\\/melillimonartesania.com\\\/wp-admin\\\/admin-ajax.php\",\"settings\":{\"layout\":{\"labelPlacement\":\"top\",\"asteriskPlacement\":\"asterisk-right\",\"helpMessagePlacement\":\"with_label\",\"errorMessagePlacement\":\"inline\",\"cssClassName\":\"\"},\"restrictions\":{\"denyEmptySubmission\":{\"enabled\":false}}},\"form_instance\":\"ff_form_instance_3_1\",\"form_id_selector\":\"fluentform_3\",\"rules\":{\"names[first_name]\":{\"required\":{\"value\":true,\"message\":\"Este campo es obligatorio\",\"global_message\":\"Este campo es obligatorio\",\"global\":true}},\"names[middle_name]\":{\"required\":{\"value\":false,\"message\":\"Este campo es obligatorio\",\"global_message\":\"Este campo es obligatorio\",\"global\":true}},\"names[last_name]\":{\"required\":{\"value\":false,\"message\":\"Este campo es obligatorio\",\"global_message\":\"Este campo es obligatorio\",\"global\":true}},\"email\":{\"required\":{\"value\":true,\"message\":\"Este campo es obligatorio\",\"global_message\":\"Este campo es obligatorio\",\"global\":true},\"email\":{\"value\":true,\"message\":\"Este campo debe contener un correo electr\\u00f3nico v\\u00e1lido\",\"global_message\":\"Este campo debe contener un correo electr\\u00f3nico v\\u00e1lido\",\"global\":true}},\"phone\":{\"required\":{\"value\":false,\"global\":true,\"message\":\"Este campo es obligatorio\",\"global_message\":\"Este campo es obligatorio\"},\"valid_phone_number\":{\"value\":false,\"global\":true,\"message\":\"El n\\u00famero de tel\\u00e9fono no es v\\u00e1lido\",\"global_message\":\"El n\\u00famero de tel\\u00e9fono no es v\\u00e1lido\"}},\"dropdown\":{\"required\":{\"value\":true,\"message\":\"Este campo es obligatorio\",\"global_message\":\"Este campo es obligatorio\",\"global\":true}},\"description\":{\"required\":{\"value\":false,\"message\":\"Este campo es obligatorio\",\"global_message\":\"Este campo es obligatorio\",\"global\":true}},\"gdpr-agreement\":{\"required\":{\"value\":true,\"message\":\"Este campo es obligatorio\",\"global_message\":\"Este campo es obligatorio\",\"global\":true}}},\"debounce_time\":300};\n                            <\/script>\n            \n<p>[\/et_pb_text][\/et_pb_column][\/et_pb_row][\/et_pb_section]<\/p>\n","protected":false},"excerpt":{"rendered":"<p>Submergeix-te en una experi\u00e8ncia on la calma, la creativitat i el treball artesanal s&#8217;uneixen. Els nostres tallers d&#8217;artesania natural i benestar us conviden a reconnectar amb tu mateix mentre gaudiu del plaer de crear amb les vostres mans. <\/p>\n","protected":false},"author":1,"featured_media":5929,"parent":5648,"menu_order":0,"comment_status":"closed","ping_status":"closed","template":"","meta":{"_acf_changed":false,"_et_pb_use_builder":"on","_et_pb_old_content":"","_et_gb_content_width":"","_daim_seo_power":"","_daim_enable_ail":"","footnotes":""},"tags":[],"class_list":["post-8215","page","type-page","status-publish","has-post-thumbnail","hentry"],"acf":[],"yoast_head":"<!-- This site is optimized with the Yoast SEO Premium plugin v27.2 (Yoast SEO v27.4) - https:\/\/yoast.com\/product\/yoast-seo-premium-wordpress\/ -->\n<title>Tallers d&#039;artesania natural i benestar - Mel i Llimona &amp; iCanyella: Artesan\u00eda, Gastronom\u00eda y Comunidad en Badalona<\/title>\n<meta name=\"description\" content=\"Descobreix tallers d&#039;artesania natural i benestar que t&#039;ajuden a relaxar-te, crear amb les mans i reconnectar amb tu de manera senzilla.\" \/>\n<meta name=\"robots\" content=\"index, follow, max-snippet:-1, max-image-preview:large, max-video-preview:-1\" \/>\n<link rel=\"canonical\" href=\"https:\/\/melillimonartesania.com\/ca\/tallers-creatius\/artesania-natural\/\" \/>\n<meta property=\"og:locale\" content=\"ca_ES\" \/>\n<meta property=\"og:type\" content=\"article\" \/>\n<meta property=\"og:title\" content=\"Tallers d&#039;artesania natural i benestar\" \/>\n<meta property=\"og:description\" content=\"Descobreix tallers d&#039;artesania natural i benestar que t&#039;ajuden a relaxar-te, crear amb les mans i reconnectar amb tu de manera senzilla.\" \/>\n<meta property=\"og:url\" content=\"https:\/\/melillimonartesania.com\/ca\/tallers-creatius\/artesania-natural\/\" \/>\n<meta property=\"og:site_name\" content=\"Mel i Llimona &amp; iCanyella: Artesan\u00eda, Gastronom\u00eda y Comunidad en Badalona\" \/>\n<meta property=\"article:modified_time\" content=\"2025-12-07T11:27:21+00:00\" \/>\n<meta property=\"og:image\" content=\"https:\/\/melillimonartesania.com\/wp-content\/uploads\/2025\/10\/taller-cosmetica-natural-jabon.jpg\" \/>\n\t<meta property=\"og:image:width\" content=\"1920\" \/>\n\t<meta property=\"og:image:height\" content=\"1080\" \/>\n\t<meta property=\"og:image:type\" content=\"image\/jpeg\" \/>\n<meta name=\"twitter:card\" content=\"summary_large_image\" \/>\n<meta name=\"twitter:label1\" content=\"Temps estimat de lectura\" \/>\n\t<meta name=\"twitter:data1\" content=\"15 minuts\" \/>\n<script type=\"application\/ld+json\" class=\"yoast-schema-graph\">{\"@context\":\"https:\\\/\\\/schema.org\",\"@graph\":[{\"@type\":\"WebPage\",\"@id\":\"https:\\\/\\\/melillimonartesania.com\\\/ca\\\/tallers-creatius\\\/artesania-natural\\\/\",\"url\":\"https:\\\/\\\/melillimonartesania.com\\\/ca\\\/tallers-creatius\\\/artesania-natural\\\/\",\"name\":\"Tallers d'artesania natural i benestar - Mel i Llimona &amp; iCanyella: Artesan\u00eda, Gastronom\u00eda y Comunidad en Badalona\",\"isPartOf\":{\"@id\":\"https:\\\/\\\/melillimonartesania.com\\\/ca\\\/#website\"},\"primaryImageOfPage\":{\"@id\":\"https:\\\/\\\/melillimonartesania.com\\\/ca\\\/tallers-creatius\\\/artesania-natural\\\/#primaryimage\"},\"image\":{\"@id\":\"https:\\\/\\\/melillimonartesania.com\\\/ca\\\/tallers-creatius\\\/artesania-natural\\\/#primaryimage\"},\"thumbnailUrl\":\"https:\\\/\\\/melillimonartesania.com\\\/wp-content\\\/uploads\\\/2025\\\/10\\\/taller-cosmetica-natural-jabon.jpg\",\"datePublished\":\"2025-12-04T12:23:03+00:00\",\"dateModified\":\"2025-12-07T11:27:21+00:00\",\"description\":\"Descobreix tallers d'artesania natural i benestar que t'ajuden a relaxar-te, crear amb les mans i reconnectar amb tu de manera senzilla.\",\"breadcrumb\":{\"@id\":\"https:\\\/\\\/melillimonartesania.com\\\/ca\\\/tallers-creatius\\\/artesania-natural\\\/#breadcrumb\"},\"inLanguage\":\"ca\",\"potentialAction\":[{\"@type\":\"ReadAction\",\"target\":[\"https:\\\/\\\/melillimonartesania.com\\\/ca\\\/tallers-creatius\\\/artesania-natural\\\/\"]}]},{\"@type\":\"ImageObject\",\"inLanguage\":\"ca\",\"@id\":\"https:\\\/\\\/melillimonartesania.com\\\/ca\\\/tallers-creatius\\\/artesania-natural\\\/#primaryimage\",\"url\":\"https:\\\/\\\/melillimonartesania.com\\\/wp-content\\\/uploads\\\/2025\\\/10\\\/taller-cosmetica-natural-jabon.jpg\",\"contentUrl\":\"https:\\\/\\\/melillimonartesania.com\\\/wp-content\\\/uploads\\\/2025\\\/10\\\/taller-cosmetica-natural-jabon.jpg\",\"width\":1920,\"height\":1080,\"caption\":\"Taller de cosm\u00e8tica natural: crea el teu xamp\u00fa i condicionador s\u00f2lids\"},{\"@type\":\"BreadcrumbList\",\"@id\":\"https:\\\/\\\/melillimonartesania.com\\\/ca\\\/tallers-creatius\\\/artesania-natural\\\/#breadcrumb\",\"itemListElement\":[{\"@type\":\"ListItem\",\"position\":1,\"name\":\"Portada\",\"item\":\"https:\\\/\\\/melillimonartesania.com\\\/ca\\\/mel-i-llimona-icanyella\\\/\"},{\"@type\":\"ListItem\",\"position\":2,\"name\":\"Tallers creatius\",\"item\":\"https:\\\/\\\/melillimonartesania.com\\\/ca\\\/tallers-creatius\\\/\"},{\"@type\":\"ListItem\",\"position\":3,\"name\":\"Tallers d&#8217;artesania natural i benestar\"}]},{\"@type\":\"WebSite\",\"@id\":\"https:\\\/\\\/melillimonartesania.com\\\/ca\\\/#website\",\"url\":\"https:\\\/\\\/melillimonartesania.com\\\/ca\\\/\",\"name\":\"Mel i Llimona &amp; iCanyella: Artesan\u00eda, Gastronom\u00eda y Comunidad en Badalona\",\"description\":\"Mel i Llimona &amp; iCanyella, un espacio que conserva su esencia artesanal  y a\u00f1ade degustaci\u00f3n ecol\u00f3gica, mercado sostenible y un espacio para la comunidad en Badalona.\",\"publisher\":{\"@id\":\"https:\\\/\\\/melillimonartesania.com\\\/ca\\\/#organization\"},\"potentialAction\":[{\"@type\":\"SearchAction\",\"target\":{\"@type\":\"EntryPoint\",\"urlTemplate\":\"https:\\\/\\\/melillimonartesania.com\\\/ca\\\/?s={search_term_string}\"},\"query-input\":{\"@type\":\"PropertyValueSpecification\",\"valueRequired\":true,\"valueName\":\"search_term_string\"}}],\"inLanguage\":\"ca\"},{\"@type\":[\"Organization\",\"Place\",\"LocalBusiness\"],\"@id\":\"https:\\\/\\\/melillimonartesania.com\\\/ca\\\/#organization\",\"name\":\"Mel i Llimona Creaci\u00f3 Artesanal S.C.C.L.\",\"alternateName\":\"Mel i Llimona iCanyella\",\"url\":\"https:\\\/\\\/melillimonartesania.com\\\/ca\\\/\",\"logo\":{\"@id\":\"https:\\\/\\\/melillimonartesania.com\\\/ca\\\/tallers-creatius\\\/artesania-natural\\\/#local-main-organization-logo\"},\"image\":{\"@id\":\"https:\\\/\\\/melillimonartesania.com\\\/ca\\\/tallers-creatius\\\/artesania-natural\\\/#local-main-organization-logo\"},\"description\":\"Mel i Llimona Artesan\u00eda en Badalona: Desde 2018, somos el taller de referencia para la restauraci\u00f3n profesional de muebles antiguos y el arte del 'hazlo t\u00fa mismo'. Hemos evolucionado a iCanyella en Badalona, un espacio que integra nuestro taller tradicional con un mercado local de artesan\u00eda sostenible y degustaci\u00f3n de productos ecol\u00f3gicos. Vis\u00edtanos para tus proyectos de restauraci\u00f3n, talleres comunitarios y para apoyar el comercio justo en la zona.\",\"numberOfEmployees\":{\"@type\":\"QuantitativeValue\",\"minValue\":\"1\",\"maxValue\":\"10\"},\"address\":{\"@id\":\"https:\\\/\\\/melillimonartesania.com\\\/ca\\\/tallers-creatius\\\/artesania-natural\\\/#local-main-place-address\"},\"telephone\":[\"+34 635 422 982\"],\"contactPoint\":{\"@type\":\"ContactPoint\",\"telephone\":\"+34 635 422 982\",\"email\":\"info@melillimonartesania.com\"},\"openingHoursSpecification\":[{\"@type\":\"OpeningHoursSpecification\",\"dayOfWeek\":[\"Monday\"],\"opens\":\"17:00\",\"closes\":\"20:00\"},{\"@type\":\"OpeningHoursSpecification\",\"dayOfWeek\":[\"Tuesday\",\"Wednesday\",\"Thursday\",\"Friday\"],\"opens\":\"09:00\",\"closes\":\"20:00\"},{\"@type\":\"OpeningHoursSpecification\",\"dayOfWeek\":[\"Saturday\"],\"opens\":\"09:00\",\"closes\":\"14:00\"},{\"@type\":\"OpeningHoursSpecification\",\"dayOfWeek\":[\"Sunday\"],\"opens\":\"00:00\",\"closes\":\"00:00\"}],\"email\":\"hola@melillimonartesania.com\",\"areaServed\":\"Badalona, Barcelona, Maresme\",\"vatID\":\"F56933963\",\"taxID\":\"F56933963\",\"currenciesAccepted\":\"EUR\",\"paymentAccepted\":\"Contado, tarjeta\"},{\"@type\":\"PostalAddress\",\"@id\":\"https:\\\/\\\/melillimonartesania.com\\\/ca\\\/tallers-creatius\\\/artesania-natural\\\/#local-main-place-address\",\"streetAddress\":\"Carrer d'Arn\u00fas, 36\",\"addressLocality\":\"Badalona\",\"postalCode\":\"08911\",\"addressRegion\":\"Catalunya\",\"addressCountry\":\"ES\"},{\"@type\":\"ImageObject\",\"inLanguage\":\"ca\",\"@id\":\"https:\\\/\\\/melillimonartesania.com\\\/ca\\\/tallers-creatius\\\/artesania-natural\\\/#local-main-organization-logo\",\"url\":\"https:\\\/\\\/melillimonartesania.com\\\/wp-content\\\/uploads\\\/2025\\\/09\\\/melillimona-icanyella-black.svg\",\"contentUrl\":\"https:\\\/\\\/melillimonartesania.com\\\/wp-content\\\/uploads\\\/2025\\\/09\\\/melillimona-icanyella-black.svg\",\"width\":135,\"height\":20,\"caption\":\"Mel i Llimona Creaci\u00f3 Artesanal S.C.C.L.\"}]}<\/script>\n<meta name=\"geo.placename\" content=\"Badalona\" \/>\n<meta name=\"geo.region\" content=\"Espanya\" \/>\n<!-- \/ Yoast SEO Premium plugin. -->","yoast_head_json":{"title":"Tallers d'artesania natural i benestar - Mel i Llimona &amp; iCanyella: Artesan\u00eda, Gastronom\u00eda y Comunidad en Badalona","description":"Descobreix tallers d'artesania natural i benestar que t'ajuden a relaxar-te, crear amb les mans i reconnectar amb tu de manera senzilla.","robots":{"index":"index","follow":"follow","max-snippet":"max-snippet:-1","max-image-preview":"max-image-preview:large","max-video-preview":"max-video-preview:-1"},"canonical":"https:\/\/melillimonartesania.com\/ca\/tallers-creatius\/artesania-natural\/","og_locale":"ca_ES","og_type":"article","og_title":"Tallers d'artesania natural i benestar","og_description":"Descobreix tallers d'artesania natural i benestar que t'ajuden a relaxar-te, crear amb les mans i reconnectar amb tu de manera senzilla.","og_url":"https:\/\/melillimonartesania.com\/ca\/tallers-creatius\/artesania-natural\/","og_site_name":"Mel i Llimona &amp; iCanyella: Artesan\u00eda, Gastronom\u00eda y Comunidad en Badalona","article_modified_time":"2025-12-07T11:27:21+00:00","og_image":[{"width":1920,"height":1080,"url":"https:\/\/melillimonartesania.com\/wp-content\/uploads\/2025\/10\/taller-cosmetica-natural-jabon.jpg","type":"image\/jpeg"}],"twitter_card":"summary_large_image","twitter_misc":{"Temps estimat de lectura":"15 minuts"},"schema":{"@context":"https:\/\/schema.org","@graph":[{"@type":"WebPage","@id":"https:\/\/melillimonartesania.com\/ca\/tallers-creatius\/artesania-natural\/","url":"https:\/\/melillimonartesania.com\/ca\/tallers-creatius\/artesania-natural\/","name":"Tallers d'artesania natural i benestar - Mel i Llimona &amp; iCanyella: Artesan\u00eda, Gastronom\u00eda y Comunidad en Badalona","isPartOf":{"@id":"https:\/\/melillimonartesania.com\/ca\/#website"},"primaryImageOfPage":{"@id":"https:\/\/melillimonartesania.com\/ca\/tallers-creatius\/artesania-natural\/#primaryimage"},"image":{"@id":"https:\/\/melillimonartesania.com\/ca\/tallers-creatius\/artesania-natural\/#primaryimage"},"thumbnailUrl":"https:\/\/melillimonartesania.com\/wp-content\/uploads\/2025\/10\/taller-cosmetica-natural-jabon.jpg","datePublished":"2025-12-04T12:23:03+00:00","dateModified":"2025-12-07T11:27:21+00:00","description":"Descobreix tallers d'artesania natural i benestar que t'ajuden a relaxar-te, crear amb les mans i reconnectar amb tu de manera senzilla.","breadcrumb":{"@id":"https:\/\/melillimonartesania.com\/ca\/tallers-creatius\/artesania-natural\/#breadcrumb"},"inLanguage":"ca","potentialAction":[{"@type":"ReadAction","target":["https:\/\/melillimonartesania.com\/ca\/tallers-creatius\/artesania-natural\/"]}]},{"@type":"ImageObject","inLanguage":"ca","@id":"https:\/\/melillimonartesania.com\/ca\/tallers-creatius\/artesania-natural\/#primaryimage","url":"https:\/\/melillimonartesania.com\/wp-content\/uploads\/2025\/10\/taller-cosmetica-natural-jabon.jpg","contentUrl":"https:\/\/melillimonartesania.com\/wp-content\/uploads\/2025\/10\/taller-cosmetica-natural-jabon.jpg","width":1920,"height":1080,"caption":"Taller de cosm\u00e8tica natural: crea el teu xamp\u00fa i condicionador s\u00f2lids"},{"@type":"BreadcrumbList","@id":"https:\/\/melillimonartesania.com\/ca\/tallers-creatius\/artesania-natural\/#breadcrumb","itemListElement":[{"@type":"ListItem","position":1,"name":"Portada","item":"https:\/\/melillimonartesania.com\/ca\/mel-i-llimona-icanyella\/"},{"@type":"ListItem","position":2,"name":"Tallers creatius","item":"https:\/\/melillimonartesania.com\/ca\/tallers-creatius\/"},{"@type":"ListItem","position":3,"name":"Tallers d&#8217;artesania natural i benestar"}]},{"@type":"WebSite","@id":"https:\/\/melillimonartesania.com\/ca\/#website","url":"https:\/\/melillimonartesania.com\/ca\/","name":"Mel i Llimona &amp; iCanyella: Artesan\u00eda, Gastronom\u00eda y Comunidad en Badalona","description":"Mel i Llimona &amp; iCanyella, un espacio que conserva su esencia artesanal  y a\u00f1ade degustaci\u00f3n ecol\u00f3gica, mercado sostenible y un espacio para la comunidad en Badalona.","publisher":{"@id":"https:\/\/melillimonartesania.com\/ca\/#organization"},"potentialAction":[{"@type":"SearchAction","target":{"@type":"EntryPoint","urlTemplate":"https:\/\/melillimonartesania.com\/ca\/?s={search_term_string}"},"query-input":{"@type":"PropertyValueSpecification","valueRequired":true,"valueName":"search_term_string"}}],"inLanguage":"ca"},{"@type":["Organization","Place","LocalBusiness"],"@id":"https:\/\/melillimonartesania.com\/ca\/#organization","name":"Mel i Llimona Creaci\u00f3 Artesanal S.C.C.L.","alternateName":"Mel i Llimona iCanyella","url":"https:\/\/melillimonartesania.com\/ca\/","logo":{"@id":"https:\/\/melillimonartesania.com\/ca\/tallers-creatius\/artesania-natural\/#local-main-organization-logo"},"image":{"@id":"https:\/\/melillimonartesania.com\/ca\/tallers-creatius\/artesania-natural\/#local-main-organization-logo"},"description":"Mel i Llimona Artesan\u00eda en Badalona: Desde 2018, somos el taller de referencia para la restauraci\u00f3n profesional de muebles antiguos y el arte del 'hazlo t\u00fa mismo'. Hemos evolucionado a iCanyella en Badalona, un espacio que integra nuestro taller tradicional con un mercado local de artesan\u00eda sostenible y degustaci\u00f3n de productos ecol\u00f3gicos. Vis\u00edtanos para tus proyectos de restauraci\u00f3n, talleres comunitarios y para apoyar el comercio justo en la zona.","numberOfEmployees":{"@type":"QuantitativeValue","minValue":"1","maxValue":"10"},"address":{"@id":"https:\/\/melillimonartesania.com\/ca\/tallers-creatius\/artesania-natural\/#local-main-place-address"},"telephone":["+34 635 422 982"],"contactPoint":{"@type":"ContactPoint","telephone":"+34 635 422 982","email":"info@melillimonartesania.com"},"openingHoursSpecification":[{"@type":"OpeningHoursSpecification","dayOfWeek":["Monday"],"opens":"17:00","closes":"20:00"},{"@type":"OpeningHoursSpecification","dayOfWeek":["Tuesday","Wednesday","Thursday","Friday"],"opens":"09:00","closes":"20:00"},{"@type":"OpeningHoursSpecification","dayOfWeek":["Saturday"],"opens":"09:00","closes":"14:00"},{"@type":"OpeningHoursSpecification","dayOfWeek":["Sunday"],"opens":"00:00","closes":"00:00"}],"email":"hola@melillimonartesania.com","areaServed":"Badalona, Barcelona, Maresme","vatID":"F56933963","taxID":"F56933963","currenciesAccepted":"EUR","paymentAccepted":"Contado, tarjeta"},{"@type":"PostalAddress","@id":"https:\/\/melillimonartesania.com\/ca\/tallers-creatius\/artesania-natural\/#local-main-place-address","streetAddress":"Carrer d'Arn\u00fas, 36","addressLocality":"Badalona","postalCode":"08911","addressRegion":"Catalunya","addressCountry":"ES"},{"@type":"ImageObject","inLanguage":"ca","@id":"https:\/\/melillimonartesania.com\/ca\/tallers-creatius\/artesania-natural\/#local-main-organization-logo","url":"https:\/\/melillimonartesania.com\/wp-content\/uploads\/2025\/09\/melillimona-icanyella-black.svg","contentUrl":"https:\/\/melillimonartesania.com\/wp-content\/uploads\/2025\/09\/melillimona-icanyella-black.svg","width":135,"height":20,"caption":"Mel i Llimona Creaci\u00f3 Artesanal S.C.C.L."}]},"geo.placename":"Badalona","geo.region":"Espanya"},"_links":{"self":[{"href":"https:\/\/melillimonartesania.com\/ca\/wp-json\/wp\/v2\/pages\/8215","targetHints":{"allow":["GET"]}}],"collection":[{"href":"https:\/\/melillimonartesania.com\/ca\/wp-json\/wp\/v2\/pages"}],"about":[{"href":"https:\/\/melillimonartesania.com\/ca\/wp-json\/wp\/v2\/types\/page"}],"author":[{"embeddable":true,"href":"https:\/\/melillimonartesania.com\/ca\/wp-json\/wp\/v2\/users\/1"}],"replies":[{"embeddable":true,"href":"https:\/\/melillimonartesania.com\/ca\/wp-json\/wp\/v2\/comments?post=8215"}],"version-history":[{"count":11,"href":"https:\/\/melillimonartesania.com\/ca\/wp-json\/wp\/v2\/pages\/8215\/revisions"}],"predecessor-version":[{"id":8287,"href":"https:\/\/melillimonartesania.com\/ca\/wp-json\/wp\/v2\/pages\/8215\/revisions\/8287"}],"up":[{"embeddable":true,"href":"https:\/\/melillimonartesania.com\/ca\/wp-json\/wp\/v2\/pages\/5648"}],"wp:featuredmedia":[{"embeddable":true,"href":"https:\/\/melillimonartesania.com\/ca\/wp-json\/wp\/v2\/media\/5929"}],"wp:attachment":[{"href":"https:\/\/melillimonartesania.com\/ca\/wp-json\/wp\/v2\/media?parent=8215"}],"wp:term":[{"taxonomy":"post_tag","embeddable":true,"href":"https:\/\/melillimonartesania.com\/ca\/wp-json\/wp\/v2\/tags?post=8215"}],"curies":[{"name":"wp","href":"https:\/\/api.w.org\/{rel}","templated":true}]}}