{"id":8224,"date":"2025-12-05T16:51:44","date_gmt":"2025-12-05T15:51:44","guid":{"rendered":"https:\/\/melillimonartesania.com\/tallers-creatius\/tallers-dartesania-natural-i-benestar\/taller-daromaterapia-natural\/"},"modified":"2025-12-07T15:56:22","modified_gmt":"2025-12-07T14:56:22","slug":"taller-daromaterapia-natural","status":"publish","type":"page","link":"https:\/\/melillimonartesania.com\/ca\/tallers-creatius\/artesania-natural\/taller-daromaterapia-natural\/","title":{"rendered":"Taller d&#8217;aromater\u00e0pia natural"},"content":{"rendered":"<p>[et_pb_section fb_built=&#8221;1&#8243; admin_label=&#8221;HERO BANNER&#8221; _builder_version=&#8221;4.27.4&#8243; _dynamic_attributes=&#8221;background_image&#8221; _module_preset=&#8221;dedd779a-d5ab-41f5-b874-c310f40ea6d1&#8243; da_disable_devices=&#8221;off|off|off&#8221; locked=&#8221;off&#8221; collapsed=&#8221;on&#8221; global_colors_info=&#8221;{}&#8221; theme_builder_area=&#8221;post_content&#8221; da_is_popup=&#8221;off&#8221; da_exit_intent=&#8221;off&#8221; da_has_close=&#8221;on&#8221; da_alt_close=&#8221;off&#8221; da_dark_close=&#8221;off&#8221; da_not_modal=&#8221;on&#8221; da_is_singular=&#8221;off&#8221; da_with_loader=&#8221;off&#8221; da_has_shadow=&#8221;on&#8221;][et_pb_row _builder_version=&#8221;4.27.4&#8243; _module_preset=&#8221;default&#8221; width=&#8221;85%&#8221; global_colors_info=&#8221;{}&#8221; theme_builder_area=&#8221;post_content&#8221;][et_pb_column type=&#8221;4_4&#8243; _builder_version=&#8221;4.27.4&#8243; _module_preset=&#8221;default&#8221; global_colors_info=&#8221;{}&#8221; theme_builder_area=&#8221;post_content&#8221;][et_pb_text _builder_version=&#8221;4.27.4&#8243; _module_preset=&#8221;default&#8221; text_font=&#8221;&#8211;et_global_body_font|300|||||||&#8221; text_text_color=&#8221;#FFFFFF&#8221; text_font_size=&#8221;48px&#8221; text_letter_spacing=&#8221;3px&#8221; text_orientation=&#8221;center&#8221; locked=&#8221;off&#8221; global_colors_info=&#8221;{}&#8221; theme_builder_area=&#8221;post_content&#8221;]<\/p>\n\n<p>[\/et_pb_text][dsm_card title=&#8221;@ET-DC@eyJkeW5hbWljIjp0cnVlLCJjb250ZW50IjoicG9zdF90aXRsZSIsInNldHRpbmdzIjp7ImJlZm9yZSI6IiIsImFmdGVyIjoiIGEgQmFkYWxvbmEifX0=@&#8221; subtitle=&#8221;per Mel i Llimona&#8221; button_url=&#8221;https:\/\/square.link\/u\/1UbiJVV6&#8243; _builder_version=&#8221;4.27.4&#8243; _dynamic_attributes=&#8221;title&#8221; _module_preset=&#8221;edadf5b6-0ccb-4421-9c85-9a8405d5cadf&#8221; hover_enabled=&#8221;0&#8243; global_colors_info=&#8221;{%22gcid-cf7c3462-1378-4ddb-8204-c902f58070b1%22:%91%22button_border_color%22%93,%22gcid-primary-color%22:%91%22button_bg_color__hover%22%93,%22gcid-1469c84a-e8c4-4b03-acbf-14ee6ff228e8%22:%91%22button_bg_color%22%93}&#8221; button_bg_enable_color__hover=&#8221;on&#8221; theme_builder_area=&#8221;post_content&#8221; sticky_enabled=&#8221;0&#8243;]<\/p>\n<p data-start=\"223\" data-end=\"493\">Submergeix-te al taller d&#8217;aromater\u00e0pia natural per crear benestar i descobreix com donar vida a les teves pr\u00f2pies ess\u00e8ncies de forma conscient. Viu una experi\u00e8ncia sensorial \u00fanica i assegura la teva pla\u00e7a abans que s&#8217;esgotin. <\/p>\n<p>[\/dsm_card][\/et_pb_column][\/et_pb_row][et_pb_row _builder_version=&#8221;4.27.4&#8243; _module_preset=&#8221;default&#8221; custom_padding=&#8221;0px||||false|false&#8221; locked=&#8221;off&#8221; global_colors_info=&#8221;{}&#8221; theme_builder_area=&#8221;post_content&#8221;][et_pb_column type=&#8221;4_4&#8243; _builder_version=&#8221;4.27.4&#8243; _module_preset=&#8221;default&#8221; global_colors_info=&#8221;{}&#8221; theme_builder_area=&#8221;post_content&#8221;][dsm_button button_one_text=&#8221;@ET-DC@eyJkeW5hbWljIjp0cnVlLCJjb250ZW50IjoiY3VzdG9tX21ldGFfdGV4dG9fYm90b24iLCJzZXR0aW5ncyI6eyJiZWZvcmUiOiIiLCJhZnRlciI6IiIsImVuYWJsZV9odG1sIjoib2ZmIn19@&#8221; button_alignment=&#8221;center&#8221; _builder_version=&#8221;4.27.4&#8243; _dynamic_attributes=&#8221;button_one_text&#8221; _module_preset=&#8221;default&#8221; global_colors_info=&#8221;{}&#8221; theme_builder_area=&#8221;post_content&#8221;][\/dsm_button][\/et_pb_column][\/et_pb_row][\/et_pb_section][et_pb_section fb_built=&#8221;1&#8243; admin_label=&#8221;Migas de pan&#8221; _builder_version=&#8221;4.27.4&#8243; _module_preset=&#8221;default&#8221; background_color=&#8221;gcid-1b354d84-96f8-497e-9dcb-18a440b96e1d&#8221; custom_padding=&#8221;32px||0px||false|false&#8221; da_disable_devices=&#8221;off|off|off&#8221; locked=&#8221;off&#8221; collapsed=&#8221;on&#8221; global_colors_info=&#8221;{%22gcid-1b354d84-96f8-497e-9dcb-18a440b96e1d%22:%91%22background_color%22,%22background_color%22%93}&#8221; theme_builder_area=&#8221;post_content&#8221; da_is_popup=&#8221;off&#8221; da_exit_intent=&#8221;off&#8221; da_has_close=&#8221;on&#8221; da_alt_close=&#8221;off&#8221; da_dark_close=&#8221;off&#8221; da_not_modal=&#8221;on&#8221; da_is_singular=&#8221;off&#8221; da_with_loader=&#8221;off&#8221; da_has_shadow=&#8221;on&#8221;][et_pb_row column_structure=&#8221;3_5,2_5&#8243; _builder_version=&#8221;4.27.4&#8243; _module_preset=&#8221;default&#8221; width=&#8221;90%&#8221; max_width=&#8221;100%&#8221; custom_padding=&#8221;0px||16px||false|false&#8221; global_module=&#8221;3803&#8243; global_colors_info=&#8221;{}&#8221; theme_builder_area=&#8221;post_content&#8221;][et_pb_column type=&#8221;3_5&#8243; _builder_version=&#8221;4.27.4&#8243; _module_preset=&#8221;default&#8221; global_colors_info=&#8221;{}&#8221; theme_builder_area=&#8221;post_content&#8221;][dsm_breadcrumbs home_text=&#8221;Inici&#8221; show_home_icon=&#8221;off&#8221; separator_icon=&#8221;&#x39;||divi||400&#8243; _builder_version=&#8221;4.27.4&#8243; _module_preset=&#8221;default&#8221; custom_margin=&#8221;0px||0px||true|false&#8221; custom_padding=&#8221;0px||0px||true|false&#8221; global_colors_info=&#8221;{}&#8221; theme_builder_area=&#8221;post_content&#8221;][\/dsm_breadcrumbs][\/et_pb_column][et_pb_column type=&#8221;2_5&#8243; _builder_version=&#8221;4.27.4&#8243; _module_preset=&#8221;default&#8221; global_colors_info=&#8221;{}&#8221; theme_builder_area=&#8221;post_content&#8221;][\/et_pb_column][\/et_pb_row][\/et_pb_section][et_pb_section fb_built=&#8221;1&#8243; _builder_version=&#8221;4.27.4&#8243; _module_preset=&#8221;default&#8221; background_color=&#8221;gcid-secondary-color&#8221; custom_padding=&#8221;32px||32px||true|false&#8221; da_disable_devices=&#8221;off|off|off&#8221; global_module=&#8221;7061&#8243; global_colors_info=&#8221;{%22gcid-secondary-color%22:%91%22background_color%22,%22background_color%22%93}&#8221; theme_builder_area=&#8221;post_content&#8221; da_is_popup=&#8221;off&#8221; da_exit_intent=&#8221;off&#8221; da_has_close=&#8221;on&#8221; da_alt_close=&#8221;off&#8221; da_dark_close=&#8221;off&#8221; da_not_modal=&#8221;on&#8221; da_is_singular=&#8221;off&#8221; da_with_loader=&#8221;off&#8221; da_has_shadow=&#8221;on&#8221;][et_pb_row _builder_version=&#8221;4.27.4&#8243; _module_preset=&#8221;default&#8221; width=&#8221;90%&#8221; custom_padding=&#8221;0px||0px||true|false&#8221; global_colors_info=&#8221;{}&#8221; theme_builder_area=&#8221;post_content&#8221;][et_pb_column type=&#8221;4_4&#8243; _builder_version=&#8221;4.27.4&#8243; _module_preset=&#8221;default&#8221; global_colors_info=&#8221;{}&#8221; theme_builder_area=&#8221;post_content&#8221;][et_pb_blurb title=&#8221;@ET-DC@eyJkeW5hbWljIjp0cnVlLCJjb250ZW50IjoicG9zdF90aXRsZSIsInNldHRpbmdzIjp7ImJlZm9yZSI6Ik5vIHVzIHBlcmRldSBsYSBwcm9wZXJhIGVkaWNpXHUwMGYzIGQnYXF1ZXN0ICIsImFmdGVyIjoiIn19@&#8221; content_max_width=&#8221;100%&#8221; _builder_version=&#8221;4.27.4&#8243; _dynamic_attributes=&#8221;title&#8221; _module_preset=&#8221;default&#8221; header_level=&#8221;h3&#8243; header_text_align=&#8221;center&#8221; body_text_align=&#8221;center&#8221; custom_margin=&#8221;||16px||false|false&#8221; global_colors_info=&#8221;{}&#8221; theme_builder_area=&#8221;post_content&#8221;]<\/p>\n<p>Uneix-te a la nostra <strong>llista priorit\u00e0ria<\/strong> i gaudeix de: <strong>10% de descompte exclusiu,<\/strong> i primera opci\u00f3 per a places limitades.<\/p>\n<p>[\/et_pb_blurb][dsm_content_toggle heading_one=&#8221;Vull m\u00e9s info&#8221; heading_two=&#8221;%91S\u00ed,%93 Vull el meu 10%&#8221; content_type_two=&#8221;library&#8221; library_id_two=&#8221;7058&#8243; _builder_version=&#8221;4.27.4&#8243; _module_preset=&#8221;default&#8221; heading_one_level=&#8221;h4&#8243; heading_two_level=&#8221;h4&#8243; global_colors_info=&#8221;{}&#8221; theme_builder_area=&#8221;post_content&#8221;][\/dsm_content_toggle][\/et_pb_column][\/et_pb_row][\/et_pb_section][et_pb_section fb_built=&#8221;1&#8243; admin_label=&#8221;ACERCA DEL TALLER&#8221; _builder_version=&#8221;4.27.4&#8243; _module_preset=&#8221;default&#8221; background_color=&#8221;#FFFFFF&#8221; custom_padding=&#8221;32px||||false|false&#8221; da_disable_devices=&#8221;off|off|off&#8221; locked=&#8221;off&#8221; collapsed=&#8221;on&#8221; global_colors_info=&#8221;{}&#8221; theme_builder_area=&#8221;post_content&#8221; da_is_popup=&#8221;off&#8221; da_exit_intent=&#8221;off&#8221; da_has_close=&#8221;on&#8221; da_alt_close=&#8221;off&#8221; da_dark_close=&#8221;off&#8221; da_not_modal=&#8221;on&#8221; da_is_singular=&#8221;off&#8221; da_with_loader=&#8221;off&#8221; da_has_shadow=&#8221;on&#8221;][et_pb_row _builder_version=&#8221;4.27.4&#8243; _module_preset=&#8221;default&#8221; width=&#8221;85%&#8221; custom_padding=&#8221;||10px||false|false&#8221; global_colors_info=&#8221;{}&#8221; theme_builder_area=&#8221;post_content&#8221;][et_pb_column type=&#8221;4_4&#8243; _builder_version=&#8221;4.27.4&#8243; _module_preset=&#8221;default&#8221; global_colors_info=&#8221;{}&#8221; theme_builder_area=&#8221;post_content&#8221;][et_pb_text _builder_version=&#8221;4.27.4&#8243; _module_preset=&#8221;default&#8221; text_font=&#8221;|||on|||||&#8221; text_font_size=&#8221;15px&#8221; custom_margin=&#8221;||16px||false|false&#8221; hover_enabled=&#8221;0&#8243; global_colors_info=&#8221;{}&#8221; theme_builder_area=&#8221;post_content&#8221; sticky_enabled=&#8221;0&#8243;]<\/p>\n<p>benestar | creativitat | sensorial | naturalesa<\/p>\n<p>[\/et_pb_text][et_pb_divider color=&#8221;gcid-secondary-color&#8221; divider_weight=&#8221;4px&#8221; divider_weight_tablet=&#8221;4px&#8221; divider_weight_phone=&#8221;4px&#8221; divider_weight_last_edited=&#8221;on|phone&#8221; _builder_version=&#8221;4.27.4&#8243; _module_preset=&#8221;default&#8221; width=&#8221;10%&#8221; width_tablet=&#8221;10%&#8221; width_phone=&#8221;20%&#8221; width_last_edited=&#8221;on|phone&#8221; custom_margin=&#8221;||||false|false&#8221; custom_padding=&#8221;||||false|false&#8221; global_colors_info=&#8221;{%22gcid-secondary-color%22:%91%22color%22%93}&#8221; theme_builder_area=&#8221;post_content&#8221;][\/et_pb_divider][\/et_pb_column][\/et_pb_row][et_pb_row column_structure=&#8221;1_2,1_2&#8243; make_equal=&#8221;on&#8221; custom_padding_last_edited=&#8221;on|phone&#8221; _builder_version=&#8221;4.27.4&#8243; _module_preset=&#8221;default&#8221; width=&#8221;85%&#8221; custom_margin=&#8221;||48px||false|false&#8221; custom_padding=&#8221;||||false|false&#8221; custom_padding_tablet=&#8221;|||32px|false|false&#8221; custom_padding_phone=&#8221;|||6px|false|false&#8221; background_color_phone=&#8221;gcid-secondary-color&#8221; background_enable_color_phone=&#8221;on&#8221; background_enable_image_phone=&#8221;off&#8221; border_radii=&#8221;on|25px|25px|25px|25px&#8221; locked=&#8221;off&#8221; global_colors_info=&#8221;{}&#8221; theme_builder_area=&#8221;post_content&#8221;][et_pb_column type=&#8221;1_2&#8243; _builder_version=&#8221;4.27.4&#8243; _module_preset=&#8221;default&#8221; global_colors_info=&#8221;{}&#8221; theme_builder_area=&#8221;post_content&#8221;][et_pb_text _builder_version=&#8221;4.27.4&#8243; _module_preset=&#8221;default&#8221; background_image=&#8221;https:\/\/melillimonartesania.com\/wp-content\/uploads\/2025\/12\/taller-aromaterapia-05.jpg&#8221; max_width_tablet=&#8221;&#8221; max_width_phone=&#8221;&#8221; max_width_last_edited=&#8221;on|phone&#8221; min_height=&#8221;100%&#8221; min_height_tablet=&#8221;100%&#8221; min_height_phone=&#8221;250px&#8221; min_height_last_edited=&#8221;on|desktop&#8221; custom_padding=&#8221;||||false|false&#8221; hover_enabled=&#8221;0&#8243; border_radii=&#8221;on|25px|25px|25px|25px&#8221; global_colors_info=&#8221;{}&#8221; theme_builder_area=&#8221;post_content&#8221; alt=&#8221;Taler artesanal de aromaterapia natural&#8221; title_text=&#8221;taller-aromaterapia-05&#8243; sticky_enabled=&#8221;0&#8243;][\/et_pb_text][\/et_pb_column][et_pb_column type=&#8221;1_2&#8243; _builder_version=&#8221;4.27.4&#8243; _module_preset=&#8221;default&#8221; global_colors_info=&#8221;{}&#8221; theme_builder_area=&#8221;post_content&#8221;][dsm_card title=&#8221;Viu l\u00b4experi\u00e8ncia del taller d\u00b4aromater\u00e0pia natural&#8221; subtitle=&#8221;Una invitaci\u00f3 a explorar el benestar des dels sentits.&#8221; image=&#8221;https:\/\/melillimonartesania.com\/wp-content\/uploads\/\/2025\/03\/iconos-art-04.svg&#8221; image_as_background=&#8221;off&#8221; alt=&#8221;Icona de pintat de mobles&#8221; button_text=&#8221;@ET-DC@eyJkeW5hbWljIjp0cnVlLCJjb250ZW50IjoiY3VzdG9tX21ldGFfdGV4dG9fYm90b24iLCJzZXR0aW5ncyI6eyJiZWZvcmUiOiIiLCJhZnRlciI6IiIsImVuYWJsZV9odG1sIjoib2ZmIn19@&#8221; button_url=&#8221;@ET-DC@eyJkeW5hbWljIjp0cnVlLCJjb250ZW50IjoiY3VzdG9tX21ldGFfdXJsX2JvdG9uIiwic2V0dGluZ3MiOnsiYmVmb3JlIjoiIiwiYWZ0ZXIiOiIiLCJlbmFibGVfaHRtbCI6Im9mZiJ9fQ==@&#8221; _builder_version=&#8221;4.27.4&#8243; _dynamic_attributes=&#8221;button_text,button_url&#8221; _module_preset=&#8221;ef4f739f-b387-4166-b90e-e1ec1735fd83&#8243; hover_enabled=&#8221;0&#8243; global_colors_info=&#8221;{%22gcid-1b354d84-96f8-497e-9dcb-18a440b96e1d%22:%91%22background_color%22%93}&#8221; theme_builder_area=&#8221;post_content&#8221; sticky_enabled=&#8221;0&#8243;]<\/p>\n<p>En aquest taller us endinsareu en un espai on l&#8217;aromater\u00e0pia natural es converteix en una eina creativa i accessible. Descobrir\u00e0s com connectar amb les aromes, entendre els seus matisos i explorar una forma de benestar m\u00e9s conscient, propera i artesanal. \u00c9s una trobada pensada per gaudir i aprendre sense presses.  <\/p>\n<p>Mitjan\u00e7ant explicacions clares i exercicis guiats, viur\u00e0s un proc\u00e9s que convida a l&#8217;autoexploraci\u00f3 sensorial. Cada pas us ajudar\u00e0 a comprendre com triar i combinar ess\u00e8ncies des d&#8217;una perspectiva senzilla i pr\u00e0ctica. Sortir\u00e0s amb m\u00e9s claredat, inspiraci\u00f3 i impuls necessari per continuar creant a casa.  <\/p>\n<p>[\/dsm_card][\/et_pb_column][\/et_pb_row][\/et_pb_section][et_pb_section fb_built=&#8221;1&#8243; admin_label=&#8221;CONTENIDO Y APRENDIZAJE&#8221; _builder_version=&#8221;4.27.4&#8243; _module_preset=&#8221;default&#8221; background_color=&#8221;gcid-1b354d84-96f8-497e-9dcb-18a440b96e1d&#8221; custom_padding=&#8221;32px||||false|false&#8221; da_disable_devices=&#8221;off|off|off&#8221; locked=&#8221;off&#8221; collapsed=&#8221;on&#8221; global_colors_info=&#8221;{%22gcid-1b354d84-96f8-497e-9dcb-18a440b96e1d%22:%91%22background_color%22%93}&#8221; theme_builder_area=&#8221;post_content&#8221; da_is_popup=&#8221;off&#8221; da_exit_intent=&#8221;off&#8221; da_has_close=&#8221;on&#8221; da_alt_close=&#8221;off&#8221; da_dark_close=&#8221;off&#8221; da_not_modal=&#8221;on&#8221; da_is_singular=&#8221;off&#8221; da_with_loader=&#8221;off&#8221; da_has_shadow=&#8221;on&#8221;][et_pb_row _builder_version=&#8221;4.27.4&#8243; _module_preset=&#8221;default&#8221; width=&#8221;85%&#8221; custom_padding=&#8221;||10px||false|false&#8221; global_colors_info=&#8221;{}&#8221; theme_builder_area=&#8221;post_content&#8221;][et_pb_column type=&#8221;4_4&#8243; _builder_version=&#8221;4.27.4&#8243; _module_preset=&#8221;default&#8221; global_colors_info=&#8221;{}&#8221; theme_builder_area=&#8221;post_content&#8221;][et_pb_text _builder_version=&#8221;4.27.4&#8243; _module_preset=&#8221;default&#8221; text_font=&#8221;|||on|||||&#8221; text_font_size=&#8221;15px&#8221; custom_margin=&#8221;||16px||false|false&#8221; hover_enabled=&#8221;0&#8243; global_colors_info=&#8221;{}&#8221; theme_builder_area=&#8221;post_content&#8221; sticky_enabled=&#8221;0&#8243;]<\/p>\n<p>aromes | aprenentatge | pr\u00e0ctica | ess\u00e8ncies<\/p>\n<p>[\/et_pb_text][et_pb_divider color=&#8221;gcid-secondary-color&#8221; divider_weight=&#8221;4px&#8221; divider_weight_tablet=&#8221;4px&#8221; divider_weight_phone=&#8221;4px&#8221; divider_weight_last_edited=&#8221;on|phone&#8221; _builder_version=&#8221;4.27.4&#8243; _module_preset=&#8221;default&#8221; width=&#8221;10%&#8221; width_tablet=&#8221;10%&#8221; width_phone=&#8221;20%&#8221; width_last_edited=&#8221;on|phone&#8221; custom_margin=&#8221;||||false|false&#8221; custom_padding=&#8221;||||false|false&#8221; global_colors_info=&#8221;{%22gcid-secondary-color%22:%91%22color%22%93}&#8221; theme_builder_area=&#8221;post_content&#8221;][\/et_pb_divider][\/et_pb_column][\/et_pb_row][et_pb_row column_structure=&#8221;3_5,2_5&#8243; custom_padding_last_edited=&#8221;on|phone&#8221; _builder_version=&#8221;4.27.4&#8243; _module_preset=&#8221;default&#8221; background_image=&#8221;https:\/\/melillimonartesania.com\/wp-content\/uploads\/2025\/12\/taller-aromaterapia-06.jpg&#8221; width=&#8221;85%&#8221; custom_margin=&#8221;||48px||false|false&#8221; custom_padding=&#8221;|||32px|false|false&#8221; custom_padding_tablet=&#8221;|||32px|false|false&#8221; custom_padding_phone=&#8221;|||6px|false|false&#8221; hover_enabled=&#8221;0&#8243; background_color_phone=&#8221;gcid-secondary-color&#8221; background_enable_color_phone=&#8221;on&#8221; background_enable_image_phone=&#8221;off&#8221; border_radii=&#8221;on|25px|25px|25px|25px&#8221; locked=&#8221;off&#8221; global_colors_info=&#8221;{%22gcid-secondary-color%22:%91%22background_color%22%93}&#8221; theme_builder_area=&#8221;post_content&#8221; alt=&#8221;Taller de aromaterapia&#8221; title_text=&#8221;taller-aromaterapia-06&#8243; sticky_enabled=&#8221;0&#8243;][et_pb_column type=&#8221;3_5&#8243; _builder_version=&#8221;4.27.4&#8243; _module_preset=&#8221;default&#8221; global_colors_info=&#8221;{}&#8221; theme_builder_area=&#8221;post_content&#8221;][dsm_card title=&#8221;Contingut i programa: el teu cam\u00ed d&#039;aprenentatge&#8221; subtitle=&#8221;Descobreix pas a pas com donar forma a les teves pr\u00f2pies ess\u00e8ncies.&#8221; image=&#8221;https:\/\/melillimonartesania.com\/wp-content\/uploads\/\/2025\/03\/iconos-art-04.svg&#8221; image_as_background=&#8221;off&#8221; alt=&#8221;Icona de pintat de mobles&#8221; button_text=&#8221;@ET-DC@eyJkeW5hbWljIjp0cnVlLCJjb250ZW50IjoiY3VzdG9tX21ldGFfdGV4dG9fYm90b24iLCJzZXR0aW5ncyI6eyJiZWZvcmUiOiIiLCJhZnRlciI6IiIsImVuYWJsZV9odG1sIjoib2ZmIn19@&#8221; button_url=&#8221;@ET-DC@eyJkeW5hbWljIjp0cnVlLCJjb250ZW50IjoiY3VzdG9tX21ldGFfdXJsX2JvdG9uIiwic2V0dGluZ3MiOnsiYmVmb3JlIjoiIiwiYWZ0ZXIiOiIiLCJlbmFibGVfaHRtbCI6Im9mZiJ9fQ==@&#8221; _builder_version=&#8221;4.27.4&#8243; _dynamic_attributes=&#8221;button_text,button_url&#8221; _module_preset=&#8221;624fb950-55ec-4f13-b03c-2046d7afadd6&#8243; hover_enabled=&#8221;0&#8243; global_colors_info=&#8221;{%22gcid-1b354d84-96f8-497e-9dcb-18a440b96e1d%22:%91%22background_color%22%93}&#8221; theme_builder_area=&#8221;post_content&#8221; sticky_enabled=&#8221;0&#8243;]<\/p>\n<p>Aquest taller est\u00e0 dissenyat perqu\u00e8 aprenguis des de zero, sense necessitat de coneixements previs. Cada part del programa t&#8217;acompanya de manera progressiva, permetent comprendre els principis b\u00e0sics de l&#8217;aromater\u00e0pia natural i com aplicar-los de forma pr\u00e0ctica. L?experi\u00e8ncia combina teoria lleugera amb pr\u00e0ctica conscient.  <\/p>\n<p>Explorar\u00e0s conceptes essencials que et permetran crear les teves primeres barreges personals. A trav\u00e9s d&#8217;exemples, orientaci\u00f3 i exercicis guiats guanyar\u00e0s confian\u00e7a per identificar aromes, combinar-los amb seguretat i donar vida a ess\u00e8ncies que reflecteixin la teva intenci\u00f3 i estil. <\/p>\n<p>[\/dsm_card][\/et_pb_column][et_pb_column type=&#8221;2_5&#8243; _builder_version=&#8221;4.27.4&#8243; _module_preset=&#8221;default&#8221; global_colors_info=&#8221;{}&#8221; theme_builder_area=&#8221;post_content&#8221;][\/et_pb_column][\/et_pb_row][et_pb_row column_structure=&#8221;1_4,1_4,1_4,1_4&#8243; use_custom_gutter=&#8221;on&#8221; gutter_width=&#8221;2&#8243; make_equal=&#8221;on&#8221; _builder_version=&#8221;4.27.4&#8243; _module_preset=&#8221;default&#8221; width=&#8221;85%&#8221; custom_margin=&#8221;32px||32px||true|false&#8221; custom_padding=&#8221;0px||0px||false|false&#8221; global_colors_info=&#8221;{}&#8221; theme_builder_area=&#8221;post_content&#8221;][et_pb_column type=&#8221;1_4&#8243; _builder_version=&#8221;4.27.4&#8243; _module_preset=&#8221;default&#8221; global_colors_info=&#8221;{}&#8221; theme_builder_area=&#8221;post_content&#8221;][et_pb_blurb title=&#8221;Fonaments del benestar arom\u00e0tic&#8221; image_icon_width=&#8221;48px&#8221; icon_alignment=&#8221;left&#8221; _builder_version=&#8221;4.27.4&#8243; _module_preset=&#8221;default&#8221; header_level=&#8221;h3&#8243; background_color=&#8221;#FFFFFF&#8221; min_height=&#8221;450px&#8221; min_height_tablet=&#8221;&#8221; min_height_phone=&#8221;400px&#8221; min_height_last_edited=&#8221;on|phone&#8221; height=&#8221;450px&#8221; custom_padding=&#8221;32px|24px|32px|24px|true|true&#8221; hover_enabled=&#8221;0&#8243; custom_css_main_element=&#8221;display: flex;||flex-direction: column;||justify-content: flex-end;||height: 100%;&#8221; custom_css_blurb_title=&#8221;padding-bottom: 48px;&#8221; border_radii=&#8221;on|25px|25px|25px|25px&#8221; global_colors_info=&#8221;{%22gcid-secondary-color%22:%91%22icon_color%22,%22icon_color%22%93}&#8221; theme_builder_area=&#8221;post_content&#8221; sticky_enabled=&#8221;0&#8243;]<\/p>\n<p>Descobrireu les bases que sostenen l&#8217;\u00fas tradicional i actual de les aromes naturals. Comprendr\u00e0s com influeixen en el benestar emocional i sensorial, i per qu\u00e8 certes ess\u00e8ncies connecten amb tu de manera especial. Aquest primer acostament us permetr\u00e0 comen\u00e7ar a explorar amb m\u00e9s claredat i intu\u00efci\u00f3.  <\/p>\n<p>[\/et_pb_blurb][\/et_pb_column][et_pb_column type=&#8221;1_4&#8243; _builder_version=&#8221;4.27.4&#8243; _module_preset=&#8221;default&#8221; global_colors_info=&#8221;{}&#8221; theme_builder_area=&#8221;post_content&#8221;][et_pb_blurb title=&#8221;Selecci\u00f3 conscient de materials&#8221; image_icon_width=&#8221;48px&#8221; icon_alignment=&#8221;left&#8221; _builder_version=&#8221;4.27.4&#8243; _module_preset=&#8221;default&#8221; header_level=&#8221;h3&#8243; background_color=&#8221;#FFFFFF&#8221; min_height=&#8221;450px&#8221; min_height_tablet=&#8221;&#8221; min_height_phone=&#8221;400px&#8221; min_height_last_edited=&#8221;on|phone&#8221; height=&#8221;450px&#8221; custom_padding=&#8221;32px|24px|32px|24px|true|true&#8221; hover_enabled=&#8221;0&#8243; custom_css_main_element=&#8221;display: flex;||flex-direction: column;||justify-content: flex-end;||height: 100%;&#8221; custom_css_blurb_title=&#8221;padding-bottom: 48px;&#8221; border_radii=&#8221;on|25px|25px|25px|25px&#8221; global_colors_info=&#8221;{%22gcid-secondary-color%22:%91%22icon_color%22,%22icon_color%22,%22icon_color%22%93,%22gcid-58cfc04f-7f57-4a3a-9439-0876323e7760%22:%91%22background_color%22%93,%22gcid-4ad3f847-7c47-4fbe-bc12-42bb1c3f69ad%22:%91%22background_color%22%93}&#8221; theme_builder_area=&#8221;post_content&#8221; sticky_enabled=&#8221;0&#8243;]<\/p>\n<p>Aprendr\u00e0s a identificar elements b\u00e0sics per treballar amb aromater\u00e0pia natural, des d&#8217;ess\u00e8ncies fins a suports adequats. L&#8217;enfocament no es basa en tecnicismes, sin\u00f3 en ajudar-te a triar amb criteri i simplicitat, prioritzant la qualitat, la sostenibilitat i el prop\u00f2sit de cada barreja que vulguis crear. <\/p>\n<p>[\/et_pb_blurb][\/et_pb_column][et_pb_column type=&#8221;1_4&#8243; _builder_version=&#8221;4.27.4&#8243; _module_preset=&#8221;default&#8221; global_colors_info=&#8221;{}&#8221; theme_builder_area=&#8221;post_content&#8221;][et_pb_blurb title=&#8221;Combinacions equilibrades i segures&#8221; image_icon_width=&#8221;48px&#8221; icon_alignment=&#8221;left&#8221; _builder_version=&#8221;4.27.4&#8243; _module_preset=&#8221;default&#8221; header_level=&#8221;h3&#8243; background_color=&#8221;#FFFFFF&#8221; min_height=&#8221;450px&#8221; min_height_tablet=&#8221;&#8221; min_height_phone=&#8221;400px&#8221; min_height_last_edited=&#8221;on|phone&#8221; height=&#8221;450px&#8221; custom_padding=&#8221;32px|24px|32px|24px|true|true&#8221; hover_enabled=&#8221;0&#8243; custom_css_main_element=&#8221;display: flex;||flex-direction: column;||justify-content: flex-end;||height: 100%;&#8221; custom_css_blurb_title=&#8221;padding-bottom: 48px;&#8221; border_radii=&#8221;on|25px|25px|25px|25px&#8221; global_colors_info=&#8221;{%22gcid-secondary-color%22:%91%22icon_color%22,%22icon_color%22%93,%22gcid-4ad3f847-7c47-4fbe-bc12-42bb1c3f69ad%22:%91%22background_color%22%93,%22gcid-bacc0458-658d-4585-82c3-3aea32d6623b%22:%91%22background_color%22%93}&#8221; theme_builder_area=&#8221;post_content&#8221; sticky_enabled=&#8221;0&#8243;]<\/p>\n<div class=\"cl-preview-section\">\n<p>Coneixer\u00e0s principis generals per combinar aromes de forma harmoniosa. Entendreu com acostar-vos a la barreja des de l&#8217;equilibri, tenint en compte la intensitat, el prop\u00f2sit i la coher\u00e8ncia de cada f\u00f3rmula. La idea \u00e9s que adquireixis confian\u00e7a per crear sense por i de manera responsable.  <\/p>\n<\/div>\n<p>[\/et_pb_blurb][\/et_pb_column][et_pb_column type=&#8221;1_4&#8243; _builder_version=&#8221;4.27.4&#8243; _module_preset=&#8221;default&#8221; global_colors_info=&#8221;{}&#8221; theme_builder_area=&#8221;post_content&#8221;][et_pb_blurb title=&#8221;Creaci\u00f3 de barreges personals&#8221; image_icon_width=&#8221;48px&#8221; icon_alignment=&#8221;left&#8221; _builder_version=&#8221;4.27.4&#8243; _module_preset=&#8221;default&#8221; header_level=&#8221;h3&#8243; background_color=&#8221;#FFFFFF&#8221; min_height=&#8221;450px&#8221; min_height_tablet=&#8221;&#8221; min_height_phone=&#8221;400px&#8221; min_height_last_edited=&#8221;on|phone&#8221; height=&#8221;450px&#8221; custom_padding=&#8221;32px|24px|32px|24px|true|true&#8221; hover_enabled=&#8221;0&#8243; custom_css_main_element=&#8221;display: flex;||flex-direction: column;||justify-content: flex-end;||height: 100%;&#8221; custom_css_blurb_title=&#8221;padding-bottom: 48px;&#8221; border_radii=&#8221;on|25px|25px|25px|25px&#8221; global_colors_info=&#8221;{%22gcid-secondary-color%22:%91%22icon_color%22,%22icon_color%22%93,%22gcid-1b354d84-96f8-497e-9dcb-18a440b96e1d%22:%91%22background_color%22%93}&#8221; theme_builder_area=&#8221;post_content&#8221; sticky_enabled=&#8221;0&#8243;]<\/p>\n<p>Aquest moment et permetr\u00e0 aplicar tot all\u00f2 apr\u00e8s, donant forma a les teves primeres combinacions naturals. Podr\u00e0s experimentar amb intenci\u00f3, explorar sensacions i crear una barreja que representi el teu estil i necessitats. \u00c9s un espai lliure, pr\u00e0ctic i ple de descoberta personal.  <\/p>\n<p>[\/et_pb_blurb][\/et_pb_column][\/et_pb_row][\/et_pb_section][et_pb_section fb_built=&#8221;1&#8243; admin_label=&#8221;BENEFICIOS DEL TALLER&#8221; _builder_version=&#8221;4.27.4&#8243; _module_preset=&#8221;default&#8221; background_color=&#8221;#FFFFFF&#8221; custom_padding=&#8221;32px||||false|false&#8221; da_disable_devices=&#8221;off|off|off&#8221; locked=&#8221;off&#8221; collapsed=&#8221;on&#8221; global_colors_info=&#8221;{}&#8221; theme_builder_area=&#8221;post_content&#8221; da_is_popup=&#8221;off&#8221; da_exit_intent=&#8221;off&#8221; da_has_close=&#8221;on&#8221; da_alt_close=&#8221;off&#8221; da_dark_close=&#8221;off&#8221; da_not_modal=&#8221;on&#8221; da_is_singular=&#8221;off&#8221; da_with_loader=&#8221;off&#8221; da_has_shadow=&#8221;on&#8221;][et_pb_row _builder_version=&#8221;4.27.4&#8243; _module_preset=&#8221;default&#8221; width=&#8221;85%&#8221; custom_padding=&#8221;||10px||false|false&#8221; global_colors_info=&#8221;{}&#8221; theme_builder_area=&#8221;post_content&#8221;][et_pb_column type=&#8221;4_4&#8243; _builder_version=&#8221;4.27.4&#8243; _module_preset=&#8221;default&#8221; global_colors_info=&#8221;{}&#8221; theme_builder_area=&#8221;post_content&#8221;][et_pb_text _builder_version=&#8221;4.27.4&#8243; _module_preset=&#8221;default&#8221; text_font=&#8221;|||on|||||&#8221; text_font_size=&#8221;15px&#8221; custom_margin=&#8221;||16px||false|false&#8221; hover_enabled=&#8221;0&#8243; global_colors_info=&#8221;{}&#8221; theme_builder_area=&#8221;post_content&#8221; sticky_enabled=&#8221;0&#8243;]<\/p>\n<p>benestar | confian\u00e7a | creativitat | transformaci\u00f3<\/p>\n<p>[\/et_pb_text][et_pb_divider color=&#8221;gcid-secondary-color&#8221; divider_weight=&#8221;4px&#8221; divider_weight_tablet=&#8221;4px&#8221; divider_weight_phone=&#8221;4px&#8221; divider_weight_last_edited=&#8221;on|phone&#8221; _builder_version=&#8221;4.27.4&#8243; _module_preset=&#8221;default&#8221; width=&#8221;10%&#8221; width_tablet=&#8221;10%&#8221; width_phone=&#8221;20%&#8221; width_last_edited=&#8221;on|phone&#8221; custom_margin=&#8221;||||false|false&#8221; custom_padding=&#8221;||||false|false&#8221; global_colors_info=&#8221;{%22gcid-secondary-color%22:%91%22color%22%93}&#8221; theme_builder_area=&#8221;post_content&#8221;][\/et_pb_divider][\/et_pb_column][\/et_pb_row][et_pb_row column_structure=&#8221;1_2,1_2&#8243; make_equal=&#8221;on&#8221; custom_padding_last_edited=&#8221;on|phone&#8221; _builder_version=&#8221;4.27.4&#8243; _module_preset=&#8221;default&#8221; width=&#8221;85%&#8221; custom_margin=&#8221;||48px||false|false&#8221; custom_padding=&#8221;||||false|false&#8221; custom_padding_tablet=&#8221;|||32px|false|false&#8221; custom_padding_phone=&#8221;|||6px|false|false&#8221; background_color_phone=&#8221;gcid-secondary-color&#8221; background_enable_color_phone=&#8221;on&#8221; background_enable_image_phone=&#8221;off&#8221; border_radii=&#8221;on|25px|25px|25px|25px&#8221; locked=&#8221;off&#8221; global_colors_info=&#8221;{}&#8221; theme_builder_area=&#8221;post_content&#8221;][et_pb_column type=&#8221;1_2&#8243; _builder_version=&#8221;4.27.4&#8243; _module_preset=&#8221;default&#8221; global_colors_info=&#8221;{}&#8221; theme_builder_area=&#8221;post_content&#8221;][et_pb_text _builder_version=&#8221;4.27.4&#8243; _module_preset=&#8221;default&#8221; background_image=&#8221;https:\/\/melillimonartesania.com\/wp-content\/uploads\/2025\/12\/taller-aromaterapia-03.jpg&#8221; max_width_tablet=&#8221;&#8221; max_width_phone=&#8221;&#8221; max_width_last_edited=&#8221;on|phone&#8221; min_height=&#8221;100%&#8221; min_height_tablet=&#8221;100%&#8221; min_height_phone=&#8221;250px&#8221; min_height_last_edited=&#8221;on|desktop&#8221; custom_padding=&#8221;||||false|false&#8221; hover_enabled=&#8221;0&#8243; border_radii=&#8221;on|25px|25px|25px|25px&#8221; global_colors_info=&#8221;{}&#8221; theme_builder_area=&#8221;post_content&#8221; title_text=&#8221;taller-aromaterapia-03&#8243; sticky_enabled=&#8221;0&#8243;][\/et_pb_text][\/et_pb_column][et_pb_column type=&#8221;1_2&#8243; _builder_version=&#8221;4.27.4&#8243; _module_preset=&#8221;default&#8221; global_colors_info=&#8221;{}&#8221; theme_builder_area=&#8221;post_content&#8221;][dsm_card title=&#8221;Aix\u00f2 \u00e9s el que obtindr\u00e0s amb el taller d&#039;aromater\u00e0pia natural&#8221; subtitle=&#8221;Un viatge que millora el teu benestar i amplia la teva creativitat.&#8221; image=&#8221;https:\/\/melillimonartesania.com\/wp-content\/uploads\/\/2025\/03\/iconos-art-04.svg&#8221; image_as_background=&#8221;off&#8221; alt=&#8221;Icona de pintat de mobles&#8221; button_text=&#8221;@ET-DC@eyJkeW5hbWljIjp0cnVlLCJjb250ZW50IjoiY3VzdG9tX21ldGFfdGV4dG9fYm90b24iLCJzZXR0aW5ncyI6eyJiZWZvcmUiOiIiLCJhZnRlciI6IiIsImVuYWJsZV9odG1sIjoib2ZmIn19@&#8221; button_url=&#8221;@ET-DC@eyJkeW5hbWljIjp0cnVlLCJjb250ZW50IjoiY3VzdG9tX21ldGFfdXJsX2JvdG9uIiwic2V0dGluZ3MiOnsiYmVmb3JlIjoiIiwiYWZ0ZXIiOiIiLCJlbmFibGVfaHRtbCI6Im9mZiJ9fQ==@&#8221; _builder_version=&#8221;4.27.4&#8243; _dynamic_attributes=&#8221;button_text,button_url&#8221; _module_preset=&#8221;ef4f739f-b387-4166-b90e-e1ec1735fd83&#8243; hover_enabled=&#8221;0&#8243; global_colors_info=&#8221;{%22gcid-1b354d84-96f8-497e-9dcb-18a440b96e1d%22:%91%22background_color%22,%22background_color%22%93}&#8221; theme_builder_area=&#8221;post_content&#8221; sticky_enabled=&#8221;0&#8243;]<\/p>\n<p>En aquest taller descobrir\u00e0s com les aromes naturals es poden convertir en una eina poderosa per connectar amb tu mateix. Cada activitat est\u00e0 pensada per ajudar-te a recon\u00e8ixer les teves prefer\u00e8ncies, obrir espai a la calma i explorar noves formes de benestar natural. Lexperi\u00e8ncia \u00e9s transformadora, accessible i profundament inspiradora.  <\/p>\n<p>A m\u00e9s d&#8217;aprendre a crear les teves pr\u00f2pies barreges, guanyar\u00e0s confian\u00e7a en la teva capacitat per experimentar amb intencions clares. Portar\u00e0s a casa coneixement pr\u00e0ctic que podr\u00e0s aplicar a la teva rutina, ampliant la teva creativitat i desenvolupant una mirada m\u00e9s conscient cap a all\u00f2 natural. \u00c9s un proc\u00e9s enriquidor que us acompanyar\u00e0 m\u00e9s enll\u00e0 del taller.  <\/p>\n<p>[\/dsm_card][\/et_pb_column][\/et_pb_row][et_pb_row column_structure=&#8221;1_4,1_4,1_4,1_4&#8243; use_custom_gutter=&#8221;on&#8221; gutter_width=&#8221;2&#8243; make_equal=&#8221;on&#8221; _builder_version=&#8221;4.27.4&#8243; _module_preset=&#8221;default&#8221; width=&#8221;85%&#8221; custom_margin=&#8221;32px||32px||true|false&#8221; custom_padding=&#8221;0px||0px||false|false&#8221; locked=&#8221;off&#8221; global_colors_info=&#8221;{}&#8221; theme_builder_area=&#8221;post_content&#8221;][et_pb_column type=&#8221;1_4&#8243; _builder_version=&#8221;4.27.4&#8243; _module_preset=&#8221;default&#8221; global_colors_info=&#8221;{}&#8221; theme_builder_area=&#8221;post_content&#8221;][et_pb_blurb title=&#8221;Connexi\u00f3 profunda amb tu mateix@&#8221; image_icon_width=&#8221;48px&#8221; icon_alignment=&#8221;left&#8221; _builder_version=&#8221;4.27.4&#8243; _module_preset=&#8221;default&#8221; header_level=&#8221;h3&#8243; background_color=&#8221;gcid-1b354d84-96f8-497e-9dcb-18a440b96e1d&#8221; min_height=&#8221;450px&#8221; min_height_tablet=&#8221;&#8221; min_height_phone=&#8221;400px&#8221; min_height_last_edited=&#8221;on|phone&#8221; height=&#8221;450px&#8221; custom_padding=&#8221;32px|24px|32px|24px|true|true&#8221; hover_enabled=&#8221;0&#8243; custom_css_main_element=&#8221;display: flex;||flex-direction: column;||justify-content: flex-end;||height: 100%;&#8221; custom_css_blurb_title=&#8221;padding-bottom: 48px;&#8221; border_radii=&#8221;on|25px|25px|25px|25px&#8221; global_colors_info=&#8221;{%22gcid-secondary-color%22:%91%22icon_color%22,%22icon_color%22%93,%22gcid-1b354d84-96f8-497e-9dcb-18a440b96e1d%22:%91%22background_color%22%93}&#8221; theme_builder_area=&#8221;post_content&#8221; sticky_enabled=&#8221;0&#8243;]<\/p>\n<p>Explorar\u00e0s com les aromes et poden ajudar a comprendre millor les teves emocions i estats interns. L&#8217;aromater\u00e0pia natural facilita moments d&#8217;introspecci\u00f3, calma i claredat, permetent-te reconnectar amb all\u00f2 que necessites a cada moment i afavorint una sensaci\u00f3 d&#8217;equilibri m\u00e9s personal i aut\u00e8ntica. <\/p>\n<p>[\/et_pb_blurb][\/et_pb_column][et_pb_column type=&#8221;1_4&#8243; _builder_version=&#8221;4.27.4&#8243; _module_preset=&#8221;default&#8221; global_colors_info=&#8221;{}&#8221; theme_builder_area=&#8221;post_content&#8221;][et_pb_blurb title=&#8221;Satisfacci\u00f3 en crear alguna cosa pr\u00f2pia&#8221; image_icon_width=&#8221;48px&#8221; icon_alignment=&#8221;left&#8221; _builder_version=&#8221;4.27.4&#8243; _module_preset=&#8221;default&#8221; header_level=&#8221;h3&#8243; background_color=&#8221;gcid-1b354d84-96f8-497e-9dcb-18a440b96e1d&#8221; min_height=&#8221;450px&#8221; min_height_tablet=&#8221;&#8221; min_height_phone=&#8221;400px&#8221; min_height_last_edited=&#8221;on|phone&#8221; height=&#8221;450px&#8221; custom_padding=&#8221;32px|24px|32px|24px|true|true&#8221; hover_enabled=&#8221;0&#8243; custom_css_main_element=&#8221;display: flex;||flex-direction: column;||justify-content: flex-end;||height: 100%;&#8221; custom_css_blurb_title=&#8221;padding-bottom: 48px;&#8221; border_radii=&#8221;on|25px|25px|25px|25px&#8221; global_colors_info=&#8221;{%22gcid-secondary-color%22:%91%22icon_color%22,%22icon_color%22,%22icon_color%22,%22icon_color%22,%22icon_color%22%93,%22gcid-1b354d84-96f8-497e-9dcb-18a440b96e1d%22:%91%22background_color%22%93,%22gcid-58cfc04f-7f57-4a3a-9439-0876323e7760%22:%91%22background_color%22%93,%22gcid-4ad3f847-7c47-4fbe-bc12-42bb1c3f69ad%22:%91%22background_color%22%93}&#8221; theme_builder_area=&#8221;post_content&#8221; sticky_enabled=&#8221;0&#8243;]<\/p>\n<p>Descobrir la capacitat de crear les teves pr\u00f2pies barreges genera una sensaci\u00f3 d&#8217;\u00e8xit \u00fanica. El proc\u00e9s creatiu us convida a experimentar, jugar amb aromes i donar forma a combinacions que reflecteixen els vostres gustos i la vostra intenci\u00f3. Sortir\u00e0s amb l&#8217;alegria d&#8217;haver constru\u00eft una cosa veritablement teva.  <\/p>\n<p>[\/et_pb_blurb][\/et_pb_column][et_pb_column type=&#8221;1_4&#8243; _builder_version=&#8221;4.27.4&#8243; _module_preset=&#8221;default&#8221; global_colors_info=&#8221;{}&#8221; theme_builder_area=&#8221;post_content&#8221;][et_pb_blurb title=&#8221;Benestar natural pel teu dia a dia&#8221; image_icon_width=&#8221;48px&#8221; icon_alignment=&#8221;left&#8221; _builder_version=&#8221;4.27.4&#8243; _module_preset=&#8221;default&#8221; header_level=&#8221;h3&#8243; background_color=&#8221;gcid-1b354d84-96f8-497e-9dcb-18a440b96e1d&#8221; min_height=&#8221;450px&#8221; min_height_tablet=&#8221;&#8221; min_height_phone=&#8221;400px&#8221; min_height_last_edited=&#8221;on|phone&#8221; height=&#8221;450px&#8221; custom_padding=&#8221;32px|24px|32px|24px|true|true&#8221; hover_enabled=&#8221;0&#8243; custom_css_main_element=&#8221;display: flex;||flex-direction: column;||justify-content: flex-end;||height: 100%;&#8221; custom_css_blurb_title=&#8221;padding-bottom: 48px;&#8221; border_radii=&#8221;on|25px|25px|25px|25px&#8221; global_colors_info=&#8221;{%22gcid-secondary-color%22:%91%22icon_color%22,%22icon_color%22,%22icon_color%22,%22icon_color%22%93,%22gcid-1b354d84-96f8-497e-9dcb-18a440b96e1d%22:%91%22background_color%22%93,%22gcid-4ad3f847-7c47-4fbe-bc12-42bb1c3f69ad%22:%91%22background_color%22%93,%22gcid-bacc0458-658d-4585-82c3-3aea32d6623b%22:%91%22background_color%22%93}&#8221; theme_builder_area=&#8221;post_content&#8221; sticky_enabled=&#8221;0&#8243;]<\/p>\n<div class=\"cl-preview-section\">\n<p>Aprendr\u00e0s com incorporar les aromes naturals a la teva rutina de manera senzilla i conscient. Aquest recurs us permetr\u00e0 crear ambients m\u00e9s calmats, gestionar moments d&#8217;estr\u00e8s i aportar petites dosis de benestar a les vostres jornades. La idea \u00e9s ajudar-te a integrar all\u00f2 apr\u00e8s de manera real i sostenible.  <\/p>\n<\/div>\n<p>[\/et_pb_blurb][\/et_pb_column][et_pb_column type=&#8221;1_4&#8243; _builder_version=&#8221;4.27.4&#8243; _module_preset=&#8221;default&#8221; global_colors_info=&#8221;{}&#8221; theme_builder_area=&#8221;post_content&#8221;][et_pb_blurb title=&#8221;Confian\u00e7a per seguir explorant&#8221; image_icon_width=&#8221;48px&#8221; icon_alignment=&#8221;left&#8221; _builder_version=&#8221;4.27.4&#8243; _module_preset=&#8221;default&#8221; header_level=&#8221;h3&#8243; background_color=&#8221;gcid-1b354d84-96f8-497e-9dcb-18a440b96e1d&#8221; min_height=&#8221;450px&#8221; min_height_tablet=&#8221;&#8221; min_height_phone=&#8221;400px&#8221; min_height_last_edited=&#8221;on|phone&#8221; height=&#8221;450px&#8221; custom_padding=&#8221;32px|24px|32px|24px|true|true&#8221; hover_enabled=&#8221;0&#8243; custom_css_main_element=&#8221;display: flex;||flex-direction: column;||justify-content: flex-end;||height: 100%;&#8221; custom_css_blurb_title=&#8221;padding-bottom: 48px;&#8221; border_radii=&#8221;on|25px|25px|25px|25px&#8221; global_colors_info=&#8221;{%22gcid-secondary-color%22:%91%22icon_color%22,%22icon_color%22,%22icon_color%22,%22icon_color%22%93,%22gcid-1b354d84-96f8-497e-9dcb-18a440b96e1d%22:%91%22background_color%22,%22background_color%22%93}&#8221; theme_builder_area=&#8221;post_content&#8221; sticky_enabled=&#8221;0&#8243;]<\/p>\n<p>El taller et donar\u00e0 bases s\u00f2lides per continuar creant pel teu compte. Guanyar\u00e0s seguretat per combinar ess\u00e8ncies, triar materials i dissenyar barreges que responguin a les teves necessitats. Aquesta confian\u00e7a ser\u00e0 el teu punt de partida per continuar aprofundint en l&#8217;aromater\u00e0pia natural i les seves m\u00faltiples possibilitats.  <\/p>\n<p>[\/et_pb_blurb][\/et_pb_column][\/et_pb_row][\/et_pb_section][et_pb_section fb_built=&#8221;1&#8243; admin_label=&#8221;PUBLICO OBJETIVO&#8221; _builder_version=&#8221;4.27.4&#8243; _module_preset=&#8221;default&#8221; background_color=&#8221;gcid-1b354d84-96f8-497e-9dcb-18a440b96e1d&#8221; custom_padding=&#8221;32px||||false|false&#8221; da_disable_devices=&#8221;off|off|off&#8221; locked=&#8221;off&#8221; collapsed=&#8221;on&#8221; global_colors_info=&#8221;{%22gcid-1b354d84-96f8-497e-9dcb-18a440b96e1d%22:%91%22background_color%22%93}&#8221; theme_builder_area=&#8221;post_content&#8221; da_is_popup=&#8221;off&#8221; da_exit_intent=&#8221;off&#8221; da_has_close=&#8221;on&#8221; da_alt_close=&#8221;off&#8221; da_dark_close=&#8221;off&#8221; da_not_modal=&#8221;on&#8221; da_is_singular=&#8221;off&#8221; da_with_loader=&#8221;off&#8221; da_has_shadow=&#8221;on&#8221;][et_pb_row _builder_version=&#8221;4.27.4&#8243; _module_preset=&#8221;default&#8221; width=&#8221;85%&#8221; custom_padding=&#8221;||10px||false|false&#8221; global_colors_info=&#8221;{}&#8221; theme_builder_area=&#8221;post_content&#8221;][et_pb_column type=&#8221;4_4&#8243; _builder_version=&#8221;4.27.4&#8243; _module_preset=&#8221;default&#8221; global_colors_info=&#8221;{}&#8221; theme_builder_area=&#8221;post_content&#8221;][et_pb_text _builder_version=&#8221;4.27.4&#8243; _module_preset=&#8221;default&#8221; text_font=&#8221;|||on|||||&#8221; text_font_size=&#8221;15px&#8221; custom_margin=&#8221;||16px||false|false&#8221; hover_enabled=&#8221;0&#8243; global_colors_info=&#8221;{}&#8221; theme_builder_area=&#8221;post_content&#8221; sticky_enabled=&#8221;0&#8243;]<\/p>\n<p>calma<\/p>\n<p>[\/et_pb_text][et_pb_divider color=&#8221;gcid-secondary-color&#8221; divider_weight=&#8221;4px&#8221; divider_weight_tablet=&#8221;4px&#8221; divider_weight_phone=&#8221;4px&#8221; divider_weight_last_edited=&#8221;on|phone&#8221; _builder_version=&#8221;4.27.4&#8243; _module_preset=&#8221;default&#8221; width=&#8221;10%&#8221; width_tablet=&#8221;10%&#8221; width_phone=&#8221;20%&#8221; width_last_edited=&#8221;on|phone&#8221; custom_margin=&#8221;||||false|false&#8221; custom_padding=&#8221;||||false|false&#8221; global_colors_info=&#8221;{%22gcid-secondary-color%22:%91%22color%22%93}&#8221; theme_builder_area=&#8221;post_content&#8221;][\/et_pb_divider][\/et_pb_column][\/et_pb_row][et_pb_row column_structure=&#8221;3_5,2_5&#8243; custom_padding_last_edited=&#8221;on|phone&#8221; _builder_version=&#8221;4.27.4&#8243; _module_preset=&#8221;default&#8221; background_image=&#8221;https:\/\/melillimonartesania.com\/wp-content\/uploads\/2025\/05\/personas-en-taller-badalona.jpg&#8221; width=&#8221;85%&#8221; custom_margin=&#8221;||48px||false|false&#8221; custom_padding=&#8221;|||32px|false|false&#8221; custom_padding_tablet=&#8221;|||32px|false|false&#8221; custom_padding_phone=&#8221;|||6px|false|false&#8221; hover_enabled=&#8221;0&#8243; background_color_phone=&#8221;gcid-secondary-color&#8221; background_enable_color_phone=&#8221;on&#8221; background_enable_image_phone=&#8221;off&#8221; border_radii=&#8221;on|25px|25px|25px|25px&#8221; locked=&#8221;off&#8221; global_colors_info=&#8221;{%22gcid-secondary-color%22:%91%22background_color%22%93}&#8221; theme_builder_area=&#8221;post_content&#8221; alt=&#8221;Personas en taller de foto transfer&#8221; title_text=&#8221;personas-en-taller-badalona&#8221; sticky_enabled=&#8221;0&#8243;][et_pb_column type=&#8221;3_5&#8243; _builder_version=&#8221;4.27.4&#8243; _module_preset=&#8221;default&#8221; global_colors_info=&#8221;{}&#8221; theme_builder_area=&#8221;post_content&#8221;][dsm_card title=&#8221;Troba el teu lloc al taller d&#039;aromater\u00e0pia natural&#8221; subtitle=&#8221;Si busques calma i creativitat aqu\u00ed trobar\u00e0s el teu espai.&#8221; image=&#8221;https:\/\/melillimonartesania.com\/wp-content\/uploads\/\/2025\/03\/iconos-art-04.svg&#8221; image_as_background=&#8221;off&#8221; alt=&#8221;Icona de pintat de mobles&#8221; button_text=&#8221;@ET-DC@eyJkeW5hbWljIjp0cnVlLCJjb250ZW50IjoiY3VzdG9tX21ldGFfdGV4dG9fYm90b24iLCJzZXR0aW5ncyI6eyJiZWZvcmUiOiIiLCJhZnRlciI6IiIsImVuYWJsZV9odG1sIjoib2ZmIn19@&#8221; button_url=&#8221;@ET-DC@eyJkeW5hbWljIjp0cnVlLCJjb250ZW50IjoiY3VzdG9tX21ldGFfdXJsX2JvdG9uIiwic2V0dGluZ3MiOnsiYmVmb3JlIjoiIiwiYWZ0ZXIiOiIiLCJlbmFibGVfaHRtbCI6Im9mZiJ9fQ==@&#8221; _builder_version=&#8221;4.27.4&#8243; _dynamic_attributes=&#8221;button_text,button_url&#8221; _module_preset=&#8221;624fb950-55ec-4f13-b03c-2046d7afadd6&#8243; hover_enabled=&#8221;0&#8243; global_colors_info=&#8221;{%22gcid-1b354d84-96f8-497e-9dcb-18a440b96e1d%22:%91%22background_color%22%93}&#8221; theme_builder_area=&#8221;post_content&#8221; sticky_enabled=&#8221;0&#8243;]<\/p>\n<p>Aquest taller est\u00e0 pensat per a persones que volen introduir-se a l&#8217;aromater\u00e0pia natural des d&#8217;un enfocament pr\u00e0ctic, accessible i creatiu. Tant se val si mai has treballat amb olis essencials: l&#8217;important \u00e9s tenir curiositat i ganes d&#8217;explorar noves formes de benestar i expressi\u00f3 personal. <\/p>\n<p>Si t&#8217;atrau el DIY, t&#8217;interessa la cosm\u00e8tica natural o simplement busques un moment de calma per a tu, aqu\u00ed trobar\u00e0s un entorn acollidor i segur. Cada exercici est\u00e0 pensat per ajudar-te a gaudir del proc\u00e9s, sense exig\u00e8ncies ni expectatives, permetent connectar amb la teva creativitat de forma lliure. <\/p>\n<p>[\/dsm_card][\/et_pb_column][et_pb_column type=&#8221;2_5&#8243; _builder_version=&#8221;4.27.4&#8243; _module_preset=&#8221;default&#8221; global_colors_info=&#8221;{}&#8221; theme_builder_area=&#8221;post_content&#8221;][\/et_pb_column][\/et_pb_row][et_pb_row column_structure=&#8221;1_4,1_4,1_4,1_4&#8243; use_custom_gutter=&#8221;on&#8221; gutter_width=&#8221;2&#8243; make_equal=&#8221;on&#8221; _builder_version=&#8221;4.27.4&#8243; _module_preset=&#8221;default&#8221; width=&#8221;85%&#8221; custom_margin=&#8221;32px||32px||true|false&#8221; custom_padding=&#8221;0px||0px||false|false&#8221; global_colors_info=&#8221;{}&#8221; theme_builder_area=&#8221;post_content&#8221;][et_pb_column type=&#8221;1_4&#8243; _builder_version=&#8221;4.27.4&#8243; _module_preset=&#8221;default&#8221; global_colors_info=&#8221;{}&#8221; theme_builder_area=&#8221;post_content&#8221;][et_pb_blurb title=&#8221;Amants del DIY creatiu&#8221; image_icon_width=&#8221;48px&#8221; icon_alignment=&#8221;left&#8221; _builder_version=&#8221;4.27.4&#8243; _module_preset=&#8221;default&#8221; header_level=&#8221;h3&#8243; background_color=&#8221;#FFFFFF&#8221; min_height=&#8221;450px&#8221; min_height_tablet=&#8221;&#8221; min_height_phone=&#8221;400px&#8221; min_height_last_edited=&#8221;on|phone&#8221; height=&#8221;450px&#8221; custom_padding=&#8221;32px|24px|32px|24px|true|true&#8221; hover_enabled=&#8221;0&#8243; custom_css_main_element=&#8221;display: flex;||flex-direction: column;||justify-content: flex-end;||height: 100%;&#8221; custom_css_blurb_title=&#8221;padding-bottom: 48px;&#8221; border_radii=&#8221;on|25px|25px|25px|25px&#8221; global_colors_info=&#8221;{%22gcid-secondary-color%22:%91%22icon_color%22,%22icon_color%22%93}&#8221; theme_builder_area=&#8221;post_content&#8221; sticky_enabled=&#8221;0&#8243;]<\/p>\n<p>Si gaudeixes creant objectes i experi\u00e8ncies amb les teves mans, aquest taller encaixa amb tu. L&#8217;aromater\u00e0pia natural t&#8217;obre una nova via per experimentar amb materials sensorials i donar vida a petites creacions que reflecteixen el teu estil i la teva personalitat, sense necessitat de coneixements previs. <\/p>\n<p>[\/et_pb_blurb][\/et_pb_column][et_pb_column type=&#8221;1_4&#8243; _builder_version=&#8221;4.27.4&#8243; _module_preset=&#8221;default&#8221; global_colors_info=&#8221;{}&#8221; theme_builder_area=&#8221;post_content&#8221;][et_pb_blurb title=&#8221;Persones que busquen benestar&#8221; image_icon_width=&#8221;48px&#8221; icon_alignment=&#8221;left&#8221; _builder_version=&#8221;4.27.4&#8243; _module_preset=&#8221;default&#8221; header_level=&#8221;h3&#8243; background_color=&#8221;#FFFFFF&#8221; min_height=&#8221;450px&#8221; min_height_tablet=&#8221;&#8221; min_height_phone=&#8221;400px&#8221; min_height_last_edited=&#8221;on|phone&#8221; height=&#8221;450px&#8221; custom_padding=&#8221;32px|24px|32px|24px|true|true&#8221; hover_enabled=&#8221;0&#8243; custom_css_main_element=&#8221;display: flex;||flex-direction: column;||justify-content: flex-end;||height: 100%;&#8221; custom_css_blurb_title=&#8221;padding-bottom: 48px;&#8221; border_radii=&#8221;on|25px|25px|25px|25px&#8221; global_colors_info=&#8221;{%22gcid-secondary-color%22:%91%22icon_color%22,%22icon_color%22,%22icon_color%22%93,%22gcid-58cfc04f-7f57-4a3a-9439-0876323e7760%22:%91%22background_color%22%93,%22gcid-4ad3f847-7c47-4fbe-bc12-42bb1c3f69ad%22:%91%22background_color%22%93}&#8221; theme_builder_area=&#8221;post_content&#8221; sticky_enabled=&#8221;0&#8243;]<\/p>\n<p>Els qui volen incorporar moments de calma i equilibri a la seva rutina trobaran en aquest taller una eina senzilla i natural. Les ess\u00e8ncies ofereixen una via accessible per reconnectar amb un mateix i afegir benestar emocional al dia a dia, sense complicacions ni tecnicismes. <\/p>\n<p>[\/et_pb_blurb][\/et_pb_column][et_pb_column type=&#8221;1_4&#8243; _builder_version=&#8221;4.27.4&#8243; _module_preset=&#8221;default&#8221; global_colors_info=&#8221;{}&#8221; theme_builder_area=&#8221;post_content&#8221;][et_pb_blurb title=&#8221;Curiosos per la cosm\u00e8tica natural&#8221; image_icon_width=&#8221;48px&#8221; icon_alignment=&#8221;left&#8221; _builder_version=&#8221;4.27.4&#8243; _module_preset=&#8221;default&#8221; header_level=&#8221;h3&#8243; background_color=&#8221;#FFFFFF&#8221; min_height=&#8221;450px&#8221; min_height_tablet=&#8221;&#8221; min_height_phone=&#8221;400px&#8221; min_height_last_edited=&#8221;on|phone&#8221; height=&#8221;450px&#8221; custom_padding=&#8221;32px|24px|32px|24px|true|true&#8221; hover_enabled=&#8221;0&#8243; custom_css_main_element=&#8221;display: flex;||flex-direction: column;||justify-content: flex-end;||height: 100%;&#8221; custom_css_blurb_title=&#8221;padding-bottom: 48px;&#8221; border_radii=&#8221;on|25px|25px|25px|25px&#8221; global_colors_info=&#8221;{%22gcid-secondary-color%22:%91%22icon_color%22,%22icon_color%22%93,%22gcid-4ad3f847-7c47-4fbe-bc12-42bb1c3f69ad%22:%91%22background_color%22%93,%22gcid-bacc0458-658d-4585-82c3-3aea32d6623b%22:%91%22background_color%22%93}&#8221; theme_builder_area=&#8221;post_content&#8221; sticky_enabled=&#8221;0&#8243;]<\/p>\n<div class=\"cl-preview-section\">\n<p>Si t&#8217;interessa all\u00f2 natural, aquest espai et permetr\u00e0 descobrir una part essencial de l&#8217;univers de la cosm\u00e8tica conscient: les aromes. Explorar\u00e0s com funcionen, com es combinen i com es poden integrar en experi\u00e8ncies sensorials que enriquiran el teu aprenentatge i obriran noves possibilitats creatives. <\/p>\n<\/div>\n<p>[\/et_pb_blurb][\/et_pb_column][et_pb_column type=&#8221;1_4&#8243; _builder_version=&#8221;4.27.4&#8243; _module_preset=&#8221;default&#8221; global_colors_info=&#8221;{}&#8221; theme_builder_area=&#8221;post_content&#8221;][et_pb_blurb title=&#8221;Els qui gaudeixen aprenent amb les mans&#8221; image_icon_width=&#8221;48px&#8221; icon_alignment=&#8221;left&#8221; _builder_version=&#8221;4.27.4&#8243; _module_preset=&#8221;default&#8221; header_level=&#8221;h3&#8243; background_color=&#8221;#FFFFFF&#8221; min_height=&#8221;450px&#8221; min_height_tablet=&#8221;&#8221; min_height_phone=&#8221;400px&#8221; min_height_last_edited=&#8221;on|phone&#8221; height=&#8221;450px&#8221; custom_padding=&#8221;32px|24px|32px|24px|true|true&#8221; hover_enabled=&#8221;0&#8243; custom_css_main_element=&#8221;display: flex;||flex-direction: column;||justify-content: flex-end;||height: 100%;&#8221; custom_css_blurb_title=&#8221;padding-bottom: 48px;&#8221; border_radii=&#8221;on|25px|25px|25px|25px&#8221; global_colors_info=&#8221;{%22gcid-secondary-color%22:%91%22icon_color%22,%22icon_color%22%93,%22gcid-1b354d84-96f8-497e-9dcb-18a440b96e1d%22:%91%22background_color%22%93}&#8221; theme_builder_area=&#8221;post_content&#8221; sticky_enabled=&#8221;0&#8243;]<\/p>\n<p>Aquesta experi\u00e8ncia est\u00e0 dissenyada per als qui senten satisfacci\u00f3 en experimentar, manipular materials i aprendre des de la pr\u00e0ctica. El taller us convida a viure el proc\u00e9s pas a pas, gaudint de cada detall i sentint com les vostres mans i sentits treballen junts en una activitat relaxant i creativa. <\/p>\n<p>[\/et_pb_blurb][\/et_pb_column][\/et_pb_row][\/et_pb_section][et_pb_section fb_built=&#8221;1&#8243; admin_label=&#8221;INSTRUCTOR&#8221; _builder_version=&#8221;4.27.4&#8243; _module_preset=&#8221;default&#8221; background_color=&#8221;#FFFFFF&#8221; custom_padding=&#8221;32px||||false|false&#8221; da_disable_devices=&#8221;off|off|off&#8221; locked=&#8221;off&#8221; collapsed=&#8221;on&#8221; global_colors_info=&#8221;{}&#8221; theme_builder_area=&#8221;post_content&#8221; da_is_popup=&#8221;off&#8221; da_exit_intent=&#8221;off&#8221; da_has_close=&#8221;on&#8221; da_alt_close=&#8221;off&#8221; da_dark_close=&#8221;off&#8221; da_not_modal=&#8221;on&#8221; da_is_singular=&#8221;off&#8221; da_with_loader=&#8221;off&#8221; da_has_shadow=&#8221;on&#8221;][et_pb_row _builder_version=&#8221;4.27.4&#8243; _module_preset=&#8221;default&#8221; width=&#8221;85%&#8221; custom_padding=&#8221;||10px||false|false&#8221; global_colors_info=&#8221;{}&#8221; theme_builder_area=&#8221;post_content&#8221;][et_pb_column type=&#8221;4_4&#8243; _builder_version=&#8221;4.27.4&#8243; _module_preset=&#8221;default&#8221; global_colors_info=&#8221;{}&#8221; theme_builder_area=&#8221;post_content&#8221;][et_pb_text _builder_version=&#8221;4.27.4&#8243; _module_preset=&#8221;default&#8221; text_font=&#8221;|||on|||||&#8221; text_font_size=&#8221;15px&#8221; custom_margin=&#8221;||16px||false|false&#8221; hover_enabled=&#8221;0&#8243; global_colors_info=&#8221;{}&#8221; theme_builder_area=&#8221;post_content&#8221; sticky_enabled=&#8221;0&#8243;]<\/p>\n<p>confian\u00e7a | guia | proximitat | claredat<\/p>\n<p>[\/et_pb_text][et_pb_divider color=&#8221;gcid-secondary-color&#8221; divider_weight=&#8221;4px&#8221; divider_weight_tablet=&#8221;4px&#8221; divider_weight_phone=&#8221;4px&#8221; divider_weight_last_edited=&#8221;on|phone&#8221; _builder_version=&#8221;4.27.4&#8243; _module_preset=&#8221;default&#8221; width=&#8221;10%&#8221; width_tablet=&#8221;10%&#8221; width_phone=&#8221;20%&#8221; width_last_edited=&#8221;on|phone&#8221; custom_margin=&#8221;||||false|false&#8221; custom_padding=&#8221;||||false|false&#8221; global_colors_info=&#8221;{%22gcid-secondary-color%22:%91%22color%22%93}&#8221; theme_builder_area=&#8221;post_content&#8221;][\/et_pb_divider][\/et_pb_column][\/et_pb_row][et_pb_row column_structure=&#8221;1_2,1_2&#8243; make_equal=&#8221;on&#8221; custom_padding_last_edited=&#8221;on|phone&#8221; _builder_version=&#8221;4.27.4&#8243; _module_preset=&#8221;default&#8221; width=&#8221;85%&#8221; custom_margin=&#8221;||48px||false|false&#8221; custom_padding=&#8221;||||false|false&#8221; custom_padding_tablet=&#8221;|||32px|false|false&#8221; custom_padding_phone=&#8221;|||6px|false|false&#8221; background_color_phone=&#8221;gcid-secondary-color&#8221; background_enable_color_phone=&#8221;on&#8221; background_enable_image_phone=&#8221;off&#8221; border_radii=&#8221;on|25px|25px|25px|25px&#8221; locked=&#8221;off&#8221; global_colors_info=&#8221;{}&#8221; theme_builder_area=&#8221;post_content&#8221;][et_pb_column type=&#8221;1_2&#8243; _builder_version=&#8221;4.27.4&#8243; _module_preset=&#8221;default&#8221; global_colors_info=&#8221;{}&#8221; theme_builder_area=&#8221;post_content&#8221;][et_pb_text _builder_version=&#8221;4.27.4&#8243; _module_preset=&#8221;default&#8221; background_image=&#8221;https:\/\/melillimonartesania.com\/wp-content\/uploads\/2025\/12\/talleres-naturales-02.jpg&#8221; background_position=&#8221;center_left&#8221; max_width_tablet=&#8221;&#8221; max_width_phone=&#8221;&#8221; max_width_last_edited=&#8221;on|phone&#8221; min_height=&#8221;100%&#8221; min_height_tablet=&#8221;100%&#8221; min_height_phone=&#8221;250px&#8221; min_height_last_edited=&#8221;on|desktop&#8221; custom_padding=&#8221;||||false|false&#8221; hover_enabled=&#8221;0&#8243; border_radii=&#8221;on|25px|25px|25px|25px&#8221; global_colors_info=&#8221;{}&#8221; theme_builder_area=&#8221;post_content&#8221; alt=&#8221;Talleres artesanal natural&#8221; title_text=&#8221;talleres-naturales-02&#8243; sticky_enabled=&#8221;0&#8243;][\/et_pb_text][\/et_pb_column][et_pb_column type=&#8221;1_2&#8243; _builder_version=&#8221;4.27.4&#8243; _module_preset=&#8221;default&#8221; global_colors_info=&#8221;{}&#8221; theme_builder_area=&#8221;post_content&#8221;][dsm_card title=&#8221;La ment darrere el taller: instructor expert en tallers d&#039;aromater\u00e0pia&#8221; subtitle=&#8221;Una guia propera que comparteix la seva experi\u00e8ncia amb sensibilitat i passi\u00f3.&#8221; image=&#8221;https:\/\/melillimonartesania.com\/wp-content\/uploads\/\/2025\/03\/iconos-art-04.svg&#8221; image_as_background=&#8221;off&#8221; alt=&#8221;Icona de pintat de mobles&#8221; button_text=&#8221;@ET-DC@eyJkeW5hbWljIjp0cnVlLCJjb250ZW50IjoiY3VzdG9tX21ldGFfdGV4dG9fYm90b24iLCJzZXR0aW5ncyI6eyJiZWZvcmUiOiIiLCJhZnRlciI6IiIsImVuYWJsZV9odG1sIjoib2ZmIn19@&#8221; button_url=&#8221;@ET-DC@eyJkeW5hbWljIjp0cnVlLCJjb250ZW50IjoiY3VzdG9tX21ldGFfdXJsX2JvdG9uIiwic2V0dGluZ3MiOnsiYmVmb3JlIjoiIiwiYWZ0ZXIiOiIiLCJlbmFibGVfaHRtbCI6Im9mZiJ9fQ==@&#8221; _builder_version=&#8221;4.27.4&#8243; _dynamic_attributes=&#8221;button_text,button_url&#8221; _module_preset=&#8221;ef4f739f-b387-4166-b90e-e1ec1735fd83&#8243; hover_enabled=&#8221;0&#8243; global_colors_info=&#8221;{%22gcid-1b354d84-96f8-497e-9dcb-18a440b96e1d%22:%91%22background_color%22,%22background_color%22%93}&#8221; theme_builder_area=&#8221;post_content&#8221; sticky_enabled=&#8221;0&#8243;]<\/p>\n<p>En aquest taller comptar\u00e0s amb una persona formada i habituada a guiar processos creatius relacionats amb l\u00b4aromater\u00e0pia natural. El seu paper \u00e9s acompanyar-te pas a pas, resoldre els teus dubtes i ajudar-te a connectar amb les aromes de manera senzilla i accessible. L&#8217;experi\u00e8ncia se centra en el teu aprenentatge i el teu benestar.  <\/p>\n<p>L\u00b4enfocament de l\u00b4instructor combina claredat, amabilitat i una manera pr\u00e0ctica de transmetre coneixements. El seu objectiu \u00e9s que surtis del taller amb seguretat, inspiraci\u00f3 i les bases necess\u00e0ries per continuar explorant a casa. El seu acompanyament est\u00e0 pensat perqu\u00e8 et sentis c\u00f2mode des del primer moment.  <\/p>\n<p>[\/dsm_card][\/et_pb_column][\/et_pb_row][\/et_pb_section][et_pb_section fb_built=&#8221;1&#8243; admin_label=&#8221;INSCRIPCION&#8221; _builder_version=&#8221;4.27.4&#8243; _module_preset=&#8221;default&#8221; background_color=&#8221;gcid-1b354d84-96f8-497e-9dcb-18a440b96e1d&#8221; custom_padding=&#8221;32px||||false|false&#8221; da_disable_devices=&#8221;off|off|off&#8221; locked=&#8221;off&#8221; collapsed=&#8221;on&#8221; global_colors_info=&#8221;{%22gcid-1b354d84-96f8-497e-9dcb-18a440b96e1d%22:%91%22background_color%22%93}&#8221; theme_builder_area=&#8221;post_content&#8221; da_is_popup=&#8221;off&#8221; da_exit_intent=&#8221;off&#8221; da_has_close=&#8221;on&#8221; da_alt_close=&#8221;off&#8221; da_dark_close=&#8221;off&#8221; da_not_modal=&#8221;on&#8221; da_is_singular=&#8221;off&#8221; da_with_loader=&#8221;off&#8221; da_has_shadow=&#8221;on&#8221;][et_pb_row _builder_version=&#8221;4.27.4&#8243; _module_preset=&#8221;default&#8221; width=&#8221;85%&#8221; custom_padding=&#8221;||10px||false|false&#8221; global_colors_info=&#8221;{}&#8221; theme_builder_area=&#8221;post_content&#8221;][et_pb_column type=&#8221;4_4&#8243; _builder_version=&#8221;4.27.4&#8243; _module_preset=&#8221;default&#8221; global_colors_info=&#8221;{}&#8221; theme_builder_area=&#8221;post_content&#8221;][et_pb_text _builder_version=&#8221;4.27.4&#8243; _module_preset=&#8221;default&#8221; text_font=&#8221;|||on|||||&#8221; text_font_size=&#8221;15px&#8221; custom_margin=&#8221;||16px||false|false&#8221; hover_enabled=&#8221;0&#8243; global_colors_info=&#8221;{}&#8221; theme_builder_area=&#8221;post_content&#8221; sticky_enabled=&#8221;0&#8243;]<\/p>\n<p>prioritat | places | experi\u00e8ncia | viv\u00e8ncia<\/p>\n<p>[\/et_pb_text][et_pb_divider color=&#8221;gcid-secondary-color&#8221; divider_weight=&#8221;4px&#8221; divider_weight_tablet=&#8221;4px&#8221; divider_weight_phone=&#8221;4px&#8221; divider_weight_last_edited=&#8221;on|phone&#8221; _builder_version=&#8221;4.27.4&#8243; _module_preset=&#8221;default&#8221; width=&#8221;10%&#8221; width_tablet=&#8221;10%&#8221; width_phone=&#8221;20%&#8221; width_last_edited=&#8221;on|phone&#8221; custom_margin=&#8221;||||false|false&#8221; custom_padding=&#8221;||||false|false&#8221; global_colors_info=&#8221;{%22gcid-secondary-color%22:%91%22color%22%93}&#8221; theme_builder_area=&#8221;post_content&#8221;][\/et_pb_divider][\/et_pb_column][\/et_pb_row][et_pb_row column_structure=&#8221;3_5,2_5&#8243; custom_padding_last_edited=&#8221;on|phone&#8221; _builder_version=&#8221;4.27.4&#8243; _module_preset=&#8221;default&#8221; background_image=&#8221;https:\/\/melillimonartesania.com\/wp-content\/uploads\/2025\/12\/taller-aromaterapia-04.jpg&#8221; width=&#8221;85%&#8221; custom_margin=&#8221;||48px||false|false&#8221; custom_padding=&#8221;|||32px|false|false&#8221; custom_padding_tablet=&#8221;|||32px|false|false&#8221; custom_padding_phone=&#8221;|||6px|false|false&#8221; hover_enabled=&#8221;0&#8243; background_color_phone=&#8221;gcid-secondary-color&#8221; background_enable_color_phone=&#8221;on&#8221; background_enable_image_phone=&#8221;off&#8221; border_radii=&#8221;on|25px|25px|25px|25px&#8221; locked=&#8221;off&#8221; global_colors_info=&#8221;{%22gcid-secondary-color%22:%91%22background_color%22%93}&#8221; theme_builder_area=&#8221;post_content&#8221; alt=&#8221;Taller de aromaterapia natural&#8221; title_text=&#8221;taller-aromaterapia-04&#8243; sticky_enabled=&#8221;0&#8243;][et_pb_column type=&#8221;3_5&#8243; _builder_version=&#8221;4.27.4&#8243; _module_preset=&#8221;default&#8221; global_colors_info=&#8221;{}&#8221; theme_builder_area=&#8221;post_content&#8221;][dsm_card title=&#8221;Places limitades: assegura el teu lloc a la propera edici\u00f3&#8221; subtitle=&#8221;No esperis m\u00e9s per viure una experi\u00e8ncia sensorial i transformadora.&#8221; image=&#8221;https:\/\/melillimonartesania.com\/wp-content\/uploads\/\/2025\/03\/iconos-art-04.svg&#8221; image_as_background=&#8221;off&#8221; alt=&#8221;Icona de pintat de mobles&#8221; button_text=&#8221;@ET-DC@eyJkeW5hbWljIjp0cnVlLCJjb250ZW50IjoiY3VzdG9tX21ldGFfdGV4dG9fYm90b24iLCJzZXR0aW5ncyI6eyJiZWZvcmUiOiIiLCJhZnRlciI6IiIsImVuYWJsZV9odG1sIjoib2ZmIn19@&#8221; button_url=&#8221;@ET-DC@eyJkeW5hbWljIjp0cnVlLCJjb250ZW50IjoiY3VzdG9tX21ldGFfdXJsX2JvdG9uIiwic2V0dGluZ3MiOnsiYmVmb3JlIjoiIiwiYWZ0ZXIiOiIiLCJlbmFibGVfaHRtbCI6Im9mZiJ9fQ==@&#8221; _builder_version=&#8221;4.27.4&#8243; _dynamic_attributes=&#8221;button_text,button_url&#8221; _module_preset=&#8221;624fb950-55ec-4f13-b03c-2046d7afadd6&#8243; hover_enabled=&#8221;0&#8243; global_colors_info=&#8221;{%22gcid-1b354d84-96f8-497e-9dcb-18a440b96e1d%22:%91%22background_color%22%93}&#8221; theme_builder_area=&#8221;post_content&#8221; sticky_enabled=&#8221;0&#8243;]<\/p>\n<p>Les places per a aquest taller s\u00f3n redu\u00efdes per garantir un ambient \u00edntim, proper i realment gaudible. Si aquesta experi\u00e8ncia ressona amb tu, et recomanem reservar el teu inter\u00e8s com m\u00e9s aviat millor: aix\u00ed formar\u00e0s part de la llista priorit\u00e0ria i rebr\u00e0s la data final abans que la resta del p\u00fablic. <\/p>\n<p>Inscriure&#8217;t et permetr\u00e0 assegurar la teva participaci\u00f3 a la propera convocat\u00f2ria disponible i accedir a una viv\u00e8ncia creativa que combina benestar, aromater\u00e0pia natural i una guia personalitzada. No \u00e9s nom\u00e9s un taller: \u00e9s un espai per regalar-te temps, calma i inspiraci\u00f3. <\/p>\n<p>[\/dsm_card][\/et_pb_column][et_pb_column type=&#8221;2_5&#8243; _builder_version=&#8221;4.27.4&#8243; _module_preset=&#8221;default&#8221; global_colors_info=&#8221;{}&#8221; theme_builder_area=&#8221;post_content&#8221;][\/et_pb_column][\/et_pb_row][\/et_pb_section][et_pb_section fb_built=&#8221;1&#8243; admin_label=&#8221;FAQS&#8221; _builder_version=&#8221;4.27.4&#8243; _module_preset=&#8221;default&#8221; da_disable_devices=&#8221;off|off|off&#8221; locked=&#8221;off&#8221; global_colors_info=&#8221;{}&#8221; theme_builder_area=&#8221;post_content&#8221; da_is_popup=&#8221;off&#8221; da_exit_intent=&#8221;off&#8221; da_has_close=&#8221;on&#8221; da_alt_close=&#8221;off&#8221; da_dark_close=&#8221;off&#8221; da_not_modal=&#8221;on&#8221; da_is_singular=&#8221;off&#8221; da_with_loader=&#8221;off&#8221; da_has_shadow=&#8221;on&#8221;][et_pb_row _builder_version=&#8221;4.27.4&#8243; _module_preset=&#8221;default&#8221; global_colors_info=&#8221;{}&#8221; theme_builder_area=&#8221;post_content&#8221;][et_pb_column type=&#8221;4_4&#8243; _builder_version=&#8221;4.27.4&#8243; _module_preset=&#8221;default&#8221; global_colors_info=&#8221;{}&#8221; theme_builder_area=&#8221;post_content&#8221;][et_pb_heading title=&#8221;@ET-DC@eyJkeW5hbWljIjp0cnVlLCJjb250ZW50IjoicG9zdF90aXRsZSIsInNldHRpbmdzIjp7ImJlZm9yZSI6IlByZWd1bnRlcyBmcmVxXHUwMGZjZW50cyAoRkFRcykgc29icmU6ICIsImFmdGVyIjoiIn19@&#8221; _builder_version=&#8221;4.27.4&#8243; _dynamic_attributes=&#8221;title&#8221; _module_preset=&#8221;default&#8221; title_level=&#8221;h2&#8243; title_text_align=&#8221;center&#8221; global_colors_info=&#8221;{}&#8221; theme_builder_area=&#8221;post_content&#8221;][\/et_pb_heading][dsm_faq dsm_make_accordion_toggle=&#8221;on&#8221; dsm_open_faq_item=&#8221;on&#8221; dsm_enable_schema_markup=&#8221;on&#8221; _builder_version=&#8221;4.27.4&#8243; _module_preset=&#8221;ae13b85e-994a-40ba-9486-067a02e1ccda&#8221; hover_enabled=&#8221;0&#8243; global_colors_info=&#8221;{}&#8221; theme_builder_area=&#8221;post_content&#8221; sticky_enabled=&#8221;0&#8243;][dsm_faq_child dsm_title=&#8221;Necessito coneixements previs per participar-hi?&#8221; dsm_content=&#8221;<\/p>\n<p>No, el taller est\u00e0 dissenyat per a persones que s&apos;acosten per primer cop a l&apos;aromater\u00e0pia natural. Tot el contingut s&apos;explica de manera clara i accessible, permetent avan\u00e7ar pas a pas. Nom\u00e9s cal curiositat, ganes d&apos;aprendre i el desig de viure una experi\u00e8ncia sensorial diferent.  <\/p>\n<p>&#8221; _builder_version=&#8221;4.27.4&#8243; _module_preset=&#8221;default&#8221; hover_enabled=&#8221;0&#8243; global_colors_info=&#8221;{}&#8221; theme_builder_area=&#8221;post_content&#8221; parentOrderClass=&#8221;dsm_faq_0&#8243; sticky_enabled=&#8221;0&#8243;][\/dsm_faq_child][dsm_faq_child dsm_title=&#8221;Inclou materials o he de portar alguna cosa?&#8221; dsm_content=&#8221;<\/p>\n<p>No has de portar res. Tot el material necessari per al desenvolupament del taller estar\u00e0 disponible durant la sessi\u00f3. Aix\u00f2 us permetr\u00e0 centrar-vos \u00fanicament en gaudir, experimentar i aprendre sense preocupar-vos per preparatius addicionals ni eines espec\u00edfiques.  <\/p>\n<p>&#8221; _builder_version=&#8221;4.27.4&#8243; _module_preset=&#8221;default&#8221; hover_enabled=&#8221;0&#8243; global_colors_info=&#8221;{}&#8221; theme_builder_area=&#8221;post_content&#8221; parentOrderClass=&#8221;dsm_faq_0&#8243; sticky_enabled=&#8221;0&#8243;][\/dsm_faq_child][dsm_faq_child dsm_title=&#8221;Quin tipus de barreges crear\u00e9 durant el taller?&#8221; dsm_content=&#8221;<\/p>\n<p>Crear\u00e0s una barreja personal inspirada en els teus gustos i necessitats utilitzant una selecci\u00f3 d&apos;ess\u00e8ncies naturals. Tot i que no s&apos;aprofundeix en t\u00e8cniques avan\u00e7ades, s\u00ed que explorar\u00e0s combinacions simples i equilibrades que et permetran construir una primera aproximaci\u00f3 a la creaci\u00f3 arom\u00e0tica. <\/p>\n<p>&#8221; _builder_version=&#8221;4.27.4&#8243; _module_preset=&#8221;default&#8221; hover_enabled=&#8221;0&#8243; global_colors_info=&#8221;{}&#8221; theme_builder_area=&#8221;post_content&#8221; parentOrderClass=&#8221;dsm_faq_0&#8243; sticky_enabled=&#8221;0&#8243;][\/dsm_faq_child][dsm_faq_child dsm_title=&#8221;Quan dura l&#039;experi\u00e8ncia completa?&#8221; dsm_content=&#8221;<\/p>\n<p>La durada est\u00e0 pensada perqu\u00e8 visquis un proc\u00e9s complet sense pressa. Acostuma a ser una sessi\u00f3 que permet combinar teoria lleugera, pr\u00e0ctica guiada i moments d&apos;exploraci\u00f3 personal. L&apos;objectiu \u00e9s que tinguis prou temps per gaudir i familiaritzar-te amb cada etapa del taller.  <\/p>\n<p>&#8221; _builder_version=&#8221;4.27.4&#8243; _module_preset=&#8221;default&#8221; hover_enabled=&#8221;0&#8243; global_colors_info=&#8221;{}&#8221; theme_builder_area=&#8221;post_content&#8221; parentOrderClass=&#8221;dsm_faq_0&#8243; sticky_enabled=&#8221;0&#8243;][\/dsm_faq_child][dsm_faq_child dsm_title=&#8221;Rebr\u00e9 algun tipus de material per continuar practicant a casa?&#8221; dsm_content=&#8221;<\/p>\n<p>En acabar, t&apos;emportar\u00e0s informaci\u00f3 essencial per continuar experimentant pel teu compte. \u00c9s un recurs que resumeix els conceptes b\u00e0sics, idees per practicar i recomanacions generals. La intenci\u00f3 \u00e9s que continu\u00efs creant amb confian\u00e7a, fins i tot despr\u00e9s del taller.  <\/p>\n<p>&#8221; _builder_version=&#8221;4.27.4&#8243; _module_preset=&#8221;default&#8221; hover_enabled=&#8221;0&#8243; global_colors_info=&#8221;{}&#8221; theme_builder_area=&#8221;post_content&#8221; parentOrderClass=&#8221;dsm_faq_0&#8243; sticky_enabled=&#8221;0&#8243;][\/dsm_faq_child][dsm_faq_child dsm_title=&#8221;Puc assistir-hi si tinc sensibilitat a certes aromes?&#8221; dsm_content=&#8221;<\/p>\n<p>S\u00ed, hi pots assistir. El taller s&apos;adapta a cada persona, i podr\u00e0s explorar aromes suaus o prescindir d&apos;aquelles que no et resultin c\u00f2modes. La idea \u00e9s acompanyar-te perqu\u00e8 visquis l&apos;experi\u00e8ncia de manera segura i respectuosa amb les sensacions.  <\/p>\n<p>&#8221; _builder_version=&#8221;4.27.4&#8243; _module_preset=&#8221;default&#8221; hover_enabled=&#8221;0&#8243; global_colors_info=&#8221;{}&#8221; theme_builder_area=&#8221;post_content&#8221; parentOrderClass=&#8221;dsm_faq_0&#8243; sticky_enabled=&#8221;0&#8243;][\/dsm_faq_child][dsm_faq_child dsm_title=&#8221;Puc regalar aquest taller a una altra persona?&#8221; dsm_content=&#8221;<\/p>\n<p>S\u00ed, \u00e9s una excel\u00b7lent opci\u00f3 com a regal. Podeu reservar una pla\u00e7a a nom d&apos;una altra persona perqu\u00e8 visqui aquesta experi\u00e8ncia creativa i sensorial. <\/p>\n<p>&#8221; _builder_version=&#8221;4.27.4&#8243; _module_preset=&#8221;default&#8221; global_colors_info=&#8221;{}&#8221; theme_builder_area=&#8221;post_content&#8221; parentOrderClass=&#8221;dsm_faq_0&#8243;][\/dsm_faq_child][dsm_faq_child dsm_title=&#8221;El taller \u00e9s adequat si vull desconnectar de l?estr\u00e8s?&#8221; dsm_content=&#8221;<\/p>\n<p>Totalment. El ritme pausat, la concentraci\u00f3 manual i l&apos;experi\u00e8ncia sensorial del daurat i la policromia ajuden a relaxar-te, enfocar-te al present i gaudir d&apos;un moment creatiu per a tu. <\/p>\n<p>&#8221; _builder_version=&#8221;4.27.4&#8243; _module_preset=&#8221;default&#8221; global_colors_info=&#8221;{}&#8221; theme_builder_area=&#8221;post_content&#8221; parentOrderClass=&#8221;dsm_faq_0&#8243;][\/dsm_faq_child][dsm_faq_child dsm_title=&#8221;Com funciona la llista d&#039;inscripci\u00f3 priorit\u00e0ria?&#8221; dsm_content=&#8221;<\/p>\n<p>Si us apunteu a la llista priorit\u00e0ria, rebreu la data definitiva abans que el p\u00fablic general. Tindr\u00e0s l&apos;oportunitat d&apos;assegurar la teva pla\u00e7a quan s&apos;obri la convocat\u00f2ria, cosa que \u00e9s especialment \u00fatil a causa del nombre redu\u00eft de participants per sessi\u00f3. <\/p>\n<p>&#8221; _builder_version=&#8221;4.27.4&#8243; _module_preset=&#8221;default&#8221; theme_builder_area=&#8221;post_content&#8221; parentOrderClass=&#8221;dsm_faq_0&#8243; hover_enabled=&#8221;0&#8243; sticky_enabled=&#8221;0&#8243;][\/dsm_faq_child][\/dsm_faq][\/et_pb_column][\/et_pb_row][\/et_pb_section]<\/p>\n","protected":false},"excerpt":{"rendered":"<p>Submergeix-te en el poder de les aromes i descobreix com la natura pot transformar el teu benestar. En aquest taller aprendr\u00e0s a crear barreges \u00faniques que calmen, equilibren i acompanyen el teu dia a dia amb suavitat i prop\u00f2sit. <\/p>\n","protected":false},"author":1,"featured_media":8223,"parent":8215,"menu_order":0,"comment_status":"closed","ping_status":"closed","template":"","meta":{"_acf_changed":false,"_et_pb_use_builder":"on","_et_pb_old_content":"","_et_gb_content_width":"","_daim_seo_power":"","_daim_enable_ail":"","footnotes":""},"tags":[],"class_list":["post-8224","page","type-page","status-publish","has-post-thumbnail","hentry"],"acf":[],"yoast_head":"<!-- This site is optimized with the Yoast SEO Premium plugin v27.2 (Yoast SEO v27.4) - https:\/\/yoast.com\/product\/yoast-seo-premium-wordpress\/ -->\n<title>Taller d&#039;aromater\u00e0pia natural - Mel i Llimona &amp; iCanyella: Artesan\u00eda, Gastronom\u00eda y Comunidad en Badalona<\/title>\n<meta name=\"description\" content=\"Descobreix com un taller d&#039;aromater\u00e0pia natural et pot ajudar a relaxar-te, crear les teves pr\u00f2pies barreges i millorar el teu benestar cada dia.\" \/>\n<meta name=\"robots\" content=\"index, follow, max-snippet:-1, max-image-preview:large, max-video-preview:-1\" \/>\n<link rel=\"canonical\" href=\"https:\/\/melillimonartesania.com\/ca\/tallers-creatius\/artesania-natural\/taller-daromaterapia-natural\/\" \/>\n<meta property=\"og:locale\" content=\"ca_ES\" \/>\n<meta property=\"og:type\" content=\"article\" \/>\n<meta property=\"og:title\" content=\"Taller d&#039;aromater\u00e0pia natural\" \/>\n<meta property=\"og:description\" content=\"Descobreix com un taller d&#039;aromater\u00e0pia natural et pot ajudar a relaxar-te, crear les teves pr\u00f2pies barreges i millorar el teu benestar cada dia.\" \/>\n<meta property=\"og:url\" content=\"https:\/\/melillimonartesania.com\/ca\/tallers-creatius\/artesania-natural\/taller-daromaterapia-natural\/\" \/>\n<meta property=\"og:site_name\" content=\"Mel i Llimona &amp; iCanyella: Artesan\u00eda, Gastronom\u00eda y Comunidad en Badalona\" \/>\n<meta property=\"article:modified_time\" content=\"2025-12-07T14:56:22+00:00\" \/>\n<meta property=\"og:image\" content=\"https:\/\/melillimonartesania.com\/wp-content\/uploads\/2025\/12\/taller-aromaterapia-02-scaled.jpg\" \/>\n\t<meta property=\"og:image:width\" content=\"2560\" \/>\n\t<meta property=\"og:image:height\" content=\"1440\" \/>\n\t<meta property=\"og:image:type\" content=\"image\/jpeg\" \/>\n<meta name=\"twitter:card\" content=\"summary_large_image\" \/>\n<meta name=\"twitter:label1\" content=\"Temps estimat de lectura\" \/>\n\t<meta name=\"twitter:data1\" content=\"10 minuts\" \/>\n<script type=\"application\/ld+json\" class=\"yoast-schema-graph\">{\"@context\":\"https:\\\/\\\/schema.org\",\"@graph\":[{\"@type\":\"WebPage\",\"@id\":\"https:\\\/\\\/melillimonartesania.com\\\/ca\\\/tallers-creatius\\\/artesania-natural\\\/taller-daromaterapia-natural\\\/\",\"url\":\"https:\\\/\\\/melillimonartesania.com\\\/ca\\\/tallers-creatius\\\/artesania-natural\\\/taller-daromaterapia-natural\\\/\",\"name\":\"Taller d'aromater\u00e0pia natural - Mel i Llimona &amp; iCanyella: Artesan\u00eda, Gastronom\u00eda y Comunidad en Badalona\",\"isPartOf\":{\"@id\":\"https:\\\/\\\/melillimonartesania.com\\\/ca\\\/#website\"},\"primaryImageOfPage\":{\"@id\":\"https:\\\/\\\/melillimonartesania.com\\\/ca\\\/tallers-creatius\\\/artesania-natural\\\/taller-daromaterapia-natural\\\/#primaryimage\"},\"image\":{\"@id\":\"https:\\\/\\\/melillimonartesania.com\\\/ca\\\/tallers-creatius\\\/artesania-natural\\\/taller-daromaterapia-natural\\\/#primaryimage\"},\"thumbnailUrl\":\"https:\\\/\\\/melillimonartesania.com\\\/wp-content\\\/uploads\\\/2025\\\/12\\\/taller-aromaterapia-02-scaled.jpg\",\"datePublished\":\"2025-12-05T15:51:44+00:00\",\"dateModified\":\"2025-12-07T14:56:22+00:00\",\"description\":\"Descobreix com un taller d'aromater\u00e0pia natural et pot ajudar a relaxar-te, crear les teves pr\u00f2pies barreges i millorar el teu benestar cada dia.\",\"breadcrumb\":{\"@id\":\"https:\\\/\\\/melillimonartesania.com\\\/ca\\\/tallers-creatius\\\/artesania-natural\\\/taller-daromaterapia-natural\\\/#breadcrumb\"},\"inLanguage\":\"ca\",\"potentialAction\":[{\"@type\":\"ReadAction\",\"target\":[\"https:\\\/\\\/melillimonartesania.com\\\/ca\\\/tallers-creatius\\\/artesania-natural\\\/taller-daromaterapia-natural\\\/\"]}]},{\"@type\":\"ImageObject\",\"inLanguage\":\"ca\",\"@id\":\"https:\\\/\\\/melillimonartesania.com\\\/ca\\\/tallers-creatius\\\/artesania-natural\\\/taller-daromaterapia-natural\\\/#primaryimage\",\"url\":\"https:\\\/\\\/melillimonartesania.com\\\/wp-content\\\/uploads\\\/2025\\\/12\\\/taller-aromaterapia-02-scaled.jpg\",\"contentUrl\":\"https:\\\/\\\/melillimonartesania.com\\\/wp-content\\\/uploads\\\/2025\\\/12\\\/taller-aromaterapia-02-scaled.jpg\",\"width\":2560,\"height\":1440,\"caption\":\"Taller d'aromater\u00e0pia natural\"},{\"@type\":\"BreadcrumbList\",\"@id\":\"https:\\\/\\\/melillimonartesania.com\\\/ca\\\/tallers-creatius\\\/artesania-natural\\\/taller-daromaterapia-natural\\\/#breadcrumb\",\"itemListElement\":[{\"@type\":\"ListItem\",\"position\":1,\"name\":\"Portada\",\"item\":\"https:\\\/\\\/melillimonartesania.com\\\/ca\\\/mel-i-llimona-icanyella\\\/\"},{\"@type\":\"ListItem\",\"position\":2,\"name\":\"Tallers creatius\",\"item\":\"https:\\\/\\\/melillimonartesania.com\\\/ca\\\/tallers-creatius\\\/\"},{\"@type\":\"ListItem\",\"position\":3,\"name\":\"Tallers d&#8217;artesania natural i benestar\",\"item\":\"https:\\\/\\\/melillimonartesania.com\\\/ca\\\/tallers-creatius\\\/artesania-natural\\\/\"},{\"@type\":\"ListItem\",\"position\":4,\"name\":\"Taller d&#8217;aromater\u00e0pia natural\"}]},{\"@type\":\"WebSite\",\"@id\":\"https:\\\/\\\/melillimonartesania.com\\\/ca\\\/#website\",\"url\":\"https:\\\/\\\/melillimonartesania.com\\\/ca\\\/\",\"name\":\"Mel i Llimona &amp; iCanyella: Artesan\u00eda, Gastronom\u00eda y Comunidad en Badalona\",\"description\":\"Mel i Llimona &amp; iCanyella, un espacio que conserva su esencia artesanal  y a\u00f1ade degustaci\u00f3n ecol\u00f3gica, mercado sostenible y un espacio para la comunidad en Badalona.\",\"publisher\":{\"@id\":\"https:\\\/\\\/melillimonartesania.com\\\/ca\\\/#organization\"},\"potentialAction\":[{\"@type\":\"SearchAction\",\"target\":{\"@type\":\"EntryPoint\",\"urlTemplate\":\"https:\\\/\\\/melillimonartesania.com\\\/ca\\\/?s={search_term_string}\"},\"query-input\":{\"@type\":\"PropertyValueSpecification\",\"valueRequired\":true,\"valueName\":\"search_term_string\"}}],\"inLanguage\":\"ca\"},{\"@type\":[\"Organization\",\"Place\",\"LocalBusiness\"],\"@id\":\"https:\\\/\\\/melillimonartesania.com\\\/ca\\\/#organization\",\"name\":\"Mel i Llimona Creaci\u00f3 Artesanal S.C.C.L.\",\"alternateName\":\"Mel i Llimona iCanyella\",\"url\":\"https:\\\/\\\/melillimonartesania.com\\\/ca\\\/\",\"logo\":{\"@id\":\"https:\\\/\\\/melillimonartesania.com\\\/ca\\\/tallers-creatius\\\/artesania-natural\\\/taller-daromaterapia-natural\\\/#local-main-organization-logo\"},\"image\":{\"@id\":\"https:\\\/\\\/melillimonartesania.com\\\/ca\\\/tallers-creatius\\\/artesania-natural\\\/taller-daromaterapia-natural\\\/#local-main-organization-logo\"},\"description\":\"Mel i Llimona Artesan\u00eda en Badalona: Desde 2018, somos el taller de referencia para la restauraci\u00f3n profesional de muebles antiguos y el arte del 'hazlo t\u00fa mismo'. Hemos evolucionado a iCanyella en Badalona, un espacio que integra nuestro taller tradicional con un mercado local de artesan\u00eda sostenible y degustaci\u00f3n de productos ecol\u00f3gicos. Vis\u00edtanos para tus proyectos de restauraci\u00f3n, talleres comunitarios y para apoyar el comercio justo en la zona.\",\"numberOfEmployees\":{\"@type\":\"QuantitativeValue\",\"minValue\":\"1\",\"maxValue\":\"10\"},\"address\":{\"@id\":\"https:\\\/\\\/melillimonartesania.com\\\/ca\\\/tallers-creatius\\\/artesania-natural\\\/taller-daromaterapia-natural\\\/#local-main-place-address\"},\"telephone\":[\"+34 635 422 982\"],\"contactPoint\":{\"@type\":\"ContactPoint\",\"telephone\":\"+34 635 422 982\",\"email\":\"info@melillimonartesania.com\"},\"openingHoursSpecification\":[{\"@type\":\"OpeningHoursSpecification\",\"dayOfWeek\":[\"Monday\"],\"opens\":\"17:00\",\"closes\":\"20:00\"},{\"@type\":\"OpeningHoursSpecification\",\"dayOfWeek\":[\"Tuesday\",\"Wednesday\",\"Thursday\",\"Friday\"],\"opens\":\"09:00\",\"closes\":\"20:00\"},{\"@type\":\"OpeningHoursSpecification\",\"dayOfWeek\":[\"Saturday\"],\"opens\":\"09:00\",\"closes\":\"14:00\"},{\"@type\":\"OpeningHoursSpecification\",\"dayOfWeek\":[\"Sunday\"],\"opens\":\"00:00\",\"closes\":\"00:00\"}],\"email\":\"hola@melillimonartesania.com\",\"areaServed\":\"Badalona, Barcelona, Maresme\",\"vatID\":\"F56933963\",\"taxID\":\"F56933963\",\"currenciesAccepted\":\"EUR\",\"paymentAccepted\":\"Contado, tarjeta\"},{\"@type\":\"PostalAddress\",\"@id\":\"https:\\\/\\\/melillimonartesania.com\\\/ca\\\/tallers-creatius\\\/artesania-natural\\\/taller-daromaterapia-natural\\\/#local-main-place-address\",\"streetAddress\":\"Carrer d'Arn\u00fas, 36\",\"addressLocality\":\"Badalona\",\"postalCode\":\"08911\",\"addressRegion\":\"Catalunya\",\"addressCountry\":\"ES\"},{\"@type\":\"ImageObject\",\"inLanguage\":\"ca\",\"@id\":\"https:\\\/\\\/melillimonartesania.com\\\/ca\\\/tallers-creatius\\\/artesania-natural\\\/taller-daromaterapia-natural\\\/#local-main-organization-logo\",\"url\":\"https:\\\/\\\/melillimonartesania.com\\\/wp-content\\\/uploads\\\/2025\\\/09\\\/melillimona-icanyella-black.svg\",\"contentUrl\":\"https:\\\/\\\/melillimonartesania.com\\\/wp-content\\\/uploads\\\/2025\\\/09\\\/melillimona-icanyella-black.svg\",\"width\":135,\"height\":20,\"caption\":\"Mel i Llimona Creaci\u00f3 Artesanal S.C.C.L.\"}]}<\/script>\n<meta name=\"geo.placename\" content=\"Badalona\" \/>\n<meta name=\"geo.region\" content=\"Espanya\" \/>\n<!-- \/ Yoast SEO Premium plugin. -->","yoast_head_json":{"title":"Taller d'aromater\u00e0pia natural - Mel i Llimona &amp; iCanyella: Artesan\u00eda, Gastronom\u00eda y Comunidad en Badalona","description":"Descobreix com un taller d'aromater\u00e0pia natural et pot ajudar a relaxar-te, crear les teves pr\u00f2pies barreges i millorar el teu benestar cada dia.","robots":{"index":"index","follow":"follow","max-snippet":"max-snippet:-1","max-image-preview":"max-image-preview:large","max-video-preview":"max-video-preview:-1"},"canonical":"https:\/\/melillimonartesania.com\/ca\/tallers-creatius\/artesania-natural\/taller-daromaterapia-natural\/","og_locale":"ca_ES","og_type":"article","og_title":"Taller d'aromater\u00e0pia natural","og_description":"Descobreix com un taller d'aromater\u00e0pia natural et pot ajudar a relaxar-te, crear les teves pr\u00f2pies barreges i millorar el teu benestar cada dia.","og_url":"https:\/\/melillimonartesania.com\/ca\/tallers-creatius\/artesania-natural\/taller-daromaterapia-natural\/","og_site_name":"Mel i Llimona &amp; iCanyella: Artesan\u00eda, Gastronom\u00eda y Comunidad en Badalona","article_modified_time":"2025-12-07T14:56:22+00:00","og_image":[{"width":2560,"height":1440,"url":"https:\/\/melillimonartesania.com\/wp-content\/uploads\/2025\/12\/taller-aromaterapia-02-scaled.jpg","type":"image\/jpeg"}],"twitter_card":"summary_large_image","twitter_misc":{"Temps estimat de lectura":"10 minuts"},"schema":{"@context":"https:\/\/schema.org","@graph":[{"@type":"WebPage","@id":"https:\/\/melillimonartesania.com\/ca\/tallers-creatius\/artesania-natural\/taller-daromaterapia-natural\/","url":"https:\/\/melillimonartesania.com\/ca\/tallers-creatius\/artesania-natural\/taller-daromaterapia-natural\/","name":"Taller d'aromater\u00e0pia natural - Mel i Llimona &amp; iCanyella: Artesan\u00eda, Gastronom\u00eda y Comunidad en Badalona","isPartOf":{"@id":"https:\/\/melillimonartesania.com\/ca\/#website"},"primaryImageOfPage":{"@id":"https:\/\/melillimonartesania.com\/ca\/tallers-creatius\/artesania-natural\/taller-daromaterapia-natural\/#primaryimage"},"image":{"@id":"https:\/\/melillimonartesania.com\/ca\/tallers-creatius\/artesania-natural\/taller-daromaterapia-natural\/#primaryimage"},"thumbnailUrl":"https:\/\/melillimonartesania.com\/wp-content\/uploads\/2025\/12\/taller-aromaterapia-02-scaled.jpg","datePublished":"2025-12-05T15:51:44+00:00","dateModified":"2025-12-07T14:56:22+00:00","description":"Descobreix com un taller d'aromater\u00e0pia natural et pot ajudar a relaxar-te, crear les teves pr\u00f2pies barreges i millorar el teu benestar cada dia.","breadcrumb":{"@id":"https:\/\/melillimonartesania.com\/ca\/tallers-creatius\/artesania-natural\/taller-daromaterapia-natural\/#breadcrumb"},"inLanguage":"ca","potentialAction":[{"@type":"ReadAction","target":["https:\/\/melillimonartesania.com\/ca\/tallers-creatius\/artesania-natural\/taller-daromaterapia-natural\/"]}]},{"@type":"ImageObject","inLanguage":"ca","@id":"https:\/\/melillimonartesania.com\/ca\/tallers-creatius\/artesania-natural\/taller-daromaterapia-natural\/#primaryimage","url":"https:\/\/melillimonartesania.com\/wp-content\/uploads\/2025\/12\/taller-aromaterapia-02-scaled.jpg","contentUrl":"https:\/\/melillimonartesania.com\/wp-content\/uploads\/2025\/12\/taller-aromaterapia-02-scaled.jpg","width":2560,"height":1440,"caption":"Taller d'aromater\u00e0pia natural"},{"@type":"BreadcrumbList","@id":"https:\/\/melillimonartesania.com\/ca\/tallers-creatius\/artesania-natural\/taller-daromaterapia-natural\/#breadcrumb","itemListElement":[{"@type":"ListItem","position":1,"name":"Portada","item":"https:\/\/melillimonartesania.com\/ca\/mel-i-llimona-icanyella\/"},{"@type":"ListItem","position":2,"name":"Tallers creatius","item":"https:\/\/melillimonartesania.com\/ca\/tallers-creatius\/"},{"@type":"ListItem","position":3,"name":"Tallers d&#8217;artesania natural i benestar","item":"https:\/\/melillimonartesania.com\/ca\/tallers-creatius\/artesania-natural\/"},{"@type":"ListItem","position":4,"name":"Taller d&#8217;aromater\u00e0pia natural"}]},{"@type":"WebSite","@id":"https:\/\/melillimonartesania.com\/ca\/#website","url":"https:\/\/melillimonartesania.com\/ca\/","name":"Mel i Llimona &amp; iCanyella: Artesan\u00eda, Gastronom\u00eda y Comunidad en Badalona","description":"Mel i Llimona &amp; iCanyella, un espacio que conserva su esencia artesanal  y a\u00f1ade degustaci\u00f3n ecol\u00f3gica, mercado sostenible y un espacio para la comunidad en Badalona.","publisher":{"@id":"https:\/\/melillimonartesania.com\/ca\/#organization"},"potentialAction":[{"@type":"SearchAction","target":{"@type":"EntryPoint","urlTemplate":"https:\/\/melillimonartesania.com\/ca\/?s={search_term_string}"},"query-input":{"@type":"PropertyValueSpecification","valueRequired":true,"valueName":"search_term_string"}}],"inLanguage":"ca"},{"@type":["Organization","Place","LocalBusiness"],"@id":"https:\/\/melillimonartesania.com\/ca\/#organization","name":"Mel i Llimona Creaci\u00f3 Artesanal S.C.C.L.","alternateName":"Mel i Llimona iCanyella","url":"https:\/\/melillimonartesania.com\/ca\/","logo":{"@id":"https:\/\/melillimonartesania.com\/ca\/tallers-creatius\/artesania-natural\/taller-daromaterapia-natural\/#local-main-organization-logo"},"image":{"@id":"https:\/\/melillimonartesania.com\/ca\/tallers-creatius\/artesania-natural\/taller-daromaterapia-natural\/#local-main-organization-logo"},"description":"Mel i Llimona Artesan\u00eda en Badalona: Desde 2018, somos el taller de referencia para la restauraci\u00f3n profesional de muebles antiguos y el arte del 'hazlo t\u00fa mismo'. Hemos evolucionado a iCanyella en Badalona, un espacio que integra nuestro taller tradicional con un mercado local de artesan\u00eda sostenible y degustaci\u00f3n de productos ecol\u00f3gicos. Vis\u00edtanos para tus proyectos de restauraci\u00f3n, talleres comunitarios y para apoyar el comercio justo en la zona.","numberOfEmployees":{"@type":"QuantitativeValue","minValue":"1","maxValue":"10"},"address":{"@id":"https:\/\/melillimonartesania.com\/ca\/tallers-creatius\/artesania-natural\/taller-daromaterapia-natural\/#local-main-place-address"},"telephone":["+34 635 422 982"],"contactPoint":{"@type":"ContactPoint","telephone":"+34 635 422 982","email":"info@melillimonartesania.com"},"openingHoursSpecification":[{"@type":"OpeningHoursSpecification","dayOfWeek":["Monday"],"opens":"17:00","closes":"20:00"},{"@type":"OpeningHoursSpecification","dayOfWeek":["Tuesday","Wednesday","Thursday","Friday"],"opens":"09:00","closes":"20:00"},{"@type":"OpeningHoursSpecification","dayOfWeek":["Saturday"],"opens":"09:00","closes":"14:00"},{"@type":"OpeningHoursSpecification","dayOfWeek":["Sunday"],"opens":"00:00","closes":"00:00"}],"email":"hola@melillimonartesania.com","areaServed":"Badalona, Barcelona, Maresme","vatID":"F56933963","taxID":"F56933963","currenciesAccepted":"EUR","paymentAccepted":"Contado, tarjeta"},{"@type":"PostalAddress","@id":"https:\/\/melillimonartesania.com\/ca\/tallers-creatius\/artesania-natural\/taller-daromaterapia-natural\/#local-main-place-address","streetAddress":"Carrer d'Arn\u00fas, 36","addressLocality":"Badalona","postalCode":"08911","addressRegion":"Catalunya","addressCountry":"ES"},{"@type":"ImageObject","inLanguage":"ca","@id":"https:\/\/melillimonartesania.com\/ca\/tallers-creatius\/artesania-natural\/taller-daromaterapia-natural\/#local-main-organization-logo","url":"https:\/\/melillimonartesania.com\/wp-content\/uploads\/2025\/09\/melillimona-icanyella-black.svg","contentUrl":"https:\/\/melillimonartesania.com\/wp-content\/uploads\/2025\/09\/melillimona-icanyella-black.svg","width":135,"height":20,"caption":"Mel i Llimona Creaci\u00f3 Artesanal S.C.C.L."}]},"geo.placename":"Badalona","geo.region":"Espanya"},"_links":{"self":[{"href":"https:\/\/melillimonartesania.com\/ca\/wp-json\/wp\/v2\/pages\/8224","targetHints":{"allow":["GET"]}}],"collection":[{"href":"https:\/\/melillimonartesania.com\/ca\/wp-json\/wp\/v2\/pages"}],"about":[{"href":"https:\/\/melillimonartesania.com\/ca\/wp-json\/wp\/v2\/types\/page"}],"author":[{"embeddable":true,"href":"https:\/\/melillimonartesania.com\/ca\/wp-json\/wp\/v2\/users\/1"}],"replies":[{"embeddable":true,"href":"https:\/\/melillimonartesania.com\/ca\/wp-json\/wp\/v2\/comments?post=8224"}],"version-history":[{"count":7,"href":"https:\/\/melillimonartesania.com\/ca\/wp-json\/wp\/v2\/pages\/8224\/revisions"}],"predecessor-version":[{"id":8331,"href":"https:\/\/melillimonartesania.com\/ca\/wp-json\/wp\/v2\/pages\/8224\/revisions\/8331"}],"up":[{"embeddable":true,"href":"https:\/\/melillimonartesania.com\/ca\/wp-json\/wp\/v2\/pages\/8215"}],"wp:featuredmedia":[{"embeddable":true,"href":"https:\/\/melillimonartesania.com\/ca\/wp-json\/wp\/v2\/media\/8223"}],"wp:attachment":[{"href":"https:\/\/melillimonartesania.com\/ca\/wp-json\/wp\/v2\/media?parent=8224"}],"wp:term":[{"taxonomy":"post_tag","embeddable":true,"href":"https:\/\/melillimonartesania.com\/ca\/wp-json\/wp\/v2\/tags?post=8224"}],"curies":[{"name":"wp","href":"https:\/\/api.w.org\/{rel}","templated":true}]}}